{"id":730,"date":"2024-03-14T17:31:39","date_gmt":"2024-03-14T17:31:39","guid":{"rendered":"https:\/\/umcoletivo.pt\/?page_id=730"},"modified":"2025-02-04T15:54:06","modified_gmt":"2025-02-04T15:54:06","slug":"edicao","status":"publish","type":"page","link":"https:\/\/umcoletivo.pt\/en\/edicao\/","title":{"rendered":"Edition"},"content":{"rendered":"<div class=\"wpb-content-wrapper\"><div data-parent=\"true\" class=\"vc_row row-container\" id=\"row-unique-0\"><div class=\"row single-top-padding single-bottom-padding single-h-padding limit-width row-parent\" data-height-ratio=\"20\"><div class=\"wpb_row row-inner\"><div class=\"wpb_column pos-top pos-center align_left column_parent col-lg-12 single-internal-gutter\"><div class=\"uncol style-light\"  ><div class=\"uncoltable\"><div class=\"uncell no-block-padding\" ><div class=\"uncont\" ><div class=\"vc_custom_heading_wrap\"><div class=\"heading-text el-text\" ><h1 class=\"h1\" ><span>Edition<\/span><\/h1><\/div><div class=\"clear\"><\/div><\/div><div class=\"uncode_text_column justiy-text\" ><\/p>\n<p class=\"font_7 wixui-rich-text__text\">Rescuing forgotten voices means recovering <span class=\"wixui-rich-text__text\">word<\/span> in all its forms: the spoken word, the heard word, the written word, and also the written word, which is often the only direct material that comes to us from many women. If it's true that the impact of the poetic creations resulting from the VENTRILOQUIA project could be long-lasting in the memory of the spectators and participants (after all, memory is the organic archive par excellence), it's also true that the material produced by these women deserves to have its physical support, guaranteeing its immortal place in the history of Portuguese literature.<\/p>\n<p class=\"font_7 wixui-rich-text__text\"><strong><span class=\"color_20 wixui-rich-text__text\">The works published in the VENTRILOQUIA Collection<\/span><\/strong> are carefully selected examples, both for their diversity (conceptual, experiential, geographical) and for their proximity to the shows performed, in an editorial collaboration with Livraria Tivre de Papel.<\/p>\n<p>\n<\/div><\/div><\/div><\/div><\/div><\/div><script id=\"script-row-unique-0\" data-row=\"script-row-unique-0\" type=\"text\/javascript\" class=\"vc_controls\">UNCODE.initRow(document.getElementById(\"row-unique-0\"));<\/script><\/div><\/div><\/div><div data-parent=\"true\" class=\"vc_row row-container\" id=\"row-unique-1\"><div class=\"row limit-width row-parent\"><div class=\"wpb_row row-inner\"><div class=\"wpb_column pos-top pos-center align_left column_parent col-lg-12 single-internal-gutter\"><div class=\"uncol style-light\"  ><div class=\"uncoltable\"><div class=\"uncell no-block-padding\" ><div class=\"uncont\" ><div class=\"vc_row row-internal row-container\"><div class=\"row unequal col-double-gutter row-child\"><div class=\"wpb_row row-inner\"><div class=\"wpb_column pos-top pos-center align_center column_child col-lg-6 single-internal-gutter\"><div class=\"uncol style-light\" ><div class=\"uncoltable\"><div class=\"uncell no-block-padding\" ><div class=\"uncont\" ><div class=\"vc_custom_heading_wrap\"><div class=\"heading-text el-text\" ><h3 class=\"h3\" ><span>Maria da Gra\u00e7a Varella Cid<\/span><\/h3><div><p>Incomplete Poetry<\/p>\n<\/div><\/div><div class=\"clear\"><\/div><\/div><div class=\"uncode-single-media  text-left\"><div class=\"single-wrapper\" style=\"max-width: 100%;\"><div class=\"tmb tmb-light  tmb-media-first tmb-media-last tmb-content-overlay tmb-no-bg\"><div class=\"t-inside\"><div class=\"t-entry-visual\"><div class=\"t-entry-visual-tc\"><div class=\"uncode-single-media-wrapper\"><img decoding=\"async\" class=\"wp-image-883\" src=\"https:\/\/umcoletivo.pt\/wp-content\/uploads\/2024\/03\/MARIA_DA_GRACA-3-copy.jpg\" width=\"470\" height=\"250\" alt=\"MARIA_DA_GRA&Ccedil;A\" srcset=\"https:\/\/umcoletivo.pt\/wp-content\/uploads\/2024\/03\/MARIA_DA_GRACA-3-copy.jpg 470w, https:\/\/umcoletivo.pt\/wp-content\/uploads\/2024\/03\/MARIA_DA_GRACA-3-copy-300x160.jpg 300w, https:\/\/umcoletivo.pt\/wp-content\/uploads\/2024\/03\/MARIA_DA_GRACA-3-copy-350x186.jpg 350w\" sizes=\"(max-width: 470px) 100vw, 470px\" \/><\/div>\n\t\t\t\t\t<\/div>\n\t\t\t\t<\/div><\/div><\/div><\/div><\/div><div class=\"uncode_text_column justiy-text\" ><p>Poesia Incompleta (Incomplete Poetry) is the first book in the Ventriloquia collection by UMCOLETIVO and Tigre de Papel, which aims to publicise the works of women who wrote in Portuguese in the 20th century.<\/p>\n<p>\"Publishing Maria da Gra\u00e7a Varella Cid's Incomplete Poetry, in the year in which the author would have celebrated her ninetieth birthday, is an urgent gesture, albeit belated, because of its inherent justice and beauty. Maria da Gra\u00e7a Varella Cid published poetry titles such as Ao Nascer do Sol (1945) or \u00caxtase (1948), which she later rejected because they were written when she was still very young and therefore at a time when her writing lacked the maturity that she would later recognise as her own. The formal, rhythmic and melodic search - perhaps even more than the thematic ones - shape the writer's poetry: meticulous in every poetic beat, in the sonority with which the words embrace each other and in the time they need between them to form breathed ideas. As an adult, Varella Cid published Tr\u00edptico de S\u00e1bado (1963), Perfeito do Indicativo (1982) and Demonstra\u00e7\u00e3o a Giz (1984). After his death, Acto do Corpo (1996) was published. There is mention of two unpublished texts that have not been found and, finally, the hitherto unpublished The Invincible Armada and The Pause and the Place.\" (From the Foreword by C\u00e1tia Terrinca and Ricardo Bol\u00e9o.)<\/p>\n<\/div><div class=\"uncode-single-media  text-left\"><div class=\"single-wrapper\" style=\"max-width: 100%;\"><div class=\"tmb tmb-light  tmb-media-first tmb-media-last tmb-content-overlay tmb-no-bg\"><div class=\"t-inside\"><div class=\"t-entry-visual\"><div class=\"t-entry-visual-tc\"><div class=\"uncode-single-media-wrapper\"><img decoding=\"async\" class=\"wp-image-884\" src=\"https:\/\/umcoletivo.pt\/wp-content\/uploads\/2024\/03\/MARIA_DA_GRACA-4-copy.jpg\" width=\"470\" height=\"230\" alt=\"MARIA_DA_GRA&Ccedil;A\" srcset=\"https:\/\/umcoletivo.pt\/wp-content\/uploads\/2024\/03\/MARIA_DA_GRACA-4-copy.jpg 470w, https:\/\/umcoletivo.pt\/wp-content\/uploads\/2024\/03\/MARIA_DA_GRACA-4-copy-300x147.jpg 300w, https:\/\/umcoletivo.pt\/wp-content\/uploads\/2024\/03\/MARIA_DA_GRACA-4-copy-350x171.jpg 350w\" sizes=\"(max-width: 470px) 100vw, 470px\" \/><\/div>\n\t\t\t\t\t<\/div>\n\t\t\t\t<\/div><\/div><\/div><\/div><\/div><div class=\"uncode-single-media  text-left\"><div class=\"single-wrapper\" style=\"max-width: 100%;\"><div class=\"tmb tmb-light  tmb-media-first tmb-media-last tmb-content-overlay tmb-no-bg\"><div class=\"t-inside\"><div class=\"t-entry-visual\"><div class=\"t-entry-visual-tc\"><div class=\"uncode-single-media-wrapper\"><img decoding=\"async\" class=\"wp-image-881\" src=\"https:\/\/umcoletivo.pt\/wp-content\/uploads\/2024\/03\/MARIA_DA_GRACA-1-copy.jpg\" width=\"470\" height=\"230\" alt=\"MARIA_DA_GRA&Ccedil;A\" srcset=\"https:\/\/umcoletivo.pt\/wp-content\/uploads\/2024\/03\/MARIA_DA_GRACA-1-copy.jpg 470w, https:\/\/umcoletivo.pt\/wp-content\/uploads\/2024\/03\/MARIA_DA_GRACA-1-copy-300x147.jpg 300w, https:\/\/umcoletivo.pt\/wp-content\/uploads\/2024\/03\/MARIA_DA_GRACA-1-copy-350x171.jpg 350w\" sizes=\"(max-width: 470px) 100vw, 470px\" \/><\/div>\n\t\t\t\t\t<\/div>\n\t\t\t\t<\/div><\/div><\/div><\/div><\/div><div class=\"uncode-single-media  text-left\"><div class=\"single-wrapper\" style=\"max-width: 100%;\"><div class=\"tmb tmb-light  tmb-media-first tmb-media-last tmb-content-overlay tmb-no-bg\"><div class=\"t-inside\"><div class=\"t-entry-visual\"><div class=\"t-entry-visual-tc\"><div class=\"uncode-single-media-wrapper\"><img decoding=\"async\" class=\"wp-image-882\" src=\"https:\/\/umcoletivo.pt\/wp-content\/uploads\/2024\/03\/MARIA_DA_GRACA-2-copy.jpg\" width=\"470\" height=\"230\" alt=\"MARIA_DA_GRA&Ccedil;A\" srcset=\"https:\/\/umcoletivo.pt\/wp-content\/uploads\/2024\/03\/MARIA_DA_GRACA-2-copy.jpg 470w, https:\/\/umcoletivo.pt\/wp-content\/uploads\/2024\/03\/MARIA_DA_GRACA-2-copy-300x147.jpg 300w, https:\/\/umcoletivo.pt\/wp-content\/uploads\/2024\/03\/MARIA_DA_GRACA-2-copy-350x171.jpg 350w\" sizes=\"(max-width: 470px) 100vw, 470px\" \/><\/div>\n\t\t\t\t\t<\/div>\n\t\t\t\t<\/div><\/div><\/div><\/div><\/div><div class=\"uncode_text_column justiy-text\" ><p>The debut launch of the book POESIA INCOMPLETA took place at the S\u00c3O LUIZ Theatre on 10 February 2023, with the presence of C\u00e1tia Terrinca and Ricardo Bol\u00e9o (UMCOLETIVO) and Fernando Ramalho (Tigre de Papel).<\/p>\n<p>The book is on sale at bookshops in Lisbon, including the <a href=\"https:\/\/tigrepapel.pt\/\">Paper Tiger Bookshop<\/a> and <a href=\"https:\/\/www.livrariasnob.pt\/product\/poesia-incompleta\">Snob Bookshop<\/a><\/p>\n<table width=\"\">\n<tbody>\n<tr>\n<td width=\"263\"><strong>author<\/strong><\/td>\n<td width=\"614\">Maria da Gra\u00e7a Varella Cid<\/td>\n<\/tr>\n<tr>\n<td width=\"263\"><strong>publisher<\/strong><\/td>\n<td width=\"614\">Paper Tiger<\/td>\n<\/tr>\n<tr>\n<td width=\"263\"><strong>year of publication<\/strong><\/td>\n<td width=\"614\">2023<\/td>\n<\/tr>\n<tr>\n<td width=\"263\"><strong>no. of pages<\/strong><\/td>\n<td width=\"614\">424<\/td>\n<\/tr>\n<\/tbody>\n<\/table>\n<p>\n<\/div><div class=\"vc_custom_heading_wrap\"><div class=\"heading-text el-text\" ><h3 class=\"h3\" ><span>Maria Jo\u00e3o Carvalho<\/span><\/h3><div><p>After Mars<\/p>\n<\/div><\/div><div class=\"clear\"><\/div><\/div><div class=\"uncode-single-media  text-left\"><div class=\"single-wrapper\" style=\"max-width: 100%;\"><div class=\"tmb tmb-light  tmb-media-first tmb-media-last tmb-content-overlay tmb-no-bg\"><div class=\"t-inside\"><div class=\"t-entry-visual\"><div class=\"t-entry-visual-tc\"><div class=\"uncode-single-media-wrapper\"><img decoding=\"async\" class=\"wp-image-1176\" src=\"https:\/\/umcoletivo.pt\/wp-content\/uploads\/2025\/02\/DepoisdeMarte_capa.jpg\" width=\"1080\" height=\"506\" alt=\"\" srcset=\"https:\/\/umcoletivo.pt\/wp-content\/uploads\/2025\/02\/DepoisdeMarte_capa.jpg 1080w, https:\/\/umcoletivo.pt\/wp-content\/uploads\/2025\/02\/DepoisdeMarte_capa-300x141.jpg 300w, https:\/\/umcoletivo.pt\/wp-content\/uploads\/2025\/02\/DepoisdeMarte_capa-1024x480.jpg 1024w, https:\/\/umcoletivo.pt\/wp-content\/uploads\/2025\/02\/DepoisdeMarte_capa-768x360.jpg 768w, https:\/\/umcoletivo.pt\/wp-content\/uploads\/2025\/02\/DepoisdeMarte_capa-18x8.jpg 18w, https:\/\/umcoletivo.pt\/wp-content\/uploads\/2025\/02\/DepoisdeMarte_capa-350x164.jpg 350w\" sizes=\"(max-width: 1080px) 100vw, 1080px\" \/><\/div>\n\t\t\t\t\t<\/div>\n\t\t\t\t<\/div><\/div><\/div><\/div><\/div><div class=\"uncode_text_column justiy-text\" ><p>Maria Jo\u00e3o Carvalho was born on 24 June 1961 and was a war reporter in Angola, Croatia and Bosnia, first for RTP, RDP, Di\u00e1rio de Not\u00edcias and Tal &amp; Qual, and then for SIC, Renascen\u00e7a and Di\u00e1rio de Not\u00edcias. She was a journalist for Lusa, EuroNews, Macau Hoje, RGT-R\u00e1dio Gest and correspondent for the newspaper Expresso in the Cape Verde Islands; she has collaborated with Homem Magazine, the magazine of the Instituto do Emprego e Forma\u00e7\u00e3o Profissional and regional newspapers throughout the country. She is a founder of the Portuguese Association of Young Journalists. She has exhibited war photographs in Macau, mainland Portugal and the Azores and paints in acrylics. She published the book Da guerra e outros poemas (GRESFOZ, 1997) and the short stories A Cobra and UMA in the Colet\u00e2nea Gabravo (Artdomus, 2002). Maria Jo\u00e3o Carvalho also goes by Janine de Medeiros. We are now publishing diaries and poems that correspond to different geographies and coordinates, but the feeling remains that it may always be the same place: Sarajevo, Palestine, Ukraine, Angola... The places where Maria Jo\u00e3o Carvalho has been and where she hasn't are mixed up in the idea that the imminence of war is more voracious than the fear or disregard we may have for those that have happened, those that are happening now or those that will happen with or without prior warning. Peace is precious and must be cared for: like love or the temperature of a cup of tea or the sharing of a biscuit. Maria Jo\u00e3o Carvalho's war diaries are an important historical-political document and are a punch - several punches! - in the stomach. The poems are the counter-cycle of the diaries - the light is the reminiscence, the imprint of war on the flesh that cannot be renounced. The ballast of hatred shines through and we have it stamped on our skin, because we are all flesh of the same flesh.<\/p>\n<\/div><div class=\"uncode_text_column justiy-text\" ><\/p>\n<table width=\"\">\n<tbody>\n<tr>\n<td width=\"263\"><strong>author<\/strong><\/td>\n<td width=\"614\">Maria Jo\u00e3o Carvalho<\/td>\n<\/tr>\n<tr>\n<td width=\"263\"><strong>publisher<\/strong><\/td>\n<td width=\"614\">Paper Tiger<\/td>\n<\/tr>\n<tr>\n<td width=\"263\"><strong>year of publication<\/strong><\/td>\n<td width=\"614\">2024<\/td>\n<\/tr>\n<\/tbody>\n<\/table>\n<p>\n<\/div><\/div><\/div><\/div><\/div><\/div><div class=\"wpb_column pos-top pos-center align_center column_child col-lg-6 single-internal-gutter\"><div class=\"uncol style-light\" ><div class=\"uncoltable\"><div class=\"uncell no-block-padding\" ><div class=\"uncont\" ><div class=\"vc_custom_heading_wrap\"><div class=\"heading-text el-text\" ><h3 class=\"h3\" ><span>Alice Sampaio<\/span><\/h3><div><p>PENELOPE - The Infanta Volumes I and II<\/p>\n<\/div><\/div><div class=\"clear\"><\/div><\/div><div class=\"uncode_text_column justiy-text\" ><p>Alice Sampaio was born in Mido, in the district of Guarda, on 18 March 1927. She studied Pharmacy in Coimbra, a course she completed at the University of Porto after her marriage. From 1951 she lived in Angola, where her four children were born. Involved in challenging the dictatorship and in the feminist movement, she was \"invited\" to leave Angola by the regime's authorities, returning to Lisbon in 1959.<\/p>\n<p>He published the novels A Cidade Sem Espa\u00e7o (Livraria Bertrand, 1961), O Aqu\u00e1rio (Livraria Bertrand, 1963) - Revelation Prize of the Portuguese Writers' Society in 1963 -, O Dom de Estar Vivo volume I and volume II (Editora Arc\u00e1dia, 1967) and Penelope volume I (author's edition, 1977). For theatre he published D. Leonor, Rainha maravilhosamente (Dilsar, 1968) - staged at the Teatro Municipal de S\u00e3o Lu\u00eds in 1979 with Norberto Barroca - and A Rua da Ronda (author's edition, 1969).<\/p>\n<p>Alice Sampaio died in Lisbon in May 1983.<\/p>\n<\/div><div class=\"uncode-single-media  text-left\"><div class=\"single-wrapper\" style=\"max-width: 100%;\"><div class=\"tmb tmb-light  tmb-media-first tmb-media-last tmb-content-overlay tmb-no-bg\"><div class=\"t-inside\"><div class=\"t-entry-visual\"><div class=\"t-entry-visual-tc\"><div class=\"uncode-single-media-wrapper\"><img decoding=\"async\" class=\"wp-image-887\" src=\"https:\/\/umcoletivo.pt\/wp-content\/uploads\/2024\/03\/ALICE_SAMPAIO.jpg\" width=\"470\" height=\"240\" alt=\"ALICE_SAMPAIO\" srcset=\"https:\/\/umcoletivo.pt\/wp-content\/uploads\/2024\/03\/ALICE_SAMPAIO.jpg 470w, https:\/\/umcoletivo.pt\/wp-content\/uploads\/2024\/03\/ALICE_SAMPAIO-300x153.jpg 300w, https:\/\/umcoletivo.pt\/wp-content\/uploads\/2024\/03\/ALICE_SAMPAIO-350x179.jpg 350w\" sizes=\"(max-width: 470px) 100vw, 470px\" \/><\/div>\n\t\t\t\t\t<\/div>\n\t\t\t\t<\/div><\/div><\/div><\/div><\/div><div class=\"uncode_text_column justiy-text\" ><p>\"Alice Sampaio published the first volume of Penelope in 1977, and it was the last work published during the author's lifetime. Penelope was a major writing project for which the author had envisaged twelve volumes. With no time left to write them, she left us the second volume, hitherto unpublished, ready for publication. The time has come to bring together and publish the two volumes of Penelope, at a time that marks forty years since Alice Sampaio's death. (...)<\/p>\n<p>Alice Sampaio rewrote Ulysses with stories and conversations, with her typewriter. She dreamt Penelope with her body, with the earth, with time itself. It's so old that we find ourselves in it - it's also so recent, isn't it?<\/p>\n<p>Between the silences of the stars, Alice Sampaio erased and rewrote the texts, although the breath of reading takes us back to an idea of tireless, endless, infinite writing. Infinite as the stars are, as poems are.\" (From the foreword by C\u00e1tia Terrinca and Ricardo Bol\u00e9o.)<\/p>\n<p>The book is on sale in bookshops in Lisbon, including Livraria <a href=\"https:\/\/tigrepapel.pt\/\">Paper Tiger<\/a> and <a href=\"https:\/\/www.livrariasnob.pt\/product\/poesia-incompleta\">Snob Bookshop<\/a><\/p>\n<table width=\"\">\n<tbody>\n<tr>\n<td width=\"263\"><strong>author<\/strong><\/td>\n<td width=\"614\">Alice Sampaio<\/td>\n<\/tr>\n<tr>\n<td width=\"263\"><strong>publisher<\/strong><\/td>\n<td width=\"614\">Paper Tiger<\/td>\n<\/tr>\n<tr>\n<td width=\"263\"><strong>year of publication<\/strong><\/td>\n<td width=\"614\">2023<\/td>\n<\/tr>\n<tr>\n<td width=\"263\"><strong>no. of pages<\/strong><\/td>\n<td width=\"614\">520<\/td>\n<\/tr>\n<\/tbody>\n<\/table>\n<p>\n<\/div><div class=\"vc_custom_heading_wrap\"><div class=\"heading-text el-text\" ><h3 class=\"h3\" ><span>Lu\u00edsa Dem\u00e9trio Raposo<\/span><\/h3><div><p>The Fire of the Fire<\/p>\n<\/div><\/div><div class=\"clear\"><\/div><\/div><div class=\"uncode-single-media  text-left\"><div class=\"single-wrapper\" style=\"max-width: 100%;\"><div class=\"tmb tmb-light  tmb-media-first tmb-media-last tmb-content-overlay tmb-no-bg\"><div class=\"t-inside\"><div class=\"t-entry-visual\"><div class=\"t-entry-visual-tc\"><div class=\"uncode-single-media-wrapper\"><img decoding=\"async\" class=\"wp-image-891\" src=\"https:\/\/umcoletivo.pt\/wp-content\/uploads\/2024\/03\/e.png\" width=\"404\" height=\"591\" alt=\"\" srcset=\"https:\/\/umcoletivo.pt\/wp-content\/uploads\/2024\/03\/e.png 404w, https:\/\/umcoletivo.pt\/wp-content\/uploads\/2024\/03\/e-205x300.png 205w, https:\/\/umcoletivo.pt\/wp-content\/uploads\/2024\/03\/e-350x512.png 350w\" sizes=\"(max-width: 404px) 100vw, 404px\" \/><\/div>\n\t\t\t\t\t<\/div>\n\t\t\t\t<\/div><\/div><\/div><\/div><\/div><div class=\"uncode_text_column justiy-text\" ><p>Lu\u00edsa Dem\u00e9trio Raposo seeks female fulfilment through an openly erotic form of literature, in which the word occupies the mouth, the mouth as an obviously sexual place, inviting the voice to cross the skin with a shiver. The mouth says, whispers, shouts, hides, devours, sings any word that excites it and urges the body to its own pleasure: we are made of pleasures. And when we want to know the world and interrupt the darkness, we cross our mothers' bodies walking on a funnel of sublime pain that makes us arrive, unrecognisable and unimaginable, outside the body. And the kiss of the vulva is our first oracle. We are born from the pleasure with which our mothers negotiate death. The romantic and loving ideal that oppresses the female body that \"gives birth\" is vigorously challenged by Lu\u00edsa Dem\u00e9trio Raposo - who defies time because she crosses it: Lu\u00edsa is after the academies, after the orders, after the congresses. The freedom with which she writes affronts those who have never loved, written, fucked or given birth. (From the foreword by C\u00e1tia Terrina and Ricardo Bol\u00e9o)<br \/>\n- Afterword by Maria Estela Guedes.<\/p>\n<table width=\"\">\n<tbody>\n<tr>\n<td width=\"263\"><strong>author<\/strong><\/td>\n<td width=\"614\">Lu\u00edsa Dem\u00e9trio Raposo<\/td>\n<\/tr>\n<tr>\n<td width=\"263\"><strong>publisher<\/strong><\/td>\n<td width=\"614\">Paper Tiger<\/td>\n<\/tr>\n<tr>\n<td width=\"263\"><strong>year of publication<\/strong><\/td>\n<td width=\"614\">2023<\/td>\n<\/tr>\n<tr>\n<td width=\"263\"><strong>no. of pages<\/strong><\/td>\n<td width=\"614\">136<\/td>\n<\/tr>\n<\/tbody>\n<\/table>\n<p>\n<\/div><div class=\"vc_custom_heading_wrap\"><div class=\"heading-text el-text\" ><h3 class=\"h3\" ><span>Salette Tavares<\/span><\/h3><div><p>Letters from Pedro Sete<\/p>\n<\/div><\/div><div class=\"clear\"><\/div><\/div><div class=\"uncode_text_column justiy-text\" ><p>This volume brings together the work of Salette Tavares on her character (pseudonym? heteronym?) Pedro Sete. It includes the 1965 book 14563 Letras de Pedro Sete, the 1967 \"Letter to Pedro Sete\" and \"Two Almost Unpublished Poems by Pedro Sete\". Includes an afterword by Rui Lopo.<\/p>\n<table width=\"\">\n<tbody>\n<tr>\n<td width=\"263\"><strong>author<\/strong><\/td>\n<td width=\"614\">Salette Tavares<\/td>\n<\/tr>\n<tr>\n<td width=\"263\"><strong>publisher<\/strong><\/td>\n<td width=\"614\">Paper Tiger<\/td>\n<\/tr>\n<tr>\n<td width=\"263\"><strong>year of publication<\/strong><\/td>\n<td width=\"614\">2024<\/td>\n<\/tr>\n<\/tbody>\n<\/table>\n<p>\n<\/div><\/div><\/div><\/div><\/div><\/div><\/div><\/div><\/div><div class=\"vc_row row-internal row-container\"><div class=\"row unequal col-double-gutter row-child\"><div class=\"wpb_row row-inner\"><div class=\"wpb_column pos-top pos-center align_center column_child col-lg-6 single-internal-gutter\"><div class=\"uncol style-light\" ><div class=\"uncoltable\"><div class=\"uncell no-block-padding\" ><div class=\"uncont\" ><div class=\"vc_custom_heading_wrap\"><div class=\"heading-text el-text\" ><h3 class=\"h3\" ><span>Maria Mello Giraldes<\/span><\/h3><div><p>Collected Works<\/p>\n<\/div><\/div><div class=\"clear\"><\/div><\/div><div class=\"uncode_text_column justiy-text\" ><p>\"Maria Mello Giraldes writes initiatively about the body, being a body, the body as a frontier and... silence. She writes, it seems, as a form of rebirth or reincarnation - a carnal act - but a light one, with an open direction to the past and the future at the same time. Time, beyond the edges of the skin, has the time of the bones and the stre[1]las - that matter where motherhood hides and gives us back our face in the indivisible face of our children. If we are all children, then we are all made of the cosmic future that Mary, the mother, summons for her work.\" (From the foreword by C\u00e1tia Terrinca and Ricardo Bol\u00e9o.) This volume brings together the poetic work of Maria Mello Giraldes, including 5 Espa\u00e7os (&amp;etc, 1983) and Seis Momentos (Imprensa Nacional-Casa da Moeda, 1988), as well as the unpublished Mil\u00e9nios and Mem\u00f3ria da Mat\u00e9ria. Afterword by Isabel de S\u00e1.<\/p>\n<table width=\"\">\n<tbody>\n<tr>\n<td width=\"263\"><strong>author<\/strong><\/td>\n<td width=\"614\">Maria Mello Giraldes<\/td>\n<\/tr>\n<tr>\n<td width=\"263\"><strong>publisher<\/strong><\/td>\n<td width=\"614\">Paper Tiger<\/td>\n<\/tr>\n<tr>\n<td width=\"263\"><strong>year of publication<\/strong><\/td>\n<td width=\"614\">2024<\/td>\n<\/tr>\n<\/tbody>\n<\/table>\n<p>\n<\/div><\/div><\/div><\/div><\/div><\/div><div class=\"wpb_column pos-top pos-center align_center column_child col-lg-6 single-internal-gutter\"><div class=\"uncol style-light\" ><div class=\"uncoltable\"><div class=\"uncell no-block-padding\" ><div class=\"uncont\" ><div class=\"vc_custom_heading_wrap\"><div class=\"heading-text el-text\" ><h3 class=\"h3\" ><span>Orlanda Amar\u00edlis<\/span><\/h3><div><p>Stories<\/p>\n<\/div><\/div><div class=\"clear\"><\/div><\/div><div class=\"uncode-single-media  text-left\"><div class=\"single-wrapper\" style=\"max-width: 100%;\"><div class=\"tmb tmb-light  tmb-media-first tmb-media-last tmb-content-overlay tmb-no-bg\"><div class=\"t-inside\"><div class=\"t-entry-visual\"><div class=\"t-entry-visual-tc\"><div class=\"uncode-single-media-wrapper\"><img decoding=\"async\" class=\"wp-image-1178\" src=\"https:\/\/umcoletivo.pt\/wp-content\/uploads\/2025\/02\/Amarilis_CAPA_preview-1.jpg\" width=\"1024\" height=\"1499\" alt=\"\" srcset=\"https:\/\/umcoletivo.pt\/wp-content\/uploads\/2025\/02\/Amarilis_CAPA_preview-1.jpg 1024w, https:\/\/umcoletivo.pt\/wp-content\/uploads\/2025\/02\/Amarilis_CAPA_preview-1-205x300.jpg 205w, https:\/\/umcoletivo.pt\/wp-content\/uploads\/2025\/02\/Amarilis_CAPA_preview-1-700x1024.jpg 700w, https:\/\/umcoletivo.pt\/wp-content\/uploads\/2025\/02\/Amarilis_CAPA_preview-1-768x1124.jpg 768w, https:\/\/umcoletivo.pt\/wp-content\/uploads\/2025\/02\/Amarilis_CAPA_preview-1-8x12.jpg 8w, https:\/\/umcoletivo.pt\/wp-content\/uploads\/2025\/02\/Amarilis_CAPA_preview-1-350x512.jpg 350w\" sizes=\"(max-width: 1024px) 100vw, 1024px\" \/><\/div>\n\t\t\t\t\t<\/div>\n\t\t\t\t<\/div><\/div><\/div><\/div><\/div><div class=\"uncode_text_column justiy-text\" ><p>\"Publishing Orlanda Amar\u00edlis' short stories is like going inside a volcano and listening to the lava of someone who, over the course of so many lives, has been silenced. The erasure of several years that we want to subvert is not only the one that falls on the work of the published author: it is the fictionalised lives that parade and are mapped out in her short stories, undoing ghosts and voids in order to understand a root that, in the end, is really impossible to pull out. Orlanda Amar\u00edlis describes places and characters through language, making them absolutely transversal, imagined but real. The notes of words in Cape Verdean Creole don't form sentences, but idiomatic expressions. As we read, we often wondered what language Orlanda Amar\u00edlis would have written in today, after the Cape Verdean language had asserted itself beyond Creole, from a political point of view. Perhaps these short stories were not the heritage of the Portuguese language. We don't know. We won't know. If they are, let our coeval thinking help us to visualise the colonial weight on the body of this work and on each of its characters.\" (From the foreword by C\u00e1tia Terrinca and Ricardo Bol\u00e9o)<\/p>\n<p>Book in the Ventriloquia collection, in partnership with Um Colectivo.<\/p>\n<table width=\"\">\n<tbody>\n<tr>\n<td width=\"263\"><strong>year of publication<\/strong><\/td>\n<td width=\"614\">2024<\/td>\n<\/tr>\n<tr>\n<td width=\"263\"><strong>author<\/strong><\/td>\n<td width=\"614\">Orlanda Amar\u00edlis<\/td>\n<\/tr>\n<tr>\n<td width=\"263\"><strong>publisher<\/strong><\/td>\n<td width=\"614\">Paper Tiger<\/td>\n<\/tr>\n<tr>\n<td width=\"263\"><strong>no. of pages<\/strong><\/td>\n<td width=\"614\">432<\/td>\n<\/tr>\n<\/tbody>\n<\/table>\n<p>\n<\/div><\/div><\/div><\/div><\/div><\/div><\/div><\/div><\/div><\/div><\/div><\/div><\/div><\/div><script id=\"script-row-unique-1\" data-row=\"script-row-unique-1\" type=\"text\/javascript\" class=\"vc_controls\">UNCODE.initRow(document.getElementById(\"row-unique-1\"));<\/script><\/div><\/div><\/div>\n<\/div>","protected":false},"excerpt":{"rendered":"EditionRecovering forgotten voices means recovering the word in all its forms: the spoken word, the heard word, the word [...]","protected":false},"author":1,"featured_media":0,"parent":0,"menu_order":0,"comment_status":"closed","ping_status":"closed","template":"","meta":{"footnotes":""},"class_list":["post-730","page","type-page","status-publish","hentry"],"yoast_head":"<!-- This site is optimized with the Yoast SEO plugin v25.6 - https:\/\/yoast.com\/wordpress\/plugins\/seo\/ -->\n<title>Edi\u00e7\u00e3o - Um Coletivo<\/title>\n<meta name=\"robots\" content=\"index, follow, max-snippet:-1, max-image-preview:large, max-video-preview:-1\" \/>\n<link rel=\"canonical\" href=\"https:\/\/umcoletivo.pt\/en\/edicao\/\" \/>\n<meta property=\"og:locale\" content=\"en_GB\" \/>\n<meta property=\"og:type\" content=\"article\" \/>\n<meta property=\"og:title\" content=\"Edi\u00e7\u00e3o - Um Coletivo\" \/>\n<meta property=\"og:url\" content=\"https:\/\/umcoletivo.pt\/en\/edicao\/\" \/>\n<meta property=\"og:site_name\" content=\"Um Coletivo\" \/>\n<meta property=\"article:publisher\" content=\"https:\/\/www.facebook.com\/umcoletivo\" \/>\n<meta property=\"article:modified_time\" content=\"2025-02-04T15:54:06+00:00\" \/>\n<meta name=\"twitter:card\" content=\"summary_large_image\" \/>\n<meta name=\"twitter:label1\" content=\"Estimated reading time\" \/>\n\t<meta name=\"twitter:data1\" content=\"11 minutes\" \/>\n<script type=\"application\/ld+json\" class=\"yoast-schema-graph\">{\"@context\":\"https:\/\/schema.org\",\"@graph\":[{\"@type\":\"WebPage\",\"@id\":\"https:\/\/umcoletivo.pt\/edicao\/\",\"url\":\"https:\/\/umcoletivo.pt\/edicao\/\",\"name\":\"Edi\u00e7\u00e3o - Um Coletivo\",\"isPartOf\":{\"@id\":\"https:\/\/umcoletivo.pt\/#website\"},\"datePublished\":\"2024-03-14T17:31:39+00:00\",\"dateModified\":\"2025-02-04T15:54:06+00:00\",\"breadcrumb\":{\"@id\":\"https:\/\/umcoletivo.pt\/edicao\/#breadcrumb\"},\"inLanguage\":\"en-GB\",\"potentialAction\":[{\"@type\":\"ReadAction\",\"target\":[\"https:\/\/umcoletivo.pt\/edicao\/\"]}]},{\"@type\":\"BreadcrumbList\",\"@id\":\"https:\/\/umcoletivo.pt\/edicao\/#breadcrumb\",\"itemListElement\":[{\"@type\":\"ListItem\",\"position\":1,\"name\":\"In\u00edcio\",\"item\":\"https:\/\/umcoletivo.pt\/\"},{\"@type\":\"ListItem\",\"position\":2,\"name\":\"Edi\u00e7\u00e3o\"}]},{\"@type\":\"WebSite\",\"@id\":\"https:\/\/umcoletivo.pt\/#website\",\"url\":\"https:\/\/umcoletivo.pt\/\",\"name\":\"Um Coletivo\",\"description\":\"\",\"publisher\":{\"@id\":\"https:\/\/umcoletivo.pt\/#organization\"},\"potentialAction\":[{\"@type\":\"SearchAction\",\"target\":{\"@type\":\"EntryPoint\",\"urlTemplate\":\"https:\/\/umcoletivo.pt\/?s={search_term_string}\"},\"query-input\":{\"@type\":\"PropertyValueSpecification\",\"valueRequired\":true,\"valueName\":\"search_term_string\"}}],\"inLanguage\":\"en-GB\"},{\"@type\":\"Organization\",\"@id\":\"https:\/\/umcoletivo.pt\/#organization\",\"name\":\"Um Coletivo\",\"url\":\"https:\/\/umcoletivo.pt\/\",\"logo\":{\"@type\":\"ImageObject\",\"inLanguage\":\"en-GB\",\"@id\":\"https:\/\/umcoletivo.pt\/#\/schema\/logo\/image\/\",\"url\":\"https:\/\/umcoletivo.pt\/wp-content\/uploads\/2024\/03\/UMCOLETIVO.png\",\"contentUrl\":\"https:\/\/umcoletivo.pt\/wp-content\/uploads\/2024\/03\/UMCOLETIVO.png\",\"width\":1210,\"height\":383,\"caption\":\"Um Coletivo\"},\"image\":{\"@id\":\"https:\/\/umcoletivo.pt\/#\/schema\/logo\/image\/\"},\"sameAs\":[\"https:\/\/www.facebook.com\/umcoletivo\"]}]}<\/script>\n<!-- \/ Yoast SEO plugin. -->","yoast_head_json":{"title":"Editing - A Collective","robots":{"index":"index","follow":"follow","max-snippet":"max-snippet:-1","max-image-preview":"max-image-preview:large","max-video-preview":"max-video-preview:-1"},"canonical":"https:\/\/umcoletivo.pt\/en\/edicao\/","og_locale":"en_GB","og_type":"article","og_title":"Edi\u00e7\u00e3o - Um Coletivo","og_url":"https:\/\/umcoletivo.pt\/en\/edicao\/","og_site_name":"Um Coletivo","article_publisher":"https:\/\/www.facebook.com\/umcoletivo","article_modified_time":"2025-02-04T15:54:06+00:00","twitter_card":"summary_large_image","twitter_misc":{"Estimated reading time":"11 minutes"},"schema":{"@context":"https:\/\/schema.org","@graph":[{"@type":"WebPage","@id":"https:\/\/umcoletivo.pt\/edicao\/","url":"https:\/\/umcoletivo.pt\/edicao\/","name":"Editing - A Collective","isPartOf":{"@id":"https:\/\/umcoletivo.pt\/#website"},"datePublished":"2024-03-14T17:31:39+00:00","dateModified":"2025-02-04T15:54:06+00:00","breadcrumb":{"@id":"https:\/\/umcoletivo.pt\/edicao\/#breadcrumb"},"inLanguage":"en-GB","potentialAction":[{"@type":"ReadAction","target":["https:\/\/umcoletivo.pt\/edicao\/"]}]},{"@type":"BreadcrumbList","@id":"https:\/\/umcoletivo.pt\/edicao\/#breadcrumb","itemListElement":[{"@type":"ListItem","position":1,"name":"In\u00edcio","item":"https:\/\/umcoletivo.pt\/"},{"@type":"ListItem","position":2,"name":"Edi\u00e7\u00e3o"}]},{"@type":"WebSite","@id":"https:\/\/umcoletivo.pt\/#website","url":"https:\/\/umcoletivo.pt\/","name":"A Collective","description":"","publisher":{"@id":"https:\/\/umcoletivo.pt\/#organization"},"potentialAction":[{"@type":"SearchAction","target":{"@type":"EntryPoint","urlTemplate":"https:\/\/umcoletivo.pt\/?s={search_term_string}"},"query-input":{"@type":"PropertyValueSpecification","valueRequired":true,"valueName":"search_term_string"}}],"inLanguage":"en-GB"},{"@type":"Organization","@id":"https:\/\/umcoletivo.pt\/#organization","name":"A Collective","url":"https:\/\/umcoletivo.pt\/","logo":{"@type":"ImageObject","inLanguage":"en-GB","@id":"https:\/\/umcoletivo.pt\/#\/schema\/logo\/image\/","url":"https:\/\/umcoletivo.pt\/wp-content\/uploads\/2024\/03\/UMCOLETIVO.png","contentUrl":"https:\/\/umcoletivo.pt\/wp-content\/uploads\/2024\/03\/UMCOLETIVO.png","width":1210,"height":383,"caption":"Um Coletivo"},"image":{"@id":"https:\/\/umcoletivo.pt\/#\/schema\/logo\/image\/"},"sameAs":["https:\/\/www.facebook.com\/umcoletivo"]}]}},"_links":{"self":[{"href":"https:\/\/umcoletivo.pt\/en\/wp-json\/wp\/v2\/pages\/730","targetHints":{"allow":["GET"]}}],"collection":[{"href":"https:\/\/umcoletivo.pt\/en\/wp-json\/wp\/v2\/pages"}],"about":[{"href":"https:\/\/umcoletivo.pt\/en\/wp-json\/wp\/v2\/types\/page"}],"author":[{"embeddable":true,"href":"https:\/\/umcoletivo.pt\/en\/wp-json\/wp\/v2\/users\/1"}],"replies":[{"embeddable":true,"href":"https:\/\/umcoletivo.pt\/en\/wp-json\/wp\/v2\/comments?post=730"}],"version-history":[{"count":0,"href":"https:\/\/umcoletivo.pt\/en\/wp-json\/wp\/v2\/pages\/730\/revisions"}],"wp:attachment":[{"href":"https:\/\/umcoletivo.pt\/en\/wp-json\/wp\/v2\/media?parent=730"}],"curies":[{"name":"wp","href":"https:\/\/api.w.org\/{rel}","templated":true}]}}