{"id":74,"date":"2024-03-10T14:58:14","date_gmt":"2024-03-10T14:58:14","guid":{"rendered":"https:\/\/umcoletivo.pt\/?post_type=portfolio&#038;p=74"},"modified":"2024-03-27T16:17:56","modified_gmt":"2024-03-27T16:17:56","slug":"a-rainha-de-trapos","status":"publish","type":"portfolio","link":"https:\/\/umcoletivo.pt\/en\/projeto\/a-rainha-de-trapos\/","title":{"rendered":"The Queen of Rags"},"content":{"rendered":"<div class=\"wpb-content-wrapper\"><div data-parent=\"true\" class=\"vc_row style-color-jevc-bg row-container\" id=\"row-unique-0\"><div class=\"row no-top-padding single-bottom-padding no-h-padding limit-width row-parent\" data-height-ratio=\"20\"><div class=\"wpb_row row-inner\"><div class=\"wpb_column pos-top pos-center align_left column_parent col-lg-12 single-internal-gutter\"><div class=\"uncol style-light\"  ><div class=\"uncoltable\"><div class=\"uncell no-block-padding\" ><div class=\"uncont\" ><div class=\"uncode-single-media  text-center\"><div class=\"single-wrapper\" style=\"max-width: 50%;\"><div class=\"tmb tmb-light  tmb-media-first tmb-media-last tmb-content-overlay tmb-no-bg\"><div class=\"t-inside\"><div class=\"t-entry-visual\"><div class=\"t-entry-visual-tc\"><div class=\"uncode-single-media-wrapper\"><img decoding=\"async\" class=\"wp-image-76\" src=\"https:\/\/umcoletivo.pt\/wp-content\/uploads\/2024\/03\/img_8227-scaled.jpg\" width=\"2560\" height=\"1707\" alt=\"\" srcset=\"https:\/\/umcoletivo.pt\/wp-content\/uploads\/2024\/03\/img_8227-scaled.jpg 2560w, https:\/\/umcoletivo.pt\/wp-content\/uploads\/2024\/03\/img_8227-300x200.jpg 300w, https:\/\/umcoletivo.pt\/wp-content\/uploads\/2024\/03\/img_8227-1024x683.jpg 1024w, https:\/\/umcoletivo.pt\/wp-content\/uploads\/2024\/03\/img_8227-768x512.jpg 768w, https:\/\/umcoletivo.pt\/wp-content\/uploads\/2024\/03\/img_8227-1536x1024.jpg 1536w, https:\/\/umcoletivo.pt\/wp-content\/uploads\/2024\/03\/img_8227-2048x1365.jpg 2048w, https:\/\/umcoletivo.pt\/wp-content\/uploads\/2024\/03\/img_8227-350x233.jpg 350w\" sizes=\"(max-width: 2560px) 100vw, 2560px\" \/><\/div>\n\t\t\t\t\t<\/div>\n\t\t\t\t<\/div><\/div><\/div><\/div><\/div><\/div><\/div><\/div><\/div><\/div><script id=\"script-row-unique-0\" data-row=\"script-row-unique-0\" type=\"text\/javascript\" class=\"vc_controls\">UNCODE.initRow(document.getElementById(\"row-unique-0\"));<\/script><\/div><\/div><\/div><div data-parent=\"true\" class=\"vc_row row-container\" id=\"row-unique-1\"><div class=\"row limit-width row-parent\"><div class=\"wpb_row row-inner\"><div class=\"wpb_column pos-top pos-center align_left column_parent col-lg-12 single-internal-gutter\"><div class=\"uncol style-light\"  ><div class=\"uncoltable\"><div class=\"uncell no-block-padding\" ><div class=\"uncont\" ><div class=\"vc_row row-internal row-container\"><div class=\"row row-child\"><div class=\"wpb_row row-inner\"><div class=\"wpb_column pos-top pos-center align_left column_child col-lg-7 single-internal-gutter\"><div class=\"uncol style-light\" ><div class=\"uncoltable\"><div class=\"uncell no-block-padding\" ><div class=\"uncont\" ><div class=\"vc_custom_heading_wrap\"><div class=\"heading-text el-text\" ><h1 class=\"h1\" ><span>The Queen of Rags<\/span><\/h1><\/div><div class=\"clear\"><\/div><\/div><div class=\"uncode_text_column\" ><p>Premiere - 12 October to 10 November 2013 (Saturdays and Sundays), Teatro Turim - Lisbon<\/p>\n<\/div><div class=\"vc_custom_heading_wrap\"><div class=\"heading-text el-text\" ><h2 class=\"h2\" ><span>Synopsis<\/span><\/h2><hr class=\"separator-break separator-accent\" \/><\/div><div class=\"clear\"><\/div><\/div><div class=\"uncode_text_column justiy-text\" ><p>Many years ago, a wizard imprisoned the Queen in a rag doll, sewed her imagination to her body and all people lost the ability to dream and imagine. But when the little girl finds the doll that hides the Queen, she decides to set off on an adventure to find the imagination that all children lack in order to play.<\/p>\n<p>Will the Queen learn to share and open the box of imagination?<\/p>\n<\/div><div class=\"vc_custom_heading_wrap\"><div class=\"heading-text el-text\" ><h2 class=\"h2\" ><span>Technical sheet<\/span><\/h2><hr class=\"separator-break separator-accent\" \/><\/div><div class=\"clear\"><\/div><\/div><div class=\"uncode_text_column justiy-text\" ><p><strong>Text<\/strong> - C\u00e1tia Terrinca and Ricardo Bol\u00e9o<br \/>\n<strong>Interpretation<\/strong> - C\u00e1tia Terrinca and In\u00eas Basto<br \/>\n<strong>Voice Off<\/strong> - Carlos Pani\u00e1gua F\u00e8teiro, Lurdes Silva, Matilde Azevedo Neves, Ricardo Bol\u00e9o and Vitor Silva Costa<br \/>\n<strong>Set and costumes<\/strong> - Matilde Azevedo Neves<br \/>\n<strong>Doll<\/strong> - Julieta Franco<br \/>\n<strong>Make-up<\/strong> - Raiana Laguna<br \/>\n<strong>Light Design<\/strong> - Sara Garrinhas<br \/>\n<strong>Music<\/strong> - Jo\u00e3o David Gon\u00e7alves<br \/>\n<strong>Photography<\/strong> - Francisco Steinwall<br \/>\n<strong>Design<\/strong> - Sara Vicente<br \/>\n<strong>Co-production<\/strong> - UMCOLETIVO, Turin Theatre<\/p>\n<h3>#2 UMCOLECTIVO PROJECT<\/h3>\n<p>\n<\/div><\/div><\/div><\/div><\/div><\/div><div class=\"wpb_column pos-top pos-center align_left column_child col-lg-5 single-internal-gutter\"><div class=\"uncol style-light\" ><div class=\"uncoltable\"><div class=\"uncell no-block-padding\" ><div class=\"uncont\" ><div id=\"gallery-194872\" class=\"un-media-gallery isotope-system isotope-general-light grid-general-light\">\n\t\t\t\t\t\n\t\n\t<div class=\"isotope-wrapper grid-wrapper single-gutter\" >\n\t\t\t\t\t\t\t\t\t<div class=\"isotope-container isotope-layout style-masonry\" data-type=\"masonry\" data-layout=\"masonry\" data-lg=\"1000\" data-md=\"600\" data-sm=\"480\">\n<div class=\"tmb tmb-iso-w4 tmb-iso-h4 tmb-light tmb-overlay-text-anim tmb-overlay-anim tmb-overlay-middle tmb-overlay-text-left tmb-image-anim tmb-bordered tmb-id-75  tmb-media-first tmb-media-last tmb-content-overlay tmb-no-bg tmb-lightbox\" ><div class=\"t-inside no-anim\" ><div class=\"t-entry-visual\"><div class=\"t-entry-visual-tc\"><div class=\"t-entry-visual-cont\"><div class=\"dummy\" style=\"padding-top: 66.7%;\"><\/div><a href=\"https:\/\/umcoletivo.pt\/wp-content\/uploads\/2024\/03\/img_8217-scaled.jpg\"  class=\"pushed\" data-active=\"1\" data-lbox=\"ilightbox_gallery-194872\" data-external-thumb-image=\"https:\/\/umcoletivo.pt\/wp-content\/uploads\/2024\/03\/img_8217-150x150.jpg\" data-lg-size=\"2560-1707\" data-lb-index=\"0\"><div class=\"t-entry-visual-overlay\"><div class=\"t-entry-visual-overlay-in style-dark-bg\" style=\"opacity: 0.5;\"><\/div><\/div><img decoding=\"async\" class=\"wp-image-75\" src=\"https:\/\/umcoletivo.pt\/wp-content\/uploads\/2024\/03\/img_8217-scaled.jpg\" width=\"2560\" height=\"1707\" alt=\"\" srcset=\"https:\/\/umcoletivo.pt\/wp-content\/uploads\/2024\/03\/img_8217-scaled.jpg 2560w, https:\/\/umcoletivo.pt\/wp-content\/uploads\/2024\/03\/img_8217-300x200.jpg 300w, https:\/\/umcoletivo.pt\/wp-content\/uploads\/2024\/03\/img_8217-1024x683.jpg 1024w, https:\/\/umcoletivo.pt\/wp-content\/uploads\/2024\/03\/img_8217-768x512.jpg 768w, https:\/\/umcoletivo.pt\/wp-content\/uploads\/2024\/03\/img_8217-1536x1024.jpg 1536w, https:\/\/umcoletivo.pt\/wp-content\/uploads\/2024\/03\/img_8217-2048x1365.jpg 2048w, https:\/\/umcoletivo.pt\/wp-content\/uploads\/2024\/03\/img_8217-350x233.jpg 350w\" sizes=\"(max-width: 2560px) 100vw, 2560px\" \/><\/a><\/div>\n\t\t\t\t\t<\/div>\n\t\t\t\t<\/div><\/div><\/div><div class=\"tmb tmb-iso-w4 tmb-iso-h4 tmb-light tmb-overlay-text-anim tmb-overlay-anim tmb-overlay-middle tmb-overlay-text-left tmb-image-anim tmb-bordered tmb-id-76  tmb-media-first tmb-media-last tmb-content-overlay tmb-no-bg tmb-lightbox\" ><div class=\"t-inside no-anim\" ><div class=\"t-entry-visual\"><div class=\"t-entry-visual-tc\"><div class=\"t-entry-visual-cont\"><div class=\"dummy\" style=\"padding-top: 66.7%;\"><\/div><a href=\"https:\/\/umcoletivo.pt\/wp-content\/uploads\/2024\/03\/img_8227-scaled.jpg\"  class=\"pushed\" data-active=\"1\" data-lbox=\"ilightbox_gallery-194872\" data-external-thumb-image=\"https:\/\/umcoletivo.pt\/wp-content\/uploads\/2024\/03\/img_8227-150x150.jpg\" data-lg-size=\"2560-1707\" data-lb-index=\"1\"><div class=\"t-entry-visual-overlay\"><div class=\"t-entry-visual-overlay-in style-dark-bg\" style=\"opacity: 0.5;\"><\/div><\/div><img decoding=\"async\" class=\"wp-image-76\" src=\"https:\/\/umcoletivo.pt\/wp-content\/uploads\/2024\/03\/img_8227-scaled.jpg\" width=\"2560\" height=\"1707\" alt=\"\" srcset=\"https:\/\/umcoletivo.pt\/wp-content\/uploads\/2024\/03\/img_8227-scaled.jpg 2560w, https:\/\/umcoletivo.pt\/wp-content\/uploads\/2024\/03\/img_8227-300x200.jpg 300w, https:\/\/umcoletivo.pt\/wp-content\/uploads\/2024\/03\/img_8227-1024x683.jpg 1024w, https:\/\/umcoletivo.pt\/wp-content\/uploads\/2024\/03\/img_8227-768x512.jpg 768w, https:\/\/umcoletivo.pt\/wp-content\/uploads\/2024\/03\/img_8227-1536x1024.jpg 1536w, https:\/\/umcoletivo.pt\/wp-content\/uploads\/2024\/03\/img_8227-2048x1365.jpg 2048w, https:\/\/umcoletivo.pt\/wp-content\/uploads\/2024\/03\/img_8227-350x233.jpg 350w\" sizes=\"(max-width: 2560px) 100vw, 2560px\" \/><\/a><\/div>\n\t\t\t\t\t<\/div>\n\t\t\t\t<\/div><\/div><\/div><div class=\"tmb tmb-iso-w4 tmb-iso-h4 tmb-light tmb-overlay-text-anim tmb-overlay-anim tmb-overlay-middle tmb-overlay-text-left tmb-image-anim tmb-bordered tmb-id-77  tmb-media-first tmb-media-last tmb-content-overlay tmb-no-bg tmb-lightbox\" ><div class=\"t-inside no-anim\" ><div class=\"t-entry-visual\"><div class=\"t-entry-visual-tc\"><div class=\"t-entry-visual-cont\"><div class=\"dummy\" style=\"padding-top: 66.7%;\"><\/div><a href=\"https:\/\/umcoletivo.pt\/wp-content\/uploads\/2024\/03\/img_8242-scaled.jpg\"  class=\"pushed\" data-active=\"1\" data-lbox=\"ilightbox_gallery-194872\" data-external-thumb-image=\"https:\/\/umcoletivo.pt\/wp-content\/uploads\/2024\/03\/img_8242-150x150.jpg\" data-lg-size=\"2560-1707\" data-lb-index=\"2\"><div class=\"t-entry-visual-overlay\"><div class=\"t-entry-visual-overlay-in style-dark-bg\" style=\"opacity: 0.5;\"><\/div><\/div><img decoding=\"async\" class=\"wp-image-77\" src=\"https:\/\/umcoletivo.pt\/wp-content\/uploads\/2024\/03\/img_8242-scaled.jpg\" width=\"2560\" height=\"1707\" alt=\"\" srcset=\"https:\/\/umcoletivo.pt\/wp-content\/uploads\/2024\/03\/img_8242-scaled.jpg 2560w, https:\/\/umcoletivo.pt\/wp-content\/uploads\/2024\/03\/img_8242-300x200.jpg 300w, https:\/\/umcoletivo.pt\/wp-content\/uploads\/2024\/03\/img_8242-1024x683.jpg 1024w, https:\/\/umcoletivo.pt\/wp-content\/uploads\/2024\/03\/img_8242-768x512.jpg 768w, https:\/\/umcoletivo.pt\/wp-content\/uploads\/2024\/03\/img_8242-1536x1024.jpg 1536w, https:\/\/umcoletivo.pt\/wp-content\/uploads\/2024\/03\/img_8242-2048x1365.jpg 2048w, https:\/\/umcoletivo.pt\/wp-content\/uploads\/2024\/03\/img_8242-350x233.jpg 350w\" sizes=\"(max-width: 2560px) 100vw, 2560px\" \/><\/a><\/div>\n\t\t\t\t\t<\/div>\n\t\t\t\t<\/div><\/div><\/div><div class=\"tmb tmb-iso-w4 tmb-iso-h4 tmb-light tmb-overlay-text-anim tmb-overlay-anim tmb-overlay-middle tmb-overlay-text-left tmb-image-anim tmb-bordered tmb-id-78  tmb-media-first tmb-media-last tmb-content-overlay tmb-no-bg tmb-lightbox\" ><div class=\"t-inside no-anim\" ><div class=\"t-entry-visual\"><div class=\"t-entry-visual-tc\"><div class=\"t-entry-visual-cont\"><div class=\"dummy\" style=\"padding-top: 132.9%;\"><\/div><a href=\"https:\/\/umcoletivo.pt\/wp-content\/uploads\/2024\/03\/img_8244-scaled.jpg\"  class=\"pushed\" data-active=\"1\" data-lbox=\"ilightbox_gallery-194872\" data-external-thumb-image=\"https:\/\/umcoletivo.pt\/wp-content\/uploads\/2024\/03\/img_8244-150x150.jpg\" data-lg-size=\"1926-2560\" data-lb-index=\"3\"><div class=\"t-entry-visual-overlay\"><div class=\"t-entry-visual-overlay-in style-dark-bg\" style=\"opacity: 0.5;\"><\/div><\/div><img decoding=\"async\" class=\"wp-image-78\" src=\"https:\/\/umcoletivo.pt\/wp-content\/uploads\/2024\/03\/img_8244-scaled.jpg\" width=\"1926\" height=\"2560\" alt=\"\" srcset=\"https:\/\/umcoletivo.pt\/wp-content\/uploads\/2024\/03\/img_8244-scaled.jpg 1926w, https:\/\/umcoletivo.pt\/wp-content\/uploads\/2024\/03\/img_8244-226x300.jpg 226w, https:\/\/umcoletivo.pt\/wp-content\/uploads\/2024\/03\/img_8244-770x1024.jpg 770w, https:\/\/umcoletivo.pt\/wp-content\/uploads\/2024\/03\/img_8244-768x1021.jpg 768w, https:\/\/umcoletivo.pt\/wp-content\/uploads\/2024\/03\/img_8244-1155x1536.jpg 1155w, https:\/\/umcoletivo.pt\/wp-content\/uploads\/2024\/03\/img_8244-1541x2048.jpg 1541w, https:\/\/umcoletivo.pt\/wp-content\/uploads\/2024\/03\/img_8244-350x465.jpg 350w\" sizes=\"(max-width: 1926px) 100vw, 1926px\" \/><\/a><\/div>\n\t\t\t\t\t<\/div>\n\t\t\t\t<\/div><\/div><\/div><div class=\"tmb tmb-iso-w4 tmb-iso-h4 tmb-light tmb-overlay-text-anim tmb-overlay-anim tmb-overlay-middle tmb-overlay-text-left tmb-image-anim tmb-bordered tmb-id-79  tmb-media-first tmb-media-last tmb-content-overlay tmb-no-bg tmb-lightbox\" ><div class=\"t-inside no-anim\" ><div class=\"t-entry-visual\"><div class=\"t-entry-visual-tc\"><div class=\"t-entry-visual-cont\"><div class=\"dummy\" style=\"padding-top: 66.7%;\"><\/div><a href=\"https:\/\/umcoletivo.pt\/wp-content\/uploads\/2024\/03\/img_8269-scaled.jpg\"  class=\"pushed\" data-active=\"1\" data-lbox=\"ilightbox_gallery-194872\" data-external-thumb-image=\"https:\/\/umcoletivo.pt\/wp-content\/uploads\/2024\/03\/img_8269-150x150.jpg\" data-lg-size=\"2560-1707\" data-lb-index=\"4\"><div class=\"t-entry-visual-overlay\"><div class=\"t-entry-visual-overlay-in style-dark-bg\" style=\"opacity: 0.5;\"><\/div><\/div><img decoding=\"async\" class=\"wp-image-79\" src=\"https:\/\/umcoletivo.pt\/wp-content\/uploads\/2024\/03\/img_8269-scaled.jpg\" width=\"2560\" height=\"1707\" alt=\"\" srcset=\"https:\/\/umcoletivo.pt\/wp-content\/uploads\/2024\/03\/img_8269-scaled.jpg 2560w, https:\/\/umcoletivo.pt\/wp-content\/uploads\/2024\/03\/img_8269-300x200.jpg 300w, https:\/\/umcoletivo.pt\/wp-content\/uploads\/2024\/03\/img_8269-1024x683.jpg 1024w, https:\/\/umcoletivo.pt\/wp-content\/uploads\/2024\/03\/img_8269-768x512.jpg 768w, https:\/\/umcoletivo.pt\/wp-content\/uploads\/2024\/03\/img_8269-1536x1024.jpg 1536w, https:\/\/umcoletivo.pt\/wp-content\/uploads\/2024\/03\/img_8269-2048x1365.jpg 2048w, https:\/\/umcoletivo.pt\/wp-content\/uploads\/2024\/03\/img_8269-350x233.jpg 350w\" sizes=\"(max-width: 2560px) 100vw, 2560px\" \/><\/a><\/div>\n\t\t\t\t\t<\/div>\n\t\t\t\t<\/div><\/div><\/div><div class=\"tmb tmb-iso-w4 tmb-iso-h4 tmb-light tmb-overlay-text-anim tmb-overlay-anim tmb-overlay-middle tmb-overlay-text-left tmb-image-anim tmb-bordered tmb-id-80  tmb-media-first tmb-media-last tmb-content-overlay tmb-no-bg tmb-lightbox\" ><div class=\"t-inside no-anim\" ><div class=\"t-entry-visual\"><div class=\"t-entry-visual-tc\"><div class=\"t-entry-visual-cont\"><div class=\"dummy\" style=\"padding-top: 66.7%;\"><\/div><a href=\"https:\/\/umcoletivo.pt\/wp-content\/uploads\/2024\/03\/img_8296-scaled.jpg\"  class=\"pushed\" data-active=\"1\" data-lbox=\"ilightbox_gallery-194872\" data-external-thumb-image=\"https:\/\/umcoletivo.pt\/wp-content\/uploads\/2024\/03\/img_8296-150x150.jpg\" data-lg-size=\"2560-1707\" data-lb-index=\"5\"><div class=\"t-entry-visual-overlay\"><div class=\"t-entry-visual-overlay-in style-dark-bg\" style=\"opacity: 0.5;\"><\/div><\/div><img decoding=\"async\" class=\"wp-image-80\" src=\"https:\/\/umcoletivo.pt\/wp-content\/uploads\/2024\/03\/img_8296-scaled.jpg\" width=\"2560\" height=\"1707\" alt=\"\" srcset=\"https:\/\/umcoletivo.pt\/wp-content\/uploads\/2024\/03\/img_8296-scaled.jpg 2560w, https:\/\/umcoletivo.pt\/wp-content\/uploads\/2024\/03\/img_8296-300x200.jpg 300w, https:\/\/umcoletivo.pt\/wp-content\/uploads\/2024\/03\/img_8296-1024x683.jpg 1024w, https:\/\/umcoletivo.pt\/wp-content\/uploads\/2024\/03\/img_8296-768x512.jpg 768w, https:\/\/umcoletivo.pt\/wp-content\/uploads\/2024\/03\/img_8296-1536x1024.jpg 1536w, https:\/\/umcoletivo.pt\/wp-content\/uploads\/2024\/03\/img_8296-2048x1365.jpg 2048w, https:\/\/umcoletivo.pt\/wp-content\/uploads\/2024\/03\/img_8296-350x233.jpg 350w\" sizes=\"(max-width: 2560px) 100vw, 2560px\" \/><\/a><\/div>\n\t\t\t\t\t<\/div>\n\t\t\t\t<\/div><\/div><\/div>\t\t\t<\/div>\n\t\t\t\t\t<\/div>\n\n\t\n\t\n\t\n<\/div>\n\n<\/div><\/div><\/div><\/div><\/div><\/div><\/div><\/div><\/div><\/div><\/div><\/div><\/div><script id=\"script-row-unique-1\" data-row=\"script-row-unique-1\" type=\"text\/javascript\" class=\"vc_controls\">UNCODE.initRow(document.getElementById(\"row-unique-1\"));<\/script><\/div><\/div><\/div>\n<\/div>","protected":false},"excerpt":{"rendered":"The Queen of RagsExhibition - 12 October to 10 November 2013 (Saturdays and Sundays), Teatro Turin - [...]","protected":false},"author":1,"featured_media":76,"parent":0,"menu_order":0,"comment_status":"closed","ping_status":"open","template":"","meta":{"footnotes":""},"portfolio_category":[7],"class_list":["post-74","portfolio","type-portfolio","status-publish","has-post-thumbnail","hentry","portfolio_category-criacao-artistica"],"yoast_head":"<!-- This site is optimized with the Yoast SEO plugin v25.6 - https:\/\/yoast.com\/wordpress\/plugins\/seo\/ -->\n<title>A Rainha de Trapos - Um Coletivo<\/title>\n<meta name=\"robots\" content=\"index, follow, max-snippet:-1, max-image-preview:large, max-video-preview:-1\" \/>\n<link rel=\"canonical\" href=\"https:\/\/umcoletivo.pt\/en\/projeto\/a-rainha-de-trapos\/\" \/>\n<meta property=\"og:locale\" content=\"en_GB\" \/>\n<meta property=\"og:type\" content=\"article\" \/>\n<meta property=\"og:title\" content=\"A Rainha de Trapos - Um Coletivo\" \/>\n<meta property=\"og:url\" content=\"https:\/\/umcoletivo.pt\/en\/projeto\/a-rainha-de-trapos\/\" \/>\n<meta property=\"og:site_name\" content=\"Um Coletivo\" \/>\n<meta property=\"article:publisher\" content=\"https:\/\/www.facebook.com\/umcoletivo\" \/>\n<meta property=\"article:modified_time\" content=\"2024-03-27T16:17:56+00:00\" \/>\n<meta property=\"og:image\" content=\"https:\/\/umcoletivo.pt\/wp-content\/uploads\/2024\/03\/img_8227-scaled.jpg\" \/>\n\t<meta property=\"og:image:width\" content=\"2560\" \/>\n\t<meta property=\"og:image:height\" content=\"1707\" \/>\n\t<meta property=\"og:image:type\" content=\"image\/jpeg\" \/>\n<meta name=\"twitter:card\" content=\"summary_large_image\" \/>\n<meta name=\"twitter:label1\" content=\"Estimated reading time\" \/>\n\t<meta name=\"twitter:data1\" content=\"2 minutes\" \/>\n<script type=\"application\/ld+json\" class=\"yoast-schema-graph\">{\"@context\":\"https:\/\/schema.org\",\"@graph\":[{\"@type\":\"WebPage\",\"@id\":\"https:\/\/umcoletivo.pt\/projeto\/a-rainha-de-trapos\/\",\"url\":\"https:\/\/umcoletivo.pt\/projeto\/a-rainha-de-trapos\/\",\"name\":\"A Rainha de Trapos - Um Coletivo\",\"isPartOf\":{\"@id\":\"https:\/\/umcoletivo.pt\/#website\"},\"primaryImageOfPage\":{\"@id\":\"https:\/\/umcoletivo.pt\/projeto\/a-rainha-de-trapos\/#primaryimage\"},\"image\":{\"@id\":\"https:\/\/umcoletivo.pt\/projeto\/a-rainha-de-trapos\/#primaryimage\"},\"thumbnailUrl\":\"https:\/\/umcoletivo.pt\/wp-content\/uploads\/2024\/03\/img_8227-scaled.jpg\",\"datePublished\":\"2024-03-10T14:58:14+00:00\",\"dateModified\":\"2024-03-27T16:17:56+00:00\",\"breadcrumb\":{\"@id\":\"https:\/\/umcoletivo.pt\/projeto\/a-rainha-de-trapos\/#breadcrumb\"},\"inLanguage\":\"en-GB\",\"potentialAction\":[{\"@type\":\"ReadAction\",\"target\":[\"https:\/\/umcoletivo.pt\/projeto\/a-rainha-de-trapos\/\"]}]},{\"@type\":\"ImageObject\",\"inLanguage\":\"en-GB\",\"@id\":\"https:\/\/umcoletivo.pt\/projeto\/a-rainha-de-trapos\/#primaryimage\",\"url\":\"https:\/\/umcoletivo.pt\/wp-content\/uploads\/2024\/03\/img_8227-scaled.jpg\",\"contentUrl\":\"https:\/\/umcoletivo.pt\/wp-content\/uploads\/2024\/03\/img_8227-scaled.jpg\",\"width\":2560,\"height\":1707},{\"@type\":\"BreadcrumbList\",\"@id\":\"https:\/\/umcoletivo.pt\/projeto\/a-rainha-de-trapos\/#breadcrumb\",\"itemListElement\":[{\"@type\":\"ListItem\",\"position\":1,\"name\":\"In\u00edcio\",\"item\":\"https:\/\/umcoletivo.pt\/\"},{\"@type\":\"ListItem\",\"position\":2,\"name\":\"Projeto\",\"item\":\"https:\/\/umcoletivo.pt\/projeto\/\"},{\"@type\":\"ListItem\",\"position\":3,\"name\":\"A Rainha de Trapos\"}]},{\"@type\":\"WebSite\",\"@id\":\"https:\/\/umcoletivo.pt\/#website\",\"url\":\"https:\/\/umcoletivo.pt\/\",\"name\":\"Um Coletivo\",\"description\":\"\",\"publisher\":{\"@id\":\"https:\/\/umcoletivo.pt\/#organization\"},\"potentialAction\":[{\"@type\":\"SearchAction\",\"target\":{\"@type\":\"EntryPoint\",\"urlTemplate\":\"https:\/\/umcoletivo.pt\/?s={search_term_string}\"},\"query-input\":{\"@type\":\"PropertyValueSpecification\",\"valueRequired\":true,\"valueName\":\"search_term_string\"}}],\"inLanguage\":\"en-GB\"},{\"@type\":\"Organization\",\"@id\":\"https:\/\/umcoletivo.pt\/#organization\",\"name\":\"Um Coletivo\",\"url\":\"https:\/\/umcoletivo.pt\/\",\"logo\":{\"@type\":\"ImageObject\",\"inLanguage\":\"en-GB\",\"@id\":\"https:\/\/umcoletivo.pt\/#\/schema\/logo\/image\/\",\"url\":\"https:\/\/umcoletivo.pt\/wp-content\/uploads\/2024\/03\/UMCOLETIVO.png\",\"contentUrl\":\"https:\/\/umcoletivo.pt\/wp-content\/uploads\/2024\/03\/UMCOLETIVO.png\",\"width\":1210,\"height\":383,\"caption\":\"Um Coletivo\"},\"image\":{\"@id\":\"https:\/\/umcoletivo.pt\/#\/schema\/logo\/image\/\"},\"sameAs\":[\"https:\/\/www.facebook.com\/umcoletivo\"]}]}<\/script>\n<!-- \/ Yoast SEO plugin. -->","yoast_head_json":{"title":"A Rainha de Trapos - Um Coletivo","robots":{"index":"index","follow":"follow","max-snippet":"max-snippet:-1","max-image-preview":"max-image-preview:large","max-video-preview":"max-video-preview:-1"},"canonical":"https:\/\/umcoletivo.pt\/en\/projeto\/a-rainha-de-trapos\/","og_locale":"en_GB","og_type":"article","og_title":"A Rainha de Trapos - Um Coletivo","og_url":"https:\/\/umcoletivo.pt\/en\/projeto\/a-rainha-de-trapos\/","og_site_name":"Um Coletivo","article_publisher":"https:\/\/www.facebook.com\/umcoletivo","article_modified_time":"2024-03-27T16:17:56+00:00","og_image":[{"width":2560,"height":1707,"url":"https:\/\/umcoletivo.pt\/wp-content\/uploads\/2024\/03\/img_8227-scaled.jpg","type":"image\/jpeg"}],"twitter_card":"summary_large_image","twitter_misc":{"Estimated reading time":"2 minutes"},"schema":{"@context":"https:\/\/schema.org","@graph":[{"@type":"WebPage","@id":"https:\/\/umcoletivo.pt\/projeto\/a-rainha-de-trapos\/","url":"https:\/\/umcoletivo.pt\/projeto\/a-rainha-de-trapos\/","name":"A Rainha de Trapos - Um Coletivo","isPartOf":{"@id":"https:\/\/umcoletivo.pt\/#website"},"primaryImageOfPage":{"@id":"https:\/\/umcoletivo.pt\/projeto\/a-rainha-de-trapos\/#primaryimage"},"image":{"@id":"https:\/\/umcoletivo.pt\/projeto\/a-rainha-de-trapos\/#primaryimage"},"thumbnailUrl":"https:\/\/umcoletivo.pt\/wp-content\/uploads\/2024\/03\/img_8227-scaled.jpg","datePublished":"2024-03-10T14:58:14+00:00","dateModified":"2024-03-27T16:17:56+00:00","breadcrumb":{"@id":"https:\/\/umcoletivo.pt\/projeto\/a-rainha-de-trapos\/#breadcrumb"},"inLanguage":"en-GB","potentialAction":[{"@type":"ReadAction","target":["https:\/\/umcoletivo.pt\/projeto\/a-rainha-de-trapos\/"]}]},{"@type":"ImageObject","inLanguage":"en-GB","@id":"https:\/\/umcoletivo.pt\/projeto\/a-rainha-de-trapos\/#primaryimage","url":"https:\/\/umcoletivo.pt\/wp-content\/uploads\/2024\/03\/img_8227-scaled.jpg","contentUrl":"https:\/\/umcoletivo.pt\/wp-content\/uploads\/2024\/03\/img_8227-scaled.jpg","width":2560,"height":1707},{"@type":"BreadcrumbList","@id":"https:\/\/umcoletivo.pt\/projeto\/a-rainha-de-trapos\/#breadcrumb","itemListElement":[{"@type":"ListItem","position":1,"name":"In\u00edcio","item":"https:\/\/umcoletivo.pt\/"},{"@type":"ListItem","position":2,"name":"Projeto","item":"https:\/\/umcoletivo.pt\/projeto\/"},{"@type":"ListItem","position":3,"name":"A Rainha de Trapos"}]},{"@type":"WebSite","@id":"https:\/\/umcoletivo.pt\/#website","url":"https:\/\/umcoletivo.pt\/","name":"A Collective","description":"","publisher":{"@id":"https:\/\/umcoletivo.pt\/#organization"},"potentialAction":[{"@type":"SearchAction","target":{"@type":"EntryPoint","urlTemplate":"https:\/\/umcoletivo.pt\/?s={search_term_string}"},"query-input":{"@type":"PropertyValueSpecification","valueRequired":true,"valueName":"search_term_string"}}],"inLanguage":"en-GB"},{"@type":"Organization","@id":"https:\/\/umcoletivo.pt\/#organization","name":"A Collective","url":"https:\/\/umcoletivo.pt\/","logo":{"@type":"ImageObject","inLanguage":"en-GB","@id":"https:\/\/umcoletivo.pt\/#\/schema\/logo\/image\/","url":"https:\/\/umcoletivo.pt\/wp-content\/uploads\/2024\/03\/UMCOLETIVO.png","contentUrl":"https:\/\/umcoletivo.pt\/wp-content\/uploads\/2024\/03\/UMCOLETIVO.png","width":1210,"height":383,"caption":"Um Coletivo"},"image":{"@id":"https:\/\/umcoletivo.pt\/#\/schema\/logo\/image\/"},"sameAs":["https:\/\/www.facebook.com\/umcoletivo"]}]}},"_links":{"self":[{"href":"https:\/\/umcoletivo.pt\/en\/wp-json\/wp\/v2\/portfolio\/74","targetHints":{"allow":["GET"]}}],"collection":[{"href":"https:\/\/umcoletivo.pt\/en\/wp-json\/wp\/v2\/portfolio"}],"about":[{"href":"https:\/\/umcoletivo.pt\/en\/wp-json\/wp\/v2\/types\/portfolio"}],"author":[{"embeddable":true,"href":"https:\/\/umcoletivo.pt\/en\/wp-json\/wp\/v2\/users\/1"}],"replies":[{"embeddable":true,"href":"https:\/\/umcoletivo.pt\/en\/wp-json\/wp\/v2\/comments?post=74"}],"version-history":[{"count":0,"href":"https:\/\/umcoletivo.pt\/en\/wp-json\/wp\/v2\/portfolio\/74\/revisions"}],"wp:featuredmedia":[{"embeddable":true,"href":"https:\/\/umcoletivo.pt\/en\/wp-json\/wp\/v2\/media\/76"}],"wp:attachment":[{"href":"https:\/\/umcoletivo.pt\/en\/wp-json\/wp\/v2\/media?parent=74"}],"wp:term":[{"taxonomy":"portfolio_category","embeddable":true,"href":"https:\/\/umcoletivo.pt\/en\/wp-json\/wp\/v2\/portfolio_category?post=74"}],"curies":[{"name":"wp","href":"https:\/\/api.w.org\/{rel}","templated":true}]}}