{"id":765,"date":"2024-03-20T15:49:33","date_gmt":"2024-03-20T15:49:33","guid":{"rendered":"https:\/\/umcoletivo.pt\/?post_type=portfolio&#038;p=765"},"modified":"2024-03-22T17:14:27","modified_gmt":"2024-03-22T17:14:27","slug":"transmissao-2020","status":"publish","type":"portfolio","link":"https:\/\/umcoletivo.pt\/en\/projeto\/transmissao-2020\/","title":{"rendered":"Transmission 2020"},"content":{"rendered":"<div class=\"wpb-content-wrapper\"><div data-parent=\"true\" class=\"vc_row style-color-jevc-bg row-container\" id=\"row-unique-0\"><div class=\"row no-top-padding single-bottom-padding no-h-padding limit-width row-parent\" data-height-ratio=\"20\"><div class=\"wpb_row row-inner\"><div class=\"wpb_column pos-top pos-center align_left column_parent col-lg-12 single-internal-gutter\"><div class=\"uncol style-light\"  ><div class=\"uncoltable\"><div class=\"uncell no-block-padding\" ><div class=\"uncont\" ><div class=\"uncode-single-media  text-center\"><div class=\"single-wrapper\" style=\"max-width: 50%;\"><div class=\"uncode-single-media-wrapper\"><img decoding=\"async\" class=\"uncode-missing-media\" src=\"https:\/\/via.placeholder.com\/500x500.png?text=media+not+available&amp;w=500&amp;h=500\" \/><\/div><\/div><\/div><\/div><\/div><\/div><\/div><\/div><script id=\"script-row-unique-0\" data-row=\"script-row-unique-0\" type=\"text\/javascript\" class=\"vc_controls\">UNCODE.initRow(document.getElementById(\"row-unique-0\"));<\/script><\/div><\/div><\/div><div data-parent=\"true\" class=\"vc_row row-container\" id=\"row-unique-1\"><div class=\"row limit-width row-parent\"><div class=\"wpb_row row-inner\"><div class=\"wpb_column pos-top pos-center align_left column_parent col-lg-12 single-internal-gutter\"><div class=\"uncol style-light\"  ><div class=\"uncoltable\"><div class=\"uncell no-block-padding\" ><div class=\"uncont\" ><div class=\"vc_row row-internal row-container\"><div class=\"row row-child\"><div class=\"wpb_row row-inner\"><div class=\"wpb_column pos-top pos-center align_left column_child col-lg-7 single-internal-gutter\"><div class=\"uncol style-light\" ><div class=\"uncoltable\"><div class=\"uncell no-block-padding\" ><div class=\"uncont\" ><div class=\"vc_custom_heading_wrap\"><div class=\"heading-text el-text\" ><h1 class=\"h1\" ><span>Transmission 2020<\/span><\/h1><\/div><div class=\"clear\"><\/div><\/div><div class=\"vc_custom_heading_wrap\"><div class=\"heading-text el-text\" ><h2 class=\"h2\" ><span>Technical sheet<\/span><\/h2><hr class=\"separator-break separator-accent\" \/><\/div><div class=\"clear\"><\/div><\/div><div class=\"uncode_text_column justiy-text\" ><p><strong>Co-production<\/strong> - A COLLECTIVE, THE CRAZY CHILDREN and TXON POESIA<br \/>\n<strong>Artistic Direction<\/strong> - C\u00e1tia Terrinca and Vicente Wallenstein<br \/>\n<strong>Production management<\/strong> - T\u00e2nia Bald\u00e9<br \/>\n<strong>Production<\/strong> - Helena Baronet and Jos\u00e9 Pinto<br \/>\n<strong>Image<\/strong> - Jo\u00e3o P. Nunes<br \/>\n<strong>Technical Management<\/strong> - Diogo Rodrigues<br \/>\n<strong>Music<\/strong> - Diogo Rodrigues, Fern\u00e3o Biu and Jo\u00e3o Sala<\/p>\n<\/div><div class=\"vc_custom_heading_wrap\"><div class=\"heading-text el-text\" ><h3 class=\"h3\" ><span>Partnerships<\/span><\/h3><hr class=\"separator-break separator-accent\" \/><\/div><div class=\"clear\"><\/div><\/div><div class=\"uncode_text_column\" ><p>National Radios: Antena 2, R\u00e1dio Mi\u00fados, Rdp \u00c1frica<br \/>\nInternational Radio: Radio Morabeza<br \/>\nLocal Radios: Mais R\u00e1dio (Set\u00fabal), R\u00e1dio Elvas (Elvas), Antena Livre (Gouveia)<br \/>\n<strong>Other Partners<\/strong>: Gerador, Falas Afrikanas, Livraria Snob, Miratecarts, Teatro do Convento, Arkus, Rugas Teatros<br \/>\n<strong>Acknowledgements:<\/strong> Ana Isabel Sousa, Daniel Gorj\u00e3o, Eduardo Leite, Jo\u00e3o Vinagre, Manuel Lopes, Paulo Figueiredo, Salvador Nery<\/p>\n<\/div><\/div><\/div><\/div><\/div><\/div><div class=\"wpb_column pos-top pos-center align_left column_child col-lg-5 single-internal-gutter\"><div class=\"uncol style-light\" ><div class=\"uncoltable\"><div class=\"uncell no-block-padding\" ><div class=\"uncont\" ><div class=\"vc_custom_heading_wrap\"><div class=\"heading-text el-text\" ><h3 class=\"h3\" ><span>Programme<\/span><\/h3><hr class=\"separator-break separator-accent\" \/><\/div><div class=\"clear\"><\/div><\/div><div class=\"uncode_text_column\" ><p><strong>20th April<\/strong><br \/>\nWhere Blimundo lives (\"POP\" cycle for kids)<br \/>\nCassilda and the Kingdom of Dreams (imaginary theatre cycle)<br \/>\nLove Poem (Love Letters Cycle)<\/p>\n<p><strong>21st April<\/strong><br \/>\nThe Lord of the Dance (POP)<br \/>\nMiau Miau B\u00e9u B\u00e9u Pum Pum (Imaginary Theatre)<br \/>\nRequiem (Love Letters)<\/p>\n<p><strong>22nd April<\/strong><br \/>\nUP.SMARA (POP)<br \/>\nThe Crazy Boat (Imaginary Theatre)<br \/>\nLove Fight (Love Letters)<\/p>\n<p><strong>23rd April<\/strong><br \/>\nSofia (POP)<br \/>\nA Metro (Imaginary Theatre)<br \/>\nAct of the Body (Love Letters)<\/p>\n<p><strong>24 April<\/strong><br \/>\nThe Dog in Search of Light (POP)<br \/>\nHouse arrest (Imaginary Theatre)<br \/>\nLetters (Love Letters)<\/p>\n<\/div><\/div><\/div><\/div><\/div><\/div><\/div><\/div><\/div><div class=\"vc_row row-internal row-container\"><div class=\"row row-child\"><div class=\"wpb_row row-inner\"><div class=\"wpb_column pos-top pos-center align_left column_child col-lg-12 single-internal-gutter\"><div class=\"uncol style-light\" ><div class=\"uncoltable\"><div class=\"uncell no-block-padding\" ><div class=\"uncont\" ><div class=\"uncode_text_column\" ><p>The programme takes place on a variety of national, regional and international radio stations and, within each day, takes place at different times. For more information, see the programme table below:<\/p>\n<p>&nbsp;<\/p>\n<table>\n<tbody>\n<tr>\n<td width=\"189\"><strong>Radio<\/strong><\/td>\n<td width=\"189\"><strong>Days<\/strong><\/td>\n<td width=\"189\"><strong>Timetable<\/strong><\/td>\n<\/tr>\n<tr>\n<td width=\"189\"><a href=\"http:\/\/www.rtp.pt\/antena2\/\">Antenna 2<\/a><\/td>\n<td width=\"189\">20th to 23rd April<\/td>\n<td width=\"189\">8am and 7pm<\/td>\n<\/tr>\n<tr>\n<td width=\"189\"><a href=\"https:\/\/radioelvas.com\/\">Radio Elvas<\/a><\/td>\n<td width=\"189\">20th to 24th April<\/td>\n<td width=\"189\">9h30<\/td>\n<\/tr>\n<tr>\n<td width=\"189\"><a href=\"https:\/\/896fm.pt\/\">Free Antenna<\/a><\/td>\n<td width=\"189\">20th to 25th April<\/td>\n<td width=\"189\">8.45am | 3pm | 9.30pm<\/td>\n<\/tr>\n<tr>\n<td width=\"189\"><a href=\"http:\/\/radiomorabeza.cv\/\">Radio Morabeza (CV)<\/a><\/td>\n<td width=\"189\">20th to 24th April<\/td>\n<td width=\"189\">10am | 4pm | 10pm<\/td>\n<\/tr>\n<tr>\n<td width=\"189\"><a href=\"https:\/\/www.radiomiudos.pt\/\">Radio Kids<\/a><\/td>\n<td width=\"189\">20th to 24th April<\/td>\n<td width=\"189\">10h<\/td>\n<\/tr>\n<tr>\n<td width=\"189\"><a href=\"http:\/\/www.maisradio.com\/\">More Radio<\/a><\/td>\n<td width=\"189\">20th to 24th April<\/td>\n<td width=\"189\">10.30am | 7pm | 10pm<\/td>\n<\/tr>\n<tr>\n<td width=\"189\"><a href=\"http:\/\/www.radioplanicie.com\/\">Radio Plan\u00edcie<\/a><\/td>\n<td width=\"189\">20th to 24th April<\/td>\n<td width=\"189\">2pm | 7pm | 9pm<\/td>\n<\/tr>\n<tr>\n<td width=\"189\"><a href=\"https:\/\/www.radiopico.com\/\">Radio Pico<\/a><\/td>\n<td width=\"189\">20th to 24th April<\/td>\n<td width=\"189\">10.30am | 5.30pm | 10pm<\/td>\n<\/tr>\n<tr>\n<td width=\"189\"><a href=\"https:\/\/www.rtp.pt\/play\/direto\/antena1acores\">RDP A\u00e7ores<\/a><\/td>\n<td width=\"189\">20th to 24th April<\/td>\n<td width=\"189\">11.15 a.m. | 2.30 p.m. | 10.30 p.m.<\/td>\n<\/tr>\n<\/tbody>\n<\/table>\n<p>\n<\/div><\/div><\/div><\/div><\/div><\/div><\/div><\/div><\/div><\/div><\/div><\/div><\/div><\/div><script id=\"script-row-unique-1\" data-row=\"script-row-unique-1\" type=\"text\/javascript\" class=\"vc_controls\">UNCODE.initRow(document.getElementById(\"row-unique-1\"));<\/script><\/div><\/div><\/div>\n<\/div>","protected":false},"excerpt":{"rendered":"Broadcast 2020Technical informationProduction - UM COLETIVO, AS CRIAN\u00c7AS LOUCAS and TXON POESIA Artistic Direction - C\u00e1tia Terrinca and Vicente Wallenstein [...]","protected":false},"author":1,"featured_media":0,"parent":0,"menu_order":0,"comment_status":"closed","ping_status":"open","template":"","meta":{"footnotes":""},"portfolio_category":[5],"class_list":["post-765","portfolio","type-portfolio","status-publish","hentry","portfolio_category-programacao"],"yoast_head":"<!-- This site is optimized with the Yoast SEO plugin v25.6 - https:\/\/yoast.com\/wordpress\/plugins\/seo\/ -->\n<title>Transmiss\u00e3o 2020 - Um Coletivo<\/title>\n<meta name=\"robots\" content=\"index, follow, max-snippet:-1, max-image-preview:large, max-video-preview:-1\" \/>\n<link rel=\"canonical\" href=\"https:\/\/umcoletivo.pt\/en\/projeto\/transmissao-2020\/\" \/>\n<meta property=\"og:locale\" content=\"en_GB\" \/>\n<meta property=\"og:type\" content=\"article\" \/>\n<meta property=\"og:title\" content=\"Transmiss\u00e3o 2020 - Um Coletivo\" \/>\n<meta property=\"og:url\" content=\"https:\/\/umcoletivo.pt\/en\/projeto\/transmissao-2020\/\" \/>\n<meta property=\"og:site_name\" content=\"Um Coletivo\" \/>\n<meta property=\"article:publisher\" content=\"https:\/\/www.facebook.com\/umcoletivo\" \/>\n<meta property=\"article:modified_time\" content=\"2024-03-22T17:14:27+00:00\" \/>\n<meta name=\"twitter:card\" content=\"summary_large_image\" \/>\n<meta name=\"twitter:label1\" content=\"Estimated reading time\" \/>\n\t<meta name=\"twitter:data1\" content=\"3 minutes\" \/>\n<script type=\"application\/ld+json\" class=\"yoast-schema-graph\">{\"@context\":\"https:\/\/schema.org\",\"@graph\":[{\"@type\":\"WebPage\",\"@id\":\"https:\/\/umcoletivo.pt\/projeto\/transmissao-2020\/\",\"url\":\"https:\/\/umcoletivo.pt\/projeto\/transmissao-2020\/\",\"name\":\"Transmiss\u00e3o 2020 - Um Coletivo\",\"isPartOf\":{\"@id\":\"https:\/\/umcoletivo.pt\/#website\"},\"datePublished\":\"2024-03-20T15:49:33+00:00\",\"dateModified\":\"2024-03-22T17:14:27+00:00\",\"breadcrumb\":{\"@id\":\"https:\/\/umcoletivo.pt\/projeto\/transmissao-2020\/#breadcrumb\"},\"inLanguage\":\"en-GB\",\"potentialAction\":[{\"@type\":\"ReadAction\",\"target\":[\"https:\/\/umcoletivo.pt\/projeto\/transmissao-2020\/\"]}]},{\"@type\":\"BreadcrumbList\",\"@id\":\"https:\/\/umcoletivo.pt\/projeto\/transmissao-2020\/#breadcrumb\",\"itemListElement\":[{\"@type\":\"ListItem\",\"position\":1,\"name\":\"In\u00edcio\",\"item\":\"https:\/\/umcoletivo.pt\/\"},{\"@type\":\"ListItem\",\"position\":2,\"name\":\"Projeto\",\"item\":\"https:\/\/umcoletivo.pt\/projeto\/\"},{\"@type\":\"ListItem\",\"position\":3,\"name\":\"Transmiss\u00e3o 2020\"}]},{\"@type\":\"WebSite\",\"@id\":\"https:\/\/umcoletivo.pt\/#website\",\"url\":\"https:\/\/umcoletivo.pt\/\",\"name\":\"Um Coletivo\",\"description\":\"\",\"publisher\":{\"@id\":\"https:\/\/umcoletivo.pt\/#organization\"},\"potentialAction\":[{\"@type\":\"SearchAction\",\"target\":{\"@type\":\"EntryPoint\",\"urlTemplate\":\"https:\/\/umcoletivo.pt\/?s={search_term_string}\"},\"query-input\":{\"@type\":\"PropertyValueSpecification\",\"valueRequired\":true,\"valueName\":\"search_term_string\"}}],\"inLanguage\":\"en-GB\"},{\"@type\":\"Organization\",\"@id\":\"https:\/\/umcoletivo.pt\/#organization\",\"name\":\"Um Coletivo\",\"url\":\"https:\/\/umcoletivo.pt\/\",\"logo\":{\"@type\":\"ImageObject\",\"inLanguage\":\"en-GB\",\"@id\":\"https:\/\/umcoletivo.pt\/#\/schema\/logo\/image\/\",\"url\":\"https:\/\/umcoletivo.pt\/wp-content\/uploads\/2024\/03\/UMCOLETIVO.png\",\"contentUrl\":\"https:\/\/umcoletivo.pt\/wp-content\/uploads\/2024\/03\/UMCOLETIVO.png\",\"width\":1210,\"height\":383,\"caption\":\"Um Coletivo\"},\"image\":{\"@id\":\"https:\/\/umcoletivo.pt\/#\/schema\/logo\/image\/\"},\"sameAs\":[\"https:\/\/www.facebook.com\/umcoletivo\"]}]}<\/script>\n<!-- \/ Yoast SEO plugin. -->","yoast_head_json":{"title":"Transmiss\u00e3o 2020 - Um Coletivo","robots":{"index":"index","follow":"follow","max-snippet":"max-snippet:-1","max-image-preview":"max-image-preview:large","max-video-preview":"max-video-preview:-1"},"canonical":"https:\/\/umcoletivo.pt\/en\/projeto\/transmissao-2020\/","og_locale":"en_GB","og_type":"article","og_title":"Transmiss\u00e3o 2020 - Um Coletivo","og_url":"https:\/\/umcoletivo.pt\/en\/projeto\/transmissao-2020\/","og_site_name":"Um Coletivo","article_publisher":"https:\/\/www.facebook.com\/umcoletivo","article_modified_time":"2024-03-22T17:14:27+00:00","twitter_card":"summary_large_image","twitter_misc":{"Estimated reading time":"3 minutes"},"schema":{"@context":"https:\/\/schema.org","@graph":[{"@type":"WebPage","@id":"https:\/\/umcoletivo.pt\/projeto\/transmissao-2020\/","url":"https:\/\/umcoletivo.pt\/projeto\/transmissao-2020\/","name":"Transmiss\u00e3o 2020 - Um Coletivo","isPartOf":{"@id":"https:\/\/umcoletivo.pt\/#website"},"datePublished":"2024-03-20T15:49:33+00:00","dateModified":"2024-03-22T17:14:27+00:00","breadcrumb":{"@id":"https:\/\/umcoletivo.pt\/projeto\/transmissao-2020\/#breadcrumb"},"inLanguage":"en-GB","potentialAction":[{"@type":"ReadAction","target":["https:\/\/umcoletivo.pt\/projeto\/transmissao-2020\/"]}]},{"@type":"BreadcrumbList","@id":"https:\/\/umcoletivo.pt\/projeto\/transmissao-2020\/#breadcrumb","itemListElement":[{"@type":"ListItem","position":1,"name":"In\u00edcio","item":"https:\/\/umcoletivo.pt\/"},{"@type":"ListItem","position":2,"name":"Projeto","item":"https:\/\/umcoletivo.pt\/projeto\/"},{"@type":"ListItem","position":3,"name":"Transmiss\u00e3o 2020"}]},{"@type":"WebSite","@id":"https:\/\/umcoletivo.pt\/#website","url":"https:\/\/umcoletivo.pt\/","name":"A Collective","description":"","publisher":{"@id":"https:\/\/umcoletivo.pt\/#organization"},"potentialAction":[{"@type":"SearchAction","target":{"@type":"EntryPoint","urlTemplate":"https:\/\/umcoletivo.pt\/?s={search_term_string}"},"query-input":{"@type":"PropertyValueSpecification","valueRequired":true,"valueName":"search_term_string"}}],"inLanguage":"en-GB"},{"@type":"Organization","@id":"https:\/\/umcoletivo.pt\/#organization","name":"A Collective","url":"https:\/\/umcoletivo.pt\/","logo":{"@type":"ImageObject","inLanguage":"en-GB","@id":"https:\/\/umcoletivo.pt\/#\/schema\/logo\/image\/","url":"https:\/\/umcoletivo.pt\/wp-content\/uploads\/2024\/03\/UMCOLETIVO.png","contentUrl":"https:\/\/umcoletivo.pt\/wp-content\/uploads\/2024\/03\/UMCOLETIVO.png","width":1210,"height":383,"caption":"Um Coletivo"},"image":{"@id":"https:\/\/umcoletivo.pt\/#\/schema\/logo\/image\/"},"sameAs":["https:\/\/www.facebook.com\/umcoletivo"]}]}},"_links":{"self":[{"href":"https:\/\/umcoletivo.pt\/en\/wp-json\/wp\/v2\/portfolio\/765","targetHints":{"allow":["GET"]}}],"collection":[{"href":"https:\/\/umcoletivo.pt\/en\/wp-json\/wp\/v2\/portfolio"}],"about":[{"href":"https:\/\/umcoletivo.pt\/en\/wp-json\/wp\/v2\/types\/portfolio"}],"author":[{"embeddable":true,"href":"https:\/\/umcoletivo.pt\/en\/wp-json\/wp\/v2\/users\/1"}],"replies":[{"embeddable":true,"href":"https:\/\/umcoletivo.pt\/en\/wp-json\/wp\/v2\/comments?post=765"}],"version-history":[{"count":0,"href":"https:\/\/umcoletivo.pt\/en\/wp-json\/wp\/v2\/portfolio\/765\/revisions"}],"wp:attachment":[{"href":"https:\/\/umcoletivo.pt\/en\/wp-json\/wp\/v2\/media?parent=765"}],"wp:term":[{"taxonomy":"portfolio_category","embeddable":true,"href":"https:\/\/umcoletivo.pt\/en\/wp-json\/wp\/v2\/portfolio_category?post=765"}],"curies":[{"name":"wp","href":"https:\/\/api.w.org\/{rel}","templated":true}]}}