{"id":768,"date":"2024-03-20T16:01:55","date_gmt":"2024-03-20T16:01:55","guid":{"rendered":"https:\/\/umcoletivo.pt\/?post_type=portfolio&#038;p=768"},"modified":"2024-03-22T17:14:03","modified_gmt":"2024-03-22T17:14:03","slug":"sobressalto-22","status":"publish","type":"portfolio","link":"https:\/\/umcoletivo.pt\/en\/projeto\/sobressalto-22\/","title":{"rendered":"SOBRESSALTO 22"},"content":{"rendered":"<div class=\"wpb-content-wrapper\"><div data-parent=\"true\" class=\"vc_row style-color-jevc-bg row-container\" id=\"row-unique-0\"><div class=\"row no-top-padding single-bottom-padding no-h-padding limit-width row-parent\" data-height-ratio=\"20\"><div class=\"wpb_row row-inner\"><div class=\"wpb_column pos-top pos-center align_left column_parent col-lg-12 single-internal-gutter\"><div class=\"uncol style-light\"  ><div class=\"uncoltable\"><div class=\"uncell no-block-padding\" ><div class=\"uncont\" ><div class=\"uncode-single-media  text-center\"><div class=\"single-wrapper\" style=\"max-width: 50%;\"><div class=\"tmb tmb-light  tmb-media-first tmb-media-last tmb-content-overlay tmb-no-bg\"><div class=\"t-inside\"><div class=\"t-entry-visual\"><div class=\"t-entry-visual-tc\"><div class=\"uncode-single-media-wrapper\"><img decoding=\"async\" class=\"wp-image-769\" src=\"https:\/\/umcoletivo.pt\/wp-content\/uploads\/2024\/03\/sobressalto.png\" width=\"954\" height=\"422\" alt=\"sobressalto\" srcset=\"https:\/\/umcoletivo.pt\/wp-content\/uploads\/2024\/03\/sobressalto.png 954w, https:\/\/umcoletivo.pt\/wp-content\/uploads\/2024\/03\/sobressalto-300x133.png 300w, https:\/\/umcoletivo.pt\/wp-content\/uploads\/2024\/03\/sobressalto-768x340.png 768w, https:\/\/umcoletivo.pt\/wp-content\/uploads\/2024\/03\/sobressalto-350x155.png 350w\" sizes=\"(max-width: 954px) 100vw, 954px\" \/><\/div>\n\t\t\t\t\t<\/div>\n\t\t\t\t<\/div><\/div><\/div><\/div><\/div><\/div><\/div><\/div><\/div><\/div><script id=\"script-row-unique-0\" data-row=\"script-row-unique-0\" type=\"text\/javascript\" class=\"vc_controls\">UNCODE.initRow(document.getElementById(\"row-unique-0\"));<\/script><\/div><\/div><\/div><div data-parent=\"true\" class=\"vc_row row-container\" id=\"row-unique-1\"><div class=\"row limit-width row-parent\"><div class=\"wpb_row row-inner\"><div class=\"wpb_column pos-top pos-center align_left column_parent col-lg-12 single-internal-gutter\"><div class=\"uncol style-light\"  ><div class=\"uncoltable\"><div class=\"uncell no-block-padding\" ><div class=\"uncont\" ><div class=\"vc_row row-internal row-container\"><div class=\"row row-child\"><div class=\"wpb_row row-inner\"><div class=\"wpb_column pos-top pos-center align_left column_child col-lg-7 single-internal-gutter\"><div class=\"uncol style-light\" ><div class=\"uncoltable\"><div class=\"uncell no-block-padding\" ><div class=\"uncont\" ><div class=\"vc_custom_heading_wrap\"><div class=\"heading-text el-text\" ><h1 class=\"h1\" ><span>SOBRESSALTO 22<\/span><\/h1><\/div><div class=\"clear\"><\/div><\/div><div class=\"vc_custom_heading_wrap\"><div class=\"heading-text el-text\" ><h4 class=\"h4\" ><span>20th August 2022<\/span><\/h4><\/div><div class=\"clear\"><\/div><\/div><div class=\"vc_custom_heading_wrap\"><div class=\"heading-text el-text\" ><h2 class=\"h2\" ><span>Synopsis<\/span><\/h2><hr class=\"separator-break separator-accent\" \/><\/div><div class=\"clear\"><\/div><\/div><div class=\"uncode_text_column justiy-text\" ><p>The A SALTO - TOMADA ART\u00cdSTICA DA CIDADE DE ELVAS festival is coming to an end this year. That's why we want to invite you to feel this sudden SURRENDER with us, on a poetic and emotional journey through the territory that has been ours over the years. The route (16h30-23h) will be continuous and will include moments of refreshment. Alternatively, the various points on the route can be enjoyed on their own, following the location and times indicated in the programme.<\/p>\n<\/div><div class=\"vc_custom_heading_wrap\"><div class=\"heading-text el-text\" ><h2 class=\"h2\" ><span>Technical sheet<\/span><\/h2><hr class=\"separator-break separator-accent\" \/><\/div><div class=\"clear\"><\/div><\/div><div class=\"uncode_text_column justiy-text\" ><p><strong>Curator and Production Manager<\/strong> - C\u00e1tia Terrinca and Jo\u00e3o P. Nunes<br \/>\n<strong>Executive Production<\/strong> - C\u00e1tia Terrinca<br \/>\n<strong>Production support<\/strong> - Cutte, Herlandson Duarte and Rui Salabarda<br \/>\n<strong>Communication<\/strong> - M\u00e1rcia Concei\u00e7\u00e3o<br \/>\n<strong>Technical Coordination<\/strong> - Jo\u00e3o P. Nunes<br \/>\n<strong>Technical support<\/strong> - Sandro Caracol, Jos\u00e9 Rego and Herlandson Duarte<br \/>\n<strong>Front of House<\/strong> - Tiago Candeias<br \/>\n<strong>Design<\/strong> - Jennifer Monteiro and \u00c7a C'Jenn<br \/>\n<strong>Cook<\/strong> - Vitorica Mendes<br \/>\n<strong>Photographic record<\/strong> - Susana Chic\u00f3<br \/>\n<strong>Video recording<\/strong> - Jo\u00e3o Filipe<\/p>\n<\/div><div class=\"vc_custom_heading_wrap\"><div class=\"heading-text el-text\" ><h2 class=\"h2\" ><span>Partners<\/span><\/h2><hr class=\"separator-break separator-accent\" \/><\/div><div class=\"clear\"><\/div><\/div><div class=\"uncode_text_column\" ><p>Dire\u00e7\u00e3o Geral das Artes, Dire\u00e7\u00e3o Regional de Cultura do Alentejo, Munic\u00edpio de Elvas, Junta de Freguesia de Assun\u00e7\u00e3o, Ajuda, Salvador e Salto Ildefonso, Junta de Freguesia de S\u00e3o Br\u00e1s e S\u00e3o Louren\u00e7o, Junta de Freguesia de Terrugem e Vila Boim, O Espa\u00e7o do Tempo, Colec\u00e7\u00e3o B, Luzeiro, SIR - Sociedade de Instru\u00e7\u00e3o e Recreio, Banda 14 de Janeiro, Arkus - Associa\u00e7\u00e3o Juvenil, R\u00e1dio Elvas, Cool Guest House Hostel, Elvas The Queen and Nascimento &amp; Filhos<\/p>\n<\/div><div class=\"vc_custom_heading_wrap\"><div class=\"heading-text el-text\" ><h2 class=\"h2\" ><span>Thank you<\/span><\/h2><hr class=\"separator-break separator-accent\" \/><\/div><div class=\"clear\"><\/div><\/div><div class=\"uncode_text_column\" ><p>C\u00edntia Romba, Laura Painho, F\u00e1tima Painho, Ant\u00f3nio Lebre, Paula Lebre, Toni Vidigal, Domingos Borba<\/p>\n<\/div><\/div><\/div><\/div><\/div><\/div><div class=\"wpb_column pos-top pos-center align_left column_child col-lg-5 single-internal-gutter\"><div class=\"uncol style-light\" ><div class=\"uncoltable\"><div class=\"uncell no-block-padding\" ><div class=\"uncont\" ><\/div><\/div><\/div><\/div><\/div><\/div><\/div><\/div><div class=\"vc_custom_heading_wrap\"><div class=\"heading-text el-text\" ><h2 class=\"h2\" ><span>OR WHAT'S LEFT OF A FESTIVAL<\/span><\/h2><hr class=\"separator-break separator-accent\" \/><\/div><div class=\"clear\"><\/div><\/div><div class=\"uncode_text_column justiy-text\" ><p>Even if we want to celebrate, we need to do so with the honesty of someone telling a biased story. A Salto is dead, long live A Salto! We spent half a dozen years driven by the utopia of a better world, through and with contemporary arts: celebrating diversity and the fragility of love. We prettied up the interior, offering our hearts - it was the only way not to be alone. During these six years, we've welcomed more than 300 artists, with whom we've sat at the same table, under the baton of Vitorica. We've travelled the city and, as if each project were a tree, we've never tired of planting. We planted trees everywhere in the city and in the hearts of the people of El Salvador. From Cape Verde, the USA, Israel, Mexico, Poland, Japan, Spain, France, Brazil and Portugal. We planted so many trees, because trees provide shade, because they provide food, because they provide firewood. It matters little whether we are the ones who pick the fruit or admire the flowers. Life always survives us. The shock of seeing a life that we thought was young interrupted - we wanted to look after you more, O Elvas, O Elvas. But we only know how to work as a team - in an extended team that embraces the diversity of others to find a common rhythm. We are now at the crossroads of the city: \"What to do in the face of universal disorder?\" (we ask ourselves, listening to Vera Duarte's verse). Without daring to answer, we dance. Perhaps this one-day programme, smaller than A Salto but just as strong, also anchored in love and a deep desire to develop projects that counteract cultural gentrification and actually re-signify the territory and the artists, is another way of posing the question. Let's start there: draw a perfect circle and watch, like someone who talks open-mouthed, looking for reason in the midst of doubt: what can a Festival do? Only after the purge can we face the projects that continue with us and that we accompany throughout the residencies, all of them grappling with exposed intimacies that tear us apart from our bittersweet sadness. Above all, we thank Batata, Rita and Rosy for their courage in joining us to honour the end of A Salto. The city of Elvas will eventually have been taken over.<\/p>\n<\/div><div class=\"vc_custom_heading_wrap\"><div class=\"heading-text el-text\" ><h2 class=\"h2\" ><span>Programme<\/span><\/h2><hr class=\"separator-break separator-accent\" \/><\/div><div class=\"clear\"><\/div><\/div><div class=\"uncode_text_column justiy-text\" ><p><strong>M A T I N A\u00a0<\/strong><strong>\u00a0<\/strong><\/p>\n<p>10.30am - MAEE (Museum of Archaeology)<br \/>\nand Ethnography of Elvas)<br \/>\nLargo da Sra. da Oliveira 17<br \/>\nFROM GRANNY TO TRENDY<br \/>\nJorge Moita<\/p>\n<p>&nbsp;<\/p>\n<p><strong>P E R C U R S E<\/strong><\/p>\n<p>16.30 - Piedade Park<br \/>\nAv. da Piedade Road 17<br \/>\nWHAT A FESTIVAL CAN DO:<br \/>\nMUGGINGS, JUMPS, JOLTS<br \/>\nAND INCARCERATED MORTALS<br \/>\n19h00 - Sanctuary Square<br \/>\nof the Lord Jesus of Pity<br \/>\nAv. da Piedade Road 17<br \/>\nSTARTING<br \/>\nRita Carvalho (A\/B Scholarship)<br \/>\n21h30 - MACE (Elvas Museum of Contemporary Art) - terrace<br \/>\nRua da Cadeia<br \/>\nALMOST SEA<br \/>\nRosy Timas \/ Raiz di Polon<br \/>\n23.30 - CASA TANGENTE<br \/>\nRua de Martim Mendes 19<br \/>\nMY INSIDES ARE EXPOSED, AND,<br \/>\nSO THEY START TO GROW<br \/>\nHAIRS ON THE HEART; FOR<br \/>\nPROTECT FROM THE SUN<br \/>\nEduardo Batata and Pedro Costa<br \/>\n(Scholarship A\/B)<\/p>\n<\/div><\/div><\/div><\/div><\/div><\/div><script id=\"script-row-unique-1\" data-row=\"script-row-unique-1\" type=\"text\/javascript\" class=\"vc_controls\">UNCODE.initRow(document.getElementById(\"row-unique-1\"));<\/script><\/div><\/div><\/div>\n<\/div>","protected":false},"excerpt":{"rendered":"SOBRESSALTO 2220 August 2022SynopsisThis year's A SALTO - TOMADA ART\u00cdSTICA DA CIDADE DE ELVAS festival meets [...]","protected":false},"author":1,"featured_media":769,"parent":0,"menu_order":0,"comment_status":"closed","ping_status":"open","template":"","meta":{"footnotes":""},"portfolio_category":[5],"class_list":["post-768","portfolio","type-portfolio","status-publish","has-post-thumbnail","hentry","portfolio_category-programacao"],"yoast_head":"<!-- This site is optimized with the Yoast SEO plugin v25.6 - https:\/\/yoast.com\/wordpress\/plugins\/seo\/ -->\n<title>SOBRESSALTO 22 - Um Coletivo<\/title>\n<meta name=\"robots\" content=\"index, follow, max-snippet:-1, max-image-preview:large, max-video-preview:-1\" \/>\n<link rel=\"canonical\" href=\"https:\/\/umcoletivo.pt\/en\/projeto\/sobressalto-22\/\" \/>\n<meta property=\"og:locale\" content=\"en_GB\" \/>\n<meta property=\"og:type\" content=\"article\" \/>\n<meta property=\"og:title\" content=\"SOBRESSALTO 22 - Um Coletivo\" \/>\n<meta property=\"og:url\" content=\"https:\/\/umcoletivo.pt\/en\/projeto\/sobressalto-22\/\" \/>\n<meta property=\"og:site_name\" content=\"Um Coletivo\" \/>\n<meta property=\"article:publisher\" content=\"https:\/\/www.facebook.com\/umcoletivo\" \/>\n<meta property=\"article:modified_time\" content=\"2024-03-22T17:14:03+00:00\" \/>\n<meta property=\"og:image\" content=\"https:\/\/umcoletivo.pt\/wp-content\/uploads\/2024\/03\/sobressalto.png\" \/>\n\t<meta property=\"og:image:width\" content=\"954\" \/>\n\t<meta property=\"og:image:height\" content=\"422\" \/>\n\t<meta property=\"og:image:type\" content=\"image\/png\" \/>\n<meta name=\"twitter:card\" content=\"summary_large_image\" \/>\n<meta name=\"twitter:label1\" content=\"Estimated reading time\" \/>\n\t<meta name=\"twitter:data1\" content=\"6 minutes\" \/>\n<script type=\"application\/ld+json\" class=\"yoast-schema-graph\">{\"@context\":\"https:\/\/schema.org\",\"@graph\":[{\"@type\":\"WebPage\",\"@id\":\"https:\/\/umcoletivo.pt\/projeto\/sobressalto-22\/\",\"url\":\"https:\/\/umcoletivo.pt\/projeto\/sobressalto-22\/\",\"name\":\"SOBRESSALTO 22 - Um Coletivo\",\"isPartOf\":{\"@id\":\"https:\/\/umcoletivo.pt\/#website\"},\"primaryImageOfPage\":{\"@id\":\"https:\/\/umcoletivo.pt\/projeto\/sobressalto-22\/#primaryimage\"},\"image\":{\"@id\":\"https:\/\/umcoletivo.pt\/projeto\/sobressalto-22\/#primaryimage\"},\"thumbnailUrl\":\"https:\/\/umcoletivo.pt\/wp-content\/uploads\/2024\/03\/sobressalto.png\",\"datePublished\":\"2024-03-20T16:01:55+00:00\",\"dateModified\":\"2024-03-22T17:14:03+00:00\",\"breadcrumb\":{\"@id\":\"https:\/\/umcoletivo.pt\/projeto\/sobressalto-22\/#breadcrumb\"},\"inLanguage\":\"en-GB\",\"potentialAction\":[{\"@type\":\"ReadAction\",\"target\":[\"https:\/\/umcoletivo.pt\/projeto\/sobressalto-22\/\"]}]},{\"@type\":\"ImageObject\",\"inLanguage\":\"en-GB\",\"@id\":\"https:\/\/umcoletivo.pt\/projeto\/sobressalto-22\/#primaryimage\",\"url\":\"https:\/\/umcoletivo.pt\/wp-content\/uploads\/2024\/03\/sobressalto.png\",\"contentUrl\":\"https:\/\/umcoletivo.pt\/wp-content\/uploads\/2024\/03\/sobressalto.png\",\"width\":954,\"height\":422,\"caption\":\"sobressalto\"},{\"@type\":\"BreadcrumbList\",\"@id\":\"https:\/\/umcoletivo.pt\/projeto\/sobressalto-22\/#breadcrumb\",\"itemListElement\":[{\"@type\":\"ListItem\",\"position\":1,\"name\":\"In\u00edcio\",\"item\":\"https:\/\/umcoletivo.pt\/\"},{\"@type\":\"ListItem\",\"position\":2,\"name\":\"Projeto\",\"item\":\"https:\/\/umcoletivo.pt\/projeto\/\"},{\"@type\":\"ListItem\",\"position\":3,\"name\":\"SOBRESSALTO 22\"}]},{\"@type\":\"WebSite\",\"@id\":\"https:\/\/umcoletivo.pt\/#website\",\"url\":\"https:\/\/umcoletivo.pt\/\",\"name\":\"Um Coletivo\",\"description\":\"\",\"publisher\":{\"@id\":\"https:\/\/umcoletivo.pt\/#organization\"},\"potentialAction\":[{\"@type\":\"SearchAction\",\"target\":{\"@type\":\"EntryPoint\",\"urlTemplate\":\"https:\/\/umcoletivo.pt\/?s={search_term_string}\"},\"query-input\":{\"@type\":\"PropertyValueSpecification\",\"valueRequired\":true,\"valueName\":\"search_term_string\"}}],\"inLanguage\":\"en-GB\"},{\"@type\":\"Organization\",\"@id\":\"https:\/\/umcoletivo.pt\/#organization\",\"name\":\"Um Coletivo\",\"url\":\"https:\/\/umcoletivo.pt\/\",\"logo\":{\"@type\":\"ImageObject\",\"inLanguage\":\"en-GB\",\"@id\":\"https:\/\/umcoletivo.pt\/#\/schema\/logo\/image\/\",\"url\":\"https:\/\/umcoletivo.pt\/wp-content\/uploads\/2024\/03\/UMCOLETIVO.png\",\"contentUrl\":\"https:\/\/umcoletivo.pt\/wp-content\/uploads\/2024\/03\/UMCOLETIVO.png\",\"width\":1210,\"height\":383,\"caption\":\"Um Coletivo\"},\"image\":{\"@id\":\"https:\/\/umcoletivo.pt\/#\/schema\/logo\/image\/\"},\"sameAs\":[\"https:\/\/www.facebook.com\/umcoletivo\"]}]}<\/script>\n<!-- \/ Yoast SEO plugin. -->","yoast_head_json":{"title":"SOBRESSALTO 22 - Um Coletivo","robots":{"index":"index","follow":"follow","max-snippet":"max-snippet:-1","max-image-preview":"max-image-preview:large","max-video-preview":"max-video-preview:-1"},"canonical":"https:\/\/umcoletivo.pt\/en\/projeto\/sobressalto-22\/","og_locale":"en_GB","og_type":"article","og_title":"SOBRESSALTO 22 - Um Coletivo","og_url":"https:\/\/umcoletivo.pt\/en\/projeto\/sobressalto-22\/","og_site_name":"Um Coletivo","article_publisher":"https:\/\/www.facebook.com\/umcoletivo","article_modified_time":"2024-03-22T17:14:03+00:00","og_image":[{"width":954,"height":422,"url":"https:\/\/umcoletivo.pt\/wp-content\/uploads\/2024\/03\/sobressalto.png","type":"image\/png"}],"twitter_card":"summary_large_image","twitter_misc":{"Estimated reading time":"6 minutes"},"schema":{"@context":"https:\/\/schema.org","@graph":[{"@type":"WebPage","@id":"https:\/\/umcoletivo.pt\/projeto\/sobressalto-22\/","url":"https:\/\/umcoletivo.pt\/projeto\/sobressalto-22\/","name":"SOBRESSALTO 22 - Um Coletivo","isPartOf":{"@id":"https:\/\/umcoletivo.pt\/#website"},"primaryImageOfPage":{"@id":"https:\/\/umcoletivo.pt\/projeto\/sobressalto-22\/#primaryimage"},"image":{"@id":"https:\/\/umcoletivo.pt\/projeto\/sobressalto-22\/#primaryimage"},"thumbnailUrl":"https:\/\/umcoletivo.pt\/wp-content\/uploads\/2024\/03\/sobressalto.png","datePublished":"2024-03-20T16:01:55+00:00","dateModified":"2024-03-22T17:14:03+00:00","breadcrumb":{"@id":"https:\/\/umcoletivo.pt\/projeto\/sobressalto-22\/#breadcrumb"},"inLanguage":"en-GB","potentialAction":[{"@type":"ReadAction","target":["https:\/\/umcoletivo.pt\/projeto\/sobressalto-22\/"]}]},{"@type":"ImageObject","inLanguage":"en-GB","@id":"https:\/\/umcoletivo.pt\/projeto\/sobressalto-22\/#primaryimage","url":"https:\/\/umcoletivo.pt\/wp-content\/uploads\/2024\/03\/sobressalto.png","contentUrl":"https:\/\/umcoletivo.pt\/wp-content\/uploads\/2024\/03\/sobressalto.png","width":954,"height":422,"caption":"sobressalto"},{"@type":"BreadcrumbList","@id":"https:\/\/umcoletivo.pt\/projeto\/sobressalto-22\/#breadcrumb","itemListElement":[{"@type":"ListItem","position":1,"name":"In\u00edcio","item":"https:\/\/umcoletivo.pt\/"},{"@type":"ListItem","position":2,"name":"Projeto","item":"https:\/\/umcoletivo.pt\/projeto\/"},{"@type":"ListItem","position":3,"name":"SOBRESSALTO 22"}]},{"@type":"WebSite","@id":"https:\/\/umcoletivo.pt\/#website","url":"https:\/\/umcoletivo.pt\/","name":"A Collective","description":"","publisher":{"@id":"https:\/\/umcoletivo.pt\/#organization"},"potentialAction":[{"@type":"SearchAction","target":{"@type":"EntryPoint","urlTemplate":"https:\/\/umcoletivo.pt\/?s={search_term_string}"},"query-input":{"@type":"PropertyValueSpecification","valueRequired":true,"valueName":"search_term_string"}}],"inLanguage":"en-GB"},{"@type":"Organization","@id":"https:\/\/umcoletivo.pt\/#organization","name":"A Collective","url":"https:\/\/umcoletivo.pt\/","logo":{"@type":"ImageObject","inLanguage":"en-GB","@id":"https:\/\/umcoletivo.pt\/#\/schema\/logo\/image\/","url":"https:\/\/umcoletivo.pt\/wp-content\/uploads\/2024\/03\/UMCOLETIVO.png","contentUrl":"https:\/\/umcoletivo.pt\/wp-content\/uploads\/2024\/03\/UMCOLETIVO.png","width":1210,"height":383,"caption":"Um Coletivo"},"image":{"@id":"https:\/\/umcoletivo.pt\/#\/schema\/logo\/image\/"},"sameAs":["https:\/\/www.facebook.com\/umcoletivo"]}]}},"_links":{"self":[{"href":"https:\/\/umcoletivo.pt\/en\/wp-json\/wp\/v2\/portfolio\/768","targetHints":{"allow":["GET"]}}],"collection":[{"href":"https:\/\/umcoletivo.pt\/en\/wp-json\/wp\/v2\/portfolio"}],"about":[{"href":"https:\/\/umcoletivo.pt\/en\/wp-json\/wp\/v2\/types\/portfolio"}],"author":[{"embeddable":true,"href":"https:\/\/umcoletivo.pt\/en\/wp-json\/wp\/v2\/users\/1"}],"replies":[{"embeddable":true,"href":"https:\/\/umcoletivo.pt\/en\/wp-json\/wp\/v2\/comments?post=768"}],"version-history":[{"count":0,"href":"https:\/\/umcoletivo.pt\/en\/wp-json\/wp\/v2\/portfolio\/768\/revisions"}],"wp:featuredmedia":[{"embeddable":true,"href":"https:\/\/umcoletivo.pt\/en\/wp-json\/wp\/v2\/media\/769"}],"wp:attachment":[{"href":"https:\/\/umcoletivo.pt\/en\/wp-json\/wp\/v2\/media?parent=768"}],"wp:term":[{"taxonomy":"portfolio_category","embeddable":true,"href":"https:\/\/umcoletivo.pt\/en\/wp-json\/wp\/v2\/portfolio_category?post=768"}],"curies":[{"name":"wp","href":"https:\/\/api.w.org\/{rel}","templated":true}]}}