{"id":773,"date":"2024-03-20T16:28:43","date_gmt":"2024-03-20T16:28:43","guid":{"rendered":"https:\/\/umcoletivo.pt\/?post_type=portfolio&#038;p=773"},"modified":"2024-03-22T17:13:58","modified_gmt":"2024-03-22T17:13:58","slug":"festival-a-salto-2021","status":"publish","type":"portfolio","link":"https:\/\/umcoletivo.pt\/en\/projeto\/festival-a-salto-2021\/","title":{"rendered":"A Salto Festival 2021"},"content":{"rendered":"<div class=\"wpb-content-wrapper\"><div data-parent=\"true\" class=\"vc_row style-color-jevc-bg row-container\" id=\"row-unique-0\"><div class=\"row no-top-padding single-bottom-padding no-h-padding limit-width row-parent\" data-height-ratio=\"20\"><div class=\"wpb_row row-inner\"><div class=\"wpb_column pos-top pos-center align_left column_parent col-lg-12 single-internal-gutter\"><div class=\"uncol style-light\"  ><div class=\"uncoltable\"><div class=\"uncell no-block-padding\" ><div class=\"uncont\" ><div class=\"uncode-single-media  text-center\"><div class=\"single-wrapper\" style=\"max-width: 50%;\"><div class=\"tmb tmb-light  tmb-media-first tmb-media-last tmb-content-overlay tmb-no-bg\"><div class=\"t-inside\"><div class=\"t-entry-visual\"><div class=\"t-entry-visual-tc\"><div class=\"uncode-single-media-wrapper\"><img decoding=\"async\" class=\"wp-image-783\" src=\"https:\/\/umcoletivo.pt\/wp-content\/uploads\/2024\/03\/a-salto.png\" width=\"2308\" height=\"786\" alt=\"a salto\" srcset=\"https:\/\/umcoletivo.pt\/wp-content\/uploads\/2024\/03\/a-salto.png 2308w, https:\/\/umcoletivo.pt\/wp-content\/uploads\/2024\/03\/a-salto-300x102.png 300w, https:\/\/umcoletivo.pt\/wp-content\/uploads\/2024\/03\/a-salto-1024x349.png 1024w, https:\/\/umcoletivo.pt\/wp-content\/uploads\/2024\/03\/a-salto-768x262.png 768w, https:\/\/umcoletivo.pt\/wp-content\/uploads\/2024\/03\/a-salto-1536x523.png 1536w, https:\/\/umcoletivo.pt\/wp-content\/uploads\/2024\/03\/a-salto-2048x697.png 2048w, https:\/\/umcoletivo.pt\/wp-content\/uploads\/2024\/03\/a-salto-350x119.png 350w\" sizes=\"(max-width: 2308px) 100vw, 2308px\" \/><\/div>\n\t\t\t\t\t<\/div>\n\t\t\t\t<\/div><\/div><\/div><\/div><\/div><\/div><\/div><\/div><\/div><\/div><script id=\"script-row-unique-0\" data-row=\"script-row-unique-0\" type=\"text\/javascript\" class=\"vc_controls\">UNCODE.initRow(document.getElementById(\"row-unique-0\"));<\/script><\/div><\/div><\/div><div data-parent=\"true\" class=\"vc_row row-container\" id=\"row-unique-1\"><div class=\"row limit-width row-parent\"><div class=\"wpb_row row-inner\"><div class=\"wpb_column pos-top pos-center align_left column_parent col-lg-12 single-internal-gutter\"><div class=\"uncol style-light\"  ><div class=\"uncoltable\"><div class=\"uncell no-block-padding\" ><div class=\"uncont\" ><div class=\"vc_row row-internal row-container\"><div class=\"row row-child\"><div class=\"wpb_row row-inner\"><div class=\"wpb_column pos-top pos-center align_left column_child col-lg-7 single-internal-gutter\"><div class=\"uncol style-light\" ><div class=\"uncoltable\"><div class=\"uncell no-block-padding\" ><div class=\"uncont\" ><div class=\"vc_custom_heading_wrap\"><div class=\"heading-text el-text\" ><h1 class=\"h1\" ><span>A Salto Festival 2021<\/span><\/h1><\/div><div class=\"clear\"><\/div><\/div><div class=\"vc_custom_heading_wrap\"><div class=\"heading-text el-text\" ><h4 class=\"h4\" ><span>Artistic Takeover of the City of Elvas (27, 28 and 29 August 2021)<\/span><\/h4><\/div><div class=\"clear\"><\/div><\/div><div class=\"vc_custom_heading_wrap\"><div class=\"heading-text el-text\" ><h2 class=\"h2\" ><span>Synopsis<\/span><\/h2><hr class=\"separator-break separator-accent\" \/><\/div><div class=\"clear\"><\/div><\/div><div class=\"uncode_text_column justiy-text\" ><p><strong>A Salto - Artistic Takeover of the City of Elvas<\/strong> is a festival in which we celebrate contemporary art, cultural diversity and the heritage of the city of Elvas. It's a place of dreams, love, growth, encounter and risk. In a world that is divided, fractured, in which we are sold loneliness, in which we still look at others with the suspicion of those who ignore equality, to be A Salto is to dive in and cross these boundaries, through a set of thirteen artistic projects that propose we be together. On 27, 28 and 29 August, Elvas is the stage for an artistic revolution: languages, hands, dance moves from Argentina, \u00c9vora, Cape Verde, people, gestures, tastes that speak to us of Israel, Viseu, France, desires, causes, convictions that move us from Vila Boim to Lisbon, passing through Porto and listening to the world in the night stars. If A Salto could be a story, this year would start like this: there were almost thirty artists who were always working. In their tiredness, they travelled inland to the land of lullabies. When you sleep, some object inhabits your memory. Perhaps an aquarium. Perhaps a cockerel that represents the invisible. Mao-Mao, it's called. And there's a Snorer, who is all of us, growing on a low heat while we shop greedily. This chap has four spheres. Are we going to enjoy it until the world is a time capsule?<\/p>\n<\/div><div class=\"vc_custom_heading_wrap\"><div class=\"heading-text el-text\" ><h2 class=\"h2\" ><span>Technical sheet<\/span><\/h2><hr class=\"separator-break separator-accent\" \/><\/div><div class=\"clear\"><\/div><\/div><div class=\"uncode_text_column justiy-text\" ><p><strong>Curator and Production Manager<\/strong> - C\u00e1tia Terrinca and Jo\u00e3o P. Nunes<br \/>\n<strong>Executive Production<\/strong> - C\u00e1tia Terrinca<br \/>\n<strong>Production support<\/strong> - Cutte, Herlandson Duarte and Rui Salabarda<br \/>\n<strong>Communication<\/strong> - M\u00e1rcia Concei\u00e7\u00e3o<br \/>\n<strong>Technical Coordination<\/strong> - Jo\u00e3o P. Nunes<br \/>\n<strong>Technical support<\/strong> - Sandro Caracol, Jos\u00e9 Rego, Herlandson Duarte<br \/>\n<strong>Front of House<\/strong> - Tiago Candeias<br \/>\n<strong>Design<\/strong> - Jennifer Monteiro and \u00c7a C'Jenn<br \/>\n<strong>Cook<\/strong> - Vitorica Mendes<br \/>\n<strong>Photographic record<\/strong> - Susana Chic\u00f3<br \/>\n<strong>Video recording<\/strong> - Jo\u00e3o Filipe<\/p>\n<\/div><div class=\"vc_custom_heading_wrap\"><div class=\"heading-text el-text\" ><h2 class=\"h2\" ><span>Partners<\/span><\/h2><hr class=\"separator-break separator-accent\" \/><\/div><div class=\"clear\"><\/div><\/div><div class=\"uncode_text_column justiy-text\" ><p>Dire\u00e7\u00e3o Geral das Artes, Dire\u00e7\u00e3o Regional de Cultura do Alentejo, Munic\u00edpio de Elvas, Junta de Freguesia de Assun\u00e7\u00e3o, Ajuda, Salvador e Salto Ildefonso | Junta de Freguesia de S\u00e3o Br\u00e1s e S\u00e3o Louren\u00e7o, Junta de Freguesia de Terrugem e Vila Boim, O Espa\u00e7o do Tempo, Colec\u00e7\u00e3o B, Luzeiro, SIR - Sociedade de Instru\u00e7\u00e3o e Recreio, Banda 14 de Janeiro, Arkus - Associa\u00e7\u00e3o Juvenil, R\u00e1dio Elvas, Cool Guest House Hostel, Elvas The Queen, Nascimento &amp; Filhos<\/p>\n<\/div><div class=\"vc_custom_heading_wrap\"><div class=\"heading-text el-text\" ><h2 class=\"h2\" ><span>Thank you<\/span><\/h2><hr class=\"separator-break separator-accent\" \/><\/div><div class=\"clear\"><\/div><\/div><div class=\"uncode_text_column justiy-text\" ><p>C\u00edntia Romba, Laura Painho, F\u00e1tima Painho, Ant\u00f3nio Lebre, Paula Lebre, Toni Vidigal, Domingos Borba<\/p>\n<\/div><\/div><\/div><\/div><\/div><\/div><div class=\"wpb_column pos-top pos-center align_left column_child col-lg-5 single-internal-gutter\"><div class=\"uncol style-light\" ><div class=\"uncoltable\"><div class=\"uncell no-block-padding\" ><div class=\"uncont\" ><\/div><\/div><\/div><\/div><\/div><\/div><\/div><\/div><\/div><\/div><\/div><\/div><\/div><script id=\"script-row-unique-1\" data-row=\"script-row-unique-1\" type=\"text\/javascript\" class=\"vc_controls\">UNCODE.initRow(document.getElementById(\"row-unique-1\"));<\/script><\/div><\/div><\/div><div data-parent=\"true\" class=\"vc_row row-container\" id=\"row-unique-2\"><div class=\"row limit-width row-parent\"><div class=\"wpb_row row-inner\"><div class=\"wpb_column pos-top pos-center align_left column_parent col-lg-6 single-internal-gutter\"><div class=\"uncol style-light\"  ><div class=\"uncoltable\"><div class=\"uncell no-block-padding\" ><div class=\"uncont\" ><div class=\"vc_custom_heading_wrap\"><div class=\"heading-text el-text\" ><h2 class=\"h2\" ><span>CITY OCCUPATION MAP<\/span><\/h2><hr class=\"separator-break separator-accent\" \/><\/div><div class=\"clear\"><\/div><\/div><div class=\"uncode_text_column\" ><p><strong>1<\/strong> - Elvas Museum of Archaeology and Ethnography<br \/>\n<strong>2<\/strong> - Castle<br \/>\n<strong>3 <\/strong>- Carpentry - KIDDS_CELL<br \/>\n<strong>4<\/strong> - Casa das Barcas Market<br \/>\n<strong>5<\/strong> - Our Lady of the Conception<br \/>\n<strong>6<\/strong> - Courtyard of the Church of the Third Order<br \/>\n<strong>7<\/strong> - Cloister of the Church of St Domingos (entrance via the Elvas Military Museum)<br \/>\n<strong>8<\/strong> - Tangent House<br \/>\n<strong>9<\/strong> - Elvas Plum Museum Factory<br \/>\n<strong>10<\/strong> - Castle Keep<br \/>\n<strong>11<\/strong> - Castle Parade<\/p>\n<\/div><\/div><\/div><\/div><\/div><\/div><div class=\"wpb_column pos-top pos-center align_left column_parent col-lg-6 single-internal-gutter\"><div class=\"uncol style-light\"  ><div class=\"uncoltable\"><div class=\"uncell no-block-padding\" ><div class=\"uncont\" ><div class=\"uncode-single-media  text-left\"><div class=\"single-wrapper\" style=\"max-width: 100%;\"><div class=\"tmb tmb-light  tmb-media-first tmb-media-last tmb-content-overlay tmb-no-bg\"><div class=\"t-inside\"><div class=\"t-entry-visual\"><div class=\"t-entry-visual-tc\"><div class=\"uncode-single-media-wrapper\"><img decoding=\"async\" class=\"wp-image-774\" src=\"https:\/\/umcoletivo.pt\/wp-content\/uploads\/2024\/03\/Imagem3.png\" width=\"733\" height=\"569\" alt=\"\" srcset=\"https:\/\/umcoletivo.pt\/wp-content\/uploads\/2024\/03\/Imagem3.png 733w, https:\/\/umcoletivo.pt\/wp-content\/uploads\/2024\/03\/Imagem3-300x233.png 300w, https:\/\/umcoletivo.pt\/wp-content\/uploads\/2024\/03\/Imagem3-350x272.png 350w\" sizes=\"(max-width: 733px) 100vw, 733px\" \/><\/div>\n\t\t\t\t\t<\/div>\n\t\t\t\t<\/div><\/div><\/div><\/div><\/div><\/div><\/div><\/div><\/div><\/div><script id=\"script-row-unique-2\" data-row=\"script-row-unique-2\" type=\"text\/javascript\" class=\"vc_controls\">UNCODE.initRow(document.getElementById(\"row-unique-2\"));<\/script><\/div><\/div><\/div><div data-parent=\"true\" class=\"vc_row row-container\" id=\"row-unique-3\"><div class=\"row limit-width row-parent\"><div class=\"wpb_row row-inner\"><div class=\"wpb_column pos-top pos-center align_left column_parent col-lg-12 single-internal-gutter\"><div class=\"uncol style-light\"  ><div class=\"uncoltable\"><div class=\"uncell no-block-padding\" ><div class=\"uncont\" ><div class=\"vc_row row-internal row-container\"><div class=\"row row-child\"><div class=\"wpb_row row-inner\"><div class=\"wpb_column pos-top pos-center align_left column_child col-lg-12 single-internal-gutter\"><div class=\"uncol style-light\" ><div class=\"uncoltable\"><div class=\"uncell no-block-padding\" ><div class=\"uncont\" ><div class=\"vc_custom_heading_wrap\"><div class=\"heading-text el-text\" ><h2 class=\"h2\" ><span>Programme<\/span><\/h2><hr class=\"separator-break separator-accent\" \/><\/div><div class=\"clear\"><\/div><\/div><\/div><\/div><\/div><\/div><\/div><\/div><\/div><\/div><div class=\"vc_row row-internal row-container\"><div class=\"row row-child\"><div class=\"wpb_row row-inner\"><div class=\"wpb_column pos-top pos-center align_left column_child col-lg-4 single-internal-gutter\"><div class=\"uncol style-light\" ><div class=\"uncoltable\"><div class=\"uncell no-block-padding\" ><div class=\"uncont\" ><div class=\"uncode_text_column\" ><p><strong>Friday 27th August<\/strong><\/p>\n<p>6pm (Opening)<br \/>\n<strong>Representing the Invisible<\/strong><br \/>\nPhotography + Landscaping<br \/>\nUMCOLETIVO &amp; Vila Boim Primary School 1,2,3 (Elvas, Portugal)<br \/>\nElvas Museum of Archaeology and Ethnography<\/p>\n<p>19h30<br \/>\n<strong>TAKEN OUT<\/strong><br \/>\nDance + Performance<br \/>\nDarya Efrat (Israel)<br \/>\nSpontaneous performance taking place in a surprise spot in the historic centre<\/p>\n<p>22h<br \/>\n<strong>Snoring<\/strong><br \/>\nDance<br \/>\nRaiz di Polon (Praia, Cape Verde)<br \/>\nwith special participation by Daniela Bairua<br \/>\nCastle<\/p>\n<p>23h30<br \/>\n<strong>Time Capsule<\/strong><br \/>\nLiterature + Theatre<br \/>\nCollection B (\u00c9vora, Portugal)<br \/>\nKIDDS_CELL Carpentry<\/p>\n<\/div><\/div><\/div><\/div><\/div><\/div><div class=\"wpb_column pos-top pos-center align_left column_child col-lg-4 single-internal-gutter\"><div class=\"uncol style-light\" ><div class=\"uncoltable\"><div class=\"uncell no-block-padding\" ><div class=\"uncont\" ><div class=\"uncode_text_column\" ><p><strong>Saturday 28th August<\/strong><\/p>\n<p>11h30<br \/>\n<strong>Mao-Mao<\/strong><br \/>\nSpoken word + Music<br \/>\nVal\u00e9rio Rom\u00e3o and Jos\u00e9 Anjos (Lisbon, Portugal)<br \/>\nCasa das Barcas Market<\/p>\n<p>18h<br \/>\n<strong>Sphere 4<\/strong><br \/>\nInstallation<br \/>\nBruno Caracol, Marie Fages and Pavel Tavares<br \/>\nwith special participation by Arkus<br \/>\n(Portugal, France and Brazil)<br \/>\nN\u00aa Sra da Concei\u00e7\u00e3o's Paiol<br \/>\n(project can be visited throughout the festival<br \/>\nfrom 11 a.m. to 1 p.m. and from 4 p.m. to 7.30 p.m.)<\/p>\n<p>19h30<br \/>\n<strong>Warm Sea<\/strong><br \/>\nAnimated Forms + Music<br \/>\nDanilo Galv\u00e3o (Brazil)<br \/>\nwith special participation by Jo\u00e3o Carvalho<br \/>\nCourtyard of the Church of the Third Order<\/p>\n<p>22h<br \/>\n<strong>The Land of Lullabies<\/strong><br \/>\nTheatre + Music<br \/>\nAriadne (Viana do Castelo, Portugal)<br \/>\nCloister of St Dominic's Church<br \/>\n(entrance through the Military Museum)<\/p>\n<p>23h30<br \/>\n<strong>An Artist is Always Working<\/strong><br \/>\nPerformance<br \/>\nPedro Barreiro (Santar\u00e9m, Portugal)<br \/>\nTangent House<\/p>\n<\/div><\/div><\/div><\/div><\/div><\/div><div class=\"wpb_column pos-top pos-center align_left column_child col-lg-4 single-internal-gutter\"><div class=\"uncol style-light\" ><div class=\"uncoltable\"><div class=\"uncell no-block-padding\" ><div class=\"uncont\" ><div class=\"uncode_text_column\" ><p><strong>Sunday 29th August<\/strong><\/p>\n<p>10.30 a.m. I 4.30 p.m. I 6 p.m.<br \/>\nIn Lume Brando*<br \/>\nTheatre + Gastronomy<br \/>\nJoana Martins (Viseu, Portugal)<br \/>\nElvas Plum Factory Museum<br \/>\n*Winning project of the A\/B Creation Grant, in partnership with Colec\u00e7\u00e3o B<\/p>\n<p>16h30<br \/>\n<strong>Aquarium<\/strong><br \/>\nInstallation + Electronics<br \/>\nDiogo Ribeiro (Elvas, Portugal)<br \/>\nElvas Castle Keep<br \/>\n(project can be visited from 27th August during the castle's normal opening hours)<\/p>\n<p>19h30<br \/>\n<strong>Fund<\/strong><br \/>\nDance<br \/>\nJanice Landritsky (Argentina)<br \/>\nCastle Viewpoint<br \/>\n*Winning project of the A\/B Creation Grant, in partnership with Colec\u00e7\u00e3o B<\/p>\n<p>22h<br \/>\n<strong>O<\/strong> <strong>Chicken<\/strong><br \/>\nUrban Art + Comics<br \/>\nAmargooo (Porto, Portugal)<br \/>\nMeeting point at Casa Tangente<\/p>\n<\/div><\/div><\/div><\/div><\/div><\/div><\/div><\/div><\/div><\/div><\/div><\/div><\/div><\/div><script id=\"script-row-unique-3\" data-row=\"script-row-unique-3\" type=\"text\/javascript\" class=\"vc_controls\">UNCODE.initRow(document.getElementById(\"row-unique-3\"));<\/script><\/div><\/div><\/div>\n<\/div>","protected":false},"excerpt":{"rendered":"A Salto Festival 2021Tomada Art\u00edstica da Cidade de Elvas (27, 28 and 29 August 2021)SynopsisA Salto - Tomada [...]","protected":false},"author":1,"featured_media":783,"parent":0,"menu_order":0,"comment_status":"closed","ping_status":"open","template":"","meta":{"footnotes":""},"portfolio_category":[5],"class_list":["post-773","portfolio","type-portfolio","status-publish","has-post-thumbnail","hentry","portfolio_category-programacao"],"yoast_head":"<!-- This site is optimized with the Yoast SEO plugin v25.6 - https:\/\/yoast.com\/wordpress\/plugins\/seo\/ -->\n<title>Festival A Salto 2021 - Um Coletivo<\/title>\n<meta name=\"robots\" content=\"index, follow, max-snippet:-1, max-image-preview:large, max-video-preview:-1\" \/>\n<link rel=\"canonical\" href=\"https:\/\/umcoletivo.pt\/en\/projeto\/festival-a-salto-2021\/\" \/>\n<meta property=\"og:locale\" content=\"en_GB\" \/>\n<meta property=\"og:type\" content=\"article\" \/>\n<meta property=\"og:title\" content=\"Festival A Salto 2021 - Um Coletivo\" \/>\n<meta property=\"og:url\" content=\"https:\/\/umcoletivo.pt\/en\/projeto\/festival-a-salto-2021\/\" \/>\n<meta property=\"og:site_name\" content=\"Um Coletivo\" \/>\n<meta property=\"article:publisher\" content=\"https:\/\/www.facebook.com\/umcoletivo\" \/>\n<meta property=\"article:modified_time\" content=\"2024-03-22T17:13:58+00:00\" \/>\n<meta property=\"og:image\" content=\"https:\/\/umcoletivo.pt\/wp-content\/uploads\/2024\/03\/a-salto.png\" \/>\n\t<meta property=\"og:image:width\" content=\"2308\" \/>\n\t<meta property=\"og:image:height\" content=\"786\" \/>\n\t<meta property=\"og:image:type\" content=\"image\/png\" \/>\n<meta name=\"twitter:card\" content=\"summary_large_image\" \/>\n<meta name=\"twitter:label1\" content=\"Estimated reading time\" \/>\n\t<meta name=\"twitter:data1\" content=\"6 minutes\" \/>\n<script type=\"application\/ld+json\" class=\"yoast-schema-graph\">{\"@context\":\"https:\/\/schema.org\",\"@graph\":[{\"@type\":\"WebPage\",\"@id\":\"https:\/\/umcoletivo.pt\/projeto\/festival-a-salto-2021\/\",\"url\":\"https:\/\/umcoletivo.pt\/projeto\/festival-a-salto-2021\/\",\"name\":\"Festival A Salto 2021 - Um Coletivo\",\"isPartOf\":{\"@id\":\"https:\/\/umcoletivo.pt\/#website\"},\"primaryImageOfPage\":{\"@id\":\"https:\/\/umcoletivo.pt\/projeto\/festival-a-salto-2021\/#primaryimage\"},\"image\":{\"@id\":\"https:\/\/umcoletivo.pt\/projeto\/festival-a-salto-2021\/#primaryimage\"},\"thumbnailUrl\":\"https:\/\/umcoletivo.pt\/wp-content\/uploads\/2024\/03\/a-salto.png\",\"datePublished\":\"2024-03-20T16:28:43+00:00\",\"dateModified\":\"2024-03-22T17:13:58+00:00\",\"breadcrumb\":{\"@id\":\"https:\/\/umcoletivo.pt\/projeto\/festival-a-salto-2021\/#breadcrumb\"},\"inLanguage\":\"en-GB\",\"potentialAction\":[{\"@type\":\"ReadAction\",\"target\":[\"https:\/\/umcoletivo.pt\/projeto\/festival-a-salto-2021\/\"]}]},{\"@type\":\"ImageObject\",\"inLanguage\":\"en-GB\",\"@id\":\"https:\/\/umcoletivo.pt\/projeto\/festival-a-salto-2021\/#primaryimage\",\"url\":\"https:\/\/umcoletivo.pt\/wp-content\/uploads\/2024\/03\/a-salto.png\",\"contentUrl\":\"https:\/\/umcoletivo.pt\/wp-content\/uploads\/2024\/03\/a-salto.png\",\"width\":2308,\"height\":786,\"caption\":\"a salto\"},{\"@type\":\"BreadcrumbList\",\"@id\":\"https:\/\/umcoletivo.pt\/projeto\/festival-a-salto-2021\/#breadcrumb\",\"itemListElement\":[{\"@type\":\"ListItem\",\"position\":1,\"name\":\"In\u00edcio\",\"item\":\"https:\/\/umcoletivo.pt\/\"},{\"@type\":\"ListItem\",\"position\":2,\"name\":\"Projeto\",\"item\":\"https:\/\/umcoletivo.pt\/projeto\/\"},{\"@type\":\"ListItem\",\"position\":3,\"name\":\"Festival A Salto 2021\"}]},{\"@type\":\"WebSite\",\"@id\":\"https:\/\/umcoletivo.pt\/#website\",\"url\":\"https:\/\/umcoletivo.pt\/\",\"name\":\"Um Coletivo\",\"description\":\"\",\"publisher\":{\"@id\":\"https:\/\/umcoletivo.pt\/#organization\"},\"potentialAction\":[{\"@type\":\"SearchAction\",\"target\":{\"@type\":\"EntryPoint\",\"urlTemplate\":\"https:\/\/umcoletivo.pt\/?s={search_term_string}\"},\"query-input\":{\"@type\":\"PropertyValueSpecification\",\"valueRequired\":true,\"valueName\":\"search_term_string\"}}],\"inLanguage\":\"en-GB\"},{\"@type\":\"Organization\",\"@id\":\"https:\/\/umcoletivo.pt\/#organization\",\"name\":\"Um Coletivo\",\"url\":\"https:\/\/umcoletivo.pt\/\",\"logo\":{\"@type\":\"ImageObject\",\"inLanguage\":\"en-GB\",\"@id\":\"https:\/\/umcoletivo.pt\/#\/schema\/logo\/image\/\",\"url\":\"https:\/\/umcoletivo.pt\/wp-content\/uploads\/2024\/03\/UMCOLETIVO.png\",\"contentUrl\":\"https:\/\/umcoletivo.pt\/wp-content\/uploads\/2024\/03\/UMCOLETIVO.png\",\"width\":1210,\"height\":383,\"caption\":\"Um Coletivo\"},\"image\":{\"@id\":\"https:\/\/umcoletivo.pt\/#\/schema\/logo\/image\/\"},\"sameAs\":[\"https:\/\/www.facebook.com\/umcoletivo\"]}]}<\/script>\n<!-- \/ Yoast SEO plugin. -->","yoast_head_json":{"title":"Festival A Salto 2021 - Um Coletivo","robots":{"index":"index","follow":"follow","max-snippet":"max-snippet:-1","max-image-preview":"max-image-preview:large","max-video-preview":"max-video-preview:-1"},"canonical":"https:\/\/umcoletivo.pt\/en\/projeto\/festival-a-salto-2021\/","og_locale":"en_GB","og_type":"article","og_title":"Festival A Salto 2021 - Um Coletivo","og_url":"https:\/\/umcoletivo.pt\/en\/projeto\/festival-a-salto-2021\/","og_site_name":"Um Coletivo","article_publisher":"https:\/\/www.facebook.com\/umcoletivo","article_modified_time":"2024-03-22T17:13:58+00:00","og_image":[{"width":2308,"height":786,"url":"https:\/\/umcoletivo.pt\/wp-content\/uploads\/2024\/03\/a-salto.png","type":"image\/png"}],"twitter_card":"summary_large_image","twitter_misc":{"Estimated reading time":"6 minutes"},"schema":{"@context":"https:\/\/schema.org","@graph":[{"@type":"WebPage","@id":"https:\/\/umcoletivo.pt\/projeto\/festival-a-salto-2021\/","url":"https:\/\/umcoletivo.pt\/projeto\/festival-a-salto-2021\/","name":"Festival A Salto 2021 - Um Coletivo","isPartOf":{"@id":"https:\/\/umcoletivo.pt\/#website"},"primaryImageOfPage":{"@id":"https:\/\/umcoletivo.pt\/projeto\/festival-a-salto-2021\/#primaryimage"},"image":{"@id":"https:\/\/umcoletivo.pt\/projeto\/festival-a-salto-2021\/#primaryimage"},"thumbnailUrl":"https:\/\/umcoletivo.pt\/wp-content\/uploads\/2024\/03\/a-salto.png","datePublished":"2024-03-20T16:28:43+00:00","dateModified":"2024-03-22T17:13:58+00:00","breadcrumb":{"@id":"https:\/\/umcoletivo.pt\/projeto\/festival-a-salto-2021\/#breadcrumb"},"inLanguage":"en-GB","potentialAction":[{"@type":"ReadAction","target":["https:\/\/umcoletivo.pt\/projeto\/festival-a-salto-2021\/"]}]},{"@type":"ImageObject","inLanguage":"en-GB","@id":"https:\/\/umcoletivo.pt\/projeto\/festival-a-salto-2021\/#primaryimage","url":"https:\/\/umcoletivo.pt\/wp-content\/uploads\/2024\/03\/a-salto.png","contentUrl":"https:\/\/umcoletivo.pt\/wp-content\/uploads\/2024\/03\/a-salto.png","width":2308,"height":786,"caption":"a salto"},{"@type":"BreadcrumbList","@id":"https:\/\/umcoletivo.pt\/projeto\/festival-a-salto-2021\/#breadcrumb","itemListElement":[{"@type":"ListItem","position":1,"name":"In\u00edcio","item":"https:\/\/umcoletivo.pt\/"},{"@type":"ListItem","position":2,"name":"Projeto","item":"https:\/\/umcoletivo.pt\/projeto\/"},{"@type":"ListItem","position":3,"name":"Festival A Salto 2021"}]},{"@type":"WebSite","@id":"https:\/\/umcoletivo.pt\/#website","url":"https:\/\/umcoletivo.pt\/","name":"A Collective","description":"","publisher":{"@id":"https:\/\/umcoletivo.pt\/#organization"},"potentialAction":[{"@type":"SearchAction","target":{"@type":"EntryPoint","urlTemplate":"https:\/\/umcoletivo.pt\/?s={search_term_string}"},"query-input":{"@type":"PropertyValueSpecification","valueRequired":true,"valueName":"search_term_string"}}],"inLanguage":"en-GB"},{"@type":"Organization","@id":"https:\/\/umcoletivo.pt\/#organization","name":"A Collective","url":"https:\/\/umcoletivo.pt\/","logo":{"@type":"ImageObject","inLanguage":"en-GB","@id":"https:\/\/umcoletivo.pt\/#\/schema\/logo\/image\/","url":"https:\/\/umcoletivo.pt\/wp-content\/uploads\/2024\/03\/UMCOLETIVO.png","contentUrl":"https:\/\/umcoletivo.pt\/wp-content\/uploads\/2024\/03\/UMCOLETIVO.png","width":1210,"height":383,"caption":"Um Coletivo"},"image":{"@id":"https:\/\/umcoletivo.pt\/#\/schema\/logo\/image\/"},"sameAs":["https:\/\/www.facebook.com\/umcoletivo"]}]}},"_links":{"self":[{"href":"https:\/\/umcoletivo.pt\/en\/wp-json\/wp\/v2\/portfolio\/773","targetHints":{"allow":["GET"]}}],"collection":[{"href":"https:\/\/umcoletivo.pt\/en\/wp-json\/wp\/v2\/portfolio"}],"about":[{"href":"https:\/\/umcoletivo.pt\/en\/wp-json\/wp\/v2\/types\/portfolio"}],"author":[{"embeddable":true,"href":"https:\/\/umcoletivo.pt\/en\/wp-json\/wp\/v2\/users\/1"}],"replies":[{"embeddable":true,"href":"https:\/\/umcoletivo.pt\/en\/wp-json\/wp\/v2\/comments?post=773"}],"version-history":[{"count":0,"href":"https:\/\/umcoletivo.pt\/en\/wp-json\/wp\/v2\/portfolio\/773\/revisions"}],"wp:featuredmedia":[{"embeddable":true,"href":"https:\/\/umcoletivo.pt\/en\/wp-json\/wp\/v2\/media\/783"}],"wp:attachment":[{"href":"https:\/\/umcoletivo.pt\/en\/wp-json\/wp\/v2\/media?parent=773"}],"wp:term":[{"taxonomy":"portfolio_category","embeddable":true,"href":"https:\/\/umcoletivo.pt\/en\/wp-json\/wp\/v2\/portfolio_category?post=773"}],"curies":[{"name":"wp","href":"https:\/\/api.w.org\/{rel}","templated":true}]}}