{"id":40,"date":"2024-03-10T11:02:24","date_gmt":"2024-03-10T11:02:24","guid":{"rendered":"https:\/\/umcoletivo.pt\/?page_id=40"},"modified":"2026-02-11T15:44:08","modified_gmt":"2026-02-11T15:44:08","slug":"home","status":"publish","type":"page","link":"https:\/\/umcoletivo.pt\/es\/","title":{"rendered":"Inicio"},"content":{"rendered":"<div class=\"wpb-content-wrapper\"><div data-parent=\"true\" class=\"vc_row row-container\" id=\"row-unique-0\"><div class=\"row no-top-padding no-bottom-padding no-h-padding full-width row-parent\" data-height-ratio=\"45\"><div class=\"wpb_row row-inner\"><div class=\"wpb_column pos-top pos-center align_left column_parent col-lg-12 single-internal-gutter\"><div class=\"uncol style-light\"  ><div class=\"uncoltable\"><div class=\"uncell no-block-padding\" ><div class=\"uncont\" ><div class=\"un-media-gallery owl-carousel-wrapper\">\n\t\t\n\t\n\t<div class=\"owl-carousel-container owl-carousel-loading no-gutter\" >\n\t\t\t\t\t\t\t\t\t<div id=\"gallery-103731\" class=\"owl-carousel owl-element owl-valign-bottom owl-height-auto\" data-loop=\"true\" data-nav=\"true\" data-navmobile=\"false\" data-navskin=\"dark\" data-navspeed=\"700\" data-autoplay=\"true\" data-timeout=\"3000\" data-autoheight=\"true\" data-stagepadding=\"0\" data-lg=\"1\" data-md=\"1\" data-sm=\"1\">\n<div class=\"tmb tmb-carousel tmb-no-double-tap tmb-iso-h4 tmb-light tmb-overlay-text-anim tmb-overlay-middle tmb-overlay-text-left tmb-bordered tmb-id-1280  tmb-media-first tmb-media-last tmb-content-overlay tmb-no-bg\" ><div class=\"t-inside no-anim\" ><div class=\"t-entry-visual\"><div class=\"t-entry-visual-tc\"><div class=\"t-entry-visual-cont\"><div class=\"dummy\" style=\"padding-top: 56.2%;\"><\/div><a  class=\"inactive-link pushed\" data-lb-index=\"0\"><div class=\"t-entry-visual-overlay\"><div class=\"t-entry-visual-overlay-in style-dark-bg\" style=\"opacity: 0.5;\"><\/div><\/div><img decoding=\"async\" class=\"wp-image-1280\" src=\"https:\/\/umcoletivo.pt\/wp-content\/uploads\/2025\/05\/jUNHO_2025_blog_bg.jpg\" width=\"1920\" height=\"1079\" alt=\"\" srcset=\"https:\/\/umcoletivo.pt\/wp-content\/uploads\/2025\/05\/jUNHO_2025_blog_bg.jpg 1920w, https:\/\/umcoletivo.pt\/wp-content\/uploads\/2025\/05\/jUNHO_2025_blog_bg-300x169.jpg 300w, https:\/\/umcoletivo.pt\/wp-content\/uploads\/2025\/05\/jUNHO_2025_blog_bg-1024x575.jpg 1024w, https:\/\/umcoletivo.pt\/wp-content\/uploads\/2025\/05\/jUNHO_2025_blog_bg-768x432.jpg 768w, https:\/\/umcoletivo.pt\/wp-content\/uploads\/2025\/05\/jUNHO_2025_blog_bg-1536x863.jpg 1536w, https:\/\/umcoletivo.pt\/wp-content\/uploads\/2025\/05\/jUNHO_2025_blog_bg-18x10.jpg 18w, https:\/\/umcoletivo.pt\/wp-content\/uploads\/2025\/05\/jUNHO_2025_blog_bg-350x197.jpg 350w\" sizes=\"(max-width: 1920px) 100vw, 1920px\" \/><\/a><\/div>\n\t\t\t\t\t<\/div>\n\t\t\t\t<\/div><\/div><\/div><div class=\"tmb tmb-carousel tmb-no-double-tap tmb-iso-h4 tmb-light tmb-overlay-text-anim tmb-overlay-middle tmb-overlay-text-left tmb-bordered tmb-id-1274  tmb-media-first tmb-media-last tmb-content-overlay tmb-no-bg\" ><div class=\"t-inside no-anim\" ><div class=\"t-entry-visual\"><div class=\"t-entry-visual-tc\"><div class=\"t-entry-visual-cont\"><div class=\"dummy\" style=\"padding-top: 56.3%;\"><\/div><a  class=\"inactive-link pushed\" data-lb-index=\"1\"><div class=\"t-entry-visual-overlay\"><div class=\"t-entry-visual-overlay-in style-dark-bg\" style=\"opacity: 0.5;\"><\/div><\/div><img decoding=\"async\" class=\"wp-image-1274\" src=\"https:\/\/umcoletivo.pt\/wp-content\/uploads\/2025\/05\/\u00a9JoaoVersosRoldao_2025_UMCOLETIVO_OlhaABruxaNicolau_Processo_20mar_Portalegre__16x9.jpg\" width=\"1920\" height=\"1080\" alt=\"\" srcset=\"https:\/\/umcoletivo.pt\/wp-content\/uploads\/2025\/05\/\u00a9JoaoVersosRoldao_2025_UMCOLETIVO_OlhaABruxaNicolau_Processo_20mar_Portalegre__16x9.jpg 1920w, https:\/\/umcoletivo.pt\/wp-content\/uploads\/2025\/05\/\u00a9JoaoVersosRoldao_2025_UMCOLETIVO_OlhaABruxaNicolau_Processo_20mar_Portalegre__16x9-300x169.jpg 300w, https:\/\/umcoletivo.pt\/wp-content\/uploads\/2025\/05\/\u00a9JoaoVersosRoldao_2025_UMCOLETIVO_OlhaABruxaNicolau_Processo_20mar_Portalegre__16x9-1024x576.jpg 1024w, https:\/\/umcoletivo.pt\/wp-content\/uploads\/2025\/05\/\u00a9JoaoVersosRoldao_2025_UMCOLETIVO_OlhaABruxaNicolau_Processo_20mar_Portalegre__16x9-768x432.jpg 768w, https:\/\/umcoletivo.pt\/wp-content\/uploads\/2025\/05\/\u00a9JoaoVersosRoldao_2025_UMCOLETIVO_OlhaABruxaNicolau_Processo_20mar_Portalegre__16x9-1536x864.jpg 1536w, https:\/\/umcoletivo.pt\/wp-content\/uploads\/2025\/05\/\u00a9JoaoVersosRoldao_2025_UMCOLETIVO_OlhaABruxaNicolau_Processo_20mar_Portalegre__16x9-18x10.jpg 18w, https:\/\/umcoletivo.pt\/wp-content\/uploads\/2025\/05\/\u00a9JoaoVersosRoldao_2025_UMCOLETIVO_OlhaABruxaNicolau_Processo_20mar_Portalegre__16x9-350x197.jpg 350w\" sizes=\"(max-width: 1920px) 100vw, 1920px\" \/><\/a><\/div>\n\t\t\t\t\t<\/div>\n\t\t\t\t<\/div><\/div><\/div><div class=\"tmb tmb-carousel tmb-no-double-tap tmb-iso-h4 tmb-light tmb-overlay-text-anim tmb-overlay-middle tmb-overlay-text-left tmb-bordered tmb-id-1191  tmb-media-first tmb-media-last tmb-content-overlay tmb-no-bg\" ><div class=\"t-inside no-anim\" ><div class=\"t-entry-visual\"><div class=\"t-entry-visual-tc\"><div class=\"t-entry-visual-cont\"><div class=\"dummy\" style=\"padding-top: 56.3%;\"><\/div><a  class=\"inactive-link pushed\" data-lb-index=\"2\"><div class=\"t-entry-visual-overlay\"><div class=\"t-entry-visual-overlay-in style-dark-bg\" style=\"opacity: 0.5;\"><\/div><\/div><img decoding=\"async\" class=\"wp-image-1191\" src=\"https:\/\/umcoletivo.pt\/wp-content\/uploads\/2025\/02\/87A1563\u00a9ALIPIOPADILHA.jpg\" width=\"1920\" height=\"1080\" alt=\"\" srcset=\"https:\/\/umcoletivo.pt\/wp-content\/uploads\/2025\/02\/87A1563\u00a9ALIPIOPADILHA.jpg 1920w, https:\/\/umcoletivo.pt\/wp-content\/uploads\/2025\/02\/87A1563\u00a9ALIPIOPADILHA-300x169.jpg 300w, https:\/\/umcoletivo.pt\/wp-content\/uploads\/2025\/02\/87A1563\u00a9ALIPIOPADILHA-1024x576.jpg 1024w, https:\/\/umcoletivo.pt\/wp-content\/uploads\/2025\/02\/87A1563\u00a9ALIPIOPADILHA-768x432.jpg 768w, https:\/\/umcoletivo.pt\/wp-content\/uploads\/2025\/02\/87A1563\u00a9ALIPIOPADILHA-1536x864.jpg 1536w, https:\/\/umcoletivo.pt\/wp-content\/uploads\/2025\/02\/87A1563\u00a9ALIPIOPADILHA-18x10.jpg 18w, https:\/\/umcoletivo.pt\/wp-content\/uploads\/2025\/02\/87A1563\u00a9ALIPIOPADILHA-350x197.jpg 350w\" sizes=\"(max-width: 1920px) 100vw, 1920px\" \/><\/a><\/div>\n\t\t\t\t\t<\/div>\n\t\t\t\t<\/div><\/div><\/div><div class=\"tmb tmb-carousel tmb-no-double-tap tmb-iso-h4 tmb-light tmb-overlay-text-anim tmb-overlay-middle tmb-overlay-text-left tmb-bordered tmb-id-1203  tmb-media-first tmb-media-last tmb-content-overlay tmb-no-bg\" ><div class=\"t-inside no-anim\" ><div class=\"t-entry-visual\"><div class=\"t-entry-visual-tc\"><div class=\"t-entry-visual-cont\"><div class=\"dummy\" style=\"padding-top: 56.3%;\"><\/div><a  class=\"inactive-link pushed\" data-lb-index=\"3\"><div class=\"t-entry-visual-overlay\"><div class=\"t-entry-visual-overlay-in style-dark-bg\" style=\"opacity: 0.5;\"><\/div><\/div><img decoding=\"async\" class=\"wp-image-1203\" src=\"https:\/\/umcoletivo.pt\/wp-content\/uploads\/2025\/02\/Lungo-drom-foto-6.jpeg\" width=\"1920\" height=\"1080\" alt=\"\" srcset=\"https:\/\/umcoletivo.pt\/wp-content\/uploads\/2025\/02\/Lungo-drom-foto-6.jpeg 1920w, https:\/\/umcoletivo.pt\/wp-content\/uploads\/2025\/02\/Lungo-drom-foto-6-300x169.jpeg 300w, https:\/\/umcoletivo.pt\/wp-content\/uploads\/2025\/02\/Lungo-drom-foto-6-1024x576.jpeg 1024w, https:\/\/umcoletivo.pt\/wp-content\/uploads\/2025\/02\/Lungo-drom-foto-6-768x432.jpeg 768w, https:\/\/umcoletivo.pt\/wp-content\/uploads\/2025\/02\/Lungo-drom-foto-6-1536x864.jpeg 1536w, https:\/\/umcoletivo.pt\/wp-content\/uploads\/2025\/02\/Lungo-drom-foto-6-18x10.jpeg 18w, https:\/\/umcoletivo.pt\/wp-content\/uploads\/2025\/02\/Lungo-drom-foto-6-350x197.jpeg 350w\" sizes=\"(max-width: 1920px) 100vw, 1920px\" \/><\/a><\/div>\n\t\t\t\t\t<\/div>\n\t\t\t\t<\/div><\/div><\/div><div class=\"tmb tmb-carousel tmb-no-double-tap tmb-iso-h4 tmb-light tmb-overlay-text-anim tmb-overlay-middle tmb-overlay-text-left tmb-bordered tmb-id-1192  tmb-media-first tmb-media-last tmb-content-overlay tmb-no-bg\" ><div class=\"t-inside no-anim\" ><div class=\"t-entry-visual\"><div class=\"t-entry-visual-tc\"><div class=\"t-entry-visual-cont\"><div class=\"dummy\" style=\"padding-top: 56.3%;\"><\/div><a  class=\"inactive-link pushed\" data-lb-index=\"4\"><div class=\"t-entry-visual-overlay\"><div class=\"t-entry-visual-overlay-in style-dark-bg\" style=\"opacity: 0.5;\"><\/div><\/div><img decoding=\"async\" class=\"wp-image-1192\" src=\"https:\/\/umcoletivo.pt\/wp-content\/uploads\/2025\/02\/87A1666\u00a9ALIPIOPADILHA.jpg\" width=\"1920\" height=\"1080\" alt=\"\" srcset=\"https:\/\/umcoletivo.pt\/wp-content\/uploads\/2025\/02\/87A1666\u00a9ALIPIOPADILHA.jpg 1920w, https:\/\/umcoletivo.pt\/wp-content\/uploads\/2025\/02\/87A1666\u00a9ALIPIOPADILHA-300x169.jpg 300w, https:\/\/umcoletivo.pt\/wp-content\/uploads\/2025\/02\/87A1666\u00a9ALIPIOPADILHA-1024x576.jpg 1024w, https:\/\/umcoletivo.pt\/wp-content\/uploads\/2025\/02\/87A1666\u00a9ALIPIOPADILHA-768x432.jpg 768w, https:\/\/umcoletivo.pt\/wp-content\/uploads\/2025\/02\/87A1666\u00a9ALIPIOPADILHA-1536x864.jpg 1536w, https:\/\/umcoletivo.pt\/wp-content\/uploads\/2025\/02\/87A1666\u00a9ALIPIOPADILHA-18x10.jpg 18w, https:\/\/umcoletivo.pt\/wp-content\/uploads\/2025\/02\/87A1666\u00a9ALIPIOPADILHA-350x197.jpg 350w\" sizes=\"(max-width: 1920px) 100vw, 1920px\" \/><\/a><\/div>\n\t\t\t\t\t<\/div>\n\t\t\t\t<\/div><\/div><\/div><div class=\"tmb tmb-carousel tmb-no-double-tap tmb-iso-h4 tmb-light tmb-overlay-text-anim tmb-overlay-middle tmb-overlay-text-left tmb-bordered tmb-id-1193  tmb-media-first tmb-media-last tmb-content-overlay tmb-no-bg\" ><div class=\"t-inside no-anim\" ><div class=\"t-entry-visual\"><div class=\"t-entry-visual-tc\"><div class=\"t-entry-visual-cont\"><div class=\"dummy\" style=\"padding-top: 56.3%;\"><\/div><a  class=\"inactive-link pushed\" data-lb-index=\"5\"><div class=\"t-entry-visual-overlay\"><div class=\"t-entry-visual-overlay-in style-dark-bg\" style=\"opacity: 0.5;\"><\/div><\/div><img decoding=\"async\" class=\"wp-image-1193\" src=\"https:\/\/umcoletivo.pt\/wp-content\/uploads\/2025\/02\/DSF5633.jpg\" width=\"1920\" height=\"1080\" alt=\"\" srcset=\"https:\/\/umcoletivo.pt\/wp-content\/uploads\/2025\/02\/DSF5633.jpg 1920w, https:\/\/umcoletivo.pt\/wp-content\/uploads\/2025\/02\/DSF5633-300x169.jpg 300w, https:\/\/umcoletivo.pt\/wp-content\/uploads\/2025\/02\/DSF5633-1024x576.jpg 1024w, https:\/\/umcoletivo.pt\/wp-content\/uploads\/2025\/02\/DSF5633-768x432.jpg 768w, https:\/\/umcoletivo.pt\/wp-content\/uploads\/2025\/02\/DSF5633-1536x864.jpg 1536w, https:\/\/umcoletivo.pt\/wp-content\/uploads\/2025\/02\/DSF5633-18x10.jpg 18w, https:\/\/umcoletivo.pt\/wp-content\/uploads\/2025\/02\/DSF5633-350x197.jpg 350w\" sizes=\"(max-width: 1920px) 100vw, 1920px\" \/><\/a><\/div>\n\t\t\t\t\t<\/div>\n\t\t\t\t<\/div><\/div><\/div><div class=\"tmb tmb-carousel tmb-no-double-tap tmb-iso-h4 tmb-light tmb-overlay-text-anim tmb-overlay-middle tmb-overlay-text-left tmb-bordered tmb-id-1201  tmb-media-first tmb-media-last tmb-content-overlay tmb-no-bg\" ><div class=\"t-inside no-anim\" ><div class=\"t-entry-visual\"><div class=\"t-entry-visual-tc\"><div class=\"t-entry-visual-cont\"><div class=\"dummy\" style=\"padding-top: 56.3%;\"><\/div><a  class=\"inactive-link pushed\" data-lb-index=\"6\"><div class=\"t-entry-visual-overlay\"><div class=\"t-entry-visual-overlay-in style-dark-bg\" style=\"opacity: 0.5;\"><\/div><\/div><img decoding=\"async\" class=\"wp-image-1201\" src=\"https:\/\/umcoletivo.pt\/wp-content\/uploads\/2025\/02\/Invencivel-Armada-4.jpg\" width=\"1920\" height=\"1080\" alt=\"\" srcset=\"https:\/\/umcoletivo.pt\/wp-content\/uploads\/2025\/02\/Invencivel-Armada-4.jpg 1920w, https:\/\/umcoletivo.pt\/wp-content\/uploads\/2025\/02\/Invencivel-Armada-4-300x169.jpg 300w, https:\/\/umcoletivo.pt\/wp-content\/uploads\/2025\/02\/Invencivel-Armada-4-1024x576.jpg 1024w, https:\/\/umcoletivo.pt\/wp-content\/uploads\/2025\/02\/Invencivel-Armada-4-768x432.jpg 768w, https:\/\/umcoletivo.pt\/wp-content\/uploads\/2025\/02\/Invencivel-Armada-4-1536x864.jpg 1536w, https:\/\/umcoletivo.pt\/wp-content\/uploads\/2025\/02\/Invencivel-Armada-4-18x10.jpg 18w, https:\/\/umcoletivo.pt\/wp-content\/uploads\/2025\/02\/Invencivel-Armada-4-350x197.jpg 350w\" sizes=\"(max-width: 1920px) 100vw, 1920px\" \/><\/a><\/div>\n\t\t\t\t\t<\/div>\n\t\t\t\t<\/div><\/div><\/div><div class=\"tmb tmb-carousel tmb-no-double-tap tmb-iso-h4 tmb-light tmb-overlay-text-anim tmb-overlay-middle tmb-overlay-text-left tmb-bordered tmb-id-1194  tmb-media-first tmb-media-last tmb-content-overlay tmb-no-bg\" ><div class=\"t-inside no-anim\" ><div class=\"t-entry-visual\"><div class=\"t-entry-visual-tc\"><div class=\"t-entry-visual-cont\"><div class=\"dummy\" style=\"padding-top: 56.3%;\"><\/div><a  class=\"inactive-link pushed\" data-lb-index=\"7\"><div class=\"t-entry-visual-overlay\"><div class=\"t-entry-visual-overlay-in style-dark-bg\" style=\"opacity: 0.5;\"><\/div><\/div><img decoding=\"async\" class=\"wp-image-1194\" src=\"https:\/\/umcoletivo.pt\/wp-content\/uploads\/2025\/02\/\u00a9JoaoVersosRoldao_2024_UMCOLETIVO_APazEAPaz_Promo_5mar_Portalegre-23.jpg\" width=\"1920\" height=\"1080\" alt=\"\" srcset=\"https:\/\/umcoletivo.pt\/wp-content\/uploads\/2025\/02\/\u00a9JoaoVersosRoldao_2024_UMCOLETIVO_APazEAPaz_Promo_5mar_Portalegre-23.jpg 1920w, https:\/\/umcoletivo.pt\/wp-content\/uploads\/2025\/02\/\u00a9JoaoVersosRoldao_2024_UMCOLETIVO_APazEAPaz_Promo_5mar_Portalegre-23-300x169.jpg 300w, https:\/\/umcoletivo.pt\/wp-content\/uploads\/2025\/02\/\u00a9JoaoVersosRoldao_2024_UMCOLETIVO_APazEAPaz_Promo_5mar_Portalegre-23-1024x576.jpg 1024w, https:\/\/umcoletivo.pt\/wp-content\/uploads\/2025\/02\/\u00a9JoaoVersosRoldao_2024_UMCOLETIVO_APazEAPaz_Promo_5mar_Portalegre-23-768x432.jpg 768w, https:\/\/umcoletivo.pt\/wp-content\/uploads\/2025\/02\/\u00a9JoaoVersosRoldao_2024_UMCOLETIVO_APazEAPaz_Promo_5mar_Portalegre-23-1536x864.jpg 1536w, https:\/\/umcoletivo.pt\/wp-content\/uploads\/2025\/02\/\u00a9JoaoVersosRoldao_2024_UMCOLETIVO_APazEAPaz_Promo_5mar_Portalegre-23-18x10.jpg 18w, https:\/\/umcoletivo.pt\/wp-content\/uploads\/2025\/02\/\u00a9JoaoVersosRoldao_2024_UMCOLETIVO_APazEAPaz_Promo_5mar_Portalegre-23-350x197.jpg 350w\" sizes=\"(max-width: 1920px) 100vw, 1920px\" \/><\/a><\/div>\n\t\t\t\t\t<\/div>\n\t\t\t\t<\/div><\/div><\/div><div class=\"tmb tmb-carousel tmb-no-double-tap tmb-iso-h4 tmb-light tmb-overlay-text-anim tmb-overlay-middle tmb-overlay-text-left tmb-bordered tmb-id-1195  tmb-media-first tmb-media-last tmb-content-overlay tmb-no-bg\" ><div class=\"t-inside no-anim\" ><div class=\"t-entry-visual\"><div class=\"t-entry-visual-tc\"><div class=\"t-entry-visual-cont\"><div class=\"dummy\" style=\"padding-top: 56.3%;\"><\/div><a  class=\"inactive-link pushed\" data-lb-index=\"8\"><div class=\"t-entry-visual-overlay\"><div class=\"t-entry-visual-overlay-in style-dark-bg\" style=\"opacity: 0.5;\"><\/div><\/div><img decoding=\"async\" class=\"wp-image-1195\" src=\"https:\/\/umcoletivo.pt\/wp-content\/uploads\/2025\/02\/Decadencia-2.jpg\" width=\"1920\" height=\"1080\" alt=\"\" srcset=\"https:\/\/umcoletivo.pt\/wp-content\/uploads\/2025\/02\/Decadencia-2.jpg 1920w, https:\/\/umcoletivo.pt\/wp-content\/uploads\/2025\/02\/Decadencia-2-300x169.jpg 300w, https:\/\/umcoletivo.pt\/wp-content\/uploads\/2025\/02\/Decadencia-2-1024x576.jpg 1024w, https:\/\/umcoletivo.pt\/wp-content\/uploads\/2025\/02\/Decadencia-2-768x432.jpg 768w, https:\/\/umcoletivo.pt\/wp-content\/uploads\/2025\/02\/Decadencia-2-1536x864.jpg 1536w, https:\/\/umcoletivo.pt\/wp-content\/uploads\/2025\/02\/Decadencia-2-18x10.jpg 18w, https:\/\/umcoletivo.pt\/wp-content\/uploads\/2025\/02\/Decadencia-2-350x197.jpg 350w\" sizes=\"(max-width: 1920px) 100vw, 1920px\" \/><\/a><\/div>\n\t\t\t\t\t<\/div>\n\t\t\t\t<\/div><\/div><\/div><div class=\"tmb tmb-carousel tmb-no-double-tap tmb-iso-h4 tmb-light tmb-overlay-text-anim tmb-overlay-middle tmb-overlay-text-left tmb-bordered tmb-id-1196  tmb-media-first tmb-media-last tmb-content-overlay tmb-no-bg\" ><div class=\"t-inside no-anim\" ><div class=\"t-entry-visual\"><div class=\"t-entry-visual-tc\"><div class=\"t-entry-visual-cont\"><div class=\"dummy\" style=\"padding-top: 56.3%;\"><\/div><a  class=\"inactive-link pushed\" data-lb-index=\"9\"><div class=\"t-entry-visual-overlay\"><div class=\"t-entry-visual-overlay-in style-dark-bg\" style=\"opacity: 0.5;\"><\/div><\/div><img decoding=\"async\" class=\"wp-image-1196\" src=\"https:\/\/umcoletivo.pt\/wp-content\/uploads\/2025\/02\/Decadencia-4.jpg\" width=\"1920\" height=\"1081\" alt=\"\" srcset=\"https:\/\/umcoletivo.pt\/wp-content\/uploads\/2025\/02\/Decadencia-4.jpg 1920w, https:\/\/umcoletivo.pt\/wp-content\/uploads\/2025\/02\/Decadencia-4-300x169.jpg 300w, https:\/\/umcoletivo.pt\/wp-content\/uploads\/2025\/02\/Decadencia-4-1024x577.jpg 1024w, https:\/\/umcoletivo.pt\/wp-content\/uploads\/2025\/02\/Decadencia-4-768x432.jpg 768w, https:\/\/umcoletivo.pt\/wp-content\/uploads\/2025\/02\/Decadencia-4-1536x865.jpg 1536w, https:\/\/umcoletivo.pt\/wp-content\/uploads\/2025\/02\/Decadencia-4-18x10.jpg 18w, https:\/\/umcoletivo.pt\/wp-content\/uploads\/2025\/02\/Decadencia-4-350x197.jpg 350w\" sizes=\"(max-width: 1920px) 100vw, 1920px\" \/><\/a><\/div>\n\t\t\t\t\t<\/div>\n\t\t\t\t<\/div><\/div><\/div><div class=\"tmb tmb-carousel tmb-no-double-tap tmb-iso-h4 tmb-light tmb-overlay-text-anim tmb-overlay-middle tmb-overlay-text-left tmb-bordered tmb-id-1197  tmb-media-first tmb-media-last tmb-content-overlay tmb-no-bg\" ><div class=\"t-inside no-anim\" ><div class=\"t-entry-visual\"><div class=\"t-entry-visual-tc\"><div class=\"t-entry-visual-cont\"><div class=\"dummy\" style=\"padding-top: 56.3%;\"><\/div><a  class=\"inactive-link pushed\" data-lb-index=\"10\"><div class=\"t-entry-visual-overlay\"><div class=\"t-entry-visual-overlay-in style-dark-bg\" style=\"opacity: 0.5;\"><\/div><\/div><img decoding=\"async\" class=\"wp-image-1197\" src=\"https:\/\/umcoletivo.pt\/wp-content\/uploads\/2025\/02\/Decadencia-5.jpg\" width=\"1920\" height=\"1080\" alt=\"\" srcset=\"https:\/\/umcoletivo.pt\/wp-content\/uploads\/2025\/02\/Decadencia-5.jpg 1920w, https:\/\/umcoletivo.pt\/wp-content\/uploads\/2025\/02\/Decadencia-5-300x169.jpg 300w, https:\/\/umcoletivo.pt\/wp-content\/uploads\/2025\/02\/Decadencia-5-1024x576.jpg 1024w, https:\/\/umcoletivo.pt\/wp-content\/uploads\/2025\/02\/Decadencia-5-768x432.jpg 768w, https:\/\/umcoletivo.pt\/wp-content\/uploads\/2025\/02\/Decadencia-5-1536x864.jpg 1536w, https:\/\/umcoletivo.pt\/wp-content\/uploads\/2025\/02\/Decadencia-5-18x10.jpg 18w, https:\/\/umcoletivo.pt\/wp-content\/uploads\/2025\/02\/Decadencia-5-350x197.jpg 350w\" sizes=\"(max-width: 1920px) 100vw, 1920px\" \/><\/a><\/div>\n\t\t\t\t\t<\/div>\n\t\t\t\t<\/div><\/div><\/div><div class=\"tmb tmb-carousel tmb-no-double-tap tmb-iso-h4 tmb-light tmb-overlay-text-anim tmb-overlay-middle tmb-overlay-text-left tmb-bordered tmb-id-1198  tmb-media-first tmb-media-last tmb-content-overlay tmb-no-bg\" ><div class=\"t-inside no-anim\" ><div class=\"t-entry-visual\"><div class=\"t-entry-visual-tc\"><div class=\"t-entry-visual-cont\"><div class=\"dummy\" style=\"padding-top: 56.3%;\"><\/div><a  class=\"inactive-link pushed\" data-lb-index=\"11\"><div class=\"t-entry-visual-overlay\"><div class=\"t-entry-visual-overlay-in style-dark-bg\" style=\"opacity: 0.5;\"><\/div><\/div><img decoding=\"async\" class=\"wp-image-1198\" src=\"https:\/\/umcoletivo.pt\/wp-content\/uploads\/2025\/02\/IMG_0555.jpg\" width=\"1920\" height=\"1080\" alt=\"\" srcset=\"https:\/\/umcoletivo.pt\/wp-content\/uploads\/2025\/02\/IMG_0555.jpg 1920w, https:\/\/umcoletivo.pt\/wp-content\/uploads\/2025\/02\/IMG_0555-300x169.jpg 300w, https:\/\/umcoletivo.pt\/wp-content\/uploads\/2025\/02\/IMG_0555-1024x576.jpg 1024w, https:\/\/umcoletivo.pt\/wp-content\/uploads\/2025\/02\/IMG_0555-768x432.jpg 768w, https:\/\/umcoletivo.pt\/wp-content\/uploads\/2025\/02\/IMG_0555-1536x864.jpg 1536w, https:\/\/umcoletivo.pt\/wp-content\/uploads\/2025\/02\/IMG_0555-18x10.jpg 18w, https:\/\/umcoletivo.pt\/wp-content\/uploads\/2025\/02\/IMG_0555-350x197.jpg 350w\" sizes=\"(max-width: 1920px) 100vw, 1920px\" \/><\/a><\/div>\n\t\t\t\t\t<\/div>\n\t\t\t\t<\/div><\/div><\/div><div class=\"tmb tmb-carousel tmb-no-double-tap tmb-iso-h4 tmb-light tmb-overlay-text-anim tmb-overlay-middle tmb-overlay-text-left tmb-bordered tmb-id-1199  tmb-media-first tmb-media-last tmb-content-overlay tmb-no-bg\" ><div class=\"t-inside no-anim\" ><div class=\"t-entry-visual\"><div class=\"t-entry-visual-tc\"><div class=\"t-entry-visual-cont\"><div class=\"dummy\" style=\"padding-top: 56.3%;\"><\/div><a  class=\"inactive-link pushed\" data-lb-index=\"12\"><div class=\"t-entry-visual-overlay\"><div class=\"t-entry-visual-overlay-in style-dark-bg\" style=\"opacity: 0.5;\"><\/div><\/div><img decoding=\"async\" class=\"wp-image-1199\" src=\"https:\/\/umcoletivo.pt\/wp-content\/uploads\/2025\/02\/IMG_0619.jpg\" width=\"1920\" height=\"1080\" alt=\"\" srcset=\"https:\/\/umcoletivo.pt\/wp-content\/uploads\/2025\/02\/IMG_0619.jpg 1920w, https:\/\/umcoletivo.pt\/wp-content\/uploads\/2025\/02\/IMG_0619-300x169.jpg 300w, https:\/\/umcoletivo.pt\/wp-content\/uploads\/2025\/02\/IMG_0619-1024x576.jpg 1024w, https:\/\/umcoletivo.pt\/wp-content\/uploads\/2025\/02\/IMG_0619-768x432.jpg 768w, https:\/\/umcoletivo.pt\/wp-content\/uploads\/2025\/02\/IMG_0619-1536x864.jpg 1536w, https:\/\/umcoletivo.pt\/wp-content\/uploads\/2025\/02\/IMG_0619-18x10.jpg 18w, https:\/\/umcoletivo.pt\/wp-content\/uploads\/2025\/02\/IMG_0619-350x197.jpg 350w\" sizes=\"(max-width: 1920px) 100vw, 1920px\" \/><\/a><\/div>\n\t\t\t\t\t<\/div>\n\t\t\t\t<\/div><\/div><\/div><div class=\"tmb tmb-carousel tmb-no-double-tap tmb-iso-h4 tmb-light tmb-overlay-text-anim tmb-overlay-middle tmb-overlay-text-left tmb-bordered tmb-id-1200  tmb-media-first tmb-media-last tmb-content-overlay tmb-no-bg\" ><div class=\"t-inside no-anim\" ><div class=\"t-entry-visual\"><div class=\"t-entry-visual-tc\"><div class=\"t-entry-visual-cont\"><div class=\"dummy\" style=\"padding-top: 56.3%;\"><\/div><a  class=\"inactive-link pushed\" data-lb-index=\"13\"><div class=\"t-entry-visual-overlay\"><div class=\"t-entry-visual-overlay-in style-dark-bg\" style=\"opacity: 0.5;\"><\/div><\/div><img decoding=\"async\" class=\"wp-image-1200\" src=\"https:\/\/umcoletivo.pt\/wp-content\/uploads\/2025\/02\/Invencivel-Armada-3.jpg\" width=\"1920\" height=\"1080\" alt=\"\" srcset=\"https:\/\/umcoletivo.pt\/wp-content\/uploads\/2025\/02\/Invencivel-Armada-3.jpg 1920w, https:\/\/umcoletivo.pt\/wp-content\/uploads\/2025\/02\/Invencivel-Armada-3-300x169.jpg 300w, https:\/\/umcoletivo.pt\/wp-content\/uploads\/2025\/02\/Invencivel-Armada-3-1024x576.jpg 1024w, https:\/\/umcoletivo.pt\/wp-content\/uploads\/2025\/02\/Invencivel-Armada-3-768x432.jpg 768w, https:\/\/umcoletivo.pt\/wp-content\/uploads\/2025\/02\/Invencivel-Armada-3-1536x864.jpg 1536w, https:\/\/umcoletivo.pt\/wp-content\/uploads\/2025\/02\/Invencivel-Armada-3-18x10.jpg 18w, https:\/\/umcoletivo.pt\/wp-content\/uploads\/2025\/02\/Invencivel-Armada-3-350x197.jpg 350w\" sizes=\"(max-width: 1920px) 100vw, 1920px\" \/><\/a><\/div>\n\t\t\t\t\t<\/div>\n\t\t\t\t<\/div><\/div><\/div><div class=\"tmb tmb-carousel tmb-no-double-tap tmb-iso-h4 tmb-light tmb-overlay-text-anim tmb-overlay-middle tmb-overlay-text-left tmb-bordered tmb-id-1202  tmb-media-first tmb-media-last tmb-content-overlay tmb-no-bg\" ><div class=\"t-inside no-anim\" ><div class=\"t-entry-visual\"><div class=\"t-entry-visual-tc\"><div class=\"t-entry-visual-cont\"><div class=\"dummy\" style=\"padding-top: 56.3%;\"><\/div><a  class=\"inactive-link pushed\" data-lb-index=\"14\"><div class=\"t-entry-visual-overlay\"><div class=\"t-entry-visual-overlay-in style-dark-bg\" style=\"opacity: 0.5;\"><\/div><\/div><img decoding=\"async\" class=\"wp-image-1202\" src=\"https:\/\/umcoletivo.pt\/wp-content\/uploads\/2025\/02\/Invencivel-Armada-11.jpg\" width=\"1920\" height=\"1080\" alt=\"\" srcset=\"https:\/\/umcoletivo.pt\/wp-content\/uploads\/2025\/02\/Invencivel-Armada-11.jpg 1920w, https:\/\/umcoletivo.pt\/wp-content\/uploads\/2025\/02\/Invencivel-Armada-11-300x169.jpg 300w, https:\/\/umcoletivo.pt\/wp-content\/uploads\/2025\/02\/Invencivel-Armada-11-1024x576.jpg 1024w, https:\/\/umcoletivo.pt\/wp-content\/uploads\/2025\/02\/Invencivel-Armada-11-768x432.jpg 768w, https:\/\/umcoletivo.pt\/wp-content\/uploads\/2025\/02\/Invencivel-Armada-11-1536x864.jpg 1536w, https:\/\/umcoletivo.pt\/wp-content\/uploads\/2025\/02\/Invencivel-Armada-11-18x10.jpg 18w, https:\/\/umcoletivo.pt\/wp-content\/uploads\/2025\/02\/Invencivel-Armada-11-350x197.jpg 350w\" sizes=\"(max-width: 1920px) 100vw, 1920px\" \/><\/a><\/div>\n\t\t\t\t\t<\/div>\n\t\t\t\t<\/div><\/div><\/div><div class=\"tmb tmb-carousel tmb-no-double-tap tmb-iso-h4 tmb-light tmb-overlay-text-anim tmb-overlay-middle tmb-overlay-text-left tmb-bordered tmb-id-1204  tmb-media-first tmb-media-last tmb-content-overlay tmb-no-bg\" ><div class=\"t-inside no-anim\" ><div class=\"t-entry-visual\"><div class=\"t-entry-visual-tc\"><div class=\"t-entry-visual-cont\"><div class=\"dummy\" style=\"padding-top: 56.3%;\"><\/div><a  class=\"inactive-link pushed\" data-lb-index=\"15\"><div class=\"t-entry-visual-overlay\"><div class=\"t-entry-visual-overlay-in style-dark-bg\" style=\"opacity: 0.5;\"><\/div><\/div><img decoding=\"async\" class=\"wp-image-1204\" src=\"https:\/\/umcoletivo.pt\/wp-content\/uploads\/2025\/02\/Mil-e-uma-noites-UMCOLETIVO_Figueira-da-Foz_Creditos-Rafael-Farias-93-1.jpg\" width=\"1920\" height=\"1080\" alt=\"\" srcset=\"https:\/\/umcoletivo.pt\/wp-content\/uploads\/2025\/02\/Mil-e-uma-noites-UMCOLETIVO_Figueira-da-Foz_Creditos-Rafael-Farias-93-1.jpg 1920w, https:\/\/umcoletivo.pt\/wp-content\/uploads\/2025\/02\/Mil-e-uma-noites-UMCOLETIVO_Figueira-da-Foz_Creditos-Rafael-Farias-93-1-300x169.jpg 300w, https:\/\/umcoletivo.pt\/wp-content\/uploads\/2025\/02\/Mil-e-uma-noites-UMCOLETIVO_Figueira-da-Foz_Creditos-Rafael-Farias-93-1-1024x576.jpg 1024w, https:\/\/umcoletivo.pt\/wp-content\/uploads\/2025\/02\/Mil-e-uma-noites-UMCOLETIVO_Figueira-da-Foz_Creditos-Rafael-Farias-93-1-768x432.jpg 768w, https:\/\/umcoletivo.pt\/wp-content\/uploads\/2025\/02\/Mil-e-uma-noites-UMCOLETIVO_Figueira-da-Foz_Creditos-Rafael-Farias-93-1-1536x864.jpg 1536w, https:\/\/umcoletivo.pt\/wp-content\/uploads\/2025\/02\/Mil-e-uma-noites-UMCOLETIVO_Figueira-da-Foz_Creditos-Rafael-Farias-93-1-18x10.jpg 18w, https:\/\/umcoletivo.pt\/wp-content\/uploads\/2025\/02\/Mil-e-uma-noites-UMCOLETIVO_Figueira-da-Foz_Creditos-Rafael-Farias-93-1-350x197.jpg 350w\" sizes=\"(max-width: 1920px) 100vw, 1920px\" \/><\/a><\/div>\n\t\t\t\t\t<\/div>\n\t\t\t\t<\/div><\/div><\/div><div class=\"tmb tmb-carousel tmb-no-double-tap tmb-iso-h4 tmb-light tmb-overlay-text-anim tmb-overlay-middle tmb-overlay-text-left tmb-bordered tmb-id-1205  tmb-media-first tmb-media-last tmb-content-overlay tmb-no-bg\" ><div class=\"t-inside no-anim\" ><div class=\"t-entry-visual\"><div class=\"t-entry-visual-tc\"><div class=\"t-entry-visual-cont\"><div class=\"dummy\" style=\"padding-top: 56.3%;\"><\/div><a  class=\"inactive-link pushed\" data-lb-index=\"16\"><div class=\"t-entry-visual-overlay\"><div class=\"t-entry-visual-overlay-in style-dark-bg\" style=\"opacity: 0.5;\"><\/div><\/div><img decoding=\"async\" class=\"wp-image-1205\" src=\"https:\/\/umcoletivo.pt\/wp-content\/uploads\/2025\/02\/Penelope-3.jpg\" width=\"1920\" height=\"1080\" alt=\"\" srcset=\"https:\/\/umcoletivo.pt\/wp-content\/uploads\/2025\/02\/Penelope-3.jpg 1920w, https:\/\/umcoletivo.pt\/wp-content\/uploads\/2025\/02\/Penelope-3-300x169.jpg 300w, https:\/\/umcoletivo.pt\/wp-content\/uploads\/2025\/02\/Penelope-3-1024x576.jpg 1024w, https:\/\/umcoletivo.pt\/wp-content\/uploads\/2025\/02\/Penelope-3-768x432.jpg 768w, https:\/\/umcoletivo.pt\/wp-content\/uploads\/2025\/02\/Penelope-3-1536x864.jpg 1536w, https:\/\/umcoletivo.pt\/wp-content\/uploads\/2025\/02\/Penelope-3-18x10.jpg 18w, https:\/\/umcoletivo.pt\/wp-content\/uploads\/2025\/02\/Penelope-3-350x197.jpg 350w\" sizes=\"(max-width: 1920px) 100vw, 1920px\" \/><\/a><\/div>\n\t\t\t\t\t<\/div>\n\t\t\t\t<\/div><\/div><\/div><div class=\"tmb tmb-carousel tmb-no-double-tap tmb-iso-h4 tmb-light tmb-overlay-text-anim tmb-overlay-middle tmb-overlay-text-left tmb-bordered tmb-id-1206  tmb-media-first tmb-media-last tmb-content-overlay tmb-no-bg\" ><div class=\"t-inside no-anim\" ><div class=\"t-entry-visual\"><div class=\"t-entry-visual-tc\"><div class=\"t-entry-visual-cont\"><div class=\"dummy\" style=\"padding-top: 56.3%;\"><\/div><a  class=\"inactive-link pushed\" data-lb-index=\"17\"><div class=\"t-entry-visual-overlay\"><div class=\"t-entry-visual-overlay-in style-dark-bg\" style=\"opacity: 0.5;\"><\/div><\/div><img decoding=\"async\" class=\"wp-image-1206\" src=\"https:\/\/umcoletivo.pt\/wp-content\/uploads\/2025\/02\/quarto-imperio-2.jpg\" width=\"1920\" height=\"1080\" alt=\"\" srcset=\"https:\/\/umcoletivo.pt\/wp-content\/uploads\/2025\/02\/quarto-imperio-2.jpg 1920w, https:\/\/umcoletivo.pt\/wp-content\/uploads\/2025\/02\/quarto-imperio-2-300x169.jpg 300w, https:\/\/umcoletivo.pt\/wp-content\/uploads\/2025\/02\/quarto-imperio-2-1024x576.jpg 1024w, https:\/\/umcoletivo.pt\/wp-content\/uploads\/2025\/02\/quarto-imperio-2-768x432.jpg 768w, https:\/\/umcoletivo.pt\/wp-content\/uploads\/2025\/02\/quarto-imperio-2-1536x864.jpg 1536w, https:\/\/umcoletivo.pt\/wp-content\/uploads\/2025\/02\/quarto-imperio-2-18x10.jpg 18w, https:\/\/umcoletivo.pt\/wp-content\/uploads\/2025\/02\/quarto-imperio-2-350x197.jpg 350w\" sizes=\"(max-width: 1920px) 100vw, 1920px\" \/><\/a><\/div>\n\t\t\t\t\t<\/div>\n\t\t\t\t<\/div><\/div><\/div><div class=\"tmb tmb-carousel tmb-no-double-tap tmb-iso-h4 tmb-light tmb-overlay-text-anim tmb-overlay-middle tmb-overlay-text-left tmb-bordered tmb-id-1207  tmb-media-first tmb-media-last tmb-content-overlay tmb-no-bg\" ><div class=\"t-inside no-anim\" ><div class=\"t-entry-visual\"><div class=\"t-entry-visual-tc\"><div class=\"t-entry-visual-cont\"><div class=\"dummy\" style=\"padding-top: 56.3%;\"><\/div><a  class=\"inactive-link pushed\" data-lb-index=\"18\"><div class=\"t-entry-visual-overlay\"><div class=\"t-entry-visual-overlay-in style-dark-bg\" style=\"opacity: 0.5;\"><\/div><\/div><img decoding=\"async\" class=\"wp-image-1207\" src=\"https:\/\/umcoletivo.pt\/wp-content\/uploads\/2025\/02\/quarto-imperio-7.jpg\" width=\"1920\" height=\"1080\" alt=\"\" srcset=\"https:\/\/umcoletivo.pt\/wp-content\/uploads\/2025\/02\/quarto-imperio-7.jpg 1920w, https:\/\/umcoletivo.pt\/wp-content\/uploads\/2025\/02\/quarto-imperio-7-300x169.jpg 300w, https:\/\/umcoletivo.pt\/wp-content\/uploads\/2025\/02\/quarto-imperio-7-1024x576.jpg 1024w, https:\/\/umcoletivo.pt\/wp-content\/uploads\/2025\/02\/quarto-imperio-7-768x432.jpg 768w, https:\/\/umcoletivo.pt\/wp-content\/uploads\/2025\/02\/quarto-imperio-7-1536x864.jpg 1536w, https:\/\/umcoletivo.pt\/wp-content\/uploads\/2025\/02\/quarto-imperio-7-18x10.jpg 18w, https:\/\/umcoletivo.pt\/wp-content\/uploads\/2025\/02\/quarto-imperio-7-350x197.jpg 350w\" sizes=\"(max-width: 1920px) 100vw, 1920px\" \/><\/a><\/div>\n\t\t\t\t\t<\/div>\n\t\t\t\t<\/div><\/div><\/div>\t\t\t<\/div>\n\t\t\t\t\t<\/div>\n\n\t\n\t\n\t\n<\/div>\n\n<\/div><\/div><\/div><\/div><\/div><script id=\"script-row-unique-0\" data-row=\"script-row-unique-0\" type=\"text\/javascript\" class=\"vc_controls\">UNCODE.initRow(document.getElementById(\"row-unique-0\"));<\/script><\/div><\/div><\/div><div data-parent=\"true\" class=\"vc_row marquee marquee--hover-pause style-color-122666-bg row-container\" id=\"row-unique-1\"><div class=\"row full-width row-parent\"><div class=\"wpb_row row-inner\"><div class=\"wpb_column pos-middle pos-center align_center column_parent col-lg-12 single-internal-gutter\"><div class=\"uncol style-light\"  ><div class=\"uncoltable\"><div class=\"uncell no-block-padding\" ><div class=\"uncont\" ><div class=\"uncode_text_column marquee marquee--hover-pause enable-animation\" ><\/p>\n<ul class=\"marquee__content\">\n<li><a href=\"\/es\/edicao\/\">Edici\u00f3n<\/a><\/li>\n<li><a href=\"\/es\/programacao\/\">Programa<\/a><\/li>\n<li><a href=\"\/es\/mediacao\/\">Mediaci\u00f3n<\/a><\/li>\n<li><a href=\"\/es\/projetos\/\">Proyectos<\/a><\/li>\n<\/ul>\n<ul class=\"marquee__content\">\n<li><a href=\"\/es\/edicao\/\">Edici\u00f3n<\/a><\/li>\n<li><a href=\"\/es\/programacao\/\">Programa<\/a><\/li>\n<li><a href=\"\/es\/mediacao\/\">Mediaci\u00f3n<\/a><\/li>\n<li><a href=\"\/es\/projetos\/\">Proyectos<\/a><\/li>\n<\/ul>\n<p>\n<\/div><\/div><\/div><\/div><\/div><\/div><script id=\"script-row-unique-1\" data-row=\"script-row-unique-1\" type=\"text\/javascript\" class=\"vc_controls\">UNCODE.initRow(document.getElementById(\"row-unique-1\"));<\/script><\/div><\/div><\/div><div data-parent=\"true\" class=\"vc_row row-container\" id=\"row-unique-2\"><div class=\"row limit-width row-parent\"><div class=\"wpb_row row-inner\"><div class=\"wpb_column pos-top pos-center align_left column_parent col-lg-12 single-internal-gutter\"><div class=\"uncol style-light\"  ><div class=\"uncoltable\"><div class=\"uncell no-block-padding\" ><div class=\"uncont\" ><div class=\"vc_custom_heading_wrap\"><div class=\"heading-text el-text\" ><h1 class=\"h2 text-uppercase\" ><span>Pr\u00f3ximos proyectos<\/span><\/h1><\/div><div class=\"clear\"><\/div><\/div><div id=\"index-2135727\" class=\"isotope-system isotope-general-light grid-general-light\" >\n\t\t\t\n\t\t\t\t\t\t\t\t\t\t\t\t\t\t<div class=\"isotope-wrapper grid-wrapper single-gutter\" >\t\t\t\t\t\t\t\t\t\t\t\t<div class=\"isotope-container grid-container isotope-layout style-masonry isotope-pagination grid-pagination\" data-type=\"masonry\" data-layout=\"cellsByRow\" data-lg=\"1000\" data-md=\"600\" data-sm=\"480\" data-vp-height=\"\">\t\t\t<div class=\"tmb atc-typography-inherit tmb-iso-w4 tmb-iso-h4 tmb-light tmb-overlay-text-anim tmb-overlay-anim tmb-content-left tmb-image-anim tmb-bordered  grid-cat-7 tmb-id-1418 tmb-img-ratio tmb-content-under tmb-media-first tmb-no-bg\" ><div class=\"t-inside no-anim\" ><div class=\"t-entry-visual\"><div class=\"t-entry-visual-tc\"><div class=\"t-entry-visual-cont\"><div class=\"dummy\" style=\"padding-top: 56.2%;\"><\/div><a role=\"button\" tabindex=\"-1\" href=\"https:\/\/umcoletivo.pt\/es\/projeto\/pandiga\/\" class=\"pushed\" target=\"_self\" data-lb-index=\"0\"><div class=\"t-entry-visual-overlay\"><div class=\"t-entry-visual-overlay-in style-dark-bg\" style=\"opacity: 0.5;\"><\/div><\/div><img decoding=\"async\" class=\"wp-image-1410\" src=\"https:\/\/umcoletivo.pt\/wp-content\/uploads\/2025\/08\/\u00a9JoaoVersosRoldao_2026_UMCOLETIVO_Pandiga_Cartaz_UnEdited_Escolha-0043-uai-1080x607.jpg\" width=\"1080\" height=\"607\" alt=\"\" \/><\/a><\/div>\n\t\t\t\t\t<\/div>\n\t\t\t\t<\/div><div class=\"t-entry-text\">\n\t\t\t\t\t\t\t\t\t<div class=\"t-entry-text-tc single-block-padding\"><div class=\"t-entry\"><h3 class=\"t-entry-title h6 title-scale\"><a href=\"https:\/\/umcoletivo.pt\/es\/projeto\/pandiga\/\" target=\"_self\">P\u00e2ndiga<\/a><\/h3><\/div><\/div>\n\t\t\t\t\t\t\t<\/div><\/div><\/div><div class=\"tmb atc-typography-inherit tmb-iso-w4 tmb-iso-h4 tmb-light tmb-overlay-text-anim tmb-overlay-anim tmb-content-left tmb-image-anim tmb-bordered  grid-cat-7 tmb-id-1412 tmb-img-ratio tmb-content-under tmb-media-first tmb-no-bg\" ><div class=\"t-inside no-anim\" ><div class=\"t-entry-visual\"><div class=\"t-entry-visual-tc\"><div class=\"t-entry-visual-cont\"><div class=\"dummy\" style=\"padding-top: 56.3%;\"><\/div><a role=\"button\" tabindex=\"-1\" href=\"https:\/\/umcoletivo.pt\/es\/projeto\/f-de-fiama-vaga-luz\/\" class=\"pushed\" target=\"_self\" data-lb-index=\"1\"><div class=\"t-entry-visual-overlay\"><div class=\"t-entry-visual-overlay-in style-dark-bg\" style=\"opacity: 0.5;\"><\/div><\/div><img decoding=\"async\" class=\"wp-image-1414\" src=\"https:\/\/umcoletivo.pt\/wp-content\/uploads\/2026\/02\/365A7315-scaled-uai-2560x1440.jpg\" width=\"2560\" height=\"1440\" alt=\"\" \/><\/a><\/div>\n\t\t\t\t\t<\/div>\n\t\t\t\t<\/div><div class=\"t-entry-text\">\n\t\t\t\t\t\t\t\t\t<div class=\"t-entry-text-tc single-block-padding\"><div class=\"t-entry\"><h3 class=\"t-entry-title h6 title-scale\"><a href=\"https:\/\/umcoletivo.pt\/es\/projeto\/f-de-fiama-vaga-luz\/\" target=\"_self\">F de Fiama: Vaga Luz<\/a><\/h3><\/div><\/div>\n\t\t\t\t\t\t\t<\/div><\/div><\/div><div class=\"tmb atc-typography-inherit tmb-iso-w4 tmb-iso-h4 tmb-light tmb-overlay-text-anim tmb-overlay-anim tmb-content-left tmb-image-anim tmb-bordered  grid-cat-7 tmb-id-1370 tmb-img-ratio tmb-content-under tmb-media-first tmb-no-bg\" ><div class=\"t-inside no-anim\" ><div class=\"t-entry-visual\"><div class=\"t-entry-visual-tc\"><div class=\"t-entry-visual-cont\"><div class=\"dummy\" style=\"padding-top: 56.2%;\"><\/div><a role=\"button\" tabindex=\"-1\" href=\"https:\/\/umcoletivo.pt\/es\/projeto\/f-de-fiama-mariana-pineda\/\" class=\"pushed\" target=\"_self\" data-lb-index=\"2\"><div class=\"t-entry-visual-overlay\"><div class=\"t-entry-visual-overlay-in style-dark-bg\" style=\"opacity: 0.5;\"><\/div><\/div><img decoding=\"async\" class=\"wp-image-1371\" src=\"https:\/\/umcoletivo.pt\/wp-content\/uploads\/2025\/08\/f-de-fiama-Concept1-copy-scaled-uai-1707x960.jpg\" width=\"1707\" height=\"960\" alt=\"\" \/><\/a><\/div>\n\t\t\t\t\t<\/div>\n\t\t\t\t<\/div><div class=\"t-entry-text\">\n\t\t\t\t\t\t\t\t\t<div class=\"t-entry-text-tc single-block-padding\"><div class=\"t-entry\"><h3 class=\"t-entry-title h6 title-scale\"><a href=\"https:\/\/umcoletivo.pt\/es\/projeto\/f-de-fiama-mariana-pineda\/\" target=\"_self\">F de Fiama - Mariana Pineda<\/a><\/h3><\/div><\/div>\n\t\t\t\t\t\t\t<\/div><\/div><\/div>\t\t<\/div>\t\n\t\n\n\t<\/div>\t\t\t\t<\/div>\n<\/div><\/div><\/div><\/div><\/div><script id=\"script-row-unique-2\" data-row=\"script-row-unique-2\" type=\"text\/javascript\" class=\"vc_controls\">UNCODE.initRow(document.getElementById(\"row-unique-2\"));<\/script><\/div><\/div><\/div><div data-parent=\"true\" class=\"vc_row row-container\" id=\"row-unique-3\"><div class=\"row limit-width row-parent\"><div class=\"wpb_row row-inner\"><div class=\"wpb_column pos-top pos-center align_left column_parent col-lg-12 single-internal-gutter\"><div class=\"uncol style-light\"  ><div class=\"uncoltable\"><div class=\"uncell no-block-padding\" ><div class=\"uncont\" ><div class=\"vc_custom_heading_wrap\"><div class=\"heading-text el-text\" ><h2 class=\"h2 text-uppercase\" ><span>\u00daltimos proyectos<\/span><\/h2><\/div><div class=\"clear\"><\/div><\/div><div id=\"index-213572\" class=\"isotope-system isotope-general-light grid-general-light\" >\n\t\t\t\n\t\t\t\t\t\t\t\t\t\t\t\t\t\t<div class=\"isotope-wrapper grid-wrapper single-gutter\" >\t\t\t\t\t\t\t\t\t\t\t\t<div class=\"isotope-container grid-container isotope-layout style-masonry isotope-pagination grid-pagination\" data-type=\"masonry\" data-layout=\"cellsByRow\" data-lg=\"1000\" data-md=\"600\" data-sm=\"480\" data-vp-height=\"\">\t\t\t<div class=\"tmb atc-typography-inherit tmb-iso-w4 tmb-iso-h4 tmb-light tmb-overlay-text-anim tmb-overlay-anim tmb-content-left tmb-image-anim tmb-bordered  grid-cat-7 tmb-id-1418 tmb-img-ratio tmb-content-under tmb-media-first tmb-no-bg\" ><div class=\"t-inside no-anim\" ><div class=\"t-entry-visual\"><div class=\"t-entry-visual-tc\"><div class=\"t-entry-visual-cont\"><div class=\"dummy\" style=\"padding-top: 56.2%;\"><\/div><a role=\"button\" tabindex=\"-1\" href=\"https:\/\/umcoletivo.pt\/es\/projeto\/pandiga\/\" class=\"pushed\" target=\"_self\" data-lb-index=\"0\"><div class=\"t-entry-visual-overlay\"><div class=\"t-entry-visual-overlay-in style-dark-bg\" style=\"opacity: 0.5;\"><\/div><\/div><img decoding=\"async\" class=\"wp-image-1410\" src=\"https:\/\/umcoletivo.pt\/wp-content\/uploads\/2025\/08\/\u00a9JoaoVersosRoldao_2026_UMCOLETIVO_Pandiga_Cartaz_UnEdited_Escolha-0043-uai-1080x607.jpg\" width=\"1080\" height=\"607\" alt=\"\" \/><\/a><\/div>\n\t\t\t\t\t<\/div>\n\t\t\t\t<\/div><div class=\"t-entry-text\">\n\t\t\t\t\t\t\t\t\t<div class=\"t-entry-text-tc single-block-padding\"><div class=\"t-entry\"><h3 class=\"t-entry-title h6 title-scale\"><a href=\"https:\/\/umcoletivo.pt\/es\/projeto\/pandiga\/\" target=\"_self\">P\u00e2ndiga<\/a><\/h3><\/div><\/div>\n\t\t\t\t\t\t\t<\/div><\/div><\/div><div class=\"tmb atc-typography-inherit tmb-iso-w4 tmb-iso-h4 tmb-light tmb-overlay-text-anim tmb-overlay-anim tmb-content-left tmb-image-anim tmb-bordered  grid-cat-7 tmb-id-1412 tmb-img-ratio tmb-content-under tmb-media-first tmb-no-bg\" ><div class=\"t-inside no-anim\" ><div class=\"t-entry-visual\"><div class=\"t-entry-visual-tc\"><div class=\"t-entry-visual-cont\"><div class=\"dummy\" style=\"padding-top: 56.3%;\"><\/div><a role=\"button\" tabindex=\"-1\" href=\"https:\/\/umcoletivo.pt\/es\/projeto\/f-de-fiama-vaga-luz\/\" class=\"pushed\" target=\"_self\" data-lb-index=\"1\"><div class=\"t-entry-visual-overlay\"><div class=\"t-entry-visual-overlay-in style-dark-bg\" style=\"opacity: 0.5;\"><\/div><\/div><img decoding=\"async\" class=\"wp-image-1414\" src=\"https:\/\/umcoletivo.pt\/wp-content\/uploads\/2026\/02\/365A7315-scaled-uai-2560x1440.jpg\" width=\"2560\" height=\"1440\" alt=\"\" \/><\/a><\/div>\n\t\t\t\t\t<\/div>\n\t\t\t\t<\/div><div class=\"t-entry-text\">\n\t\t\t\t\t\t\t\t\t<div class=\"t-entry-text-tc single-block-padding\"><div class=\"t-entry\"><h3 class=\"t-entry-title h6 title-scale\"><a href=\"https:\/\/umcoletivo.pt\/es\/projeto\/f-de-fiama-vaga-luz\/\" target=\"_self\">F de Fiama: Vaga Luz<\/a><\/h3><\/div><\/div>\n\t\t\t\t\t\t\t<\/div><\/div><\/div><div class=\"tmb atc-typography-inherit tmb-iso-w4 tmb-iso-h4 tmb-light tmb-overlay-text-anim tmb-overlay-anim tmb-content-left tmb-image-anim tmb-bordered  grid-cat-7 tmb-id-1370 tmb-img-ratio tmb-content-under tmb-media-first tmb-no-bg\" ><div class=\"t-inside no-anim\" ><div class=\"t-entry-visual\"><div class=\"t-entry-visual-tc\"><div class=\"t-entry-visual-cont\"><div class=\"dummy\" style=\"padding-top: 56.2%;\"><\/div><a role=\"button\" tabindex=\"-1\" href=\"https:\/\/umcoletivo.pt\/es\/projeto\/f-de-fiama-mariana-pineda\/\" class=\"pushed\" target=\"_self\" data-lb-index=\"2\"><div class=\"t-entry-visual-overlay\"><div class=\"t-entry-visual-overlay-in style-dark-bg\" style=\"opacity: 0.5;\"><\/div><\/div><img decoding=\"async\" class=\"wp-image-1371\" src=\"https:\/\/umcoletivo.pt\/wp-content\/uploads\/2025\/08\/f-de-fiama-Concept1-copy-scaled-uai-1707x960.jpg\" width=\"1707\" height=\"960\" alt=\"\" \/><\/a><\/div>\n\t\t\t\t\t<\/div>\n\t\t\t\t<\/div><div class=\"t-entry-text\">\n\t\t\t\t\t\t\t\t\t<div class=\"t-entry-text-tc single-block-padding\"><div class=\"t-entry\"><h3 class=\"t-entry-title h6 title-scale\"><a href=\"https:\/\/umcoletivo.pt\/es\/projeto\/f-de-fiama-mariana-pineda\/\" target=\"_self\">F de Fiama - Mariana Pineda<\/a><\/h3><\/div><\/div>\n\t\t\t\t\t\t\t<\/div><\/div><\/div>\t\t<\/div>\t\n\t\n\n\t<\/div>\t\t\t\t<\/div>\n<\/div><\/div><\/div><\/div><\/div><script id=\"script-row-unique-3\" data-row=\"script-row-unique-3\" type=\"text\/javascript\" class=\"vc_controls\">UNCODE.initRow(document.getElementById(\"row-unique-3\"));<\/script><\/div><\/div><\/div><div data-parent=\"true\" class=\"vc_row row-container\" id=\"row-unique-4\"><div class=\"row limit-width row-parent\"><div class=\"wpb_row row-inner\"><div class=\"wpb_column pos-top pos-center align_left column_parent col-lg-12 single-internal-gutter\"><div class=\"uncol style-light\"  ><div class=\"uncoltable\"><div class=\"uncell no-block-padding\" ><div class=\"uncont\" ><div class=\"divider-wrapper\"  >\n    <hr class=\"border-,Default-color separator-no-padding\"  \/>\n<\/div>\n<\/div><\/div><\/div><\/div><\/div><script id=\"script-row-unique-4\" data-row=\"script-row-unique-4\" type=\"text\/javascript\" class=\"vc_controls\">UNCODE.initRow(document.getElementById(\"row-unique-4\"));<\/script><\/div><\/div><\/div><div data-parent=\"true\" class=\"vc_row row-container\" id=\"row-unique-5\"><div class=\"row limit-width row-parent\"><div class=\"wpb_row row-inner\"><div class=\"wpb_column pos-top pos-center align_left column_parent col-lg-12 single-internal-gutter\"><div class=\"uncol style-light\"  ><div class=\"uncoltable\"><div class=\"uncell no-block-padding\" ><div class=\"uncont\" ><div class=\"vc_custom_heading_wrap\"><div class=\"heading-text el-text\" ><h2 class=\"h2 text-uppercase\" ><span>Programa<\/span><\/h2><\/div><div class=\"clear\"><\/div><\/div><div class=\"uncode_text_column\" ><div  class=\"tribe-compatibility-container\" >\n\t<div\n\t\t class=\"tribe-common tribe-events tribe-events-view tribe-events-view--widget-events-list tribe-events-widget\" \t\tdata-js=\"tribe-events-view\"\n\t\tdata-view-rest-url=\"https:\/\/umcoletivo.pt\/es\/wp-json\/tribe\/views\/v2\/html\"\n\t\tdata-view-manage-url=\"1\"\n\t\t\t\t\t\t\tdata-view-breakpoint-pointer=\"6fd20904-dbd7-46ff-81ba-7669f9119bd0\"\n\t\t\t>\n\t\t<div class=\"tribe-events-widget-events-list\">\n\n\t\t\t\n\t\t\t<script data-js=\"tribe-events-view-data\" type=\"application\/json\">\n\t{\"slug\":\"widget-events-list\",\"prev_url\":\"\",\"next_url\":\"\",\"view_class\":\"Tribe\\\\Events\\\\Views\\\\V2\\\\Views\\\\Widgets\\\\Widget_List_View\",\"view_slug\":\"widget-events-list\",\"view_label\":\"View\",\"view\":null,\"should_manage_url\":true,\"id\":null,\"alias-slugs\":null,\"title\":\"Pr\\u00f3ximos Eventos \\u2013 Um Coletivo\",\"limit\":\"5\",\"no_upcoming_events\":false,\"featured_events_only\":null,\"jsonld_enable\":false,\"tribe_is_list_widget\":true,\"admin_fields\":{\"title\":{\"label\":\"T\\u00edtulo:\",\"type\":\"text\",\"parent_classes\":\"\",\"classes\":\"\",\"dependency\":\"\",\"id\":\"widget-tribe-widget-events-list--1-title\",\"name\":\"widget-tribe-widget-events-list[-1][title]\",\"options\":[],\"placeholder\":\"\",\"value\":null},\"limit\":{\"label\":\"Mostrar:\",\"type\":\"number\",\"default\":5,\"min\":1,\"max\":10,\"step\":1,\"parent_classes\":\"\",\"classes\":\"\",\"dependency\":\"\",\"id\":\"widget-tribe-widget-events-list--1-limit\",\"name\":\"widget-tribe-widget-events-list[-1][limit]\",\"options\":[],\"placeholder\":\"\",\"value\":null},\"metadata_section\":{\"type\":\"fieldset\",\"classes\":\"tribe-common-form-control-checkbox-checkbox-group\",\"label\":\"Display:\",\"children\":{\"cost\":{\"type\":\"checkbox\",\"label\":\"Price\",\"parent_classes\":\"\",\"classes\":\"\",\"dependency\":\"\",\"id\":\"widget-tribe-widget-events-list--1-cost\",\"name\":\"widget-tribe-widget-events-list[-1][cost]\",\"options\":[],\"placeholder\":\"\",\"value\":null},\"venue\":{\"type\":\"checkbox\",\"label\":\"Venue\",\"parent_classes\":\"\",\"classes\":\"\",\"dependency\":\"\",\"id\":\"widget-tribe-widget-events-list--1-venue\",\"name\":\"widget-tribe-widget-events-list[-1][venue]\",\"options\":[],\"placeholder\":\"\",\"value\":null},\"street\":{\"type\":\"checkbox\",\"label\":\"Street\",\"parent_classes\":\"\",\"classes\":\"\",\"dependency\":\"\",\"id\":\"widget-tribe-widget-events-list--1-street\",\"name\":\"widget-tribe-widget-events-list[-1][street]\",\"options\":[],\"placeholder\":\"\",\"value\":null},\"city\":{\"type\":\"checkbox\",\"label\":\"City\",\"parent_classes\":\"\",\"classes\":\"\",\"dependency\":\"\",\"id\":\"widget-tribe-widget-events-list--1-city\",\"name\":\"widget-tribe-widget-events-list[-1][city]\",\"options\":[],\"placeholder\":\"\",\"value\":null},\"region\":{\"type\":\"checkbox\",\"label\":\"State (US) Or Province (Int)\",\"parent_classes\":\"\",\"classes\":\"\",\"dependency\":\"\",\"id\":\"widget-tribe-widget-events-list--1-region\",\"name\":\"widget-tribe-widget-events-list[-1][region]\",\"options\":[],\"placeholder\":\"\",\"value\":null},\"zip\":{\"type\":\"checkbox\",\"label\":\"Postal Code\",\"parent_classes\":\"\",\"classes\":\"\",\"dependency\":\"\",\"id\":\"widget-tribe-widget-events-list--1-zip\",\"name\":\"widget-tribe-widget-events-list[-1][zip]\",\"options\":[],\"placeholder\":\"\",\"value\":null},\"country\":{\"type\":\"checkbox\",\"label\":\"Country\",\"parent_classes\":\"\",\"classes\":\"\",\"dependency\":\"\",\"id\":\"widget-tribe-widget-events-list--1-country\",\"name\":\"widget-tribe-widget-events-list[-1][country]\",\"options\":[],\"placeholder\":\"\",\"value\":null},\"phone\":{\"type\":\"checkbox\",\"label\":\"Phone\",\"parent_classes\":\"\",\"classes\":\"\",\"dependency\":\"\",\"id\":\"widget-tribe-widget-events-list--1-phone\",\"name\":\"widget-tribe-widget-events-list[-1][phone]\",\"options\":[],\"placeholder\":\"\",\"value\":null},\"organizer\":{\"type\":\"checkbox\",\"label\":\"Organizer\",\"parent_classes\":\"\",\"classes\":\"\",\"dependency\":\"\",\"id\":\"widget-tribe-widget-events-list--1-organizer\",\"name\":\"widget-tribe-widget-events-list[-1][organizer]\",\"options\":[],\"placeholder\":\"\",\"value\":null},\"website\":{\"type\":\"checkbox\",\"label\":\"Website\",\"parent_classes\":\"\",\"classes\":\"\",\"dependency\":\"\",\"id\":\"widget-tribe-widget-events-list--1-website\",\"name\":\"widget-tribe-widget-events-list[-1][website]\",\"options\":[],\"placeholder\":\"\",\"value\":null}},\"parent_classes\":\"\",\"dependency\":\"\",\"id\":\"widget-tribe-widget-events-list--1-metadata_section\",\"name\":\"widget-tribe-widget-events-list[-1][metadata_section]\",\"options\":[],\"placeholder\":\"\",\"value\":null},\"taxonomy_section\":{\"type\":\"section\",\"classes\":[\"calendar-widget-filters-container\"],\"label\":\"Filters:\",\"children\":{\"filters\":{\"type\":\"taxonomy-filters\",\"parent_classes\":\"\",\"classes\":\"\",\"dependency\":\"\",\"id\":\"widget-tribe-widget-events-list--1-filters\",\"label\":\"\",\"name\":\"widget-tribe-widget-events-list[-1][filters]\",\"options\":[],\"placeholder\":\"\",\"value\":null,\"list_items\":[]},\"operand\":{\"type\":\"fieldset\",\"classes\":\"tribe-common-form-control-checkbox-radio-group\",\"label\":\"Operand:\",\"selected\":\"OR\",\"children\":[{\"type\":\"radio\",\"label\":\"Match any\",\"button_value\":\"OR\",\"parent_classes\":\"\",\"classes\":\"\",\"dependency\":\"\",\"id\":\"widget-tribe-widget-events-list--1-operand\",\"name\":\"widget-tribe-widget-events-list[-1][operand]\",\"options\":[],\"placeholder\":\"\",\"value\":null},{\"type\":\"radio\",\"label\":\"Match all\",\"button_value\":\"AND\",\"parent_classes\":\"\",\"classes\":\"\",\"dependency\":\"\",\"id\":\"widget-tribe-widget-events-list--1-operand\",\"name\":\"widget-tribe-widget-events-list[-1][operand]\",\"options\":[],\"placeholder\":\"\",\"value\":null}],\"parent_classes\":\"\",\"dependency\":\"\",\"id\":\"widget-tribe-widget-events-list--1-operand\",\"name\":\"widget-tribe-widget-events-list[-1][operand]\",\"options\":[],\"placeholder\":\"\",\"value\":null}},\"parent_classes\":\"\",\"dependency\":\"\",\"id\":\"widget-tribe-widget-events-list--1-taxonomy_section\",\"name\":\"widget-tribe-widget-events-list[-1][taxonomy_section]\",\"options\":[],\"placeholder\":\"\",\"value\":null},\"taxonomy\":{\"type\":\"taxonomy\",\"classes\":\"calendar-widget-add-filter\",\"label\":\"Add a filter:\",\"placeholder\":\"Select a Taxonomy Term\",\"parent_classes\":\"\",\"dependency\":\"\",\"id\":\"widget-tribe-widget-events-list--1-taxonomy\",\"name\":\"widget-tribe-widget-events-list[-1][taxonomy]\",\"options\":[],\"value\":null},\"no_upcoming_events\":{\"label\":\"Ocultar este widget si no hay pr\\u00f3ximos eventos.\",\"type\":\"checkbox\",\"parent_classes\":\"\",\"classes\":\"\",\"dependency\":\"\",\"id\":\"widget-tribe-widget-events-list--1-no_upcoming_events\",\"name\":\"widget-tribe-widget-events-list[-1][no_upcoming_events]\",\"options\":[],\"placeholder\":\"\",\"value\":null},\"featured_events_only\":{\"label\":\"Limitar a solo eventos destacados\",\"type\":\"checkbox\",\"parent_classes\":\"\",\"classes\":\"\",\"dependency\":\"\",\"id\":\"widget-tribe-widget-events-list--1-featured_events_only\",\"name\":\"widget-tribe-widget-events-list[-1][featured_events_only]\",\"options\":[],\"placeholder\":\"\",\"value\":null},\"jsonld_enable\":{\"label\":\"Generar datos JSON-LD\",\"type\":\"checkbox\",\"parent_classes\":\"\",\"classes\":\"\",\"dependency\":\"\",\"id\":\"widget-tribe-widget-events-list--1-jsonld_enable\",\"name\":\"widget-tribe-widget-events-list[-1][jsonld_enable]\",\"options\":[],\"placeholder\":\"\",\"value\":null}},\"venue\":false,\"country\":false,\"street\":false,\"city\":false,\"region\":false,\"zip\":false,\"phone\":false,\"cost\":false,\"organizer\":false,\"website\":false,\"operand\":\"OR\",\"filters\":{\"post_tag\":[],\"tribe_events_cat\":\"\"},\"address\":false,\"events\":[],\"url\":\"https:\\\/\\\/umcoletivo.pt\\\/es\\\/?post_type=tribe_events&eventDisplay=widget-events-list\",\"url_event_date\":false,\"bar\":{\"keyword\":\"\",\"date\":\"\"},\"today\":\"2026-04-28 00:00:00\",\"now\":\"2026-04-28 14:14:26\",\"home_url\":\"https:\\\/\\\/umcoletivo.pt\\\/es\",\"rest_url\":\"https:\\\/\\\/umcoletivo.pt\\\/es\\\/wp-json\\\/tribe\\\/views\\\/v2\\\/html\",\"rest_method\":\"GET\",\"rest_nonce\":\"\",\"today_url\":\"https:\\\/\\\/umcoletivo.pt\\\/es\\\/?post_type=tribe_events&eventDisplay=widget-events-list&rest_route=%2Fwp%2Fv2%2Fpages%2F40\",\"today_title\":\"Haz clic para seleccionar la fecha de hoy\",\"today_label\":\"Hoy\",\"prev_label\":\"\",\"next_label\":\"\",\"date_formats\":{\"compact\":\"n\\\/j\\\/Y\",\"month_and_year_compact\":\"n\\\/Y\",\"month_and_year\":\"F Y\",\"time_range_separator\":\" - \",\"date_time_separator\":\" @ \"},\"messages\":{\"notice\":[\"No hay eventos programados.\"]},\"start_of_week\":\"1\",\"header_title\":\"\",\"header_title_element\":\"h1\",\"content_title\":\"\",\"breadcrumbs\":[],\"before_events\":\"\",\"after_events\":\"\\n<!--\\nThis calendar is powered by The Events Calendar.\\nhttp:\\\/\\\/evnt.is\\\/18wn\\n-->\\n\",\"display_events_bar\":false,\"disable_event_search\":false,\"live_refresh\":true,\"ical\":{\"display_link\":true,\"link\":{\"url\":\"https:\\\/\\\/umcoletivo.pt\\\/es\\\/?post_type=tribe_events&#038;eventDisplay=widget-events-list&#038;ical=1\",\"text\":\"Exportar Eventos\",\"title\":\"Usa esto para compartir los datos del calendario con Google Calendar, Apple iCal y otras aplicaciones compatibles\"}},\"container_classes\":[\"tribe-common\",\"tribe-events\",\"tribe-events-view\",\"tribe-events-view--widget-events-list\",\"tribe-events-widget\"],\"container_data\":[],\"is_past\":false,\"breakpoints\":{\"xsmall\":500,\"medium\":768,\"full\":960},\"breakpoint_pointer\":\"6fd20904-dbd7-46ff-81ba-7669f9119bd0\",\"is_initial_load\":false,\"public_views\":{\"list\":{\"view_class\":\"Tribe\\\\Events\\\\Views\\\\V2\\\\Views\\\\List_View\",\"view_url\":\"https:\\\/\\\/umcoletivo.pt\\\/es\\\/agenda\\\/lista\\\/\",\"view_label\":\"Lista\",\"aria_label\":\"Mostrar Eventos en la vista Lista\"},\"month\":{\"view_class\":\"Tribe\\\\Events\\\\Views\\\\V2\\\\Views\\\\Month_View\",\"view_url\":\"https:\\\/\\\/umcoletivo.pt\\\/es\\\/agenda\\\/mes\\\/\",\"view_label\":\"Mes\",\"aria_label\":\"Mostrar Eventos en la vista Mes\"},\"day\":{\"view_class\":\"Tribe\\\\Events\\\\Views\\\\V2\\\\Views\\\\Day_View\",\"view_url\":\"https:\\\/\\\/umcoletivo.pt\\\/es\\\/agenda\\\/(\\\/?:today|hoje)\\\/\",\"view_label\":\"D\\u00eda\",\"aria_label\":\"Mostrar Eventos en la vista D\\u00eda\"}},\"show_latest_past\":false,\"past\":false,\"compatibility_classes\":[\"tribe-compatibility-container\"],\"view_more_text\":\"Ver calendario\",\"view_more_title\":\"Ver m\\u00e1s eventos.\",\"view_more_link\":\"https:\\\/\\\/umcoletivo.pt\\\/es\\\/agenda\\\/\",\"widget_title\":\"\",\"hide_if_no_upcoming_events\":false,\"display\":{\"cost\":false,\"venue\":false,\"street\":false,\"city\":false,\"region\":false,\"zip\":false,\"country\":false,\"phone\":false,\"organizer\":false,\"website\":false},\"subscribe_links\":{\"gcal\":{\"label\":\"Google Calendar\",\"single_label\":\"A\\u00f1adir a Google Calendar\",\"visible\":true,\"block_slug\":\"hasGoogleCalendar\"},\"ical\":{\"label\":\"iCalendar\",\"single_label\":\"Agregar a iCalendar\",\"visible\":true,\"block_slug\":\"hasiCal\"},\"outlook-365\":{\"label\":\"Outlook 365\",\"single_label\":\"Outlook 365\",\"visible\":true,\"block_slug\":\"hasOutlook365\"},\"outlook-live\":{\"label\":\"Outlook Live\",\"single_label\":\"Outlook Live\",\"visible\":true,\"block_slug\":\"hasOutlookLive\"},\"ics\":{\"label\":\"Exportar archivo .ics\",\"single_label\":\"Exportar archivo .ics\",\"visible\":true,\"block_slug\":null},\"outlook-ics\":{\"label\":\"Exportar archivo .ics de Outlook\",\"single_label\":\"Exportar archivo .ics de Outlook\",\"visible\":true,\"block_slug\":null}},\"display_recurring_toggle\":false,\"_context\":{\"slug\":\"widget-events-list\"}}<\/script>\n\n\t\t\t\n\t\t\t\n\t\t\t\t<div  class=\"tribe-events-header__messages tribe-events-c-messages tribe-common-b2\"  >\n\t\t\t<div class=\"tribe-events-c-messages__message tribe-events-c-messages__message--notice\" tabindex=\"0\" role=\"alert\" aria-live=\"assertive\">\n\t\t\t<svg\n\t class=\"tribe-common-c-svgicon tribe-common-c-svgicon--messages-not-found tribe-events-c-messages__message-icon-svg\" \taria-hidden=\"true\"\n\tviewbox=\"0 0 21 23\"\n\txmlns=\"http:\/\/www.w3.org\/2000\/svg\"\n>\n\t<g fill-rule=\"evenodd\">\n\t\t<path d=\"M.5 2.5h20v20H.5z\"\/>\n\t\t<path stroke-linecap=\"round\" d=\"M7.583 11.583l5.834 5.834m0-5.834l-5.834 5.834\" class=\"tribe-common-c-svgicon__svg-stroke\"\/>\n\t\t<path stroke-linecap=\"round\" d=\"M4.5.5v4m12-4v4\"\/>\n\t\t<path stroke-linecap=\"square\" d=\"M.5 7.5h20\"\/>\n\t<\/g>\n<\/svg>\n<span class=\"tribe-common-a11y-visual-hide\">\n\tAdvertencia<\/span>\n\t\t\t\t\t\t\t<div\n\t\t\t\t\t data-key=\"0\" >\n\t\t\t\t\tNo hay actos programados.\t\t\t\t<\/div>\n\t\t\t\t\t<\/div>\n\t<\/div>\n\n\t\t\t\t\t<\/div>\n\t<\/div>\n<\/div>\n<script data-js='tribe-events-view-nonce-data' type='application\/json'>{\"tvn1\":\"9ec65f5a22\",\"tvn2\":\"\"}<\/script>\n<\/div><\/div><\/div><\/div><\/div><\/div><script id=\"script-row-unique-5\" data-row=\"script-row-unique-5\" type=\"text\/javascript\" class=\"vc_controls\">UNCODE.initRow(document.getElementById(\"row-unique-5\"));<\/script><\/div><\/div><\/div>\n<\/div>","protected":false},"excerpt":{"rendered":"F de Fiama &#8211; Mariana PinedaSinopseMariana Pineda, encena\u00e7\u00e3o de Fiama Hasse Pais Brand\u00e3o a partir do texto hom\u00f3nimo de Frederico [...]","protected":false},"author":1,"featured_media":0,"parent":0,"menu_order":0,"comment_status":"closed","ping_status":"closed","template":"","meta":{"footnotes":""},"class_list":["post-40","page","type-page","status-publish","hentry"],"yoast_head":"<!-- This site is optimized with the Yoast SEO plugin v25.6 - https:\/\/yoast.com\/wordpress\/plugins\/seo\/ -->\n<title>Um Coletivo<\/title>\n<meta name=\"description\" content=\"UMCOLETIVO \u00e9 uma Associa\u00e7\u00e3o Cultural, fundada em 2013, que desenvolve atividades no \u00e2mbito da cria\u00e7\u00e3o art\u00edstica, tendo como eixos a rela\u00e7\u00e3o com o territ\u00f3rio, a explora\u00e7\u00e3o pl\u00e1stica da palavra e a convoca\u00e7\u00e3o do p\u00fablico para o epicentro do objeto art\u00edstico \u2013 onde transversalmente se encontra uma ideia de reescrita, de tempo real e de voz.\" \/>\n<meta name=\"robots\" content=\"index, follow, max-snippet:-1, max-image-preview:large, max-video-preview:-1\" \/>\n<link rel=\"canonical\" href=\"https:\/\/umcoletivo.pt\/es\/\" \/>\n<meta property=\"og:locale\" content=\"es_ES\" \/>\n<meta property=\"og:type\" content=\"article\" \/>\n<meta property=\"og:title\" content=\"Um Coletivo\" \/>\n<meta property=\"og:description\" content=\"UMCOLETIVO \u00e9 uma Associa\u00e7\u00e3o Cultural, fundada em 2013, que desenvolve atividades no \u00e2mbito da cria\u00e7\u00e3o art\u00edstica, tendo como eixos a rela\u00e7\u00e3o com o territ\u00f3rio, a explora\u00e7\u00e3o pl\u00e1stica da palavra e a convoca\u00e7\u00e3o do p\u00fablico para o epicentro do objeto art\u00edstico \u2013 onde transversalmente se encontra uma ideia de reescrita, de tempo real e de voz.\" \/>\n<meta property=\"og:url\" content=\"https:\/\/umcoletivo.pt\/es\/\" \/>\n<meta property=\"og:site_name\" content=\"Um Coletivo\" \/>\n<meta property=\"article:publisher\" content=\"https:\/\/www.facebook.com\/umcoletivo\" \/>\n<meta property=\"article:modified_time\" content=\"2026-02-11T15:44:08+00:00\" \/>\n<meta property=\"og:image\" content=\"https:\/\/umcoletivo.pt\/wp-content\/uploads\/2024\/03\/header.jpg\" \/>\n\t<meta property=\"og:image:width\" content=\"1439\" \/>\n\t<meta property=\"og:image:height\" content=\"960\" \/>\n\t<meta property=\"og:image:type\" content=\"image\/jpeg\" \/>\n<meta name=\"twitter:card\" content=\"summary_large_image\" \/>\n<meta name=\"twitter:label1\" content=\"Tiempo de lectura\" \/>\n\t<meta name=\"twitter:data1\" content=\"1 minuto\" \/>\n<script type=\"application\/ld+json\" class=\"yoast-schema-graph\">{\"@context\":\"https:\/\/schema.org\",\"@graph\":[{\"@type\":\"WebPage\",\"@id\":\"https:\/\/umcoletivo.pt\/\",\"url\":\"https:\/\/umcoletivo.pt\/\",\"name\":\"Um Coletivo\",\"isPartOf\":{\"@id\":\"https:\/\/umcoletivo.pt\/#website\"},\"datePublished\":\"2024-03-10T11:02:24+00:00\",\"dateModified\":\"2026-02-11T15:44:08+00:00\",\"description\":\"UMCOLETIVO \u00e9 uma Associa\u00e7\u00e3o Cultural, fundada em 2013, que desenvolve atividades no \u00e2mbito da cria\u00e7\u00e3o art\u00edstica, tendo como eixos a rela\u00e7\u00e3o com o territ\u00f3rio, a explora\u00e7\u00e3o pl\u00e1stica da palavra e a convoca\u00e7\u00e3o do p\u00fablico para o epicentro do objeto art\u00edstico \u2013 onde transversalmente se encontra uma ideia de reescrita, de tempo real e de voz.\",\"breadcrumb\":{\"@id\":\"https:\/\/umcoletivo.pt\/#breadcrumb\"},\"inLanguage\":\"es\",\"potentialAction\":[{\"@type\":\"ReadAction\",\"target\":[\"https:\/\/umcoletivo.pt\/\"]}]},{\"@type\":\"BreadcrumbList\",\"@id\":\"https:\/\/umcoletivo.pt\/#breadcrumb\",\"itemListElement\":[{\"@type\":\"ListItem\",\"position\":1,\"name\":\"In\u00edcio\",\"item\":\"https:\/\/umcoletivo.pt\/\"},{\"@type\":\"ListItem\",\"position\":2,\"name\":\"Home\"}]},{\"@type\":\"WebSite\",\"@id\":\"https:\/\/umcoletivo.pt\/#website\",\"url\":\"https:\/\/umcoletivo.pt\/\",\"name\":\"Um Coletivo\",\"description\":\"\",\"publisher\":{\"@id\":\"https:\/\/umcoletivo.pt\/#organization\"},\"potentialAction\":[{\"@type\":\"SearchAction\",\"target\":{\"@type\":\"EntryPoint\",\"urlTemplate\":\"https:\/\/umcoletivo.pt\/?s={search_term_string}\"},\"query-input\":{\"@type\":\"PropertyValueSpecification\",\"valueRequired\":true,\"valueName\":\"search_term_string\"}}],\"inLanguage\":\"es\"},{\"@type\":\"Organization\",\"@id\":\"https:\/\/umcoletivo.pt\/#organization\",\"name\":\"Um Coletivo\",\"url\":\"https:\/\/umcoletivo.pt\/\",\"logo\":{\"@type\":\"ImageObject\",\"inLanguage\":\"es\",\"@id\":\"https:\/\/umcoletivo.pt\/#\/schema\/logo\/image\/\",\"url\":\"https:\/\/umcoletivo.pt\/wp-content\/uploads\/2024\/03\/UMCOLETIVO.png\",\"contentUrl\":\"https:\/\/umcoletivo.pt\/wp-content\/uploads\/2024\/03\/UMCOLETIVO.png\",\"width\":1210,\"height\":383,\"caption\":\"Um Coletivo\"},\"image\":{\"@id\":\"https:\/\/umcoletivo.pt\/#\/schema\/logo\/image\/\"},\"sameAs\":[\"https:\/\/www.facebook.com\/umcoletivo\"]}]}<\/script>\n<!-- \/ Yoast SEO plugin. -->","yoast_head_json":{"title":"Un colectivo","description":"UMCOLETIVO es una asociaci\u00f3n cultural fundada en 2013 que desarrolla actividades en el \u00e1mbito de la creaci\u00f3n art\u00edstica, centr\u00e1ndose en la relaci\u00f3n con el territorio, la exploraci\u00f3n pl\u00e1stica de la palabra y la convocatoria del p\u00fablico al epicentro del objeto art\u00edstico -donde la idea de reescritura, tiempo real y voz se encuentran transversalmente-.","robots":{"index":"index","follow":"follow","max-snippet":"max-snippet:-1","max-image-preview":"max-image-preview:large","max-video-preview":"max-video-preview:-1"},"canonical":"https:\/\/umcoletivo.pt\/es\/","og_locale":"es_ES","og_type":"article","og_title":"Um Coletivo","og_description":"UMCOLETIVO \u00e9 uma Associa\u00e7\u00e3o Cultural, fundada em 2013, que desenvolve atividades no \u00e2mbito da cria\u00e7\u00e3o art\u00edstica, tendo como eixos a rela\u00e7\u00e3o com o territ\u00f3rio, a explora\u00e7\u00e3o pl\u00e1stica da palavra e a convoca\u00e7\u00e3o do p\u00fablico para o epicentro do objeto art\u00edstico \u2013 onde transversalmente se encontra uma ideia de reescrita, de tempo real e de voz.","og_url":"https:\/\/umcoletivo.pt\/es\/","og_site_name":"Um Coletivo","article_publisher":"https:\/\/www.facebook.com\/umcoletivo","article_modified_time":"2026-02-11T15:44:08+00:00","og_image":[{"width":1439,"height":960,"url":"https:\/\/umcoletivo.pt\/wp-content\/uploads\/2024\/03\/header.jpg","type":"image\/jpeg"}],"twitter_card":"summary_large_image","twitter_misc":{"Tiempo de lectura":"1 minuto"},"schema":{"@context":"https:\/\/schema.org","@graph":[{"@type":"WebPage","@id":"https:\/\/umcoletivo.pt\/","url":"https:\/\/umcoletivo.pt\/","name":"Un colectivo","isPartOf":{"@id":"https:\/\/umcoletivo.pt\/#website"},"datePublished":"2024-03-10T11:02:24+00:00","dateModified":"2026-02-11T15:44:08+00:00","description":"UMCOLETIVO es una asociaci\u00f3n cultural fundada en 2013 que desarrolla actividades en el \u00e1mbito de la creaci\u00f3n art\u00edstica, centr\u00e1ndose en la relaci\u00f3n con el territorio, la exploraci\u00f3n pl\u00e1stica de la palabra y la convocatoria del p\u00fablico al epicentro del objeto art\u00edstico -donde la idea de reescritura, tiempo real y voz se encuentran transversalmente-.","breadcrumb":{"@id":"https:\/\/umcoletivo.pt\/#breadcrumb"},"inLanguage":"es","potentialAction":[{"@type":"ReadAction","target":["https:\/\/umcoletivo.pt\/"]}]},{"@type":"BreadcrumbList","@id":"https:\/\/umcoletivo.pt\/#breadcrumb","itemListElement":[{"@type":"ListItem","position":1,"name":"In\u00edcio","item":"https:\/\/umcoletivo.pt\/"},{"@type":"ListItem","position":2,"name":"Home"}]},{"@type":"WebSite","@id":"https:\/\/umcoletivo.pt\/#website","url":"https:\/\/umcoletivo.pt\/","name":"Un colectivo","description":"","publisher":{"@id":"https:\/\/umcoletivo.pt\/#organization"},"potentialAction":[{"@type":"SearchAction","target":{"@type":"EntryPoint","urlTemplate":"https:\/\/umcoletivo.pt\/?s={search_term_string}"},"query-input":{"@type":"PropertyValueSpecification","valueRequired":true,"valueName":"search_term_string"}}],"inLanguage":"es"},{"@type":"Organization","@id":"https:\/\/umcoletivo.pt\/#organization","name":"Un colectivo","url":"https:\/\/umcoletivo.pt\/","logo":{"@type":"ImageObject","inLanguage":"es","@id":"https:\/\/umcoletivo.pt\/#\/schema\/logo\/image\/","url":"https:\/\/umcoletivo.pt\/wp-content\/uploads\/2024\/03\/UMCOLETIVO.png","contentUrl":"https:\/\/umcoletivo.pt\/wp-content\/uploads\/2024\/03\/UMCOLETIVO.png","width":1210,"height":383,"caption":"Um Coletivo"},"image":{"@id":"https:\/\/umcoletivo.pt\/#\/schema\/logo\/image\/"},"sameAs":["https:\/\/www.facebook.com\/umcoletivo"]}]}},"_links":{"self":[{"href":"https:\/\/umcoletivo.pt\/es\/wp-json\/wp\/v2\/pages\/40","targetHints":{"allow":["GET"]}}],"collection":[{"href":"https:\/\/umcoletivo.pt\/es\/wp-json\/wp\/v2\/pages"}],"about":[{"href":"https:\/\/umcoletivo.pt\/es\/wp-json\/wp\/v2\/types\/page"}],"author":[{"embeddable":true,"href":"https:\/\/umcoletivo.pt\/es\/wp-json\/wp\/v2\/users\/1"}],"replies":[{"embeddable":true,"href":"https:\/\/umcoletivo.pt\/es\/wp-json\/wp\/v2\/comments?post=40"}],"version-history":[{"count":0,"href":"https:\/\/umcoletivo.pt\/es\/wp-json\/wp\/v2\/pages\/40\/revisions"}],"wp:attachment":[{"href":"https:\/\/umcoletivo.pt\/es\/wp-json\/wp\/v2\/media?parent=40"}],"curies":[{"name":"wp","href":"https:\/\/api.w.org\/{rel}","templated":true}]}}