{"id":665,"date":"2024-03-12T15:42:41","date_gmt":"2024-03-12T15:42:41","guid":{"rendered":"https:\/\/umcoletivo.pt\/?page_id=665"},"modified":"2025-02-04T12:02:18","modified_gmt":"2025-02-04T12:02:18","slug":"sobre-nos","status":"publish","type":"page","link":"https:\/\/umcoletivo.pt\/es\/sobre-nos\/","title":{"rendered":"Qui\u00e9nes somos"},"content":{"rendered":"<div class=\"wpb-content-wrapper\"><div data-parent=\"true\" class=\"vc_row row-container\" id=\"row-unique-0\"><div class=\"row-background background-element\">\n\t\t\t\t\t\t\t\t\t\t\t<div class=\"background-wrapper\">\n\t\t\t\t\t\t\t\t\t\t\t\t<div class=\"background-inner\" style=\"background-image: url(https:\/\/umcoletivo.pt\/wp-content\/uploads\/2025\/02\/Mil-e-uma-noites-UMCOLETIVO_Figueira-da-Foz_Creditos-Rafael-Farias-93.jpg);background-repeat: no-repeat;background-position: center center;background-attachment: scroll;background-size: cover;\"><\/div>\n\t\t\t\t\t\t\t\t\t\t\t\t\n\t\t\t\t\t\t\t\t\t\t\t<\/div>\n\t\t\t\t\t\t\t\t\t\t<\/div><div class=\"row no-top-padding single-bottom-padding no-h-padding full-width row-parent\" data-height-ratio=\"70\"><div class=\"wpb_row row-inner\"><div class=\"wpb_column pos-top pos-center align_left column_parent col-lg-12 single-internal-gutter\"><div class=\"uncol style-light\"  ><div class=\"uncoltable\"><div class=\"uncell no-block-padding\" ><div class=\"uncont\" ><\/div><\/div><\/div><\/div><\/div><script id=\"script-row-unique-0\" data-row=\"script-row-unique-0\" type=\"text\/javascript\" class=\"vc_controls\">UNCODE.initRow(document.getElementById(\"row-unique-0\"));<\/script><\/div><\/div><\/div><div data-parent=\"true\" class=\"vc_row row-container\" id=\"row-unique-1\"><div class=\"row double-top-padding single-bottom-padding single-h-padding limit-width row-parent\"><div class=\"wpb_row row-inner\"><div class=\"wpb_column pos-top pos-center align_left column_parent col-lg-12 single-internal-gutter\"><div class=\"uncol style-light\"  ><div class=\"uncoltable\"><div class=\"uncell no-block-padding\" ><div class=\"uncont\" ><div class=\"vc_custom_heading_wrap\"><div class=\"heading-text el-text\" ><h1 class=\"h1 text-uppercase\" ><span>Qui\u00e9nes somos<\/span><\/h1><hr class=\"separator-break separator-accent\" \/><\/div><div class=\"clear\"><\/div><\/div><div class=\"uncode_text_column justiy-text\" ><p><strong>UN COLECTIVO<\/strong> es una Asociaci\u00f3n Cultural, fundada en 2013, que desarrolla actividades en el \u00e1mbito de la creaci\u00f3n art\u00edstica, basadas en la relaci\u00f3n con el territorio, la exploraci\u00f3n pl\u00e1stica de la palabra y la convocatoria del p\u00fablico al epicentro del objeto art\u00edstico -donde la idea de reescritura, tiempo real y voz se encuentran transversalmente-.<\/p>\n<\/div><div class=\"uncode_text_column justiy-text\" ><p>Despu\u00e9s de desarrollar una fuerte relaci\u00f3n con Elvas, donde estuvimos instalados hasta 2022, fuimos responsables de muchas de las actividades desarrolladas en la ciudad, a saber, \"ACTO - Festa do Teatro em Elvas\" y \"A Salto - Tomada Art\u00edstica da Cidade de Elvas\". Tambi\u00e9n desarrollamos un proyecto piloto en la Escuela Primaria de Vila Boim con el apoyo cient\u00edfico de la artista e investigadora Simone Donatelli, a trav\u00e9s de un protocolo con la ANP y la OEI.<\/p>\n<p>En 2022, el <strong>UN COLECTIVO<\/strong> decidi\u00f3 seguir un nuevo camino, llevando su arte al Convento de Santa Clara de Portalegre, donde actualmente tiene su sede junto con el Teatro del Convento.<\/p>\n<p>Nuestros proyectos creativos buscan cada vez m\u00e1s la simbiosis con los vectores de desarrollo de nuevos p\u00fablicos y programaci\u00f3n. Entendemos el espacio de construcci\u00f3n art\u00edstica como un lugar compartido, horizontal y abierto - un invernadero de afecto y democracia, donde somos meticulosos en la exploraci\u00f3n de ideas y el planteamiento de preguntas.<\/p>\n<p>Anclados en la idea de construir una reciprocidad art\u00edstica y afectiva dentro y entre los territorios de Portalegre y Elvas, trabajamos continuamente con las escuelas rurales del Grupo Escolar Jos\u00e9 R\u00e9gio para desarrollar competencias art\u00edsticas en t\u00e9rminos de fruici\u00f3n y creaci\u00f3n entre los alumnos, profesores y personal de esta comunidad educativa.<\/p>\n<p>Tambi\u00e9n colaboramos con S\u00edlaba Din\u00e2mica en el desarrollo del proyecto LUNGO DROM, que pretende tender un puente entre la comunidad gitana y la sociedad mayoritaria mediante la creaci\u00f3n de un Museo N\u00f3mada, con el apoyo de Gulbenkian y La Caixa a trav\u00e9s del programa PARTIS &amp; Art for Change.<\/p>\n<\/div><\/div><\/div><\/div><\/div><\/div><script id=\"script-row-unique-1\" data-row=\"script-row-unique-1\" type=\"text\/javascript\" class=\"vc_controls\">UNCODE.initRow(document.getElementById(\"row-unique-1\"));<\/script><\/div><\/div><\/div><div data-parent=\"true\" class=\"vc_row row-container\" id=\"row-unique-2\"><div class=\"row col-no-gutter no-top-padding no-bottom-padding no-h-padding full-width row-parent\"><div class=\"wpb_row row-inner\"><div class=\"wpb_column pos-middle pos-center align_left column_parent col-lg-12 no-padding no-internal-gutter\"><div class=\"uncol style-light\"  ><div class=\"uncoltable\"><div class=\"uncell single-block-padding style-color-jevc-bg\" ><div class=\"uncont\" ><div class=\"uncode-single-media  text-center\"><div class=\"single-wrapper\" style=\"max-width: 500px;\"><div class=\"tmb tmb-light  tmb-media-first tmb-media-last tmb-content-overlay tmb-no-bg\"><div class=\"t-inside\"><div class=\"t-entry-visual\"><div class=\"t-entry-visual-tc\"><div class=\"uncode-single-media-wrapper\"><img decoding=\"async\" class=\"wp-image-622\" src=\"https:\/\/umcoletivo.pt\/wp-content\/uploads\/2024\/03\/Penelope-4.jpg\" width=\"1024\" height=\"682\" alt=\"Penelope\" srcset=\"https:\/\/umcoletivo.pt\/wp-content\/uploads\/2024\/03\/Penelope-4.jpg 1024w, https:\/\/umcoletivo.pt\/wp-content\/uploads\/2024\/03\/Penelope-4-300x200.jpg 300w, https:\/\/umcoletivo.pt\/wp-content\/uploads\/2024\/03\/Penelope-4-768x512.jpg 768w, https:\/\/umcoletivo.pt\/wp-content\/uploads\/2024\/03\/Penelope-4-350x233.jpg 350w\" sizes=\"(max-width: 1024px) 100vw, 1024px\" \/><\/div>\n\t\t\t\t\t<\/div>\n\t\t\t\t<\/div><\/div><\/div><\/div><\/div><\/div><\/div><\/div><\/div><\/div><script id=\"script-row-unique-2\" data-row=\"script-row-unique-2\" type=\"text\/javascript\" class=\"vc_controls\">UNCODE.initRow(document.getElementById(\"row-unique-2\"));<\/script><\/div><\/div><\/div><div data-parent=\"true\" class=\"vc_row row-container\" id=\"row-unique-3\"><div class=\"row limit-width row-parent\"><div class=\"wpb_row row-inner\"><div class=\"wpb_column pos-top pos-center align_left column_parent col-lg-12 single-internal-gutter\"><div class=\"uncol style-light\"  ><div class=\"uncoltable\"><div class=\"uncell no-block-padding\" ><div class=\"uncont\" ><div class=\"uncode_text_column\" ><p>En cuanto a nuestras creaciones, destacan las siguientes:<\/p>\n<\/div><div class=\"uncode-wrapper uncode-list\" >\n<ul class=\"icons\">\n<li><i class=\"fa fa-certificate text-color-122666-color\"><\/i><strong>Inercia<\/strong> (2015 - del texto in\u00e9dito de Fernando Pessoa)<\/li>\n<li><i class=\"fa fa-certificate text-color-122666-color\"><\/i><strong>Tres hermanas<\/strong> (2016 - Premios TIME OUT Lisboa al Mejor Espect\u00e1culo y a la Mejor Actriz)<\/li>\n<li><i class=\"fa fa-certificate text-color-122666-color\"><\/i><strong>Tormenta<\/strong> (2019 - invitado por CCB - F\u00e1brica das Artes)<\/li>\n<li><i class=\"fa fa-certificate text-color-122666-color\"><\/i><strong>Las mil y una noches<\/strong> (2022 - 2026 - Proyecto Slack basado en la escritura femenina del siglo XX)<\/li>\n<li><i class=\"fa fa-certificate text-color-122666-color\"><\/i><strong>Armada Invencible<\/strong> (2023 - coproducci\u00f3n con el Teatro Municipal de S\u00e3o Luiz, CAE Portalegre y RTP2)<\/li>\n<li><i class=\"fa fa-certificate text-color-122666-color\"><\/i><strong>Pen\u00e9lope<\/strong> (2023 - coproducci\u00f3n con el CAE Portalegre y el Teatro Nacional Dona Maria II)<\/li>\n<\/ul>\n<\/div><\/div><\/div><\/div><\/div><\/div><script id=\"script-row-unique-3\" data-row=\"script-row-unique-3\" type=\"text\/javascript\" class=\"vc_controls\">UNCODE.initRow(document.getElementById(\"row-unique-3\"));<\/script><\/div><\/div><\/div>\n<\/div>","protected":false},"excerpt":{"rendered":"Sobre nosotrosUMCOLETIVO es una asociaci\u00f3n cultural fundada en 2013 que desarrolla actividades en el \u00e1mbito de la creaci\u00f3n art\u00edstica, centradas [...]","protected":false},"author":1,"featured_media":0,"parent":0,"menu_order":0,"comment_status":"closed","ping_status":"closed","template":"","meta":{"footnotes":""},"class_list":["post-665","page","type-page","status-publish","hentry"],"yoast_head":"<!-- This site is optimized with the Yoast SEO plugin v25.6 - https:\/\/yoast.com\/wordpress\/plugins\/seo\/ -->\n<title>Sobre N\u00f3s - Um Coletivo<\/title>\n<meta name=\"robots\" content=\"index, follow, max-snippet:-1, max-image-preview:large, max-video-preview:-1\" \/>\n<link rel=\"canonical\" href=\"https:\/\/umcoletivo.pt\/es\/sobre-nos\/\" \/>\n<meta property=\"og:locale\" content=\"es_ES\" \/>\n<meta property=\"og:type\" content=\"article\" \/>\n<meta property=\"og:title\" content=\"Sobre N\u00f3s - Um Coletivo\" \/>\n<meta property=\"og:url\" content=\"https:\/\/umcoletivo.pt\/es\/sobre-nos\/\" \/>\n<meta property=\"og:site_name\" content=\"Um Coletivo\" \/>\n<meta property=\"article:publisher\" content=\"https:\/\/www.facebook.com\/umcoletivo\" \/>\n<meta property=\"article:modified_time\" content=\"2025-02-04T12:02:18+00:00\" \/>\n<meta name=\"twitter:card\" content=\"summary_large_image\" \/>\n<meta name=\"twitter:label1\" content=\"Tiempo de lectura\" \/>\n\t<meta name=\"twitter:data1\" content=\"3 minutos\" \/>\n<script type=\"application\/ld+json\" class=\"yoast-schema-graph\">{\"@context\":\"https:\/\/schema.org\",\"@graph\":[{\"@type\":\"WebPage\",\"@id\":\"https:\/\/umcoletivo.pt\/sobre-nos\/\",\"url\":\"https:\/\/umcoletivo.pt\/sobre-nos\/\",\"name\":\"Sobre N\u00f3s - Um Coletivo\",\"isPartOf\":{\"@id\":\"https:\/\/umcoletivo.pt\/#website\"},\"datePublished\":\"2024-03-12T15:42:41+00:00\",\"dateModified\":\"2025-02-04T12:02:18+00:00\",\"breadcrumb\":{\"@id\":\"https:\/\/umcoletivo.pt\/sobre-nos\/#breadcrumb\"},\"inLanguage\":\"es\",\"potentialAction\":[{\"@type\":\"ReadAction\",\"target\":[\"https:\/\/umcoletivo.pt\/sobre-nos\/\"]}]},{\"@type\":\"BreadcrumbList\",\"@id\":\"https:\/\/umcoletivo.pt\/sobre-nos\/#breadcrumb\",\"itemListElement\":[{\"@type\":\"ListItem\",\"position\":1,\"name\":\"In\u00edcio\",\"item\":\"https:\/\/umcoletivo.pt\/\"},{\"@type\":\"ListItem\",\"position\":2,\"name\":\"Sobre N\u00f3s\"}]},{\"@type\":\"WebSite\",\"@id\":\"https:\/\/umcoletivo.pt\/#website\",\"url\":\"https:\/\/umcoletivo.pt\/\",\"name\":\"Um Coletivo\",\"description\":\"\",\"publisher\":{\"@id\":\"https:\/\/umcoletivo.pt\/#organization\"},\"potentialAction\":[{\"@type\":\"SearchAction\",\"target\":{\"@type\":\"EntryPoint\",\"urlTemplate\":\"https:\/\/umcoletivo.pt\/?s={search_term_string}\"},\"query-input\":{\"@type\":\"PropertyValueSpecification\",\"valueRequired\":true,\"valueName\":\"search_term_string\"}}],\"inLanguage\":\"es\"},{\"@type\":\"Organization\",\"@id\":\"https:\/\/umcoletivo.pt\/#organization\",\"name\":\"Um Coletivo\",\"url\":\"https:\/\/umcoletivo.pt\/\",\"logo\":{\"@type\":\"ImageObject\",\"inLanguage\":\"es\",\"@id\":\"https:\/\/umcoletivo.pt\/#\/schema\/logo\/image\/\",\"url\":\"https:\/\/umcoletivo.pt\/wp-content\/uploads\/2024\/03\/UMCOLETIVO.png\",\"contentUrl\":\"https:\/\/umcoletivo.pt\/wp-content\/uploads\/2024\/03\/UMCOLETIVO.png\",\"width\":1210,\"height\":383,\"caption\":\"Um Coletivo\"},\"image\":{\"@id\":\"https:\/\/umcoletivo.pt\/#\/schema\/logo\/image\/\"},\"sameAs\":[\"https:\/\/www.facebook.com\/umcoletivo\"]}]}<\/script>\n<!-- \/ Yoast SEO plugin. -->","yoast_head_json":{"title":"Sobre nosotros - Un colectivo","robots":{"index":"index","follow":"follow","max-snippet":"max-snippet:-1","max-image-preview":"max-image-preview:large","max-video-preview":"max-video-preview:-1"},"canonical":"https:\/\/umcoletivo.pt\/es\/sobre-nos\/","og_locale":"es_ES","og_type":"article","og_title":"Sobre N\u00f3s - Um Coletivo","og_url":"https:\/\/umcoletivo.pt\/es\/sobre-nos\/","og_site_name":"Um Coletivo","article_publisher":"https:\/\/www.facebook.com\/umcoletivo","article_modified_time":"2025-02-04T12:02:18+00:00","twitter_card":"summary_large_image","twitter_misc":{"Tiempo de lectura":"3 minutos"},"schema":{"@context":"https:\/\/schema.org","@graph":[{"@type":"WebPage","@id":"https:\/\/umcoletivo.pt\/sobre-nos\/","url":"https:\/\/umcoletivo.pt\/sobre-nos\/","name":"Sobre nosotros - Un colectivo","isPartOf":{"@id":"https:\/\/umcoletivo.pt\/#website"},"datePublished":"2024-03-12T15:42:41+00:00","dateModified":"2025-02-04T12:02:18+00:00","breadcrumb":{"@id":"https:\/\/umcoletivo.pt\/sobre-nos\/#breadcrumb"},"inLanguage":"es","potentialAction":[{"@type":"ReadAction","target":["https:\/\/umcoletivo.pt\/sobre-nos\/"]}]},{"@type":"BreadcrumbList","@id":"https:\/\/umcoletivo.pt\/sobre-nos\/#breadcrumb","itemListElement":[{"@type":"ListItem","position":1,"name":"In\u00edcio","item":"https:\/\/umcoletivo.pt\/"},{"@type":"ListItem","position":2,"name":"Sobre N\u00f3s"}]},{"@type":"WebSite","@id":"https:\/\/umcoletivo.pt\/#website","url":"https:\/\/umcoletivo.pt\/","name":"Un colectivo","description":"","publisher":{"@id":"https:\/\/umcoletivo.pt\/#organization"},"potentialAction":[{"@type":"SearchAction","target":{"@type":"EntryPoint","urlTemplate":"https:\/\/umcoletivo.pt\/?s={search_term_string}"},"query-input":{"@type":"PropertyValueSpecification","valueRequired":true,"valueName":"search_term_string"}}],"inLanguage":"es"},{"@type":"Organization","@id":"https:\/\/umcoletivo.pt\/#organization","name":"Un colectivo","url":"https:\/\/umcoletivo.pt\/","logo":{"@type":"ImageObject","inLanguage":"es","@id":"https:\/\/umcoletivo.pt\/#\/schema\/logo\/image\/","url":"https:\/\/umcoletivo.pt\/wp-content\/uploads\/2024\/03\/UMCOLETIVO.png","contentUrl":"https:\/\/umcoletivo.pt\/wp-content\/uploads\/2024\/03\/UMCOLETIVO.png","width":1210,"height":383,"caption":"Um Coletivo"},"image":{"@id":"https:\/\/umcoletivo.pt\/#\/schema\/logo\/image\/"},"sameAs":["https:\/\/www.facebook.com\/umcoletivo"]}]}},"_links":{"self":[{"href":"https:\/\/umcoletivo.pt\/es\/wp-json\/wp\/v2\/pages\/665","targetHints":{"allow":["GET"]}}],"collection":[{"href":"https:\/\/umcoletivo.pt\/es\/wp-json\/wp\/v2\/pages"}],"about":[{"href":"https:\/\/umcoletivo.pt\/es\/wp-json\/wp\/v2\/types\/page"}],"author":[{"embeddable":true,"href":"https:\/\/umcoletivo.pt\/es\/wp-json\/wp\/v2\/users\/1"}],"replies":[{"embeddable":true,"href":"https:\/\/umcoletivo.pt\/es\/wp-json\/wp\/v2\/comments?post=665"}],"version-history":[{"count":0,"href":"https:\/\/umcoletivo.pt\/es\/wp-json\/wp\/v2\/pages\/665\/revisions"}],"wp:attachment":[{"href":"https:\/\/umcoletivo.pt\/es\/wp-json\/wp\/v2\/media?parent=665"}],"curies":[{"name":"wp","href":"https:\/\/api.w.org\/{rel}","templated":true}]}}