{"id":1150,"date":"2025-02-04T12:31:52","date_gmt":"2025-02-04T12:31:52","guid":{"rendered":"https:\/\/umcoletivo.pt\/?post_type=portfolio&#038;p=1150"},"modified":"2025-02-04T12:31:52","modified_gmt":"2025-02-04T12:31:52","slug":"a-vida-pelo-mundo-em-pedacos-2","status":"publish","type":"portfolio","link":"https:\/\/umcoletivo.pt\/es\/projeto\/a-vida-pelo-mundo-em-pedacos-2\/","title":{"rendered":"La vuelta al mundo en pedazos"},"content":{"rendered":"<div class=\"wpb-content-wrapper\"><div data-parent=\"true\" class=\"vc_row style-color-jevc-bg row-container\" id=\"row-unique-0\"><div class=\"row no-top-padding single-bottom-padding no-h-padding limit-width row-parent\" data-height-ratio=\"20\"><div class=\"wpb_row row-inner\"><div class=\"wpb_column pos-top pos-center align_left column_parent col-lg-12 single-internal-gutter\"><div class=\"uncol style-light\"  ><div class=\"uncoltable\"><div class=\"uncell no-block-padding\" ><div class=\"uncont\" ><div class=\"uncode-single-media  text-center\"><div class=\"single-wrapper\" style=\"max-width: 50%;\"><div class=\"tmb tmb-light  tmb-media-first tmb-media-last tmb-content-overlay tmb-no-bg\"><div class=\"t-inside\"><div class=\"t-entry-visual\"><div class=\"t-entry-visual-tc\"><div class=\"uncode-single-media-wrapper\"><img decoding=\"async\" class=\"wp-image-1161\" src=\"https:\/\/umcoletivo.pt\/wp-content\/uploads\/2025\/02\/A-Vida-Pelo-Mundo-em-Pedacos-11-scaled.jpg\" width=\"2560\" height=\"1920\" alt=\"\" srcset=\"https:\/\/umcoletivo.pt\/wp-content\/uploads\/2025\/02\/A-Vida-Pelo-Mundo-em-Pedacos-11-scaled.jpg 2560w, https:\/\/umcoletivo.pt\/wp-content\/uploads\/2025\/02\/A-Vida-Pelo-Mundo-em-Pedacos-11-300x225.jpg 300w, https:\/\/umcoletivo.pt\/wp-content\/uploads\/2025\/02\/A-Vida-Pelo-Mundo-em-Pedacos-11-1024x768.jpg 1024w, https:\/\/umcoletivo.pt\/wp-content\/uploads\/2025\/02\/A-Vida-Pelo-Mundo-em-Pedacos-11-768x576.jpg 768w, https:\/\/umcoletivo.pt\/wp-content\/uploads\/2025\/02\/A-Vida-Pelo-Mundo-em-Pedacos-11-1536x1152.jpg 1536w, https:\/\/umcoletivo.pt\/wp-content\/uploads\/2025\/02\/A-Vida-Pelo-Mundo-em-Pedacos-11-2048x1536.jpg 2048w, https:\/\/umcoletivo.pt\/wp-content\/uploads\/2025\/02\/A-Vida-Pelo-Mundo-em-Pedacos-11-16x12.jpg 16w, https:\/\/umcoletivo.pt\/wp-content\/uploads\/2025\/02\/A-Vida-Pelo-Mundo-em-Pedacos-11-350x263.jpg 350w\" sizes=\"(max-width: 2560px) 100vw, 2560px\" \/><\/div>\n\t\t\t\t\t<\/div>\n\t\t\t\t<\/div><\/div><\/div><\/div><\/div><\/div><\/div><\/div><\/div><\/div><script id=\"script-row-unique-0\" data-row=\"script-row-unique-0\" type=\"text\/javascript\" class=\"vc_controls\">UNCODE.initRow(document.getElementById(\"row-unique-0\"));<\/script><\/div><\/div><\/div><div data-parent=\"true\" class=\"vc_row row-container\" id=\"row-unique-1\"><div class=\"row limit-width row-parent\"><div class=\"wpb_row row-inner\"><div class=\"wpb_column pos-top pos-center align_left column_parent col-lg-12 single-internal-gutter\"><div class=\"uncol style-light\"  ><div class=\"uncoltable\"><div class=\"uncell no-block-padding\" ><div class=\"uncont\" ><div class=\"vc_row row-internal row-container\"><div class=\"row row-child\"><div class=\"wpb_row row-inner\"><div class=\"wpb_column pos-top pos-center align_left column_child col-lg-7 single-internal-gutter\"><div class=\"uncol style-light\" ><div class=\"uncoltable\"><div class=\"uncell no-block-padding\" ><div class=\"uncont\" ><div class=\"vc_custom_heading_wrap\"><div class=\"heading-text el-text\" ><h1 class=\"h1\" ><span>La vuelta al mundo en pedazos<\/span><\/h1><\/div><div class=\"clear\"><\/div><\/div><div class=\"vc_custom_heading_wrap\"><div class=\"heading-text el-text\" ><h2 class=\"h2\" ><span>Sinopsis<\/span><\/h2><hr class=\"separator-break separator-accent\" \/><\/div><div class=\"clear\"><\/div><\/div><div class=\"uncode_text_column justiy-text\" ><p>La vida alrededor del mundo en pedazos\", t\u00edtulo robado de un poema de Cam\u00f5es, es un recital construido sobre las geograf\u00edas de la l\u00edrica de Cam\u00f5es. El di\u00e1logo entre las voces y el cuarteto de cuerdas del mundo es un viaje de canciones de las cuatro esquinas del globo, convocando sonoridades en las voces y las cuerdas que apuntan a la excentricidad, los amores y el genio de Lu\u00eds de Cam\u00f5es.<\/p>\n<\/div><div class=\"vc_custom_heading_wrap\"><div class=\"heading-text el-text\" ><h2 class=\"h2\" ><span>Ficha t\u00e9cnica<\/span><\/h2><hr class=\"separator-break separator-accent\" \/><\/div><div class=\"clear\"><\/div><\/div><div class=\"uncode_text_column justiy-text\" ><p><strong>Creaci\u00f3n<\/strong> - UN COLECTIVO<br \/>\n<strong>Interpretaci\u00f3n:<\/strong><br \/>\nBraima Galiss\u00e1 - Kora<br \/>\nC\u00e1tia Terrinca - voz<br \/>\nJo\u00e3o Maria Carvalho - voz y mandolina<br \/>\nMarc Planells - sitar<br \/>\nRicardo Vinhas Passos - Guzheng<br \/>\n<strong>Luz y sonido<\/strong> - Jo\u00e3o P. Nunes<\/p>\n<\/div><\/div><\/div><\/div><\/div><\/div><div class=\"wpb_column pos-top pos-center align_left column_child col-lg-5 single-internal-gutter\"><div class=\"uncol style-light\" ><div class=\"uncoltable\"><div class=\"uncell no-block-padding\" ><div class=\"uncont\" ><div id=\"gallery-194872\" class=\"un-media-gallery isotope-system isotope-general-light grid-general-light\">\n\t\t\t\t\t\n\t\n\t<div class=\"isotope-wrapper grid-wrapper single-gutter\" >\n\t\t\t\t\t\t\t\t\t<div class=\"isotope-container isotope-layout style-masonry\" data-type=\"masonry\" data-layout=\"masonry\" data-lg=\"1000\" data-md=\"600\" data-sm=\"480\">\n<div class=\"tmb tmb-iso-w4 tmb-iso-h4 tmb-light tmb-overlay-text-anim tmb-overlay-anim tmb-overlay-middle tmb-overlay-text-left tmb-image-anim tmb-bordered tmb-id-1151  tmb-media-first tmb-media-last tmb-content-overlay tmb-no-bg tmb-lightbox\" ><div class=\"t-inside no-anim\" ><div class=\"t-entry-visual\"><div class=\"t-entry-visual-tc\"><div class=\"t-entry-visual-cont\"><div class=\"dummy\" style=\"padding-top: 75%;\"><\/div><a href=\"https:\/\/umcoletivo.pt\/wp-content\/uploads\/2025\/02\/A-Vida-Pelo-Mundo-em-Pedacos-5-scaled.jpg\"  class=\"pushed\" data-active=\"1\" data-lbox=\"ilightbox_gallery-194872\" data-external-thumb-image=\"https:\/\/umcoletivo.pt\/wp-content\/uploads\/2025\/02\/A-Vida-Pelo-Mundo-em-Pedacos-5-150x150.jpg\" data-lg-size=\"2560-1920\" data-lb-index=\"0\"><div class=\"t-entry-visual-overlay\"><div class=\"t-entry-visual-overlay-in style-dark-bg\" style=\"opacity: 0.5;\"><\/div><\/div><img decoding=\"async\" class=\"wp-image-1151\" src=\"https:\/\/umcoletivo.pt\/wp-content\/uploads\/2025\/02\/A-Vida-Pelo-Mundo-em-Pedacos-5-scaled.jpg\" width=\"2560\" height=\"1920\" alt=\"\" srcset=\"https:\/\/umcoletivo.pt\/wp-content\/uploads\/2025\/02\/A-Vida-Pelo-Mundo-em-Pedacos-5-scaled.jpg 2560w, https:\/\/umcoletivo.pt\/wp-content\/uploads\/2025\/02\/A-Vida-Pelo-Mundo-em-Pedacos-5-300x225.jpg 300w, https:\/\/umcoletivo.pt\/wp-content\/uploads\/2025\/02\/A-Vida-Pelo-Mundo-em-Pedacos-5-1024x768.jpg 1024w, https:\/\/umcoletivo.pt\/wp-content\/uploads\/2025\/02\/A-Vida-Pelo-Mundo-em-Pedacos-5-768x576.jpg 768w, https:\/\/umcoletivo.pt\/wp-content\/uploads\/2025\/02\/A-Vida-Pelo-Mundo-em-Pedacos-5-1536x1152.jpg 1536w, https:\/\/umcoletivo.pt\/wp-content\/uploads\/2025\/02\/A-Vida-Pelo-Mundo-em-Pedacos-5-2048x1536.jpg 2048w, https:\/\/umcoletivo.pt\/wp-content\/uploads\/2025\/02\/A-Vida-Pelo-Mundo-em-Pedacos-5-16x12.jpg 16w, https:\/\/umcoletivo.pt\/wp-content\/uploads\/2025\/02\/A-Vida-Pelo-Mundo-em-Pedacos-5-350x263.jpg 350w\" sizes=\"(max-width: 2560px) 100vw, 2560px\" \/><\/a><\/div>\n\t\t\t\t\t<\/div>\n\t\t\t\t<\/div><\/div><\/div><div class=\"tmb tmb-iso-w4 tmb-iso-h4 tmb-light tmb-overlay-text-anim tmb-overlay-anim tmb-overlay-middle tmb-overlay-text-left tmb-image-anim tmb-bordered tmb-id-1152  tmb-media-first tmb-media-last tmb-content-overlay tmb-no-bg tmb-lightbox\" ><div class=\"t-inside no-anim\" ><div class=\"t-entry-visual\"><div class=\"t-entry-visual-tc\"><div class=\"t-entry-visual-cont\"><div class=\"dummy\" style=\"padding-top: 75%;\"><\/div><a href=\"https:\/\/umcoletivo.pt\/wp-content\/uploads\/2025\/02\/A-Vida-Pelo-Mundo-em-Pedacos-6-scaled.jpg\"  class=\"pushed\" data-active=\"1\" data-lbox=\"ilightbox_gallery-194872\" data-external-thumb-image=\"https:\/\/umcoletivo.pt\/wp-content\/uploads\/2025\/02\/A-Vida-Pelo-Mundo-em-Pedacos-6-150x150.jpg\" data-lg-size=\"2560-1920\" data-lb-index=\"1\"><div class=\"t-entry-visual-overlay\"><div class=\"t-entry-visual-overlay-in style-dark-bg\" style=\"opacity: 0.5;\"><\/div><\/div><img decoding=\"async\" class=\"wp-image-1152\" src=\"https:\/\/umcoletivo.pt\/wp-content\/uploads\/2025\/02\/A-Vida-Pelo-Mundo-em-Pedacos-6-scaled.jpg\" width=\"2560\" height=\"1920\" alt=\"\" srcset=\"https:\/\/umcoletivo.pt\/wp-content\/uploads\/2025\/02\/A-Vida-Pelo-Mundo-em-Pedacos-6-scaled.jpg 2560w, https:\/\/umcoletivo.pt\/wp-content\/uploads\/2025\/02\/A-Vida-Pelo-Mundo-em-Pedacos-6-300x225.jpg 300w, https:\/\/umcoletivo.pt\/wp-content\/uploads\/2025\/02\/A-Vida-Pelo-Mundo-em-Pedacos-6-1024x768.jpg 1024w, https:\/\/umcoletivo.pt\/wp-content\/uploads\/2025\/02\/A-Vida-Pelo-Mundo-em-Pedacos-6-768x576.jpg 768w, https:\/\/umcoletivo.pt\/wp-content\/uploads\/2025\/02\/A-Vida-Pelo-Mundo-em-Pedacos-6-1536x1152.jpg 1536w, https:\/\/umcoletivo.pt\/wp-content\/uploads\/2025\/02\/A-Vida-Pelo-Mundo-em-Pedacos-6-2048x1536.jpg 2048w, https:\/\/umcoletivo.pt\/wp-content\/uploads\/2025\/02\/A-Vida-Pelo-Mundo-em-Pedacos-6-16x12.jpg 16w, https:\/\/umcoletivo.pt\/wp-content\/uploads\/2025\/02\/A-Vida-Pelo-Mundo-em-Pedacos-6-350x263.jpg 350w\" sizes=\"(max-width: 2560px) 100vw, 2560px\" \/><\/a><\/div>\n\t\t\t\t\t<\/div>\n\t\t\t\t<\/div><\/div><\/div><div class=\"tmb tmb-iso-w4 tmb-iso-h4 tmb-light tmb-overlay-text-anim tmb-overlay-anim tmb-overlay-middle tmb-overlay-text-left tmb-image-anim tmb-bordered tmb-id-1153  tmb-media-first tmb-media-last tmb-content-overlay tmb-no-bg tmb-lightbox\" ><div class=\"t-inside no-anim\" ><div class=\"t-entry-visual\"><div class=\"t-entry-visual-tc\"><div class=\"t-entry-visual-cont\"><div class=\"dummy\" style=\"padding-top: 75%;\"><\/div><a href=\"https:\/\/umcoletivo.pt\/wp-content\/uploads\/2025\/02\/A-Vida-Pelo-Mundo-em-Pedacos-7-scaled.jpg\"  class=\"pushed\" data-active=\"1\" data-lbox=\"ilightbox_gallery-194872\" data-external-thumb-image=\"https:\/\/umcoletivo.pt\/wp-content\/uploads\/2025\/02\/A-Vida-Pelo-Mundo-em-Pedacos-7-150x150.jpg\" data-lg-size=\"2560-1920\" data-lb-index=\"2\"><div class=\"t-entry-visual-overlay\"><div class=\"t-entry-visual-overlay-in style-dark-bg\" style=\"opacity: 0.5;\"><\/div><\/div><img decoding=\"async\" class=\"wp-image-1153\" src=\"https:\/\/umcoletivo.pt\/wp-content\/uploads\/2025\/02\/A-Vida-Pelo-Mundo-em-Pedacos-7-scaled.jpg\" width=\"2560\" height=\"1920\" alt=\"\" srcset=\"https:\/\/umcoletivo.pt\/wp-content\/uploads\/2025\/02\/A-Vida-Pelo-Mundo-em-Pedacos-7-scaled.jpg 2560w, https:\/\/umcoletivo.pt\/wp-content\/uploads\/2025\/02\/A-Vida-Pelo-Mundo-em-Pedacos-7-300x225.jpg 300w, https:\/\/umcoletivo.pt\/wp-content\/uploads\/2025\/02\/A-Vida-Pelo-Mundo-em-Pedacos-7-1024x768.jpg 1024w, https:\/\/umcoletivo.pt\/wp-content\/uploads\/2025\/02\/A-Vida-Pelo-Mundo-em-Pedacos-7-768x576.jpg 768w, https:\/\/umcoletivo.pt\/wp-content\/uploads\/2025\/02\/A-Vida-Pelo-Mundo-em-Pedacos-7-1536x1152.jpg 1536w, https:\/\/umcoletivo.pt\/wp-content\/uploads\/2025\/02\/A-Vida-Pelo-Mundo-em-Pedacos-7-2048x1536.jpg 2048w, https:\/\/umcoletivo.pt\/wp-content\/uploads\/2025\/02\/A-Vida-Pelo-Mundo-em-Pedacos-7-16x12.jpg 16w, https:\/\/umcoletivo.pt\/wp-content\/uploads\/2025\/02\/A-Vida-Pelo-Mundo-em-Pedacos-7-350x263.jpg 350w\" sizes=\"(max-width: 2560px) 100vw, 2560px\" \/><\/a><\/div>\n\t\t\t\t\t<\/div>\n\t\t\t\t<\/div><\/div><\/div><div class=\"tmb tmb-iso-w4 tmb-iso-h4 tmb-light tmb-overlay-text-anim tmb-overlay-anim tmb-overlay-middle tmb-overlay-text-left tmb-image-anim tmb-bordered tmb-id-1154  tmb-media-first tmb-media-last tmb-content-overlay tmb-no-bg tmb-lightbox\" ><div class=\"t-inside no-anim\" ><div class=\"t-entry-visual\"><div class=\"t-entry-visual-tc\"><div class=\"t-entry-visual-cont\"><div class=\"dummy\" style=\"padding-top: 75%;\"><\/div><a href=\"https:\/\/umcoletivo.pt\/wp-content\/uploads\/2025\/02\/A-Vida-Pelo-Mundo-em-Pedacos-8-scaled.jpg\"  class=\"pushed\" data-active=\"1\" data-lbox=\"ilightbox_gallery-194872\" data-external-thumb-image=\"https:\/\/umcoletivo.pt\/wp-content\/uploads\/2025\/02\/A-Vida-Pelo-Mundo-em-Pedacos-8-150x150.jpg\" data-lg-size=\"2560-1920\" data-lb-index=\"3\"><div class=\"t-entry-visual-overlay\"><div class=\"t-entry-visual-overlay-in style-dark-bg\" style=\"opacity: 0.5;\"><\/div><\/div><img decoding=\"async\" class=\"wp-image-1154\" src=\"https:\/\/umcoletivo.pt\/wp-content\/uploads\/2025\/02\/A-Vida-Pelo-Mundo-em-Pedacos-8-scaled.jpg\" width=\"2560\" height=\"1920\" alt=\"\" srcset=\"https:\/\/umcoletivo.pt\/wp-content\/uploads\/2025\/02\/A-Vida-Pelo-Mundo-em-Pedacos-8-scaled.jpg 2560w, https:\/\/umcoletivo.pt\/wp-content\/uploads\/2025\/02\/A-Vida-Pelo-Mundo-em-Pedacos-8-300x225.jpg 300w, https:\/\/umcoletivo.pt\/wp-content\/uploads\/2025\/02\/A-Vida-Pelo-Mundo-em-Pedacos-8-1024x768.jpg 1024w, https:\/\/umcoletivo.pt\/wp-content\/uploads\/2025\/02\/A-Vida-Pelo-Mundo-em-Pedacos-8-768x576.jpg 768w, https:\/\/umcoletivo.pt\/wp-content\/uploads\/2025\/02\/A-Vida-Pelo-Mundo-em-Pedacos-8-1536x1152.jpg 1536w, https:\/\/umcoletivo.pt\/wp-content\/uploads\/2025\/02\/A-Vida-Pelo-Mundo-em-Pedacos-8-2048x1536.jpg 2048w, https:\/\/umcoletivo.pt\/wp-content\/uploads\/2025\/02\/A-Vida-Pelo-Mundo-em-Pedacos-8-16x12.jpg 16w, https:\/\/umcoletivo.pt\/wp-content\/uploads\/2025\/02\/A-Vida-Pelo-Mundo-em-Pedacos-8-350x263.jpg 350w\" sizes=\"(max-width: 2560px) 100vw, 2560px\" \/><\/a><\/div>\n\t\t\t\t\t<\/div>\n\t\t\t\t<\/div><\/div><\/div><div class=\"tmb tmb-iso-w4 tmb-iso-h4 tmb-light tmb-overlay-text-anim tmb-overlay-anim tmb-overlay-middle tmb-overlay-text-left tmb-image-anim tmb-bordered tmb-id-1155  tmb-media-first tmb-media-last tmb-content-overlay tmb-no-bg tmb-lightbox\" ><div class=\"t-inside no-anim\" ><div class=\"t-entry-visual\"><div class=\"t-entry-visual-tc\"><div class=\"t-entry-visual-cont\"><div class=\"dummy\" style=\"padding-top: 100%;\"><\/div><a href=\"https:\/\/umcoletivo.pt\/wp-content\/uploads\/2025\/02\/A-Vida-Pelo-Mundo-em-Pedacos-9-scaled.jpg\"  class=\"pushed\" data-active=\"1\" data-lbox=\"ilightbox_gallery-194872\" data-external-thumb-image=\"https:\/\/umcoletivo.pt\/wp-content\/uploads\/2025\/02\/A-Vida-Pelo-Mundo-em-Pedacos-9-150x150.jpg\" data-lg-size=\"2560-2560\" data-lb-index=\"4\"><div class=\"t-entry-visual-overlay\"><div class=\"t-entry-visual-overlay-in style-dark-bg\" style=\"opacity: 0.5;\"><\/div><\/div><img decoding=\"async\" class=\"wp-image-1155\" src=\"https:\/\/umcoletivo.pt\/wp-content\/uploads\/2025\/02\/A-Vida-Pelo-Mundo-em-Pedacos-9-scaled.jpg\" width=\"2560\" height=\"2560\" alt=\"\" srcset=\"https:\/\/umcoletivo.pt\/wp-content\/uploads\/2025\/02\/A-Vida-Pelo-Mundo-em-Pedacos-9-scaled.jpg 2560w, https:\/\/umcoletivo.pt\/wp-content\/uploads\/2025\/02\/A-Vida-Pelo-Mundo-em-Pedacos-9-300x300.jpg 300w, https:\/\/umcoletivo.pt\/wp-content\/uploads\/2025\/02\/A-Vida-Pelo-Mundo-em-Pedacos-9-1024x1024.jpg 1024w, https:\/\/umcoletivo.pt\/wp-content\/uploads\/2025\/02\/A-Vida-Pelo-Mundo-em-Pedacos-9-150x150.jpg 150w, https:\/\/umcoletivo.pt\/wp-content\/uploads\/2025\/02\/A-Vida-Pelo-Mundo-em-Pedacos-9-768x768.jpg 768w, https:\/\/umcoletivo.pt\/wp-content\/uploads\/2025\/02\/A-Vida-Pelo-Mundo-em-Pedacos-9-1536x1536.jpg 1536w, https:\/\/umcoletivo.pt\/wp-content\/uploads\/2025\/02\/A-Vida-Pelo-Mundo-em-Pedacos-9-2048x2048.jpg 2048w, https:\/\/umcoletivo.pt\/wp-content\/uploads\/2025\/02\/A-Vida-Pelo-Mundo-em-Pedacos-9-12x12.jpg 12w, https:\/\/umcoletivo.pt\/wp-content\/uploads\/2025\/02\/A-Vida-Pelo-Mundo-em-Pedacos-9-350x350.jpg 350w, https:\/\/umcoletivo.pt\/wp-content\/uploads\/2025\/02\/A-Vida-Pelo-Mundo-em-Pedacos-9-348x348.jpg 348w\" sizes=\"(max-width: 2560px) 100vw, 2560px\" \/><\/a><\/div>\n\t\t\t\t\t<\/div>\n\t\t\t\t<\/div><\/div><\/div><div class=\"tmb tmb-iso-w4 tmb-iso-h4 tmb-light tmb-overlay-text-anim tmb-overlay-anim tmb-overlay-middle tmb-overlay-text-left tmb-image-anim tmb-bordered tmb-id-1156  tmb-media-first tmb-media-last tmb-content-overlay tmb-no-bg tmb-lightbox\" ><div class=\"t-inside no-anim\" ><div class=\"t-entry-visual\"><div class=\"t-entry-visual-tc\"><div class=\"t-entry-visual-cont\"><div class=\"dummy\" style=\"padding-top: 100%;\"><\/div><a href=\"https:\/\/umcoletivo.pt\/wp-content\/uploads\/2025\/02\/A-Vida-Pelo-Mundo-em-Pedacos-10-scaled.jpg\"  class=\"pushed\" data-active=\"1\" data-lbox=\"ilightbox_gallery-194872\" data-external-thumb-image=\"https:\/\/umcoletivo.pt\/wp-content\/uploads\/2025\/02\/A-Vida-Pelo-Mundo-em-Pedacos-10-150x150.jpg\" data-lg-size=\"2560-2560\" data-lb-index=\"5\"><div class=\"t-entry-visual-overlay\"><div class=\"t-entry-visual-overlay-in style-dark-bg\" style=\"opacity: 0.5;\"><\/div><\/div><img decoding=\"async\" class=\"wp-image-1156\" src=\"https:\/\/umcoletivo.pt\/wp-content\/uploads\/2025\/02\/A-Vida-Pelo-Mundo-em-Pedacos-10-scaled.jpg\" width=\"2560\" height=\"2560\" alt=\"\" srcset=\"https:\/\/umcoletivo.pt\/wp-content\/uploads\/2025\/02\/A-Vida-Pelo-Mundo-em-Pedacos-10-scaled.jpg 2560w, https:\/\/umcoletivo.pt\/wp-content\/uploads\/2025\/02\/A-Vida-Pelo-Mundo-em-Pedacos-10-300x300.jpg 300w, https:\/\/umcoletivo.pt\/wp-content\/uploads\/2025\/02\/A-Vida-Pelo-Mundo-em-Pedacos-10-1024x1024.jpg 1024w, https:\/\/umcoletivo.pt\/wp-content\/uploads\/2025\/02\/A-Vida-Pelo-Mundo-em-Pedacos-10-150x150.jpg 150w, https:\/\/umcoletivo.pt\/wp-content\/uploads\/2025\/02\/A-Vida-Pelo-Mundo-em-Pedacos-10-768x768.jpg 768w, https:\/\/umcoletivo.pt\/wp-content\/uploads\/2025\/02\/A-Vida-Pelo-Mundo-em-Pedacos-10-1536x1536.jpg 1536w, https:\/\/umcoletivo.pt\/wp-content\/uploads\/2025\/02\/A-Vida-Pelo-Mundo-em-Pedacos-10-2048x2048.jpg 2048w, https:\/\/umcoletivo.pt\/wp-content\/uploads\/2025\/02\/A-Vida-Pelo-Mundo-em-Pedacos-10-12x12.jpg 12w, https:\/\/umcoletivo.pt\/wp-content\/uploads\/2025\/02\/A-Vida-Pelo-Mundo-em-Pedacos-10-350x350.jpg 350w, https:\/\/umcoletivo.pt\/wp-content\/uploads\/2025\/02\/A-Vida-Pelo-Mundo-em-Pedacos-10-348x348.jpg 348w\" sizes=\"(max-width: 2560px) 100vw, 2560px\" \/><\/a><\/div>\n\t\t\t\t\t<\/div>\n\t\t\t\t<\/div><\/div><\/div><div class=\"tmb tmb-iso-w4 tmb-iso-h4 tmb-light tmb-overlay-text-anim tmb-overlay-anim tmb-overlay-middle tmb-overlay-text-left tmb-image-anim tmb-bordered tmb-id-1157  tmb-media-first tmb-media-last tmb-content-overlay tmb-no-bg tmb-lightbox\" ><div class=\"t-inside no-anim\" ><div class=\"t-entry-visual\"><div class=\"t-entry-visual-tc\"><div class=\"t-entry-visual-cont\"><div class=\"dummy\" style=\"padding-top: 100%;\"><\/div><a href=\"https:\/\/umcoletivo.pt\/wp-content\/uploads\/2025\/02\/A-Vida-Pelo-Mundo-em-Pedacos-12-scaled.jpg\"  class=\"pushed\" data-active=\"1\" data-lbox=\"ilightbox_gallery-194872\" data-external-thumb-image=\"https:\/\/umcoletivo.pt\/wp-content\/uploads\/2025\/02\/A-Vida-Pelo-Mundo-em-Pedacos-12-150x150.jpg\" data-lg-size=\"2560-2560\" data-lb-index=\"6\"><div class=\"t-entry-visual-overlay\"><div class=\"t-entry-visual-overlay-in style-dark-bg\" style=\"opacity: 0.5;\"><\/div><\/div><img decoding=\"async\" class=\"wp-image-1157\" src=\"https:\/\/umcoletivo.pt\/wp-content\/uploads\/2025\/02\/A-Vida-Pelo-Mundo-em-Pedacos-12-scaled.jpg\" width=\"2560\" height=\"2560\" alt=\"\" srcset=\"https:\/\/umcoletivo.pt\/wp-content\/uploads\/2025\/02\/A-Vida-Pelo-Mundo-em-Pedacos-12-scaled.jpg 2560w, https:\/\/umcoletivo.pt\/wp-content\/uploads\/2025\/02\/A-Vida-Pelo-Mundo-em-Pedacos-12-300x300.jpg 300w, https:\/\/umcoletivo.pt\/wp-content\/uploads\/2025\/02\/A-Vida-Pelo-Mundo-em-Pedacos-12-1024x1024.jpg 1024w, https:\/\/umcoletivo.pt\/wp-content\/uploads\/2025\/02\/A-Vida-Pelo-Mundo-em-Pedacos-12-150x150.jpg 150w, https:\/\/umcoletivo.pt\/wp-content\/uploads\/2025\/02\/A-Vida-Pelo-Mundo-em-Pedacos-12-768x768.jpg 768w, https:\/\/umcoletivo.pt\/wp-content\/uploads\/2025\/02\/A-Vida-Pelo-Mundo-em-Pedacos-12-1536x1536.jpg 1536w, https:\/\/umcoletivo.pt\/wp-content\/uploads\/2025\/02\/A-Vida-Pelo-Mundo-em-Pedacos-12-2048x2048.jpg 2048w, https:\/\/umcoletivo.pt\/wp-content\/uploads\/2025\/02\/A-Vida-Pelo-Mundo-em-Pedacos-12-12x12.jpg 12w, https:\/\/umcoletivo.pt\/wp-content\/uploads\/2025\/02\/A-Vida-Pelo-Mundo-em-Pedacos-12-350x350.jpg 350w, https:\/\/umcoletivo.pt\/wp-content\/uploads\/2025\/02\/A-Vida-Pelo-Mundo-em-Pedacos-12-348x348.jpg 348w\" sizes=\"(max-width: 2560px) 100vw, 2560px\" \/><\/a><\/div>\n\t\t\t\t\t<\/div>\n\t\t\t\t<\/div><\/div><\/div><div class=\"tmb tmb-iso-w4 tmb-iso-h4 tmb-light tmb-overlay-text-anim tmb-overlay-anim tmb-overlay-middle tmb-overlay-text-left tmb-image-anim tmb-bordered tmb-id-1158  tmb-media-first tmb-media-last tmb-content-overlay tmb-no-bg tmb-lightbox\" ><div class=\"t-inside no-anim\" ><div class=\"t-entry-visual\"><div class=\"t-entry-visual-tc\"><div class=\"t-entry-visual-cont\"><div class=\"dummy\" style=\"padding-top: 100%;\"><\/div><a href=\"https:\/\/umcoletivo.pt\/wp-content\/uploads\/2025\/02\/A-Vida-Pelo-Mundo-em-Pedacos-13-scaled.jpg\"  class=\"pushed\" data-active=\"1\" data-lbox=\"ilightbox_gallery-194872\" data-external-thumb-image=\"https:\/\/umcoletivo.pt\/wp-content\/uploads\/2025\/02\/A-Vida-Pelo-Mundo-em-Pedacos-13-150x150.jpg\" data-lg-size=\"2560-2560\" data-lb-index=\"7\"><div class=\"t-entry-visual-overlay\"><div class=\"t-entry-visual-overlay-in style-dark-bg\" style=\"opacity: 0.5;\"><\/div><\/div><img decoding=\"async\" class=\"wp-image-1158\" src=\"https:\/\/umcoletivo.pt\/wp-content\/uploads\/2025\/02\/A-Vida-Pelo-Mundo-em-Pedacos-13-scaled.jpg\" width=\"2560\" height=\"2560\" alt=\"\" srcset=\"https:\/\/umcoletivo.pt\/wp-content\/uploads\/2025\/02\/A-Vida-Pelo-Mundo-em-Pedacos-13-scaled.jpg 2560w, https:\/\/umcoletivo.pt\/wp-content\/uploads\/2025\/02\/A-Vida-Pelo-Mundo-em-Pedacos-13-300x300.jpg 300w, https:\/\/umcoletivo.pt\/wp-content\/uploads\/2025\/02\/A-Vida-Pelo-Mundo-em-Pedacos-13-1024x1024.jpg 1024w, https:\/\/umcoletivo.pt\/wp-content\/uploads\/2025\/02\/A-Vida-Pelo-Mundo-em-Pedacos-13-150x150.jpg 150w, https:\/\/umcoletivo.pt\/wp-content\/uploads\/2025\/02\/A-Vida-Pelo-Mundo-em-Pedacos-13-768x768.jpg 768w, https:\/\/umcoletivo.pt\/wp-content\/uploads\/2025\/02\/A-Vida-Pelo-Mundo-em-Pedacos-13-1536x1536.jpg 1536w, https:\/\/umcoletivo.pt\/wp-content\/uploads\/2025\/02\/A-Vida-Pelo-Mundo-em-Pedacos-13-2048x2048.jpg 2048w, https:\/\/umcoletivo.pt\/wp-content\/uploads\/2025\/02\/A-Vida-Pelo-Mundo-em-Pedacos-13-12x12.jpg 12w, https:\/\/umcoletivo.pt\/wp-content\/uploads\/2025\/02\/A-Vida-Pelo-Mundo-em-Pedacos-13-350x350.jpg 350w, https:\/\/umcoletivo.pt\/wp-content\/uploads\/2025\/02\/A-Vida-Pelo-Mundo-em-Pedacos-13-348x348.jpg 348w\" sizes=\"(max-width: 2560px) 100vw, 2560px\" \/><\/a><\/div>\n\t\t\t\t\t<\/div>\n\t\t\t\t<\/div><\/div><\/div><div class=\"tmb tmb-iso-w4 tmb-iso-h4 tmb-light tmb-overlay-text-anim tmb-overlay-anim tmb-overlay-middle tmb-overlay-text-left tmb-image-anim tmb-bordered tmb-id-1159  tmb-media-first tmb-media-last tmb-content-overlay tmb-no-bg tmb-lightbox\" ><div class=\"t-inside no-anim\" ><div class=\"t-entry-visual\"><div class=\"t-entry-visual-tc\"><div class=\"t-entry-visual-cont\"><div class=\"dummy\" style=\"padding-top: 100%;\"><\/div><a href=\"https:\/\/umcoletivo.pt\/wp-content\/uploads\/2025\/02\/A-Vida-Pelo-Mundo-em-Pedacos-14-scaled.jpg\"  class=\"pushed\" data-active=\"1\" data-lbox=\"ilightbox_gallery-194872\" data-external-thumb-image=\"https:\/\/umcoletivo.pt\/wp-content\/uploads\/2025\/02\/A-Vida-Pelo-Mundo-em-Pedacos-14-150x150.jpg\" data-lg-size=\"2560-2560\" data-lb-index=\"8\"><div class=\"t-entry-visual-overlay\"><div class=\"t-entry-visual-overlay-in style-dark-bg\" style=\"opacity: 0.5;\"><\/div><\/div><img decoding=\"async\" class=\"wp-image-1159\" src=\"https:\/\/umcoletivo.pt\/wp-content\/uploads\/2025\/02\/A-Vida-Pelo-Mundo-em-Pedacos-14-scaled.jpg\" width=\"2560\" height=\"2560\" alt=\"\" srcset=\"https:\/\/umcoletivo.pt\/wp-content\/uploads\/2025\/02\/A-Vida-Pelo-Mundo-em-Pedacos-14-scaled.jpg 2560w, https:\/\/umcoletivo.pt\/wp-content\/uploads\/2025\/02\/A-Vida-Pelo-Mundo-em-Pedacos-14-300x300.jpg 300w, https:\/\/umcoletivo.pt\/wp-content\/uploads\/2025\/02\/A-Vida-Pelo-Mundo-em-Pedacos-14-1024x1024.jpg 1024w, https:\/\/umcoletivo.pt\/wp-content\/uploads\/2025\/02\/A-Vida-Pelo-Mundo-em-Pedacos-14-150x150.jpg 150w, https:\/\/umcoletivo.pt\/wp-content\/uploads\/2025\/02\/A-Vida-Pelo-Mundo-em-Pedacos-14-768x768.jpg 768w, https:\/\/umcoletivo.pt\/wp-content\/uploads\/2025\/02\/A-Vida-Pelo-Mundo-em-Pedacos-14-1536x1536.jpg 1536w, https:\/\/umcoletivo.pt\/wp-content\/uploads\/2025\/02\/A-Vida-Pelo-Mundo-em-Pedacos-14-2048x2048.jpg 2048w, https:\/\/umcoletivo.pt\/wp-content\/uploads\/2025\/02\/A-Vida-Pelo-Mundo-em-Pedacos-14-12x12.jpg 12w, https:\/\/umcoletivo.pt\/wp-content\/uploads\/2025\/02\/A-Vida-Pelo-Mundo-em-Pedacos-14-350x350.jpg 350w, https:\/\/umcoletivo.pt\/wp-content\/uploads\/2025\/02\/A-Vida-Pelo-Mundo-em-Pedacos-14-348x348.jpg 348w\" sizes=\"(max-width: 2560px) 100vw, 2560px\" \/><\/a><\/div>\n\t\t\t\t\t<\/div>\n\t\t\t\t<\/div><\/div><\/div><div class=\"tmb tmb-iso-w4 tmb-iso-h4 tmb-light tmb-overlay-text-anim tmb-overlay-anim tmb-overlay-middle tmb-overlay-text-left tmb-image-anim tmb-bordered tmb-id-1160  tmb-media-first tmb-media-last tmb-content-overlay tmb-no-bg tmb-lightbox\" ><div class=\"t-inside no-anim\" ><div class=\"t-entry-visual\"><div class=\"t-entry-visual-tc\"><div class=\"t-entry-visual-cont\"><div class=\"dummy\" style=\"padding-top: 100%;\"><\/div><a href=\"https:\/\/umcoletivo.pt\/wp-content\/uploads\/2025\/02\/A-Vida-Pelo-Mundo-em-Pedacos-15-scaled.jpg\"  class=\"pushed\" data-active=\"1\" data-lbox=\"ilightbox_gallery-194872\" data-external-thumb-image=\"https:\/\/umcoletivo.pt\/wp-content\/uploads\/2025\/02\/A-Vida-Pelo-Mundo-em-Pedacos-15-150x150.jpg\" data-lg-size=\"2560-2560\" data-lb-index=\"9\"><div class=\"t-entry-visual-overlay\"><div class=\"t-entry-visual-overlay-in style-dark-bg\" style=\"opacity: 0.5;\"><\/div><\/div><img decoding=\"async\" class=\"wp-image-1160\" src=\"https:\/\/umcoletivo.pt\/wp-content\/uploads\/2025\/02\/A-Vida-Pelo-Mundo-em-Pedacos-15-scaled.jpg\" width=\"2560\" height=\"2560\" alt=\"\" srcset=\"https:\/\/umcoletivo.pt\/wp-content\/uploads\/2025\/02\/A-Vida-Pelo-Mundo-em-Pedacos-15-scaled.jpg 2560w, https:\/\/umcoletivo.pt\/wp-content\/uploads\/2025\/02\/A-Vida-Pelo-Mundo-em-Pedacos-15-300x300.jpg 300w, https:\/\/umcoletivo.pt\/wp-content\/uploads\/2025\/02\/A-Vida-Pelo-Mundo-em-Pedacos-15-1024x1024.jpg 1024w, https:\/\/umcoletivo.pt\/wp-content\/uploads\/2025\/02\/A-Vida-Pelo-Mundo-em-Pedacos-15-150x150.jpg 150w, https:\/\/umcoletivo.pt\/wp-content\/uploads\/2025\/02\/A-Vida-Pelo-Mundo-em-Pedacos-15-768x768.jpg 768w, https:\/\/umcoletivo.pt\/wp-content\/uploads\/2025\/02\/A-Vida-Pelo-Mundo-em-Pedacos-15-1536x1536.jpg 1536w, https:\/\/umcoletivo.pt\/wp-content\/uploads\/2025\/02\/A-Vida-Pelo-Mundo-em-Pedacos-15-2048x2048.jpg 2048w, https:\/\/umcoletivo.pt\/wp-content\/uploads\/2025\/02\/A-Vida-Pelo-Mundo-em-Pedacos-15-12x12.jpg 12w, https:\/\/umcoletivo.pt\/wp-content\/uploads\/2025\/02\/A-Vida-Pelo-Mundo-em-Pedacos-15-350x350.jpg 350w, https:\/\/umcoletivo.pt\/wp-content\/uploads\/2025\/02\/A-Vida-Pelo-Mundo-em-Pedacos-15-348x348.jpg 348w\" sizes=\"(max-width: 2560px) 100vw, 2560px\" \/><\/a><\/div>\n\t\t\t\t\t<\/div>\n\t\t\t\t<\/div><\/div><\/div><div class=\"tmb tmb-iso-w4 tmb-iso-h4 tmb-light tmb-overlay-text-anim tmb-overlay-anim tmb-overlay-middle tmb-overlay-text-left tmb-image-anim tmb-bordered tmb-id-1161  tmb-media-first tmb-media-last tmb-content-overlay tmb-no-bg tmb-lightbox\" ><div class=\"t-inside no-anim\" ><div class=\"t-entry-visual\"><div class=\"t-entry-visual-tc\"><div class=\"t-entry-visual-cont\"><div class=\"dummy\" style=\"padding-top: 75%;\"><\/div><a href=\"https:\/\/umcoletivo.pt\/wp-content\/uploads\/2025\/02\/A-Vida-Pelo-Mundo-em-Pedacos-11-scaled.jpg\"  class=\"pushed\" data-active=\"1\" data-lbox=\"ilightbox_gallery-194872\" data-external-thumb-image=\"https:\/\/umcoletivo.pt\/wp-content\/uploads\/2025\/02\/A-Vida-Pelo-Mundo-em-Pedacos-11-150x150.jpg\" data-lg-size=\"2560-1920\" data-lb-index=\"10\"><div class=\"t-entry-visual-overlay\"><div class=\"t-entry-visual-overlay-in style-dark-bg\" style=\"opacity: 0.5;\"><\/div><\/div><img decoding=\"async\" class=\"wp-image-1161\" src=\"https:\/\/umcoletivo.pt\/wp-content\/uploads\/2025\/02\/A-Vida-Pelo-Mundo-em-Pedacos-11-scaled.jpg\" width=\"2560\" height=\"1920\" alt=\"\" srcset=\"https:\/\/umcoletivo.pt\/wp-content\/uploads\/2025\/02\/A-Vida-Pelo-Mundo-em-Pedacos-11-scaled.jpg 2560w, https:\/\/umcoletivo.pt\/wp-content\/uploads\/2025\/02\/A-Vida-Pelo-Mundo-em-Pedacos-11-300x225.jpg 300w, https:\/\/umcoletivo.pt\/wp-content\/uploads\/2025\/02\/A-Vida-Pelo-Mundo-em-Pedacos-11-1024x768.jpg 1024w, https:\/\/umcoletivo.pt\/wp-content\/uploads\/2025\/02\/A-Vida-Pelo-Mundo-em-Pedacos-11-768x576.jpg 768w, https:\/\/umcoletivo.pt\/wp-content\/uploads\/2025\/02\/A-Vida-Pelo-Mundo-em-Pedacos-11-1536x1152.jpg 1536w, https:\/\/umcoletivo.pt\/wp-content\/uploads\/2025\/02\/A-Vida-Pelo-Mundo-em-Pedacos-11-2048x1536.jpg 2048w, https:\/\/umcoletivo.pt\/wp-content\/uploads\/2025\/02\/A-Vida-Pelo-Mundo-em-Pedacos-11-16x12.jpg 16w, https:\/\/umcoletivo.pt\/wp-content\/uploads\/2025\/02\/A-Vida-Pelo-Mundo-em-Pedacos-11-350x263.jpg 350w\" sizes=\"(max-width: 2560px) 100vw, 2560px\" \/><\/a><\/div>\n\t\t\t\t\t<\/div>\n\t\t\t\t<\/div><\/div><\/div><div class=\"tmb tmb-iso-w4 tmb-iso-h4 tmb-light tmb-overlay-text-anim tmb-overlay-anim tmb-overlay-middle tmb-overlay-text-left tmb-image-anim tmb-bordered tmb-id-1162  tmb-media-first tmb-media-last tmb-content-overlay tmb-no-bg tmb-lightbox\" ><div class=\"t-inside no-anim\" ><div class=\"t-entry-visual\"><div class=\"t-entry-visual-tc\"><div class=\"t-entry-visual-cont\"><div class=\"dummy\" style=\"padding-top: 100%;\"><\/div><a href=\"https:\/\/umcoletivo.pt\/wp-content\/uploads\/2025\/02\/A-Vida-Pelo-Mundo-em-Pedacos-1-scaled.jpg\"  class=\"pushed\" data-active=\"1\" data-lbox=\"ilightbox_gallery-194872\" data-external-thumb-image=\"https:\/\/umcoletivo.pt\/wp-content\/uploads\/2025\/02\/A-Vida-Pelo-Mundo-em-Pedacos-1-150x150.jpg\" data-lg-size=\"2560-2560\" data-lb-index=\"11\"><div class=\"t-entry-visual-overlay\"><div class=\"t-entry-visual-overlay-in style-dark-bg\" style=\"opacity: 0.5;\"><\/div><\/div><img decoding=\"async\" class=\"wp-image-1162\" src=\"https:\/\/umcoletivo.pt\/wp-content\/uploads\/2025\/02\/A-Vida-Pelo-Mundo-em-Pedacos-1-scaled.jpg\" width=\"2560\" height=\"2560\" alt=\"\" srcset=\"https:\/\/umcoletivo.pt\/wp-content\/uploads\/2025\/02\/A-Vida-Pelo-Mundo-em-Pedacos-1-scaled.jpg 2560w, https:\/\/umcoletivo.pt\/wp-content\/uploads\/2025\/02\/A-Vida-Pelo-Mundo-em-Pedacos-1-300x300.jpg 300w, https:\/\/umcoletivo.pt\/wp-content\/uploads\/2025\/02\/A-Vida-Pelo-Mundo-em-Pedacos-1-1024x1024.jpg 1024w, https:\/\/umcoletivo.pt\/wp-content\/uploads\/2025\/02\/A-Vida-Pelo-Mundo-em-Pedacos-1-150x150.jpg 150w, https:\/\/umcoletivo.pt\/wp-content\/uploads\/2025\/02\/A-Vida-Pelo-Mundo-em-Pedacos-1-768x768.jpg 768w, https:\/\/umcoletivo.pt\/wp-content\/uploads\/2025\/02\/A-Vida-Pelo-Mundo-em-Pedacos-1-1536x1536.jpg 1536w, https:\/\/umcoletivo.pt\/wp-content\/uploads\/2025\/02\/A-Vida-Pelo-Mundo-em-Pedacos-1-2048x2048.jpg 2048w, https:\/\/umcoletivo.pt\/wp-content\/uploads\/2025\/02\/A-Vida-Pelo-Mundo-em-Pedacos-1-12x12.jpg 12w, https:\/\/umcoletivo.pt\/wp-content\/uploads\/2025\/02\/A-Vida-Pelo-Mundo-em-Pedacos-1-350x350.jpg 350w, https:\/\/umcoletivo.pt\/wp-content\/uploads\/2025\/02\/A-Vida-Pelo-Mundo-em-Pedacos-1-348x348.jpg 348w\" sizes=\"(max-width: 2560px) 100vw, 2560px\" \/><\/a><\/div>\n\t\t\t\t\t<\/div>\n\t\t\t\t<\/div><\/div><\/div><div class=\"tmb tmb-iso-w4 tmb-iso-h4 tmb-light tmb-overlay-text-anim tmb-overlay-anim tmb-overlay-middle tmb-overlay-text-left tmb-image-anim tmb-bordered tmb-id-1163  tmb-media-first tmb-media-last tmb-content-overlay tmb-no-bg tmb-lightbox\" ><div class=\"t-inside no-anim\" ><div class=\"t-entry-visual\"><div class=\"t-entry-visual-tc\"><div class=\"t-entry-visual-cont\"><div class=\"dummy\" style=\"padding-top: 100%;\"><\/div><a href=\"https:\/\/umcoletivo.pt\/wp-content\/uploads\/2025\/02\/A-Vida-Pelo-Mundo-em-Pedacos-2-scaled.jpg\"  class=\"pushed\" data-active=\"1\" data-lbox=\"ilightbox_gallery-194872\" data-external-thumb-image=\"https:\/\/umcoletivo.pt\/wp-content\/uploads\/2025\/02\/A-Vida-Pelo-Mundo-em-Pedacos-2-150x150.jpg\" data-lg-size=\"2560-2560\" data-lb-index=\"12\"><div class=\"t-entry-visual-overlay\"><div class=\"t-entry-visual-overlay-in style-dark-bg\" style=\"opacity: 0.5;\"><\/div><\/div><img decoding=\"async\" class=\"wp-image-1163\" src=\"https:\/\/umcoletivo.pt\/wp-content\/uploads\/2025\/02\/A-Vida-Pelo-Mundo-em-Pedacos-2-scaled.jpg\" width=\"2560\" height=\"2560\" alt=\"\" srcset=\"https:\/\/umcoletivo.pt\/wp-content\/uploads\/2025\/02\/A-Vida-Pelo-Mundo-em-Pedacos-2-scaled.jpg 2560w, https:\/\/umcoletivo.pt\/wp-content\/uploads\/2025\/02\/A-Vida-Pelo-Mundo-em-Pedacos-2-300x300.jpg 300w, https:\/\/umcoletivo.pt\/wp-content\/uploads\/2025\/02\/A-Vida-Pelo-Mundo-em-Pedacos-2-1024x1024.jpg 1024w, https:\/\/umcoletivo.pt\/wp-content\/uploads\/2025\/02\/A-Vida-Pelo-Mundo-em-Pedacos-2-150x150.jpg 150w, https:\/\/umcoletivo.pt\/wp-content\/uploads\/2025\/02\/A-Vida-Pelo-Mundo-em-Pedacos-2-768x768.jpg 768w, https:\/\/umcoletivo.pt\/wp-content\/uploads\/2025\/02\/A-Vida-Pelo-Mundo-em-Pedacos-2-1536x1536.jpg 1536w, https:\/\/umcoletivo.pt\/wp-content\/uploads\/2025\/02\/A-Vida-Pelo-Mundo-em-Pedacos-2-2048x2048.jpg 2048w, https:\/\/umcoletivo.pt\/wp-content\/uploads\/2025\/02\/A-Vida-Pelo-Mundo-em-Pedacos-2-12x12.jpg 12w, https:\/\/umcoletivo.pt\/wp-content\/uploads\/2025\/02\/A-Vida-Pelo-Mundo-em-Pedacos-2-350x350.jpg 350w, https:\/\/umcoletivo.pt\/wp-content\/uploads\/2025\/02\/A-Vida-Pelo-Mundo-em-Pedacos-2-348x348.jpg 348w\" sizes=\"(max-width: 2560px) 100vw, 2560px\" \/><\/a><\/div>\n\t\t\t\t\t<\/div>\n\t\t\t\t<\/div><\/div><\/div><div class=\"tmb tmb-iso-w4 tmb-iso-h4 tmb-light tmb-overlay-text-anim tmb-overlay-anim tmb-overlay-middle tmb-overlay-text-left tmb-image-anim tmb-bordered tmb-id-1164  tmb-media-first tmb-media-last tmb-content-overlay tmb-no-bg tmb-lightbox\" ><div class=\"t-inside no-anim\" ><div class=\"t-entry-visual\"><div class=\"t-entry-visual-tc\"><div class=\"t-entry-visual-cont\"><div class=\"dummy\" style=\"padding-top: 100%;\"><\/div><a href=\"https:\/\/umcoletivo.pt\/wp-content\/uploads\/2025\/02\/A-Vida-Pelo-Mundo-em-Pedacos-3-scaled.jpg\"  class=\"pushed\" data-active=\"1\" data-lbox=\"ilightbox_gallery-194872\" data-external-thumb-image=\"https:\/\/umcoletivo.pt\/wp-content\/uploads\/2025\/02\/A-Vida-Pelo-Mundo-em-Pedacos-3-150x150.jpg\" data-lg-size=\"2560-2560\" data-lb-index=\"13\"><div class=\"t-entry-visual-overlay\"><div class=\"t-entry-visual-overlay-in style-dark-bg\" style=\"opacity: 0.5;\"><\/div><\/div><img decoding=\"async\" class=\"wp-image-1164\" src=\"https:\/\/umcoletivo.pt\/wp-content\/uploads\/2025\/02\/A-Vida-Pelo-Mundo-em-Pedacos-3-scaled.jpg\" width=\"2560\" height=\"2560\" alt=\"\" srcset=\"https:\/\/umcoletivo.pt\/wp-content\/uploads\/2025\/02\/A-Vida-Pelo-Mundo-em-Pedacos-3-scaled.jpg 2560w, https:\/\/umcoletivo.pt\/wp-content\/uploads\/2025\/02\/A-Vida-Pelo-Mundo-em-Pedacos-3-300x300.jpg 300w, https:\/\/umcoletivo.pt\/wp-content\/uploads\/2025\/02\/A-Vida-Pelo-Mundo-em-Pedacos-3-1024x1024.jpg 1024w, https:\/\/umcoletivo.pt\/wp-content\/uploads\/2025\/02\/A-Vida-Pelo-Mundo-em-Pedacos-3-150x150.jpg 150w, https:\/\/umcoletivo.pt\/wp-content\/uploads\/2025\/02\/A-Vida-Pelo-Mundo-em-Pedacos-3-768x768.jpg 768w, https:\/\/umcoletivo.pt\/wp-content\/uploads\/2025\/02\/A-Vida-Pelo-Mundo-em-Pedacos-3-1536x1536.jpg 1536w, https:\/\/umcoletivo.pt\/wp-content\/uploads\/2025\/02\/A-Vida-Pelo-Mundo-em-Pedacos-3-2048x2048.jpg 2048w, https:\/\/umcoletivo.pt\/wp-content\/uploads\/2025\/02\/A-Vida-Pelo-Mundo-em-Pedacos-3-12x12.jpg 12w, https:\/\/umcoletivo.pt\/wp-content\/uploads\/2025\/02\/A-Vida-Pelo-Mundo-em-Pedacos-3-350x350.jpg 350w, https:\/\/umcoletivo.pt\/wp-content\/uploads\/2025\/02\/A-Vida-Pelo-Mundo-em-Pedacos-3-348x348.jpg 348w\" sizes=\"(max-width: 2560px) 100vw, 2560px\" \/><\/a><\/div>\n\t\t\t\t\t<\/div>\n\t\t\t\t<\/div><\/div><\/div><div class=\"tmb tmb-iso-w4 tmb-iso-h4 tmb-light tmb-overlay-text-anim tmb-overlay-anim tmb-overlay-middle tmb-overlay-text-left tmb-image-anim tmb-bordered tmb-id-1165  tmb-media-first tmb-media-last tmb-content-overlay tmb-no-bg tmb-lightbox\" ><div class=\"t-inside no-anim\" ><div class=\"t-entry-visual\"><div class=\"t-entry-visual-tc\"><div class=\"t-entry-visual-cont\"><div class=\"dummy\" style=\"padding-top: 100%;\"><\/div><a href=\"https:\/\/umcoletivo.pt\/wp-content\/uploads\/2025\/02\/A-Vida-Pelo-Mundo-em-Pedacos-4-scaled.jpg\"  class=\"pushed\" data-active=\"1\" data-lbox=\"ilightbox_gallery-194872\" data-external-thumb-image=\"https:\/\/umcoletivo.pt\/wp-content\/uploads\/2025\/02\/A-Vida-Pelo-Mundo-em-Pedacos-4-150x150.jpg\" data-lg-size=\"2560-2560\" data-lb-index=\"14\"><div class=\"t-entry-visual-overlay\"><div class=\"t-entry-visual-overlay-in style-dark-bg\" style=\"opacity: 0.5;\"><\/div><\/div><img decoding=\"async\" class=\"wp-image-1165\" src=\"https:\/\/umcoletivo.pt\/wp-content\/uploads\/2025\/02\/A-Vida-Pelo-Mundo-em-Pedacos-4-scaled.jpg\" width=\"2560\" height=\"2560\" alt=\"\" srcset=\"https:\/\/umcoletivo.pt\/wp-content\/uploads\/2025\/02\/A-Vida-Pelo-Mundo-em-Pedacos-4-scaled.jpg 2560w, https:\/\/umcoletivo.pt\/wp-content\/uploads\/2025\/02\/A-Vida-Pelo-Mundo-em-Pedacos-4-300x300.jpg 300w, https:\/\/umcoletivo.pt\/wp-content\/uploads\/2025\/02\/A-Vida-Pelo-Mundo-em-Pedacos-4-1024x1024.jpg 1024w, https:\/\/umcoletivo.pt\/wp-content\/uploads\/2025\/02\/A-Vida-Pelo-Mundo-em-Pedacos-4-150x150.jpg 150w, https:\/\/umcoletivo.pt\/wp-content\/uploads\/2025\/02\/A-Vida-Pelo-Mundo-em-Pedacos-4-768x768.jpg 768w, https:\/\/umcoletivo.pt\/wp-content\/uploads\/2025\/02\/A-Vida-Pelo-Mundo-em-Pedacos-4-1536x1536.jpg 1536w, https:\/\/umcoletivo.pt\/wp-content\/uploads\/2025\/02\/A-Vida-Pelo-Mundo-em-Pedacos-4-2048x2048.jpg 2048w, https:\/\/umcoletivo.pt\/wp-content\/uploads\/2025\/02\/A-Vida-Pelo-Mundo-em-Pedacos-4-12x12.jpg 12w, https:\/\/umcoletivo.pt\/wp-content\/uploads\/2025\/02\/A-Vida-Pelo-Mundo-em-Pedacos-4-350x350.jpg 350w, https:\/\/umcoletivo.pt\/wp-content\/uploads\/2025\/02\/A-Vida-Pelo-Mundo-em-Pedacos-4-348x348.jpg 348w\" sizes=\"(max-width: 2560px) 100vw, 2560px\" \/><\/a><\/div>\n\t\t\t\t\t<\/div>\n\t\t\t\t<\/div><\/div><\/div>\t\t\t<\/div>\n\t\t\t\t\t<\/div>\n\n\t\n\t\n\t\n<\/div>\n\n<\/div><\/div><\/div><\/div><\/div><\/div><\/div><\/div><\/div><\/div><\/div><\/div><\/div><script id=\"script-row-unique-1\" data-row=\"script-row-unique-1\" type=\"text\/javascript\" class=\"vc_controls\">UNCODE.initRow(document.getElementById(\"row-unique-1\"));<\/script><\/div><\/div><\/div>\n<\/div>","protected":false},"excerpt":{"rendered":"La vuelta al mundo en pedazosSinopsisLa vuelta al mundo en pedazos\", t\u00edtulo robado a un poema de Cam\u00f5es, es un [...]","protected":false},"author":1,"featured_media":1161,"parent":0,"menu_order":0,"comment_status":"closed","ping_status":"open","template":"","meta":{"footnotes":""},"portfolio_category":[7],"class_list":["post-1150","portfolio","type-portfolio","status-publish","has-post-thumbnail","hentry","portfolio_category-criacao-artistica"],"yoast_head":"<!-- This site is optimized with the Yoast SEO plugin v25.6 - https:\/\/yoast.com\/wordpress\/plugins\/seo\/ -->\n<title>A Vida Pelo Mundo em Peda\u00e7os - Um Coletivo<\/title>\n<meta name=\"robots\" content=\"index, follow, max-snippet:-1, max-image-preview:large, max-video-preview:-1\" \/>\n<link rel=\"canonical\" href=\"https:\/\/umcoletivo.pt\/es\/projeto\/a-vida-pelo-mundo-em-pedacos-2\/\" \/>\n<meta property=\"og:locale\" content=\"es_ES\" \/>\n<meta property=\"og:type\" content=\"article\" \/>\n<meta property=\"og:title\" content=\"A Vida Pelo Mundo em Peda\u00e7os - Um Coletivo\" \/>\n<meta property=\"og:url\" content=\"https:\/\/umcoletivo.pt\/es\/projeto\/a-vida-pelo-mundo-em-pedacos-2\/\" \/>\n<meta property=\"og:site_name\" content=\"Um Coletivo\" \/>\n<meta property=\"article:publisher\" content=\"https:\/\/www.facebook.com\/umcoletivo\" \/>\n<meta property=\"og:image\" content=\"https:\/\/umcoletivo.pt\/wp-content\/uploads\/2025\/02\/A-Vida-Pelo-Mundo-em-Pedacos-11-scaled.jpg\" \/>\n\t<meta property=\"og:image:width\" content=\"2560\" \/>\n\t<meta property=\"og:image:height\" content=\"1920\" \/>\n\t<meta property=\"og:image:type\" content=\"image\/jpeg\" \/>\n<meta name=\"twitter:card\" content=\"summary_large_image\" \/>\n<meta name=\"twitter:label1\" content=\"Tiempo de lectura\" \/>\n\t<meta name=\"twitter:data1\" content=\"2 minutos\" \/>\n<script type=\"application\/ld+json\" class=\"yoast-schema-graph\">{\"@context\":\"https:\/\/schema.org\",\"@graph\":[{\"@type\":\"WebPage\",\"@id\":\"https:\/\/umcoletivo.pt\/projeto\/a-vida-pelo-mundo-em-pedacos-2\/\",\"url\":\"https:\/\/umcoletivo.pt\/projeto\/a-vida-pelo-mundo-em-pedacos-2\/\",\"name\":\"A Vida Pelo Mundo em Peda\u00e7os - Um Coletivo\",\"isPartOf\":{\"@id\":\"https:\/\/umcoletivo.pt\/#website\"},\"primaryImageOfPage\":{\"@id\":\"https:\/\/umcoletivo.pt\/projeto\/a-vida-pelo-mundo-em-pedacos-2\/#primaryimage\"},\"image\":{\"@id\":\"https:\/\/umcoletivo.pt\/projeto\/a-vida-pelo-mundo-em-pedacos-2\/#primaryimage\"},\"thumbnailUrl\":\"https:\/\/umcoletivo.pt\/wp-content\/uploads\/2025\/02\/A-Vida-Pelo-Mundo-em-Pedacos-11-scaled.jpg\",\"datePublished\":\"2025-02-04T12:31:52+00:00\",\"breadcrumb\":{\"@id\":\"https:\/\/umcoletivo.pt\/projeto\/a-vida-pelo-mundo-em-pedacos-2\/#breadcrumb\"},\"inLanguage\":\"es\",\"potentialAction\":[{\"@type\":\"ReadAction\",\"target\":[\"https:\/\/umcoletivo.pt\/projeto\/a-vida-pelo-mundo-em-pedacos-2\/\"]}]},{\"@type\":\"ImageObject\",\"inLanguage\":\"es\",\"@id\":\"https:\/\/umcoletivo.pt\/projeto\/a-vida-pelo-mundo-em-pedacos-2\/#primaryimage\",\"url\":\"https:\/\/umcoletivo.pt\/wp-content\/uploads\/2025\/02\/A-Vida-Pelo-Mundo-em-Pedacos-11-scaled.jpg\",\"contentUrl\":\"https:\/\/umcoletivo.pt\/wp-content\/uploads\/2025\/02\/A-Vida-Pelo-Mundo-em-Pedacos-11-scaled.jpg\",\"width\":2560,\"height\":1920},{\"@type\":\"BreadcrumbList\",\"@id\":\"https:\/\/umcoletivo.pt\/projeto\/a-vida-pelo-mundo-em-pedacos-2\/#breadcrumb\",\"itemListElement\":[{\"@type\":\"ListItem\",\"position\":1,\"name\":\"In\u00edcio\",\"item\":\"https:\/\/umcoletivo.pt\/\"},{\"@type\":\"ListItem\",\"position\":2,\"name\":\"Projeto\",\"item\":\"https:\/\/umcoletivo.pt\/projeto\/\"},{\"@type\":\"ListItem\",\"position\":3,\"name\":\"A Vida Pelo Mundo em Peda\u00e7os\"}]},{\"@type\":\"WebSite\",\"@id\":\"https:\/\/umcoletivo.pt\/#website\",\"url\":\"https:\/\/umcoletivo.pt\/\",\"name\":\"Um Coletivo\",\"description\":\"\",\"publisher\":{\"@id\":\"https:\/\/umcoletivo.pt\/#organization\"},\"potentialAction\":[{\"@type\":\"SearchAction\",\"target\":{\"@type\":\"EntryPoint\",\"urlTemplate\":\"https:\/\/umcoletivo.pt\/?s={search_term_string}\"},\"query-input\":{\"@type\":\"PropertyValueSpecification\",\"valueRequired\":true,\"valueName\":\"search_term_string\"}}],\"inLanguage\":\"es\"},{\"@type\":\"Organization\",\"@id\":\"https:\/\/umcoletivo.pt\/#organization\",\"name\":\"Um Coletivo\",\"url\":\"https:\/\/umcoletivo.pt\/\",\"logo\":{\"@type\":\"ImageObject\",\"inLanguage\":\"es\",\"@id\":\"https:\/\/umcoletivo.pt\/#\/schema\/logo\/image\/\",\"url\":\"https:\/\/umcoletivo.pt\/wp-content\/uploads\/2024\/03\/UMCOLETIVO.png\",\"contentUrl\":\"https:\/\/umcoletivo.pt\/wp-content\/uploads\/2024\/03\/UMCOLETIVO.png\",\"width\":1210,\"height\":383,\"caption\":\"Um Coletivo\"},\"image\":{\"@id\":\"https:\/\/umcoletivo.pt\/#\/schema\/logo\/image\/\"},\"sameAs\":[\"https:\/\/www.facebook.com\/umcoletivo\"]}]}<\/script>\n<!-- \/ Yoast SEO plugin. -->","yoast_head_json":{"title":"A Vida Pelo Mundo em Peda\u00e7os - Um Coletivo","robots":{"index":"index","follow":"follow","max-snippet":"max-snippet:-1","max-image-preview":"max-image-preview:large","max-video-preview":"max-video-preview:-1"},"canonical":"https:\/\/umcoletivo.pt\/es\/projeto\/a-vida-pelo-mundo-em-pedacos-2\/","og_locale":"es_ES","og_type":"article","og_title":"A Vida Pelo Mundo em Peda\u00e7os - Um Coletivo","og_url":"https:\/\/umcoletivo.pt\/es\/projeto\/a-vida-pelo-mundo-em-pedacos-2\/","og_site_name":"Um Coletivo","article_publisher":"https:\/\/www.facebook.com\/umcoletivo","og_image":[{"width":2560,"height":1920,"url":"https:\/\/umcoletivo.pt\/wp-content\/uploads\/2025\/02\/A-Vida-Pelo-Mundo-em-Pedacos-11-scaled.jpg","type":"image\/jpeg"}],"twitter_card":"summary_large_image","twitter_misc":{"Tiempo de lectura":"2 minutos"},"schema":{"@context":"https:\/\/schema.org","@graph":[{"@type":"WebPage","@id":"https:\/\/umcoletivo.pt\/projeto\/a-vida-pelo-mundo-em-pedacos-2\/","url":"https:\/\/umcoletivo.pt\/projeto\/a-vida-pelo-mundo-em-pedacos-2\/","name":"A Vida Pelo Mundo em Peda\u00e7os - Um Coletivo","isPartOf":{"@id":"https:\/\/umcoletivo.pt\/#website"},"primaryImageOfPage":{"@id":"https:\/\/umcoletivo.pt\/projeto\/a-vida-pelo-mundo-em-pedacos-2\/#primaryimage"},"image":{"@id":"https:\/\/umcoletivo.pt\/projeto\/a-vida-pelo-mundo-em-pedacos-2\/#primaryimage"},"thumbnailUrl":"https:\/\/umcoletivo.pt\/wp-content\/uploads\/2025\/02\/A-Vida-Pelo-Mundo-em-Pedacos-11-scaled.jpg","datePublished":"2025-02-04T12:31:52+00:00","breadcrumb":{"@id":"https:\/\/umcoletivo.pt\/projeto\/a-vida-pelo-mundo-em-pedacos-2\/#breadcrumb"},"inLanguage":"es","potentialAction":[{"@type":"ReadAction","target":["https:\/\/umcoletivo.pt\/projeto\/a-vida-pelo-mundo-em-pedacos-2\/"]}]},{"@type":"ImageObject","inLanguage":"es","@id":"https:\/\/umcoletivo.pt\/projeto\/a-vida-pelo-mundo-em-pedacos-2\/#primaryimage","url":"https:\/\/umcoletivo.pt\/wp-content\/uploads\/2025\/02\/A-Vida-Pelo-Mundo-em-Pedacos-11-scaled.jpg","contentUrl":"https:\/\/umcoletivo.pt\/wp-content\/uploads\/2025\/02\/A-Vida-Pelo-Mundo-em-Pedacos-11-scaled.jpg","width":2560,"height":1920},{"@type":"BreadcrumbList","@id":"https:\/\/umcoletivo.pt\/projeto\/a-vida-pelo-mundo-em-pedacos-2\/#breadcrumb","itemListElement":[{"@type":"ListItem","position":1,"name":"In\u00edcio","item":"https:\/\/umcoletivo.pt\/"},{"@type":"ListItem","position":2,"name":"Projeto","item":"https:\/\/umcoletivo.pt\/projeto\/"},{"@type":"ListItem","position":3,"name":"A Vida Pelo Mundo em Peda\u00e7os"}]},{"@type":"WebSite","@id":"https:\/\/umcoletivo.pt\/#website","url":"https:\/\/umcoletivo.pt\/","name":"Un colectivo","description":"","publisher":{"@id":"https:\/\/umcoletivo.pt\/#organization"},"potentialAction":[{"@type":"SearchAction","target":{"@type":"EntryPoint","urlTemplate":"https:\/\/umcoletivo.pt\/?s={search_term_string}"},"query-input":{"@type":"PropertyValueSpecification","valueRequired":true,"valueName":"search_term_string"}}],"inLanguage":"es"},{"@type":"Organization","@id":"https:\/\/umcoletivo.pt\/#organization","name":"Un colectivo","url":"https:\/\/umcoletivo.pt\/","logo":{"@type":"ImageObject","inLanguage":"es","@id":"https:\/\/umcoletivo.pt\/#\/schema\/logo\/image\/","url":"https:\/\/umcoletivo.pt\/wp-content\/uploads\/2024\/03\/UMCOLETIVO.png","contentUrl":"https:\/\/umcoletivo.pt\/wp-content\/uploads\/2024\/03\/UMCOLETIVO.png","width":1210,"height":383,"caption":"Um Coletivo"},"image":{"@id":"https:\/\/umcoletivo.pt\/#\/schema\/logo\/image\/"},"sameAs":["https:\/\/www.facebook.com\/umcoletivo"]}]}},"_links":{"self":[{"href":"https:\/\/umcoletivo.pt\/es\/wp-json\/wp\/v2\/portfolio\/1150","targetHints":{"allow":["GET"]}}],"collection":[{"href":"https:\/\/umcoletivo.pt\/es\/wp-json\/wp\/v2\/portfolio"}],"about":[{"href":"https:\/\/umcoletivo.pt\/es\/wp-json\/wp\/v2\/types\/portfolio"}],"author":[{"embeddable":true,"href":"https:\/\/umcoletivo.pt\/es\/wp-json\/wp\/v2\/users\/1"}],"replies":[{"embeddable":true,"href":"https:\/\/umcoletivo.pt\/es\/wp-json\/wp\/v2\/comments?post=1150"}],"version-history":[{"count":0,"href":"https:\/\/umcoletivo.pt\/es\/wp-json\/wp\/v2\/portfolio\/1150\/revisions"}],"wp:featuredmedia":[{"embeddable":true,"href":"https:\/\/umcoletivo.pt\/es\/wp-json\/wp\/v2\/media\/1161"}],"wp:attachment":[{"href":"https:\/\/umcoletivo.pt\/es\/wp-json\/wp\/v2\/media?parent=1150"}],"wp:term":[{"taxonomy":"portfolio_category","embeddable":true,"href":"https:\/\/umcoletivo.pt\/es\/wp-json\/wp\/v2\/portfolio_category?post=1150"}],"curies":[{"name":"wp","href":"https:\/\/api.w.org\/{rel}","templated":true}]}}