{"id":419,"date":"2024-03-10T16:05:37","date_gmt":"2024-03-10T16:05:37","guid":{"rendered":"https:\/\/umcoletivo.pt\/?post_type=portfolio&#038;p=419"},"modified":"2024-03-27T16:18:54","modified_gmt":"2024-03-27T16:18:54","slug":"rosa-dos-ventos","status":"publish","type":"portfolio","link":"https:\/\/umcoletivo.pt\/es\/projeto\/rosa-dos-ventos\/","title":{"rendered":"Rosa de los vientos"},"content":{"rendered":"<div class=\"wpb-content-wrapper\"><div data-parent=\"true\" class=\"vc_row style-color-jevc-bg row-container\" id=\"row-unique-0\"><div class=\"row no-top-padding single-bottom-padding no-h-padding limit-width row-parent\" data-height-ratio=\"20\"><div class=\"wpb_row row-inner\"><div class=\"wpb_column pos-top pos-center align_left column_parent col-lg-12 single-internal-gutter\"><div class=\"uncol style-light\"  ><div class=\"uncoltable\"><div class=\"uncell no-block-padding\" ><div class=\"uncont\" ><div class=\"uncode-single-media  text-center\"><div class=\"single-wrapper\" style=\"max-width: 50%;\"><div class=\"tmb tmb-light  tmb-media-first tmb-media-last tmb-content-overlay tmb-no-bg\"><div class=\"t-inside\"><div class=\"t-entry-visual\"><div class=\"t-entry-visual-tc\"><div class=\"uncode-single-media-wrapper\"><img decoding=\"async\" class=\"wp-image-940\" src=\"https:\/\/umcoletivo.pt\/wp-content\/uploads\/2024\/03\/rosa-dos-ventos.jpg\" width=\"640\" height=\"960\" alt=\"rosa dos ventos\" srcset=\"https:\/\/umcoletivo.pt\/wp-content\/uploads\/2024\/03\/rosa-dos-ventos.jpg 640w, https:\/\/umcoletivo.pt\/wp-content\/uploads\/2024\/03\/rosa-dos-ventos-200x300.jpg 200w, https:\/\/umcoletivo.pt\/wp-content\/uploads\/2024\/03\/rosa-dos-ventos-350x525.jpg 350w\" sizes=\"(max-width: 640px) 100vw, 640px\" \/><\/div>\n\t\t\t\t\t<\/div>\n\t\t\t\t<\/div><\/div><\/div><\/div><\/div><\/div><\/div><\/div><\/div><\/div><script id=\"script-row-unique-0\" data-row=\"script-row-unique-0\" type=\"text\/javascript\" class=\"vc_controls\">UNCODE.initRow(document.getElementById(\"row-unique-0\"));<\/script><\/div><\/div><\/div><div data-parent=\"true\" class=\"vc_row row-container\" id=\"row-unique-1\"><div class=\"row limit-width row-parent\"><div class=\"wpb_row row-inner\"><div class=\"wpb_column pos-top pos-center align_left column_parent col-lg-12 single-internal-gutter\"><div class=\"uncol style-light\"  ><div class=\"uncoltable\"><div class=\"uncell no-block-padding\" ><div class=\"uncont\" ><div class=\"vc_row row-internal row-container\"><div class=\"row row-child\"><div class=\"wpb_row row-inner\"><div class=\"wpb_column pos-top pos-center align_left column_child col-lg-7 single-internal-gutter\"><div class=\"uncol style-light\" ><div class=\"uncoltable\"><div class=\"uncell no-block-padding\" ><div class=\"uncont\" ><div class=\"vc_custom_heading_wrap\"><div class=\"heading-text el-text\" ><h1 class=\"h1\" ><span>Rosa de los vientos<\/span><\/h1><\/div><div class=\"clear\"><\/div><\/div><div class=\"uncode_text_column\" ><p>Estreno, 3 de marzo de 2017 Conmemoraciones del centenario del teatro de Faial, Horta, Faial.<\/p>\n<\/div><div class=\"vc_custom_heading_wrap\"><div class=\"heading-text el-text\" ><h2 class=\"h2\" ><span>Sinopsis<\/span><\/h2><hr class=\"separator-break separator-accent\" \/><\/div><div class=\"clear\"><\/div><\/div><div class=\"uncode_text_column justiy-text\" ><p>ROSA DOS VENTOS es un programa de viajes. Nos lleva a lugares que no salen en la televisi\u00f3n, que no est\u00e1n en las noticias, que no son destinos de bajo coste, que no est\u00e1n de moda. A\u00f1adimos puntos a los relatos, viajando de norte a sur, de este a oeste, arrullados por historias de Brasil, Tanzania, Portugal y Corea. Empezamos as\u00ed: hab\u00eda una vez una ni\u00f1a que sab\u00eda meterse en un libro de cuentos y viajar...<\/p>\n<\/div><div class=\"vc_custom_heading_wrap\"><div class=\"heading-text el-text\" ><h2 class=\"h2\" ><span>Ficha t\u00e9cnica<\/span><\/h2><hr class=\"separator-break separator-accent\" \/><\/div><div class=\"clear\"><\/div><\/div><div class=\"uncode_text_column justiy-text\" ><p><strong>Interpretaci\u00f3n y dramaturgia<\/strong> - C\u00e1tia Terrinca<br \/>\n<strong>Dise\u00f1o de iluminaci\u00f3n y sonido<\/strong> - Jo\u00e3o P. Nunes<br \/>\n<strong>Escenograf\u00eda<\/strong> - Ricardo Guerreiro Campos<br \/>\n<strong>Apoyo a la escenograf\u00eda<\/strong> - Suzana Alves da Silva y Jes\u00fas Manuel<br \/>\n<strong>Dise\u00f1o<\/strong> - Jo\u00e3o P. Nunes<br \/>\n<strong>Coproducci\u00f3n<\/strong> - Teatro de tiza<br \/>\n<strong>Creaci\u00f3n y producci\u00f3n<\/strong> - UN COLECTIVO<\/p>\n<h3>#11 PROYECTO UMCOLETIVO<\/h3>\n<p>\n<\/div><div class=\"vc_custom_heading_wrap\"><div class=\"heading-text el-text\" ><h2 class=\"h2\" ><span>Gracias<\/span><\/h2><hr class=\"separator-break separator-accent\" \/><\/div><div class=\"clear\"><\/div><\/div><div class=\"uncode_text_column justiy-text\" ><p>Escuela Primaria Fonta\u00ednhas, Jos\u00e9 Travanca<\/p>\n<\/div><div class=\"vc_custom_heading_wrap\"><div class=\"heading-text el-text\" ><h2 class=\"h2\" ><span>Ayuda<\/span><\/h2><hr class=\"separator-break separator-accent\" \/><\/div><div class=\"clear\"><\/div><\/div><div class=\"uncode_text_column justiy-text\" ><p>Ayuntamiento de Horta, URBHorta, Escuela Primaria Cal\u00e7adinha, Junta Parroquial de S\u00e3o Br\u00e1s y S\u00e3o Louren\u00e7o, Asociaci\u00f3n Empresarial de Elvas<\/p>\n<\/div><\/div><\/div><\/div><\/div><\/div><div class=\"wpb_column pos-top pos-center align_left column_child col-lg-5 single-internal-gutter\"><div class=\"uncol style-light\" ><div class=\"uncoltable\"><div class=\"uncell no-block-padding\" ><div class=\"uncont\" ><div id=\"gallery-194872\" class=\"un-media-gallery isotope-system isotope-general-light grid-general-light\">\n\t\t\t\t\t\n\t\n\t<div class=\"isotope-wrapper grid-wrapper single-gutter\" >\n\t\t\t\t\t\t\t\t\t<div class=\"isotope-container isotope-layout style-masonry\" data-type=\"masonry\" data-layout=\"masonry\" data-lg=\"1000\" data-md=\"600\" data-sm=\"480\">\n<div class=\"tmb tmb-iso-w4 tmb-iso-h4 tmb-light tmb-overlay-text-anim tmb-overlay-anim tmb-overlay-middle tmb-overlay-text-left tmb-image-anim tmb-bordered tmb-id-420  tmb-media-first tmb-media-last tmb-content-overlay tmb-no-bg tmb-lightbox\" ><div class=\"t-inside no-anim\" ><div class=\"t-entry-visual\"><div class=\"t-entry-visual-tc\"><div class=\"t-entry-visual-cont\"><div class=\"dummy\" style=\"padding-top: 83.3%;\"><\/div><a href=\"https:\/\/umcoletivo.pt\/wp-content\/uploads\/2024\/03\/DSC_7809b-scaled.jpg\"  class=\"pushed\" data-active=\"1\" data-lbox=\"ilightbox_gallery-194872\" data-external-thumb-image=\"https:\/\/umcoletivo.pt\/wp-content\/uploads\/2024\/03\/DSC_7809b-150x150.jpg\" data-lg-size=\"2560-2133\" data-lb-index=\"0\"><div class=\"t-entry-visual-overlay\"><div class=\"t-entry-visual-overlay-in style-dark-bg\" style=\"opacity: 0.5;\"><\/div><\/div><img decoding=\"async\" class=\"wp-image-420\" src=\"https:\/\/umcoletivo.pt\/wp-content\/uploads\/2024\/03\/DSC_7809b-scaled.jpg\" width=\"2560\" height=\"2133\" alt=\"\" srcset=\"https:\/\/umcoletivo.pt\/wp-content\/uploads\/2024\/03\/DSC_7809b-scaled.jpg 2560w, https:\/\/umcoletivo.pt\/wp-content\/uploads\/2024\/03\/DSC_7809b-300x250.jpg 300w, https:\/\/umcoletivo.pt\/wp-content\/uploads\/2024\/03\/DSC_7809b-1024x853.jpg 1024w, https:\/\/umcoletivo.pt\/wp-content\/uploads\/2024\/03\/DSC_7809b-768x640.jpg 768w, https:\/\/umcoletivo.pt\/wp-content\/uploads\/2024\/03\/DSC_7809b-1536x1280.jpg 1536w, https:\/\/umcoletivo.pt\/wp-content\/uploads\/2024\/03\/DSC_7809b-2048x1706.jpg 2048w, https:\/\/umcoletivo.pt\/wp-content\/uploads\/2024\/03\/DSC_7809b-350x292.jpg 350w\" sizes=\"(max-width: 2560px) 100vw, 2560px\" \/><\/a><\/div>\n\t\t\t\t\t<\/div>\n\t\t\t\t<\/div><\/div><\/div><div class=\"tmb tmb-iso-w4 tmb-iso-h4 tmb-light tmb-overlay-text-anim tmb-overlay-anim tmb-overlay-middle tmb-overlay-text-left tmb-image-anim tmb-bordered tmb-id-421  tmb-media-first tmb-media-last tmb-content-overlay tmb-no-bg tmb-lightbox\" ><div class=\"t-inside no-anim\" ><div class=\"t-entry-visual\"><div class=\"t-entry-visual-tc\"><div class=\"t-entry-visual-cont\"><div class=\"dummy\" style=\"padding-top: 66.4%;\"><\/div><a href=\"https:\/\/umcoletivo.pt\/wp-content\/uploads\/2024\/03\/DSC_7909-scaled.jpg\"  class=\"pushed\" data-active=\"1\" data-lbox=\"ilightbox_gallery-194872\" data-external-thumb-image=\"https:\/\/umcoletivo.pt\/wp-content\/uploads\/2024\/03\/DSC_7909-150x150.jpg\" data-lg-size=\"2560-1699\" data-lb-index=\"1\"><div class=\"t-entry-visual-overlay\"><div class=\"t-entry-visual-overlay-in style-dark-bg\" style=\"opacity: 0.5;\"><\/div><\/div><img decoding=\"async\" class=\"wp-image-421\" src=\"https:\/\/umcoletivo.pt\/wp-content\/uploads\/2024\/03\/DSC_7909-scaled.jpg\" width=\"2560\" height=\"1699\" alt=\"\" srcset=\"https:\/\/umcoletivo.pt\/wp-content\/uploads\/2024\/03\/DSC_7909-scaled.jpg 2560w, https:\/\/umcoletivo.pt\/wp-content\/uploads\/2024\/03\/DSC_7909-300x199.jpg 300w, https:\/\/umcoletivo.pt\/wp-content\/uploads\/2024\/03\/DSC_7909-1024x680.jpg 1024w, https:\/\/umcoletivo.pt\/wp-content\/uploads\/2024\/03\/DSC_7909-768x510.jpg 768w, https:\/\/umcoletivo.pt\/wp-content\/uploads\/2024\/03\/DSC_7909-1536x1020.jpg 1536w, https:\/\/umcoletivo.pt\/wp-content\/uploads\/2024\/03\/DSC_7909-2048x1359.jpg 2048w, https:\/\/umcoletivo.pt\/wp-content\/uploads\/2024\/03\/DSC_7909-350x232.jpg 350w\" sizes=\"(max-width: 2560px) 100vw, 2560px\" \/><\/a><\/div>\n\t\t\t\t\t<\/div>\n\t\t\t\t<\/div><\/div><\/div><div class=\"tmb tmb-iso-w4 tmb-iso-h4 tmb-light tmb-overlay-text-anim tmb-overlay-anim tmb-overlay-middle tmb-overlay-text-left tmb-image-anim tmb-bordered tmb-id-422  tmb-media-first tmb-media-last tmb-content-overlay tmb-no-bg tmb-lightbox\" ><div class=\"t-inside no-anim\" ><div class=\"t-entry-visual\"><div class=\"t-entry-visual-tc\"><div class=\"t-entry-visual-cont\"><div class=\"dummy\" style=\"padding-top: 150.7%;\"><\/div><a href=\"https:\/\/umcoletivo.pt\/wp-content\/uploads\/2024\/03\/DSC_7931-scaled.jpg\"  class=\"pushed\" data-active=\"1\" data-lbox=\"ilightbox_gallery-194872\" data-external-thumb-image=\"https:\/\/umcoletivo.pt\/wp-content\/uploads\/2024\/03\/DSC_7931-150x150.jpg\" data-lg-size=\"1699-2560\" data-lb-index=\"2\"><div class=\"t-entry-visual-overlay\"><div class=\"t-entry-visual-overlay-in style-dark-bg\" style=\"opacity: 0.5;\"><\/div><\/div><img decoding=\"async\" class=\"wp-image-422\" src=\"https:\/\/umcoletivo.pt\/wp-content\/uploads\/2024\/03\/DSC_7931-scaled.jpg\" width=\"1699\" height=\"2560\" alt=\"\" srcset=\"https:\/\/umcoletivo.pt\/wp-content\/uploads\/2024\/03\/DSC_7931-scaled.jpg 1699w, https:\/\/umcoletivo.pt\/wp-content\/uploads\/2024\/03\/DSC_7931-199x300.jpg 199w, https:\/\/umcoletivo.pt\/wp-content\/uploads\/2024\/03\/DSC_7931-680x1024.jpg 680w, https:\/\/umcoletivo.pt\/wp-content\/uploads\/2024\/03\/DSC_7931-768x1157.jpg 768w, https:\/\/umcoletivo.pt\/wp-content\/uploads\/2024\/03\/DSC_7931-1020x1536.jpg 1020w, https:\/\/umcoletivo.pt\/wp-content\/uploads\/2024\/03\/DSC_7931-1359x2048.jpg 1359w, https:\/\/umcoletivo.pt\/wp-content\/uploads\/2024\/03\/DSC_7931-350x527.jpg 350w\" sizes=\"(max-width: 1699px) 100vw, 1699px\" \/><\/a><\/div>\n\t\t\t\t\t<\/div>\n\t\t\t\t<\/div><\/div><\/div><div class=\"tmb tmb-iso-w4 tmb-iso-h4 tmb-light tmb-overlay-text-anim tmb-overlay-anim tmb-overlay-middle tmb-overlay-text-left tmb-image-anim tmb-bordered tmb-id-423  tmb-media-first tmb-media-last tmb-content-overlay tmb-no-bg tmb-lightbox\" ><div class=\"t-inside no-anim\" ><div class=\"t-entry-visual\"><div class=\"t-entry-visual-tc\"><div class=\"t-entry-visual-cont\"><div class=\"dummy\" style=\"padding-top: 66.4%;\"><\/div><a href=\"https:\/\/umcoletivo.pt\/wp-content\/uploads\/2024\/03\/DSC_7981-scaled.jpg\"  class=\"pushed\" data-active=\"1\" data-lbox=\"ilightbox_gallery-194872\" data-external-thumb-image=\"https:\/\/umcoletivo.pt\/wp-content\/uploads\/2024\/03\/DSC_7981-150x150.jpg\" data-lg-size=\"2560-1699\" data-lb-index=\"3\"><div class=\"t-entry-visual-overlay\"><div class=\"t-entry-visual-overlay-in style-dark-bg\" style=\"opacity: 0.5;\"><\/div><\/div><img decoding=\"async\" class=\"wp-image-423\" src=\"https:\/\/umcoletivo.pt\/wp-content\/uploads\/2024\/03\/DSC_7981-scaled.jpg\" width=\"2560\" height=\"1699\" alt=\"\" srcset=\"https:\/\/umcoletivo.pt\/wp-content\/uploads\/2024\/03\/DSC_7981-scaled.jpg 2560w, https:\/\/umcoletivo.pt\/wp-content\/uploads\/2024\/03\/DSC_7981-300x199.jpg 300w, https:\/\/umcoletivo.pt\/wp-content\/uploads\/2024\/03\/DSC_7981-1024x680.jpg 1024w, https:\/\/umcoletivo.pt\/wp-content\/uploads\/2024\/03\/DSC_7981-768x510.jpg 768w, https:\/\/umcoletivo.pt\/wp-content\/uploads\/2024\/03\/DSC_7981-1536x1020.jpg 1536w, https:\/\/umcoletivo.pt\/wp-content\/uploads\/2024\/03\/DSC_7981-2048x1359.jpg 2048w, https:\/\/umcoletivo.pt\/wp-content\/uploads\/2024\/03\/DSC_7981-350x232.jpg 350w\" sizes=\"(max-width: 2560px) 100vw, 2560px\" \/><\/a><\/div>\n\t\t\t\t\t<\/div>\n\t\t\t\t<\/div><\/div><\/div><div class=\"tmb tmb-iso-w4 tmb-iso-h4 tmb-light tmb-overlay-text-anim tmb-overlay-anim tmb-overlay-middle tmb-overlay-text-left tmb-image-anim tmb-bordered tmb-id-424  tmb-media-first tmb-media-last tmb-content-overlay tmb-no-bg tmb-lightbox\" ><div class=\"t-inside no-anim\" ><div class=\"t-entry-visual\"><div class=\"t-entry-visual-tc\"><div class=\"t-entry-visual-cont\"><div class=\"dummy\" style=\"padding-top: 50%;\"><\/div><a href=\"https:\/\/umcoletivo.pt\/wp-content\/uploads\/2024\/03\/ESTE-2.jpg\"  class=\"pushed\" data-active=\"1\" data-lbox=\"ilightbox_gallery-194872\" data-external-thumb-image=\"https:\/\/umcoletivo.pt\/wp-content\/uploads\/2024\/03\/ESTE-2-150x150.jpg\" data-lg-size=\"1134-567\" data-lb-index=\"4\"><div class=\"t-entry-visual-overlay\"><div class=\"t-entry-visual-overlay-in style-dark-bg\" style=\"opacity: 0.5;\"><\/div><\/div><img decoding=\"async\" class=\"wp-image-424\" src=\"https:\/\/umcoletivo.pt\/wp-content\/uploads\/2024\/03\/ESTE-2.jpg\" width=\"1134\" height=\"567\" alt=\"\" srcset=\"https:\/\/umcoletivo.pt\/wp-content\/uploads\/2024\/03\/ESTE-2.jpg 1134w, https:\/\/umcoletivo.pt\/wp-content\/uploads\/2024\/03\/ESTE-2-300x150.jpg 300w, https:\/\/umcoletivo.pt\/wp-content\/uploads\/2024\/03\/ESTE-2-1024x512.jpg 1024w, https:\/\/umcoletivo.pt\/wp-content\/uploads\/2024\/03\/ESTE-2-768x384.jpg 768w, https:\/\/umcoletivo.pt\/wp-content\/uploads\/2024\/03\/ESTE-2-350x175.jpg 350w\" sizes=\"(max-width: 1134px) 100vw, 1134px\" \/><\/a><\/div>\n\t\t\t\t\t<\/div>\n\t\t\t\t<\/div><\/div><\/div><div class=\"tmb tmb-iso-w4 tmb-iso-h4 tmb-light tmb-overlay-text-anim tmb-overlay-anim tmb-overlay-middle tmb-overlay-text-left tmb-image-anim tmb-bordered tmb-id-425  tmb-media-first tmb-media-last tmb-content-overlay tmb-no-bg tmb-lightbox\" ><div class=\"t-inside no-anim\" ><div class=\"t-entry-visual\"><div class=\"t-entry-visual-tc\"><div class=\"t-entry-visual-cont\"><div class=\"dummy\" style=\"padding-top: 49.9%;\"><\/div><a href=\"https:\/\/umcoletivo.pt\/wp-content\/uploads\/2024\/03\/NORTE-1-2.jpg\"  class=\"pushed\" data-active=\"1\" data-lbox=\"ilightbox_gallery-194872\" data-external-thumb-image=\"https:\/\/umcoletivo.pt\/wp-content\/uploads\/2024\/03\/NORTE-1-2-150x150.jpg\" data-lg-size=\"1969-983\" data-lb-index=\"5\"><div class=\"t-entry-visual-overlay\"><div class=\"t-entry-visual-overlay-in style-dark-bg\" style=\"opacity: 0.5;\"><\/div><\/div><img decoding=\"async\" class=\"wp-image-425\" src=\"https:\/\/umcoletivo.pt\/wp-content\/uploads\/2024\/03\/NORTE-1-2.jpg\" width=\"1969\" height=\"983\" alt=\"\" srcset=\"https:\/\/umcoletivo.pt\/wp-content\/uploads\/2024\/03\/NORTE-1-2.jpg 1969w, https:\/\/umcoletivo.pt\/wp-content\/uploads\/2024\/03\/NORTE-1-2-300x150.jpg 300w, https:\/\/umcoletivo.pt\/wp-content\/uploads\/2024\/03\/NORTE-1-2-1024x511.jpg 1024w, https:\/\/umcoletivo.pt\/wp-content\/uploads\/2024\/03\/NORTE-1-2-768x383.jpg 768w, https:\/\/umcoletivo.pt\/wp-content\/uploads\/2024\/03\/NORTE-1-2-1536x767.jpg 1536w, https:\/\/umcoletivo.pt\/wp-content\/uploads\/2024\/03\/NORTE-1-2-350x175.jpg 350w\" sizes=\"(max-width: 1969px) 100vw, 1969px\" \/><\/a><\/div>\n\t\t\t\t\t<\/div>\n\t\t\t\t<\/div><\/div><\/div><div class=\"tmb tmb-iso-w4 tmb-iso-h4 tmb-light tmb-overlay-text-anim tmb-overlay-anim tmb-overlay-middle tmb-overlay-text-left tmb-image-anim tmb-bordered tmb-id-426  tmb-media-first tmb-media-last tmb-content-overlay tmb-no-bg tmb-lightbox\" ><div class=\"t-inside no-anim\" ><div class=\"t-entry-visual\"><div class=\"t-entry-visual-tc\"><div class=\"t-entry-visual-cont\"><div class=\"dummy\" style=\"padding-top: 50%;\"><\/div><a href=\"https:\/\/umcoletivo.pt\/wp-content\/uploads\/2024\/03\/OESTE-3.jpg\"  class=\"pushed\" data-active=\"1\" data-lbox=\"ilightbox_gallery-194872\" data-external-thumb-image=\"https:\/\/umcoletivo.pt\/wp-content\/uploads\/2024\/03\/OESTE-3-150x150.jpg\" data-lg-size=\"1575-787\" data-lb-index=\"6\"><div class=\"t-entry-visual-overlay\"><div class=\"t-entry-visual-overlay-in style-dark-bg\" style=\"opacity: 0.5;\"><\/div><\/div><img decoding=\"async\" class=\"wp-image-426\" src=\"https:\/\/umcoletivo.pt\/wp-content\/uploads\/2024\/03\/OESTE-3.jpg\" width=\"1575\" height=\"787\" alt=\"\" srcset=\"https:\/\/umcoletivo.pt\/wp-content\/uploads\/2024\/03\/OESTE-3.jpg 1575w, https:\/\/umcoletivo.pt\/wp-content\/uploads\/2024\/03\/OESTE-3-300x150.jpg 300w, https:\/\/umcoletivo.pt\/wp-content\/uploads\/2024\/03\/OESTE-3-1024x512.jpg 1024w, https:\/\/umcoletivo.pt\/wp-content\/uploads\/2024\/03\/OESTE-3-768x384.jpg 768w, https:\/\/umcoletivo.pt\/wp-content\/uploads\/2024\/03\/OESTE-3-1536x768.jpg 1536w, https:\/\/umcoletivo.pt\/wp-content\/uploads\/2024\/03\/OESTE-3-350x175.jpg 350w\" sizes=\"(max-width: 1575px) 100vw, 1575px\" \/><\/a><\/div>\n\t\t\t\t\t<\/div>\n\t\t\t\t<\/div><\/div><\/div><div class=\"tmb tmb-iso-w4 tmb-iso-h4 tmb-light tmb-overlay-text-anim tmb-overlay-anim tmb-overlay-middle tmb-overlay-text-left tmb-image-anim tmb-bordered tmb-id-427  tmb-media-first tmb-media-last tmb-content-overlay tmb-no-bg tmb-lightbox\" ><div class=\"t-inside no-anim\" ><div class=\"t-entry-visual\"><div class=\"t-entry-visual-tc\"><div class=\"t-entry-visual-cont\"><div class=\"dummy\" style=\"padding-top: 138%;\"><\/div><a href=\"https:\/\/umcoletivo.pt\/wp-content\/uploads\/2024\/03\/Rosa_dos_Ventos.jpg\"  class=\"pushed\" data-active=\"1\" data-lbox=\"ilightbox_gallery-194872\" data-external-thumb-image=\"https:\/\/umcoletivo.pt\/wp-content\/uploads\/2024\/03\/Rosa_dos_Ventos-150x150.jpg\" data-lg-size=\"1191-1644\" data-lb-index=\"7\"><div class=\"t-entry-visual-overlay\"><div class=\"t-entry-visual-overlay-in style-dark-bg\" style=\"opacity: 0.5;\"><\/div><\/div><img decoding=\"async\" class=\"wp-image-427\" src=\"https:\/\/umcoletivo.pt\/wp-content\/uploads\/2024\/03\/Rosa_dos_Ventos.jpg\" width=\"1191\" height=\"1644\" alt=\"Rosa_dos_Ventos\" srcset=\"https:\/\/umcoletivo.pt\/wp-content\/uploads\/2024\/03\/Rosa_dos_Ventos.jpg 1191w, https:\/\/umcoletivo.pt\/wp-content\/uploads\/2024\/03\/Rosa_dos_Ventos-217x300.jpg 217w, https:\/\/umcoletivo.pt\/wp-content\/uploads\/2024\/03\/Rosa_dos_Ventos-742x1024.jpg 742w, https:\/\/umcoletivo.pt\/wp-content\/uploads\/2024\/03\/Rosa_dos_Ventos-768x1060.jpg 768w, https:\/\/umcoletivo.pt\/wp-content\/uploads\/2024\/03\/Rosa_dos_Ventos-1113x1536.jpg 1113w, https:\/\/umcoletivo.pt\/wp-content\/uploads\/2024\/03\/Rosa_dos_Ventos-350x483.jpg 350w\" sizes=\"(max-width: 1191px) 100vw, 1191px\" \/><\/a><\/div>\n\t\t\t\t\t<\/div>\n\t\t\t\t<\/div><\/div><\/div><div class=\"tmb tmb-iso-w4 tmb-iso-h4 tmb-light tmb-overlay-text-anim tmb-overlay-anim tmb-overlay-middle tmb-overlay-text-left tmb-image-anim tmb-bordered tmb-id-428  tmb-media-first tmb-media-last tmb-content-overlay tmb-no-bg tmb-lightbox\" ><div class=\"t-inside no-anim\" ><div class=\"t-entry-visual\"><div class=\"t-entry-visual-tc\"><div class=\"t-entry-visual-cont\"><div class=\"dummy\" style=\"padding-top: 150%;\"><\/div><a href=\"https:\/\/umcoletivo.pt\/wp-content\/uploads\/2024\/03\/Semana-Cultural_18_Dia3-9624.jpg\"  class=\"pushed\" data-active=\"1\" data-lbox=\"ilightbox_gallery-194872\" data-external-thumb-image=\"https:\/\/umcoletivo.pt\/wp-content\/uploads\/2024\/03\/Semana-Cultural_18_Dia3-9624-150x150.jpg\" data-lg-size=\"1365-2048\" data-lb-index=\"8\"><div class=\"t-entry-visual-overlay\"><div class=\"t-entry-visual-overlay-in style-dark-bg\" style=\"opacity: 0.5;\"><\/div><\/div><img decoding=\"async\" class=\"wp-image-428\" src=\"https:\/\/umcoletivo.pt\/wp-content\/uploads\/2024\/03\/Semana-Cultural_18_Dia3-9624.jpg\" width=\"1365\" height=\"2048\" alt=\"\" srcset=\"https:\/\/umcoletivo.pt\/wp-content\/uploads\/2024\/03\/Semana-Cultural_18_Dia3-9624.jpg 1365w, https:\/\/umcoletivo.pt\/wp-content\/uploads\/2024\/03\/Semana-Cultural_18_Dia3-9624-200x300.jpg 200w, https:\/\/umcoletivo.pt\/wp-content\/uploads\/2024\/03\/Semana-Cultural_18_Dia3-9624-683x1024.jpg 683w, https:\/\/umcoletivo.pt\/wp-content\/uploads\/2024\/03\/Semana-Cultural_18_Dia3-9624-768x1152.jpg 768w, https:\/\/umcoletivo.pt\/wp-content\/uploads\/2024\/03\/Semana-Cultural_18_Dia3-9624-1024x1536.jpg 1024w, https:\/\/umcoletivo.pt\/wp-content\/uploads\/2024\/03\/Semana-Cultural_18_Dia3-9624-350x525.jpg 350w\" sizes=\"(max-width: 1365px) 100vw, 1365px\" \/><\/a><\/div>\n\t\t\t\t\t<\/div>\n\t\t\t\t<\/div><\/div><\/div><div class=\"tmb tmb-iso-w4 tmb-iso-h4 tmb-light tmb-overlay-text-anim tmb-overlay-anim tmb-overlay-middle tmb-overlay-text-left tmb-image-anim tmb-bordered tmb-id-429  tmb-media-first tmb-media-last tmb-content-overlay tmb-no-bg tmb-lightbox\" ><div class=\"t-inside no-anim\" ><div class=\"t-entry-visual\"><div class=\"t-entry-visual-tc\"><div class=\"t-entry-visual-cont\"><div class=\"dummy\" style=\"padding-top: 150%;\"><\/div><a href=\"https:\/\/umcoletivo.pt\/wp-content\/uploads\/2024\/03\/Semana-Cultural_18_Dia3-9645.jpg\"  class=\"pushed\" data-active=\"1\" data-lbox=\"ilightbox_gallery-194872\" data-external-thumb-image=\"https:\/\/umcoletivo.pt\/wp-content\/uploads\/2024\/03\/Semana-Cultural_18_Dia3-9645-150x150.jpg\" data-lg-size=\"1365-2048\" data-lb-index=\"9\"><div class=\"t-entry-visual-overlay\"><div class=\"t-entry-visual-overlay-in style-dark-bg\" style=\"opacity: 0.5;\"><\/div><\/div><img decoding=\"async\" class=\"wp-image-429\" src=\"https:\/\/umcoletivo.pt\/wp-content\/uploads\/2024\/03\/Semana-Cultural_18_Dia3-9645.jpg\" width=\"1365\" height=\"2048\" alt=\"\" srcset=\"https:\/\/umcoletivo.pt\/wp-content\/uploads\/2024\/03\/Semana-Cultural_18_Dia3-9645.jpg 1365w, https:\/\/umcoletivo.pt\/wp-content\/uploads\/2024\/03\/Semana-Cultural_18_Dia3-9645-200x300.jpg 200w, https:\/\/umcoletivo.pt\/wp-content\/uploads\/2024\/03\/Semana-Cultural_18_Dia3-9645-683x1024.jpg 683w, https:\/\/umcoletivo.pt\/wp-content\/uploads\/2024\/03\/Semana-Cultural_18_Dia3-9645-768x1152.jpg 768w, https:\/\/umcoletivo.pt\/wp-content\/uploads\/2024\/03\/Semana-Cultural_18_Dia3-9645-1024x1536.jpg 1024w, https:\/\/umcoletivo.pt\/wp-content\/uploads\/2024\/03\/Semana-Cultural_18_Dia3-9645-350x525.jpg 350w\" sizes=\"(max-width: 1365px) 100vw, 1365px\" \/><\/a><\/div>\n\t\t\t\t\t<\/div>\n\t\t\t\t<\/div><\/div><\/div><div class=\"tmb tmb-iso-w4 tmb-iso-h4 tmb-light tmb-overlay-text-anim tmb-overlay-anim tmb-overlay-middle tmb-overlay-text-left tmb-image-anim tmb-bordered tmb-id-430  tmb-media-first tmb-media-last tmb-content-overlay tmb-no-bg tmb-lightbox\" ><div class=\"t-inside no-anim\" ><div class=\"t-entry-visual\"><div class=\"t-entry-visual-tc\"><div class=\"t-entry-visual-cont\"><div class=\"dummy\" style=\"padding-top: 50%;\"><\/div><a href=\"https:\/\/umcoletivo.pt\/wp-content\/uploads\/2024\/03\/SUL.jpg\"  class=\"pushed\" data-active=\"1\" data-lbox=\"ilightbox_gallery-194872\" data-external-thumb-image=\"https:\/\/umcoletivo.pt\/wp-content\/uploads\/2024\/03\/SUL-150x150.jpg\" data-lg-size=\"1134-567\" data-lb-index=\"10\"><div class=\"t-entry-visual-overlay\"><div class=\"t-entry-visual-overlay-in style-dark-bg\" style=\"opacity: 0.5;\"><\/div><\/div><img decoding=\"async\" class=\"wp-image-430\" src=\"https:\/\/umcoletivo.pt\/wp-content\/uploads\/2024\/03\/SUL.jpg\" width=\"1134\" height=\"567\" alt=\"\" srcset=\"https:\/\/umcoletivo.pt\/wp-content\/uploads\/2024\/03\/SUL.jpg 1134w, https:\/\/umcoletivo.pt\/wp-content\/uploads\/2024\/03\/SUL-300x150.jpg 300w, https:\/\/umcoletivo.pt\/wp-content\/uploads\/2024\/03\/SUL-1024x512.jpg 1024w, https:\/\/umcoletivo.pt\/wp-content\/uploads\/2024\/03\/SUL-768x384.jpg 768w, https:\/\/umcoletivo.pt\/wp-content\/uploads\/2024\/03\/SUL-350x175.jpg 350w\" sizes=\"(max-width: 1134px) 100vw, 1134px\" \/><\/a><\/div>\n\t\t\t\t\t<\/div>\n\t\t\t\t<\/div><\/div><\/div><div class=\"tmb tmb-iso-w4 tmb-iso-h4 tmb-light tmb-overlay-text-anim tmb-overlay-anim tmb-overlay-middle tmb-overlay-text-left tmb-image-anim tmb-bordered tmb-id-431  tmb-media-first tmb-media-last tmb-content-overlay tmb-no-bg tmb-lightbox\" ><div class=\"t-inside no-anim\" ><div class=\"t-entry-visual\"><div class=\"t-entry-visual-tc\"><div class=\"t-entry-visual-cont\"><div class=\"dummy\" style=\"padding-top: 66.7%;\"><\/div><a href=\"https:\/\/umcoletivo.pt\/wp-content\/uploads\/2024\/03\/28701491_597441400620536_2560785434023253709_o.jpg\"  class=\"pushed\" data-active=\"1\" data-lbox=\"ilightbox_gallery-194872\" data-external-thumb-image=\"https:\/\/umcoletivo.pt\/wp-content\/uploads\/2024\/03\/28701491_597441400620536_2560785434023253709_o-150x150.jpg\" data-lg-size=\"2048-1365\" data-lb-index=\"11\"><div class=\"t-entry-visual-overlay\"><div class=\"t-entry-visual-overlay-in style-dark-bg\" style=\"opacity: 0.5;\"><\/div><\/div><img decoding=\"async\" class=\"wp-image-431\" src=\"https:\/\/umcoletivo.pt\/wp-content\/uploads\/2024\/03\/28701491_597441400620536_2560785434023253709_o.jpg\" width=\"2048\" height=\"1365\" alt=\"\" srcset=\"https:\/\/umcoletivo.pt\/wp-content\/uploads\/2024\/03\/28701491_597441400620536_2560785434023253709_o.jpg 2048w, https:\/\/umcoletivo.pt\/wp-content\/uploads\/2024\/03\/28701491_597441400620536_2560785434023253709_o-300x200.jpg 300w, https:\/\/umcoletivo.pt\/wp-content\/uploads\/2024\/03\/28701491_597441400620536_2560785434023253709_o-1024x683.jpg 1024w, https:\/\/umcoletivo.pt\/wp-content\/uploads\/2024\/03\/28701491_597441400620536_2560785434023253709_o-768x512.jpg 768w, https:\/\/umcoletivo.pt\/wp-content\/uploads\/2024\/03\/28701491_597441400620536_2560785434023253709_o-1536x1024.jpg 1536w, https:\/\/umcoletivo.pt\/wp-content\/uploads\/2024\/03\/28701491_597441400620536_2560785434023253709_o-350x233.jpg 350w\" sizes=\"(max-width: 2048px) 100vw, 2048px\" \/><\/a><\/div>\n\t\t\t\t\t<\/div>\n\t\t\t\t<\/div><\/div><\/div><div class=\"tmb tmb-iso-w4 tmb-iso-h4 tmb-light tmb-overlay-text-anim tmb-overlay-anim tmb-overlay-middle tmb-overlay-text-left tmb-image-anim tmb-bordered tmb-id-432  tmb-media-first tmb-media-last tmb-content-overlay tmb-no-bg tmb-lightbox\" ><div class=\"t-inside no-anim\" ><div class=\"t-entry-visual\"><div class=\"t-entry-visual-tc\"><div class=\"t-entry-visual-cont\"><div class=\"dummy\" style=\"padding-top: 150%;\"><\/div><a href=\"https:\/\/umcoletivo.pt\/wp-content\/uploads\/2024\/03\/29365445_597440750620601_7819766179953732782_n.jpg\"  class=\"pushed\" data-active=\"1\" data-lbox=\"ilightbox_gallery-194872\" data-external-thumb-image=\"https:\/\/umcoletivo.pt\/wp-content\/uploads\/2024\/03\/29365445_597440750620601_7819766179953732782_n-150x150.jpg\" data-lg-size=\"640-960\" data-lb-index=\"12\"><div class=\"t-entry-visual-overlay\"><div class=\"t-entry-visual-overlay-in style-dark-bg\" style=\"opacity: 0.5;\"><\/div><\/div><img decoding=\"async\" class=\"wp-image-432\" src=\"https:\/\/umcoletivo.pt\/wp-content\/uploads\/2024\/03\/29365445_597440750620601_7819766179953732782_n.jpg\" width=\"640\" height=\"960\" alt=\"\" srcset=\"https:\/\/umcoletivo.pt\/wp-content\/uploads\/2024\/03\/29365445_597440750620601_7819766179953732782_n.jpg 640w, https:\/\/umcoletivo.pt\/wp-content\/uploads\/2024\/03\/29365445_597440750620601_7819766179953732782_n-200x300.jpg 200w, https:\/\/umcoletivo.pt\/wp-content\/uploads\/2024\/03\/29365445_597440750620601_7819766179953732782_n-350x525.jpg 350w\" sizes=\"(max-width: 640px) 100vw, 640px\" \/><\/a><\/div>\n\t\t\t\t\t<\/div>\n\t\t\t\t<\/div><\/div><\/div><div class=\"tmb tmb-iso-w4 tmb-iso-h4 tmb-light tmb-overlay-text-anim tmb-overlay-anim tmb-overlay-middle tmb-overlay-text-left tmb-image-anim tmb-bordered tmb-id-433  tmb-media-first tmb-media-last tmb-content-overlay tmb-no-bg tmb-lightbox\" ><div class=\"t-inside no-anim\" ><div class=\"t-entry-visual\"><div class=\"t-entry-visual-tc\"><div class=\"t-entry-visual-cont\"><div class=\"dummy\" style=\"padding-top: 150%;\"><\/div><a href=\"https:\/\/umcoletivo.pt\/wp-content\/uploads\/2024\/03\/29386575_597441490620527_8209992833957271801_n.jpg\"  class=\"pushed\" data-active=\"1\" data-lbox=\"ilightbox_gallery-194872\" data-external-thumb-image=\"https:\/\/umcoletivo.pt\/wp-content\/uploads\/2024\/03\/29386575_597441490620527_8209992833957271801_n-150x150.jpg\" data-lg-size=\"640-960\" data-lb-index=\"13\"><div class=\"t-entry-visual-overlay\"><div class=\"t-entry-visual-overlay-in style-dark-bg\" style=\"opacity: 0.5;\"><\/div><\/div><img decoding=\"async\" class=\"wp-image-433\" src=\"https:\/\/umcoletivo.pt\/wp-content\/uploads\/2024\/03\/29386575_597441490620527_8209992833957271801_n.jpg\" width=\"640\" height=\"960\" alt=\"\" srcset=\"https:\/\/umcoletivo.pt\/wp-content\/uploads\/2024\/03\/29386575_597441490620527_8209992833957271801_n.jpg 640w, https:\/\/umcoletivo.pt\/wp-content\/uploads\/2024\/03\/29386575_597441490620527_8209992833957271801_n-200x300.jpg 200w, https:\/\/umcoletivo.pt\/wp-content\/uploads\/2024\/03\/29386575_597441490620527_8209992833957271801_n-350x525.jpg 350w\" sizes=\"(max-width: 640px) 100vw, 640px\" \/><\/a><\/div>\n\t\t\t\t\t<\/div>\n\t\t\t\t<\/div><\/div><\/div><div class=\"tmb tmb-iso-w4 tmb-iso-h4 tmb-light tmb-overlay-text-anim tmb-overlay-anim tmb-overlay-middle tmb-overlay-text-left tmb-image-anim tmb-bordered tmb-id-434  tmb-media-first tmb-media-last tmb-content-overlay tmb-no-bg tmb-lightbox\" ><div class=\"t-inside no-anim\" ><div class=\"t-entry-visual\"><div class=\"t-entry-visual-tc\"><div class=\"t-entry-visual-cont\"><div class=\"dummy\" style=\"padding-top: 150%;\"><\/div><a href=\"https:\/\/umcoletivo.pt\/wp-content\/uploads\/2024\/03\/29425359_597441397287203_9025875005763136218_n.jpg\"  class=\"pushed\" data-active=\"1\" data-lbox=\"ilightbox_gallery-194872\" data-external-thumb-image=\"https:\/\/umcoletivo.pt\/wp-content\/uploads\/2024\/03\/29425359_597441397287203_9025875005763136218_n-150x150.jpg\" data-lg-size=\"640-960\" data-lb-index=\"14\"><div class=\"t-entry-visual-overlay\"><div class=\"t-entry-visual-overlay-in style-dark-bg\" style=\"opacity: 0.5;\"><\/div><\/div><img decoding=\"async\" class=\"wp-image-434\" src=\"https:\/\/umcoletivo.pt\/wp-content\/uploads\/2024\/03\/29425359_597441397287203_9025875005763136218_n.jpg\" width=\"640\" height=\"960\" alt=\"\" srcset=\"https:\/\/umcoletivo.pt\/wp-content\/uploads\/2024\/03\/29425359_597441397287203_9025875005763136218_n.jpg 640w, https:\/\/umcoletivo.pt\/wp-content\/uploads\/2024\/03\/29425359_597441397287203_9025875005763136218_n-200x300.jpg 200w, https:\/\/umcoletivo.pt\/wp-content\/uploads\/2024\/03\/29425359_597441397287203_9025875005763136218_n-350x525.jpg 350w\" sizes=\"(max-width: 640px) 100vw, 640px\" \/><\/a><\/div>\n\t\t\t\t\t<\/div>\n\t\t\t\t<\/div><\/div><\/div><div class=\"tmb tmb-iso-w4 tmb-iso-h4 tmb-light tmb-overlay-text-anim tmb-overlay-anim tmb-overlay-middle tmb-overlay-text-left tmb-image-anim tmb-bordered tmb-id-435  tmb-media-first tmb-media-last tmb-content-overlay tmb-no-bg tmb-lightbox\" ><div class=\"t-inside no-anim\" ><div class=\"t-entry-visual\"><div class=\"t-entry-visual-tc\"><div class=\"t-entry-visual-cont\"><div class=\"dummy\" style=\"padding-top: 138%;\"><\/div><a href=\"https:\/\/umcoletivo.pt\/wp-content\/uploads\/2024\/03\/Cartaz_Rosa_dos_Ventos.png\"  class=\"pushed\" data-active=\"1\" data-lbox=\"ilightbox_gallery-194872\" data-external-thumb-image=\"https:\/\/umcoletivo.pt\/wp-content\/uploads\/2024\/03\/Cartaz_Rosa_dos_Ventos-150x150.png\" data-lg-size=\"1191-1644\" data-lb-index=\"15\"><div class=\"t-entry-visual-overlay\"><div class=\"t-entry-visual-overlay-in style-dark-bg\" style=\"opacity: 0.5;\"><\/div><\/div><img decoding=\"async\" class=\"wp-image-435\" src=\"https:\/\/umcoletivo.pt\/wp-content\/uploads\/2024\/03\/Cartaz_Rosa_dos_Ventos.png\" width=\"1191\" height=\"1644\" alt=\"Cartaz_Rosa_dos_Ventos\" srcset=\"https:\/\/umcoletivo.pt\/wp-content\/uploads\/2024\/03\/Cartaz_Rosa_dos_Ventos.png 1191w, https:\/\/umcoletivo.pt\/wp-content\/uploads\/2024\/03\/Cartaz_Rosa_dos_Ventos-217x300.png 217w, https:\/\/umcoletivo.pt\/wp-content\/uploads\/2024\/03\/Cartaz_Rosa_dos_Ventos-742x1024.png 742w, https:\/\/umcoletivo.pt\/wp-content\/uploads\/2024\/03\/Cartaz_Rosa_dos_Ventos-768x1060.png 768w, https:\/\/umcoletivo.pt\/wp-content\/uploads\/2024\/03\/Cartaz_Rosa_dos_Ventos-1113x1536.png 1113w, https:\/\/umcoletivo.pt\/wp-content\/uploads\/2024\/03\/Cartaz_Rosa_dos_Ventos-350x483.png 350w\" sizes=\"(max-width: 1191px) 100vw, 1191px\" \/><\/a><\/div>\n\t\t\t\t\t<\/div>\n\t\t\t\t<\/div><\/div><\/div>\t\t\t<\/div>\n\t\t\t\t\t<\/div>\n\n\t\n\t\n\t\n<\/div>\n\n<\/div><\/div><\/div><\/div><\/div><\/div><\/div><\/div><\/div><\/div><\/div><\/div><\/div><script id=\"script-row-unique-1\" data-row=\"script-row-unique-1\" type=\"text\/javascript\" class=\"vc_controls\">UNCODE.initRow(document.getElementById(\"row-unique-1\"));<\/script><\/div><\/div><\/div>\n<\/div>","protected":false},"excerpt":{"rendered":"Rosa dos VentosEstreia, 3 de marzo de 2017 Celebraciones del centenario del teatro Faial, Horta, Faial SinopsisROSA DOS VENTOS [...]","protected":false},"author":1,"featured_media":940,"parent":0,"menu_order":0,"comment_status":"closed","ping_status":"open","template":"","meta":{"footnotes":""},"portfolio_category":[7],"class_list":["post-419","portfolio","type-portfolio","status-publish","has-post-thumbnail","hentry","portfolio_category-criacao-artistica"],"yoast_head":"<!-- This site is optimized with the Yoast SEO plugin v25.6 - https:\/\/yoast.com\/wordpress\/plugins\/seo\/ -->\n<title>Rosa dos Ventos - Um Coletivo<\/title>\n<meta name=\"robots\" content=\"index, follow, max-snippet:-1, max-image-preview:large, max-video-preview:-1\" \/>\n<link rel=\"canonical\" href=\"https:\/\/umcoletivo.pt\/es\/projeto\/rosa-dos-ventos\/\" \/>\n<meta property=\"og:locale\" content=\"es_ES\" \/>\n<meta property=\"og:type\" content=\"article\" \/>\n<meta property=\"og:title\" content=\"Rosa dos Ventos - Um Coletivo\" \/>\n<meta property=\"og:url\" content=\"https:\/\/umcoletivo.pt\/es\/projeto\/rosa-dos-ventos\/\" \/>\n<meta property=\"og:site_name\" content=\"Um Coletivo\" \/>\n<meta property=\"article:publisher\" content=\"https:\/\/www.facebook.com\/umcoletivo\" \/>\n<meta property=\"article:modified_time\" content=\"2024-03-27T16:18:54+00:00\" \/>\n<meta property=\"og:image\" content=\"https:\/\/umcoletivo.pt\/wp-content\/uploads\/2024\/03\/rosa-dos-ventos.jpg\" \/>\n\t<meta property=\"og:image:width\" content=\"640\" \/>\n\t<meta property=\"og:image:height\" content=\"960\" \/>\n\t<meta property=\"og:image:type\" content=\"image\/jpeg\" \/>\n<meta name=\"twitter:card\" content=\"summary_large_image\" \/>\n<meta name=\"twitter:label1\" content=\"Tiempo de lectura\" \/>\n\t<meta name=\"twitter:data1\" content=\"2 minutos\" \/>\n<script type=\"application\/ld+json\" class=\"yoast-schema-graph\">{\"@context\":\"https:\/\/schema.org\",\"@graph\":[{\"@type\":\"WebPage\",\"@id\":\"https:\/\/umcoletivo.pt\/projeto\/rosa-dos-ventos\/\",\"url\":\"https:\/\/umcoletivo.pt\/projeto\/rosa-dos-ventos\/\",\"name\":\"Rosa dos Ventos - Um Coletivo\",\"isPartOf\":{\"@id\":\"https:\/\/umcoletivo.pt\/#website\"},\"primaryImageOfPage\":{\"@id\":\"https:\/\/umcoletivo.pt\/projeto\/rosa-dos-ventos\/#primaryimage\"},\"image\":{\"@id\":\"https:\/\/umcoletivo.pt\/projeto\/rosa-dos-ventos\/#primaryimage\"},\"thumbnailUrl\":\"https:\/\/umcoletivo.pt\/wp-content\/uploads\/2024\/03\/rosa-dos-ventos.jpg\",\"datePublished\":\"2024-03-10T16:05:37+00:00\",\"dateModified\":\"2024-03-27T16:18:54+00:00\",\"breadcrumb\":{\"@id\":\"https:\/\/umcoletivo.pt\/projeto\/rosa-dos-ventos\/#breadcrumb\"},\"inLanguage\":\"es\",\"potentialAction\":[{\"@type\":\"ReadAction\",\"target\":[\"https:\/\/umcoletivo.pt\/projeto\/rosa-dos-ventos\/\"]}]},{\"@type\":\"ImageObject\",\"inLanguage\":\"es\",\"@id\":\"https:\/\/umcoletivo.pt\/projeto\/rosa-dos-ventos\/#primaryimage\",\"url\":\"https:\/\/umcoletivo.pt\/wp-content\/uploads\/2024\/03\/rosa-dos-ventos.jpg\",\"contentUrl\":\"https:\/\/umcoletivo.pt\/wp-content\/uploads\/2024\/03\/rosa-dos-ventos.jpg\",\"width\":640,\"height\":960,\"caption\":\"rosa dos ventos\"},{\"@type\":\"BreadcrumbList\",\"@id\":\"https:\/\/umcoletivo.pt\/projeto\/rosa-dos-ventos\/#breadcrumb\",\"itemListElement\":[{\"@type\":\"ListItem\",\"position\":1,\"name\":\"In\u00edcio\",\"item\":\"https:\/\/umcoletivo.pt\/\"},{\"@type\":\"ListItem\",\"position\":2,\"name\":\"Projeto\",\"item\":\"https:\/\/umcoletivo.pt\/projeto\/\"},{\"@type\":\"ListItem\",\"position\":3,\"name\":\"Rosa dos Ventos\"}]},{\"@type\":\"WebSite\",\"@id\":\"https:\/\/umcoletivo.pt\/#website\",\"url\":\"https:\/\/umcoletivo.pt\/\",\"name\":\"Um Coletivo\",\"description\":\"\",\"publisher\":{\"@id\":\"https:\/\/umcoletivo.pt\/#organization\"},\"potentialAction\":[{\"@type\":\"SearchAction\",\"target\":{\"@type\":\"EntryPoint\",\"urlTemplate\":\"https:\/\/umcoletivo.pt\/?s={search_term_string}\"},\"query-input\":{\"@type\":\"PropertyValueSpecification\",\"valueRequired\":true,\"valueName\":\"search_term_string\"}}],\"inLanguage\":\"es\"},{\"@type\":\"Organization\",\"@id\":\"https:\/\/umcoletivo.pt\/#organization\",\"name\":\"Um Coletivo\",\"url\":\"https:\/\/umcoletivo.pt\/\",\"logo\":{\"@type\":\"ImageObject\",\"inLanguage\":\"es\",\"@id\":\"https:\/\/umcoletivo.pt\/#\/schema\/logo\/image\/\",\"url\":\"https:\/\/umcoletivo.pt\/wp-content\/uploads\/2024\/03\/UMCOLETIVO.png\",\"contentUrl\":\"https:\/\/umcoletivo.pt\/wp-content\/uploads\/2024\/03\/UMCOLETIVO.png\",\"width\":1210,\"height\":383,\"caption\":\"Um Coletivo\"},\"image\":{\"@id\":\"https:\/\/umcoletivo.pt\/#\/schema\/logo\/image\/\"},\"sameAs\":[\"https:\/\/www.facebook.com\/umcoletivo\"]}]}<\/script>\n<!-- \/ Yoast SEO plugin. -->","yoast_head_json":{"title":"Rosa dos Ventos - Um Coletivo","robots":{"index":"index","follow":"follow","max-snippet":"max-snippet:-1","max-image-preview":"max-image-preview:large","max-video-preview":"max-video-preview:-1"},"canonical":"https:\/\/umcoletivo.pt\/es\/projeto\/rosa-dos-ventos\/","og_locale":"es_ES","og_type":"article","og_title":"Rosa dos Ventos - Um Coletivo","og_url":"https:\/\/umcoletivo.pt\/es\/projeto\/rosa-dos-ventos\/","og_site_name":"Um Coletivo","article_publisher":"https:\/\/www.facebook.com\/umcoletivo","article_modified_time":"2024-03-27T16:18:54+00:00","og_image":[{"width":640,"height":960,"url":"https:\/\/umcoletivo.pt\/wp-content\/uploads\/2024\/03\/rosa-dos-ventos.jpg","type":"image\/jpeg"}],"twitter_card":"summary_large_image","twitter_misc":{"Tiempo de lectura":"2 minutos"},"schema":{"@context":"https:\/\/schema.org","@graph":[{"@type":"WebPage","@id":"https:\/\/umcoletivo.pt\/projeto\/rosa-dos-ventos\/","url":"https:\/\/umcoletivo.pt\/projeto\/rosa-dos-ventos\/","name":"Rosa dos Ventos - Um Coletivo","isPartOf":{"@id":"https:\/\/umcoletivo.pt\/#website"},"primaryImageOfPage":{"@id":"https:\/\/umcoletivo.pt\/projeto\/rosa-dos-ventos\/#primaryimage"},"image":{"@id":"https:\/\/umcoletivo.pt\/projeto\/rosa-dos-ventos\/#primaryimage"},"thumbnailUrl":"https:\/\/umcoletivo.pt\/wp-content\/uploads\/2024\/03\/rosa-dos-ventos.jpg","datePublished":"2024-03-10T16:05:37+00:00","dateModified":"2024-03-27T16:18:54+00:00","breadcrumb":{"@id":"https:\/\/umcoletivo.pt\/projeto\/rosa-dos-ventos\/#breadcrumb"},"inLanguage":"es","potentialAction":[{"@type":"ReadAction","target":["https:\/\/umcoletivo.pt\/projeto\/rosa-dos-ventos\/"]}]},{"@type":"ImageObject","inLanguage":"es","@id":"https:\/\/umcoletivo.pt\/projeto\/rosa-dos-ventos\/#primaryimage","url":"https:\/\/umcoletivo.pt\/wp-content\/uploads\/2024\/03\/rosa-dos-ventos.jpg","contentUrl":"https:\/\/umcoletivo.pt\/wp-content\/uploads\/2024\/03\/rosa-dos-ventos.jpg","width":640,"height":960,"caption":"rosa dos ventos"},{"@type":"BreadcrumbList","@id":"https:\/\/umcoletivo.pt\/projeto\/rosa-dos-ventos\/#breadcrumb","itemListElement":[{"@type":"ListItem","position":1,"name":"In\u00edcio","item":"https:\/\/umcoletivo.pt\/"},{"@type":"ListItem","position":2,"name":"Projeto","item":"https:\/\/umcoletivo.pt\/projeto\/"},{"@type":"ListItem","position":3,"name":"Rosa dos Ventos"}]},{"@type":"WebSite","@id":"https:\/\/umcoletivo.pt\/#website","url":"https:\/\/umcoletivo.pt\/","name":"Un colectivo","description":"","publisher":{"@id":"https:\/\/umcoletivo.pt\/#organization"},"potentialAction":[{"@type":"SearchAction","target":{"@type":"EntryPoint","urlTemplate":"https:\/\/umcoletivo.pt\/?s={search_term_string}"},"query-input":{"@type":"PropertyValueSpecification","valueRequired":true,"valueName":"search_term_string"}}],"inLanguage":"es"},{"@type":"Organization","@id":"https:\/\/umcoletivo.pt\/#organization","name":"Un colectivo","url":"https:\/\/umcoletivo.pt\/","logo":{"@type":"ImageObject","inLanguage":"es","@id":"https:\/\/umcoletivo.pt\/#\/schema\/logo\/image\/","url":"https:\/\/umcoletivo.pt\/wp-content\/uploads\/2024\/03\/UMCOLETIVO.png","contentUrl":"https:\/\/umcoletivo.pt\/wp-content\/uploads\/2024\/03\/UMCOLETIVO.png","width":1210,"height":383,"caption":"Um Coletivo"},"image":{"@id":"https:\/\/umcoletivo.pt\/#\/schema\/logo\/image\/"},"sameAs":["https:\/\/www.facebook.com\/umcoletivo"]}]}},"_links":{"self":[{"href":"https:\/\/umcoletivo.pt\/es\/wp-json\/wp\/v2\/portfolio\/419","targetHints":{"allow":["GET"]}}],"collection":[{"href":"https:\/\/umcoletivo.pt\/es\/wp-json\/wp\/v2\/portfolio"}],"about":[{"href":"https:\/\/umcoletivo.pt\/es\/wp-json\/wp\/v2\/types\/portfolio"}],"author":[{"embeddable":true,"href":"https:\/\/umcoletivo.pt\/es\/wp-json\/wp\/v2\/users\/1"}],"replies":[{"embeddable":true,"href":"https:\/\/umcoletivo.pt\/es\/wp-json\/wp\/v2\/comments?post=419"}],"version-history":[{"count":0,"href":"https:\/\/umcoletivo.pt\/es\/wp-json\/wp\/v2\/portfolio\/419\/revisions"}],"wp:featuredmedia":[{"embeddable":true,"href":"https:\/\/umcoletivo.pt\/es\/wp-json\/wp\/v2\/media\/940"}],"wp:attachment":[{"href":"https:\/\/umcoletivo.pt\/es\/wp-json\/wp\/v2\/media?parent=419"}],"wp:term":[{"taxonomy":"portfolio_category","embeddable":true,"href":"https:\/\/umcoletivo.pt\/es\/wp-json\/wp\/v2\/portfolio_category?post=419"}],"curies":[{"name":"wp","href":"https:\/\/api.w.org\/{rel}","templated":true}]}}