{"id":497,"date":"2024-03-10T17:34:18","date_gmt":"2024-03-10T17:34:18","guid":{"rendered":"https:\/\/umcoletivo.pt\/?post_type=portfolio&#038;p=497"},"modified":"2024-03-27T16:18:57","modified_gmt":"2024-03-27T16:18:57","slug":"segundo-sacrificio-um-exemplo-para-joao-vario","status":"publish","type":"portfolio","link":"https:\/\/umcoletivo.pt\/es\/projeto\/segundo-sacrificio-um-exemplo-para-joao-vario\/","title":{"rendered":"Segundo sacrificio - Un ejemplo para Jo\u00e3o V\u00e1rio"},"content":{"rendered":"<div class=\"wpb-content-wrapper\"><div data-parent=\"true\" class=\"vc_row style-color-jevc-bg row-container\" id=\"row-unique-0\"><div class=\"row no-top-padding single-bottom-padding no-h-padding limit-width row-parent\" data-height-ratio=\"20\"><div class=\"wpb_row row-inner\"><div class=\"wpb_column pos-top pos-center align_left column_parent col-lg-12 single-internal-gutter\"><div class=\"uncol style-light\"  ><div class=\"uncoltable\"><div class=\"uncell no-block-padding\" ><div class=\"uncont\" ><div class=\"uncode-single-media  text-center\"><div class=\"single-wrapper\" style=\"max-width: 50%;\"><div class=\"tmb tmb-light  tmb-media-first tmb-media-last tmb-content-overlay tmb-no-bg\"><div class=\"t-inside\"><div class=\"t-entry-visual\"><div class=\"t-entry-visual-tc\"><div class=\"uncode-single-media-wrapper\"><img decoding=\"async\" class=\"wp-image-499\" src=\"https:\/\/umcoletivo.pt\/wp-content\/uploads\/2024\/03\/Segundo-Sacrificio-1.jpg\" width=\"1024\" height=\"683\" alt=\"Segundo Sacrificio\" srcset=\"https:\/\/umcoletivo.pt\/wp-content\/uploads\/2024\/03\/Segundo-Sacrificio-1.jpg 1024w, https:\/\/umcoletivo.pt\/wp-content\/uploads\/2024\/03\/Segundo-Sacrificio-1-300x200.jpg 300w, https:\/\/umcoletivo.pt\/wp-content\/uploads\/2024\/03\/Segundo-Sacrificio-1-768x512.jpg 768w, https:\/\/umcoletivo.pt\/wp-content\/uploads\/2024\/03\/Segundo-Sacrificio-1-350x233.jpg 350w\" sizes=\"(max-width: 1024px) 100vw, 1024px\" \/><\/div>\n\t\t\t\t\t<\/div>\n\t\t\t\t<\/div><\/div><\/div><\/div><\/div><\/div><\/div><\/div><\/div><\/div><script id=\"script-row-unique-0\" data-row=\"script-row-unique-0\" type=\"text\/javascript\" class=\"vc_controls\">UNCODE.initRow(document.getElementById(\"row-unique-0\"));<\/script><\/div><\/div><\/div><div data-parent=\"true\" class=\"vc_row row-container\" id=\"row-unique-1\"><div class=\"row limit-width row-parent\"><div class=\"wpb_row row-inner\"><div class=\"wpb_column pos-top pos-center align_left column_parent col-lg-12 single-internal-gutter\"><div class=\"uncol style-light\"  ><div class=\"uncoltable\"><div class=\"uncell no-block-padding\" ><div class=\"uncont\" ><div class=\"vc_row row-internal row-container\"><div class=\"row row-child\"><div class=\"wpb_row row-inner\"><div class=\"wpb_column pos-top pos-center align_left column_child col-lg-7 single-internal-gutter\"><div class=\"uncol style-light\" ><div class=\"uncoltable\"><div class=\"uncell no-block-padding\" ><div class=\"uncont\" ><div class=\"vc_custom_heading_wrap\"><div class=\"heading-text el-text\" ><h1 class=\"h1\" ><span>Segundo sacrificio - Un ejemplo para Jo\u00e3o V\u00e1rio<\/span><\/h1><\/div><div class=\"clear\"><\/div><\/div><div class=\"uncode_text_column\" ><p>Estreno el 25 de febrero de 2021 en el Auditorio Nacional Jorge Barbosa, Praia, Cabo Verde<\/p>\n<\/div><div class=\"vc_custom_heading_wrap\"><div class=\"heading-text el-text\" ><h2 class=\"h2\" ><span>Sinopsis<\/span><\/h2><hr class=\"separator-break separator-accent\" \/><\/div><div class=\"clear\"><\/div><\/div><div class=\"uncode_text_column justiy-text\" ><p>Desde las alturas de una humanidad posible, tres mujeres analizan una morgue de recuerdos coet\u00e1neos. Los recuerdos son el v\u00ednculo fetal entre sus tres identidades y, en esta necropsia, latir\u00e1 el deseo de un nuevo di\u00e1logo, de un nuevo vocabulario, el deseo de hacer otro.<br \/>\nhumanidad. Para el nuevo comienzo y la comuni\u00f3n, los cuerpos en escena son inicialmente part\u00edculas y luego anfitriones de una liturgia metaf\u00edsica, que se devora a s\u00ed misma para que podamos caminar libremente entre lo que nos ata, transforma y designa. No es un caminar que ignora, es un movimiento consciente de quien sabe que pisa un suelo ba\u00f1ado en sangre y desigualdad, arqueolog\u00edas del objeto observado. En la morgue, parece demasiado tarde para averiguar la identidad y la pertenencia de la memoria que resuena en la camilla y mueve siglos de polvo acumulado no por el silencio, sino por la omisi\u00f3n de la escucha.<\/p>\n<p>La tierra se extiende ante nosotros con su voracidad y su fr\u00edo, reh\u00faye el di\u00e1logo pero acumula sus mon\u00f3logos, la o\u00edmos en los d\u00edas pares.<\/p>\n<p>Sobre el poeta \"de razonamiento casi infinito\"<\/p>\n<p>Jo\u00e3o V\u00e1rio, seud\u00f3nimo de Jo\u00e3o Manuel Varela (Mindelo, 7 de junio de 1937 - Mindelo, 07 de agosto de 2007), fue Djom en su familia, en su seud\u00f3nimo Tim\u00f3teo Tio Tiofe, G. T. Didial, pero sobre todo Jo\u00e3o V\u00e1rio. De su vida de emigrante, sobre todo entre Cabo Verde, Portugal y B\u00e9lgica, nos dej\u00f3 muchos interrogantes, desde la medicina hasta la literatura. Podemos calificarle sin duda de figura capital de la po\u00e9tica del siglo XX, aunque las circunstancias hist\u00f3ricas en las que pens\u00f3 libremente se lo impidieron.<br \/>\n\"Lo que ocurri\u00f3 fue que empez\u00f3 a publicar cuando las literaturas africanas estaban en una fase de gran militancia\", dice el ensayista Osvaldo Silvestre. \"Y su posici\u00f3n es muy indiferente a todo esto. Tiene poco que ver con la literatura africana. Su principal referencia es la Biblia, (...) casi no hay referencias a la negritud\". El escritor, que so\u00f1\u00f3 p\u00fablicamente con la primera universidad caboverdiana, afirma su africanidad aunque asuma las influencias de la cultura occidental. Quiz\u00e1 por eso, como se\u00f1ala Jos\u00e9 Lu\u00eds Tavares, \"no se le estudia en los c\u00edrculos africanistas. Es una especie de paria\". En sus propias palabras, su poes\u00eda quer\u00eda \"captar alguna caracter\u00edstica de la dicci\u00f3n del mundo, que nadie puede afirmar que sea f\u00e1cil u obvia o que est\u00e9 dirigida directamente a nuestros o\u00eddos\". \"Y es una tarea llevada a cabo con gran parte de la tradici\u00f3n de la poes\u00eda universal a cuestas, porque la t\u00e9cnica del verso ha intentado humildemente servirse de diversas fuentes para ser verdaderamente suya, para forjarse un camino y una senda, un car\u00e1cter propio, de naturaleza metaf\u00edsica\".<\/p>\n<p>De Jo\u00e3o V\u00e1rio, o poeta quase secreto, por Alexandra Lucas Pires, publicado originalmente en P\u00fablico el 11 de agosto de 2007.<\/p>\n<p><strong>EN PALABRAS DEL DIRECTOR<\/strong><\/p>\n<p>Un plano inclinado, una rampa, una mesa de tanatorio o una fusi\u00f3n de plano y mesa sobre la que se colocan cuerpos sin vida resumen el escenario de este espect\u00e1culo, que privilegia la esterilidad del metal para crear un entorno vivo, pero donde predomina un silencio que responde a preguntas. Responder a las preguntas sin preocuparse de equivocarse o acertar. La puesta en escena trata de trabajar con la idea de acci\u00f3n concreta en una morfolog\u00eda o m\u00e9trica espacio-temporal diferente. No pod\u00eda ser de otra manera, ya que el teatro es un arte enemigo de la abstracci\u00f3n. La part\u00edcula que hace inviable la abstracci\u00f3n en el teatro es precisamente el cuerpo o la figura humana, que, a pesar de hacerlo, no hace inviables el tiempo y el espacio como realidades maleables. El cuerpo, s\u00edmbolo de la humanidad, se relaciona con el plano inclinado, nunca contradici\u00e9ndolo, sino aceptando su flujo y sus condiciones f\u00edsicas, pero esta humanidad pretende moverse y caminar hacia un lugar que tambi\u00e9n es de la humanidad. Aceptar el flujo<br \/>\ndel plano inclinado y de sus condiciones f\u00edsicas es ante todo un estudio, una escucha y un di\u00e1logo, porque esta humanidad sabe que s\u00f3lo sintiendo esta accidentalidad puede finalmente oponerse a ella - sentir es percibir. Oponerse a este descenso forzado s\u00f3lo puede hacerse a trav\u00e9s de nuevas formas de escuchar, observar y percibir.<\/p>\n<p><strong>Herlandson Duarte<\/strong><\/p>\n<p>Herlandson Lima Duarte - Actor y Director, naci\u00f3 en Mindelo - Cabo Verde en 1986. Ha estado involucrado en las artes esc\u00e9nicas desde los 17 a\u00f1os. En marzo de 2017 termin\u00f3 el M\u00e1ster en Teatro, especialidad Direcci\u00f3n, en la Escuela de Teatro y Cine de Lisboa. Sus investigaciones est\u00e1n relacionadas con la luz led, la realidad virtual y la creaci\u00f3n de im\u00e1genes 3D en tiempo real. En Cabo Verde fund\u00f3 la Compa\u00f1\u00eda de Teatro Solaris, uno de los grupos teatrales m\u00e1s internacionales de Cabo Verde. En 2007 particip\u00f3 en el Programa de Creatividad y Creaci\u00f3n Art\u00edstica de la Fundaci\u00f3n Calouste Gulbenkian. Su trabajo se ha presentado en diversos festivales internacionales de teatro de Angola, Brasil (R\u00edo de Janeiro, S\u00e3o Paulo, Teresina, S\u00e3o Carlos, S\u00e3o Sebasti\u00e3o) y Portugal (Lisboa y Azores). Desde 2010 se interesa por la danza contempor\u00e1nea. En 2011 colabor\u00f3 con la compa\u00f1\u00eda de danza Tanztheatre-Global en el espect\u00e1culo Sonho em Movimento. En 2013 realiz\u00f3 un curso profesional de danza contempor\u00e1nea y danza tradicional africana en la \u00c9cole de Sables - Senegal. En 2014 particip\u00f3 en el espect\u00e1culo TECHONOLOGIZING US de la compa\u00f1\u00eda de danza Dancenema con sede en Portim\u00e3o-Portugal. Entre 2009 y 2013 trabaj\u00f3 como reportero, presentador y creador de contenidos para la Televis\u00e3o Independente - TIVER de Cabo Verde, pero antes, en 2008, estuvo en el Canal Futura de R\u00edo de Janeiro (Fundaci\u00f3n Roberto Marinho) para formarse en periodismo, televisi\u00f3n y t\u00e9cnicas de movilizaci\u00f3n comunitaria.<br \/>\nVive en Lisboa desde 2014, donde estudia, trabaja y desarrolla su trabajo art\u00edstico. En 2016 particip\u00f3 en el ciclo de nuevos creadores - Try Better Fail Better, en el Teatro Taborda, y present\u00f3 su \u00faltima creaci\u00f3n, el espect\u00e1culo Zero - Ultima imagem. En noviembre de 2018, invitado por la Escola Superior de Teatro e Cinema, particip\u00f3 en el Fast Forword Festival. Un encuentro entre j\u00f3venes directores de toda Europa que tuvo lugar en noviembre de 2018 en la ciudad de Dresde - Alemania.<\/p>\n<\/div><div class=\"vc_custom_heading_wrap\"><div class=\"heading-text el-text\" ><h2 class=\"h2\" ><span>Ficha t\u00e9cnica<\/span><\/h2><hr class=\"separator-break separator-accent\" \/><\/div><div class=\"clear\"><\/div><\/div><div class=\"uncode_text_column justiy-text\" ><p><strong>Direcci\u00f3n art\u00edstica<\/strong> - Herlandson Duarte<br \/>\n<strong>Dramaturgia<\/strong> - Jos\u00e9 Pinto y Herlandson Duarte, de \"Ejemplos\" de Jo\u00e3o V\u00e1rio<br \/>\n<strong>Adaptaci\u00f3n<\/strong> - Jos\u00e9 Pinto<br \/>\n<strong>Interpretaci\u00f3n<\/strong> - C\u00e1tia Terrinca, N\u00e1dia Yracema y Rita Couto<br \/>\n<strong>M\u00fasica y dise\u00f1o de sonido<\/strong> - N'du Carlos<br \/>\n<strong>Direcci\u00f3n t\u00e9cnica y dise\u00f1o<\/strong> - Jo\u00e3o P. Nunes<br \/>\n<strong>Dise\u00f1o ligero<\/strong> - Jo\u00e3o P. Nunes y Bembe Quembe<br \/>\n<strong>Apoyo a la construcci\u00f3n y el montaje<\/strong> - Mano Preto y \u00c1lvaro Soares Cardoso<br \/>\n<strong>Disfraces<\/strong> - Boubacar Baessa Ba<br \/>\n<strong>Apoyo a la producci\u00f3n<\/strong> - Nedine Tavares Mendes y Jocy Vera Brito de Pina Barbosa<br \/>\n<strong>Producci\u00f3n<\/strong> - UN COLECTIVO<br \/>\n<strong>Coproducci\u00f3n<\/strong> - Direcci\u00f3n General de Artes e Industrias Creativas de Cabo Verde y Lendias d'Encantar<\/p>\n<h3>#18 PROYECTO UMCOLETIVO<\/h3>\n<p>\n<\/div><div class=\"vc_custom_heading_wrap\"><div class=\"heading-text el-text\" ><h2 class=\"h2\" ><span>Ayuda<\/span><\/h2><hr class=\"separator-break separator-accent\" \/><\/div><div class=\"clear\"><\/div><\/div><div class=\"uncode_text_column justiy-text\" ><p>DGartes, Ayuntamiento de Elvas, CCP da Praia, Nascimento &amp; Filhos, Cool Guest House Hostel.<\/p>\n<\/div><div class=\"vc_custom_heading_wrap\"><div class=\"heading-text el-text\" ><h2 class=\"h2\" ><span>Gracias<\/span><\/h2><hr class=\"separator-break separator-accent\" \/><\/div><div class=\"clear\"><\/div><\/div><div class=\"uncode_text_column justiy-text\" ><p>El espacio del tiempo, Ant\u00f3nio Neves, equipo Ponto d'arte,<br \/>\nGrupo Fladu Fla, equipo del Hotel Praia Confort, Miz\u00e9 Varela y Ghislene Tavares.<\/p>\n<\/div><\/div><\/div><\/div><\/div><\/div><div class=\"wpb_column pos-top pos-center align_left column_child col-lg-5 single-internal-gutter\"><div class=\"uncol style-light\" ><div class=\"uncoltable\"><div class=\"uncell no-block-padding\" ><div class=\"uncont\" ><div id=\"gallery-194872\" class=\"un-media-gallery isotope-system isotope-general-light grid-general-light\">\n\t\t\t\t\t\n\t\n\t<div class=\"isotope-wrapper grid-wrapper single-gutter\" >\n\t\t\t\t\t\t\t\t\t<div class=\"isotope-container isotope-layout style-masonry\" data-type=\"masonry\" data-layout=\"masonry\" data-lg=\"1000\" data-md=\"600\" data-sm=\"480\">\n<div class=\"tmb tmb-iso-w4 tmb-iso-h4 tmb-light tmb-overlay-text-anim tmb-overlay-anim tmb-overlay-middle tmb-overlay-text-left tmb-image-anim tmb-bordered tmb-id-498  tmb-media-first tmb-media-last tmb-content-overlay tmb-no-bg tmb-lightbox\" ><div class=\"t-inside no-anim\" ><div class=\"t-entry-visual\"><div class=\"t-entry-visual-tc\"><div class=\"t-entry-visual-cont\"><div class=\"dummy\" style=\"padding-top: 78.1%;\"><\/div><a href=\"https:\/\/umcoletivo.pt\/wp-content\/uploads\/2024\/03\/Segundo-Sacrificio-20.jpg\"  class=\"pushed\" data-active=\"1\" data-lbox=\"ilightbox_gallery-194872\" data-external-thumb-image=\"https:\/\/umcoletivo.pt\/wp-content\/uploads\/2024\/03\/Segundo-Sacrificio-20-150x150.jpg\" data-lg-size=\"1024-800\" data-lb-index=\"0\"><div class=\"t-entry-visual-overlay\"><div class=\"t-entry-visual-overlay-in style-dark-bg\" style=\"opacity: 0.5;\"><\/div><\/div><img decoding=\"async\" class=\"wp-image-498\" src=\"https:\/\/umcoletivo.pt\/wp-content\/uploads\/2024\/03\/Segundo-Sacrificio-20.jpg\" width=\"1024\" height=\"800\" alt=\"Segundo Sacrificio\" srcset=\"https:\/\/umcoletivo.pt\/wp-content\/uploads\/2024\/03\/Segundo-Sacrificio-20.jpg 1024w, https:\/\/umcoletivo.pt\/wp-content\/uploads\/2024\/03\/Segundo-Sacrificio-20-300x234.jpg 300w, https:\/\/umcoletivo.pt\/wp-content\/uploads\/2024\/03\/Segundo-Sacrificio-20-768x600.jpg 768w, https:\/\/umcoletivo.pt\/wp-content\/uploads\/2024\/03\/Segundo-Sacrificio-20-350x273.jpg 350w, https:\/\/umcoletivo.pt\/wp-content\/uploads\/2024\/03\/Segundo-Sacrificio-20-uai-720x563.jpg 720w\" sizes=\"(max-width: 1024px) 100vw, 1024px\" \/><\/a><\/div>\n\t\t\t\t\t<\/div>\n\t\t\t\t<\/div><\/div><\/div><div class=\"tmb tmb-iso-w4 tmb-iso-h4 tmb-light tmb-overlay-text-anim tmb-overlay-anim tmb-overlay-middle tmb-overlay-text-left tmb-image-anim tmb-bordered tmb-id-500  tmb-media-first tmb-media-last tmb-content-overlay tmb-no-bg tmb-lightbox\" ><div class=\"t-inside no-anim\" ><div class=\"t-entry-visual\"><div class=\"t-entry-visual-tc\"><div class=\"t-entry-visual-cont\"><div class=\"dummy\" style=\"padding-top: 66.7%;\"><\/div><a href=\"https:\/\/umcoletivo.pt\/wp-content\/uploads\/2024\/03\/Segundo-Sacrificio-2.jpg\"  class=\"pushed\" data-active=\"1\" data-lbox=\"ilightbox_gallery-194872\" data-external-thumb-image=\"https:\/\/umcoletivo.pt\/wp-content\/uploads\/2024\/03\/Segundo-Sacrificio-2-150x150.jpg\" data-lg-size=\"1024-683\" data-lb-index=\"1\"><div class=\"t-entry-visual-overlay\"><div class=\"t-entry-visual-overlay-in style-dark-bg\" style=\"opacity: 0.5;\"><\/div><\/div><img decoding=\"async\" class=\"wp-image-500\" src=\"https:\/\/umcoletivo.pt\/wp-content\/uploads\/2024\/03\/Segundo-Sacrificio-2.jpg\" width=\"1024\" height=\"683\" alt=\"Segundo Sacrificio\" srcset=\"https:\/\/umcoletivo.pt\/wp-content\/uploads\/2024\/03\/Segundo-Sacrificio-2.jpg 1024w, https:\/\/umcoletivo.pt\/wp-content\/uploads\/2024\/03\/Segundo-Sacrificio-2-300x200.jpg 300w, https:\/\/umcoletivo.pt\/wp-content\/uploads\/2024\/03\/Segundo-Sacrificio-2-768x512.jpg 768w, https:\/\/umcoletivo.pt\/wp-content\/uploads\/2024\/03\/Segundo-Sacrificio-2-350x233.jpg 350w\" sizes=\"(max-width: 1024px) 100vw, 1024px\" \/><\/a><\/div>\n\t\t\t\t\t<\/div>\n\t\t\t\t<\/div><\/div><\/div><div class=\"tmb tmb-iso-w4 tmb-iso-h4 tmb-light tmb-overlay-text-anim tmb-overlay-anim tmb-overlay-middle tmb-overlay-text-left tmb-image-anim tmb-bordered tmb-id-501  tmb-media-first tmb-media-last tmb-content-overlay tmb-no-bg tmb-lightbox\" ><div class=\"t-inside no-anim\" ><div class=\"t-entry-visual\"><div class=\"t-entry-visual-tc\"><div class=\"t-entry-visual-cont\"><div class=\"dummy\" style=\"padding-top: 66.7%;\"><\/div><a href=\"https:\/\/umcoletivo.pt\/wp-content\/uploads\/2024\/03\/Segundo-Sacrificio-3.jpg\"  class=\"pushed\" data-active=\"1\" data-lbox=\"ilightbox_gallery-194872\" data-external-thumb-image=\"https:\/\/umcoletivo.pt\/wp-content\/uploads\/2024\/03\/Segundo-Sacrificio-3-150x150.jpg\" data-lg-size=\"1024-683\" data-lb-index=\"2\"><div class=\"t-entry-visual-overlay\"><div class=\"t-entry-visual-overlay-in style-dark-bg\" style=\"opacity: 0.5;\"><\/div><\/div><img decoding=\"async\" class=\"wp-image-501\" src=\"https:\/\/umcoletivo.pt\/wp-content\/uploads\/2024\/03\/Segundo-Sacrificio-3.jpg\" width=\"1024\" height=\"683\" alt=\"Segundo Sacrificio\" srcset=\"https:\/\/umcoletivo.pt\/wp-content\/uploads\/2024\/03\/Segundo-Sacrificio-3.jpg 1024w, https:\/\/umcoletivo.pt\/wp-content\/uploads\/2024\/03\/Segundo-Sacrificio-3-300x200.jpg 300w, https:\/\/umcoletivo.pt\/wp-content\/uploads\/2024\/03\/Segundo-Sacrificio-3-768x512.jpg 768w, https:\/\/umcoletivo.pt\/wp-content\/uploads\/2024\/03\/Segundo-Sacrificio-3-350x233.jpg 350w\" sizes=\"(max-width: 1024px) 100vw, 1024px\" \/><\/a><\/div>\n\t\t\t\t\t<\/div>\n\t\t\t\t<\/div><\/div><\/div><div class=\"tmb tmb-iso-w4 tmb-iso-h4 tmb-light tmb-overlay-text-anim tmb-overlay-anim tmb-overlay-middle tmb-overlay-text-left tmb-image-anim tmb-bordered tmb-id-502  tmb-media-first tmb-media-last tmb-content-overlay tmb-no-bg tmb-lightbox\" ><div class=\"t-inside no-anim\" ><div class=\"t-entry-visual\"><div class=\"t-entry-visual-tc\"><div class=\"t-entry-visual-cont\"><div class=\"dummy\" style=\"padding-top: 66.7%;\"><\/div><a href=\"https:\/\/umcoletivo.pt\/wp-content\/uploads\/2024\/03\/Segundo-Sacrificio-4.jpg\"  class=\"pushed\" data-active=\"1\" data-lbox=\"ilightbox_gallery-194872\" data-external-thumb-image=\"https:\/\/umcoletivo.pt\/wp-content\/uploads\/2024\/03\/Segundo-Sacrificio-4-150x150.jpg\" data-lg-size=\"1024-683\" data-lb-index=\"3\"><div class=\"t-entry-visual-overlay\"><div class=\"t-entry-visual-overlay-in style-dark-bg\" style=\"opacity: 0.5;\"><\/div><\/div><img decoding=\"async\" class=\"wp-image-502\" src=\"https:\/\/umcoletivo.pt\/wp-content\/uploads\/2024\/03\/Segundo-Sacrificio-4.jpg\" width=\"1024\" height=\"683\" alt=\"Segundo Sacrificio\" srcset=\"https:\/\/umcoletivo.pt\/wp-content\/uploads\/2024\/03\/Segundo-Sacrificio-4.jpg 1024w, https:\/\/umcoletivo.pt\/wp-content\/uploads\/2024\/03\/Segundo-Sacrificio-4-300x200.jpg 300w, https:\/\/umcoletivo.pt\/wp-content\/uploads\/2024\/03\/Segundo-Sacrificio-4-768x512.jpg 768w, https:\/\/umcoletivo.pt\/wp-content\/uploads\/2024\/03\/Segundo-Sacrificio-4-350x233.jpg 350w\" sizes=\"(max-width: 1024px) 100vw, 1024px\" \/><\/a><\/div>\n\t\t\t\t\t<\/div>\n\t\t\t\t<\/div><\/div><\/div><div class=\"tmb tmb-iso-w4 tmb-iso-h4 tmb-light tmb-overlay-text-anim tmb-overlay-anim tmb-overlay-middle tmb-overlay-text-left tmb-image-anim tmb-bordered tmb-id-503  tmb-media-first tmb-media-last tmb-content-overlay tmb-no-bg tmb-lightbox\" ><div class=\"t-inside no-anim\" ><div class=\"t-entry-visual\"><div class=\"t-entry-visual-tc\"><div class=\"t-entry-visual-cont\"><div class=\"dummy\" style=\"padding-top: 127.4%;\"><\/div><a href=\"https:\/\/umcoletivo.pt\/wp-content\/uploads\/2024\/03\/Segundo-Sacrificio-5.jpg\"  class=\"pushed\" data-active=\"1\" data-lbox=\"ilightbox_gallery-194872\" data-external-thumb-image=\"https:\/\/umcoletivo.pt\/wp-content\/uploads\/2024\/03\/Segundo-Sacrificio-5-150x150.jpg\" data-lg-size=\"1024-1305\" data-lb-index=\"4\"><div class=\"t-entry-visual-overlay\"><div class=\"t-entry-visual-overlay-in style-dark-bg\" style=\"opacity: 0.5;\"><\/div><\/div><img decoding=\"async\" class=\"wp-image-503\" src=\"https:\/\/umcoletivo.pt\/wp-content\/uploads\/2024\/03\/Segundo-Sacrificio-5.jpg\" width=\"1024\" height=\"1305\" alt=\"Segundo Sacrificio\" srcset=\"https:\/\/umcoletivo.pt\/wp-content\/uploads\/2024\/03\/Segundo-Sacrificio-5.jpg 1024w, https:\/\/umcoletivo.pt\/wp-content\/uploads\/2024\/03\/Segundo-Sacrificio-5-235x300.jpg 235w, https:\/\/umcoletivo.pt\/wp-content\/uploads\/2024\/03\/Segundo-Sacrificio-5-804x1024.jpg 804w, https:\/\/umcoletivo.pt\/wp-content\/uploads\/2024\/03\/Segundo-Sacrificio-5-768x979.jpg 768w, https:\/\/umcoletivo.pt\/wp-content\/uploads\/2024\/03\/Segundo-Sacrificio-5-350x446.jpg 350w\" sizes=\"(max-width: 1024px) 100vw, 1024px\" \/><\/a><\/div>\n\t\t\t\t\t<\/div>\n\t\t\t\t<\/div><\/div><\/div><div class=\"tmb tmb-iso-w4 tmb-iso-h4 tmb-light tmb-overlay-text-anim tmb-overlay-anim tmb-overlay-middle tmb-overlay-text-left tmb-image-anim tmb-bordered tmb-id-504  tmb-media-first tmb-media-last tmb-content-overlay tmb-no-bg tmb-lightbox\" ><div class=\"t-inside no-anim\" ><div class=\"t-entry-visual\"><div class=\"t-entry-visual-tc\"><div class=\"t-entry-visual-cont\"><div class=\"dummy\" style=\"padding-top: 62.4%;\"><\/div><a href=\"https:\/\/umcoletivo.pt\/wp-content\/uploads\/2024\/03\/Segundo-Sacrificio-6.jpg\"  class=\"pushed\" data-active=\"1\" data-lbox=\"ilightbox_gallery-194872\" data-external-thumb-image=\"https:\/\/umcoletivo.pt\/wp-content\/uploads\/2024\/03\/Segundo-Sacrificio-6-150x150.jpg\" data-lg-size=\"1024-639\" data-lb-index=\"5\"><div class=\"t-entry-visual-overlay\"><div class=\"t-entry-visual-overlay-in style-dark-bg\" style=\"opacity: 0.5;\"><\/div><\/div><img decoding=\"async\" class=\"wp-image-504\" src=\"https:\/\/umcoletivo.pt\/wp-content\/uploads\/2024\/03\/Segundo-Sacrificio-6.jpg\" width=\"1024\" height=\"639\" alt=\"Segundo Sacrificio\" srcset=\"https:\/\/umcoletivo.pt\/wp-content\/uploads\/2024\/03\/Segundo-Sacrificio-6.jpg 1024w, https:\/\/umcoletivo.pt\/wp-content\/uploads\/2024\/03\/Segundo-Sacrificio-6-300x187.jpg 300w, https:\/\/umcoletivo.pt\/wp-content\/uploads\/2024\/03\/Segundo-Sacrificio-6-768x479.jpg 768w, https:\/\/umcoletivo.pt\/wp-content\/uploads\/2024\/03\/Segundo-Sacrificio-6-350x218.jpg 350w\" sizes=\"(max-width: 1024px) 100vw, 1024px\" \/><\/a><\/div>\n\t\t\t\t\t<\/div>\n\t\t\t\t<\/div><\/div><\/div><div class=\"tmb tmb-iso-w4 tmb-iso-h4 tmb-light tmb-overlay-text-anim tmb-overlay-anim tmb-overlay-middle tmb-overlay-text-left tmb-image-anim tmb-bordered tmb-id-505  tmb-media-first tmb-media-last tmb-content-overlay tmb-no-bg tmb-lightbox\" ><div class=\"t-inside no-anim\" ><div class=\"t-entry-visual\"><div class=\"t-entry-visual-tc\"><div class=\"t-entry-visual-cont\"><div class=\"dummy\" style=\"padding-top: 90.1%;\"><\/div><a href=\"https:\/\/umcoletivo.pt\/wp-content\/uploads\/2024\/03\/Segundo-Sacrificio-7.jpg\"  class=\"pushed\" data-active=\"1\" data-lbox=\"ilightbox_gallery-194872\" data-external-thumb-image=\"https:\/\/umcoletivo.pt\/wp-content\/uploads\/2024\/03\/Segundo-Sacrificio-7-150x150.jpg\" data-lg-size=\"1024-923\" data-lb-index=\"6\"><div class=\"t-entry-visual-overlay\"><div class=\"t-entry-visual-overlay-in style-dark-bg\" style=\"opacity: 0.5;\"><\/div><\/div><img decoding=\"async\" class=\"wp-image-505\" src=\"https:\/\/umcoletivo.pt\/wp-content\/uploads\/2024\/03\/Segundo-Sacrificio-7.jpg\" width=\"1024\" height=\"923\" alt=\"Segundo Sacrificio\" srcset=\"https:\/\/umcoletivo.pt\/wp-content\/uploads\/2024\/03\/Segundo-Sacrificio-7.jpg 1024w, https:\/\/umcoletivo.pt\/wp-content\/uploads\/2024\/03\/Segundo-Sacrificio-7-300x270.jpg 300w, https:\/\/umcoletivo.pt\/wp-content\/uploads\/2024\/03\/Segundo-Sacrificio-7-768x692.jpg 768w, https:\/\/umcoletivo.pt\/wp-content\/uploads\/2024\/03\/Segundo-Sacrificio-7-350x315.jpg 350w\" sizes=\"(max-width: 1024px) 100vw, 1024px\" \/><\/a><\/div>\n\t\t\t\t\t<\/div>\n\t\t\t\t<\/div><\/div><\/div>\t\t\t<\/div>\n\t\t\t\t\t<\/div>\n\n\t\n\t\n\t\n<\/div>\n\n<\/div><\/div><\/div><\/div><\/div><\/div><\/div><\/div><div id=\"gallery-194456\" class=\"un-media-gallery isotope-system isotope-general-light grid-general-light\">\n\t\t\t\t\t\n\t\n\t<div class=\"isotope-wrapper grid-wrapper single-gutter\" >\n\t\t\t\t\t\t\t\t\t<div class=\"isotope-container isotope-layout style-masonry\" data-type=\"masonry\" data-layout=\"masonry\" data-lg=\"1000\" data-md=\"600\" data-sm=\"480\">\n<div class=\"tmb tmb-iso-w4 tmb-iso-h4 tmb-light tmb-overlay-text-anim tmb-overlay-anim tmb-overlay-middle tmb-overlay-text-left tmb-image-anim tmb-bordered tmb-id-506  tmb-media-first tmb-media-last tmb-content-overlay tmb-no-bg tmb-lightbox\" ><div class=\"t-inside no-anim\" ><div class=\"t-entry-visual\"><div class=\"t-entry-visual-tc\"><div class=\"t-entry-visual-cont\"><div class=\"dummy\" style=\"padding-top: 64.6%;\"><\/div><a href=\"https:\/\/umcoletivo.pt\/wp-content\/uploads\/2024\/03\/Segundo-Sacrificio-8.jpg\"  class=\"pushed\" data-active=\"1\" data-lbox=\"ilightbox_gallery-194456\" data-external-thumb-image=\"https:\/\/umcoletivo.pt\/wp-content\/uploads\/2024\/03\/Segundo-Sacrificio-8-150x150.jpg\" data-lg-size=\"1024-662\" data-lb-index=\"0\"><div class=\"t-entry-visual-overlay\"><div class=\"t-entry-visual-overlay-in style-dark-bg\" style=\"opacity: 0.5;\"><\/div><\/div><img decoding=\"async\" class=\"wp-image-506\" src=\"https:\/\/umcoletivo.pt\/wp-content\/uploads\/2024\/03\/Segundo-Sacrificio-8.jpg\" width=\"1024\" height=\"662\" alt=\"Segundo Sacrificio\" srcset=\"https:\/\/umcoletivo.pt\/wp-content\/uploads\/2024\/03\/Segundo-Sacrificio-8.jpg 1024w, https:\/\/umcoletivo.pt\/wp-content\/uploads\/2024\/03\/Segundo-Sacrificio-8-300x194.jpg 300w, https:\/\/umcoletivo.pt\/wp-content\/uploads\/2024\/03\/Segundo-Sacrificio-8-768x497.jpg 768w, https:\/\/umcoletivo.pt\/wp-content\/uploads\/2024\/03\/Segundo-Sacrificio-8-350x226.jpg 350w\" sizes=\"(max-width: 1024px) 100vw, 1024px\" \/><\/a><\/div>\n\t\t\t\t\t<\/div>\n\t\t\t\t<\/div><\/div><\/div><div class=\"tmb tmb-iso-w4 tmb-iso-h4 tmb-light tmb-overlay-text-anim tmb-overlay-anim tmb-overlay-middle tmb-overlay-text-left tmb-image-anim tmb-bordered tmb-id-507  tmb-media-first tmb-media-last tmb-content-overlay tmb-no-bg tmb-lightbox\" ><div class=\"t-inside no-anim\" ><div class=\"t-entry-visual\"><div class=\"t-entry-visual-tc\"><div class=\"t-entry-visual-cont\"><div class=\"dummy\" style=\"padding-top: 66.7%;\"><\/div><a href=\"https:\/\/umcoletivo.pt\/wp-content\/uploads\/2024\/03\/Segundo-Sacrificio-9.jpg\"  class=\"pushed\" data-active=\"1\" data-lbox=\"ilightbox_gallery-194456\" data-external-thumb-image=\"https:\/\/umcoletivo.pt\/wp-content\/uploads\/2024\/03\/Segundo-Sacrificio-9-150x150.jpg\" data-lg-size=\"1024-683\" data-lb-index=\"1\"><div class=\"t-entry-visual-overlay\"><div class=\"t-entry-visual-overlay-in style-dark-bg\" style=\"opacity: 0.5;\"><\/div><\/div><img decoding=\"async\" class=\"wp-image-507\" src=\"https:\/\/umcoletivo.pt\/wp-content\/uploads\/2024\/03\/Segundo-Sacrificio-9.jpg\" width=\"1024\" height=\"683\" alt=\"Segundo Sacrificio\" srcset=\"https:\/\/umcoletivo.pt\/wp-content\/uploads\/2024\/03\/Segundo-Sacrificio-9.jpg 1024w, https:\/\/umcoletivo.pt\/wp-content\/uploads\/2024\/03\/Segundo-Sacrificio-9-300x200.jpg 300w, https:\/\/umcoletivo.pt\/wp-content\/uploads\/2024\/03\/Segundo-Sacrificio-9-768x512.jpg 768w, https:\/\/umcoletivo.pt\/wp-content\/uploads\/2024\/03\/Segundo-Sacrificio-9-350x233.jpg 350w\" sizes=\"(max-width: 1024px) 100vw, 1024px\" \/><\/a><\/div>\n\t\t\t\t\t<\/div>\n\t\t\t\t<\/div><\/div><\/div><div class=\"tmb tmb-iso-w4 tmb-iso-h4 tmb-light tmb-overlay-text-anim tmb-overlay-anim tmb-overlay-middle tmb-overlay-text-left tmb-image-anim tmb-bordered tmb-id-508  tmb-media-first tmb-media-last tmb-content-overlay tmb-no-bg tmb-lightbox\" ><div class=\"t-inside no-anim\" ><div class=\"t-entry-visual\"><div class=\"t-entry-visual-tc\"><div class=\"t-entry-visual-cont\"><div class=\"dummy\" style=\"padding-top: 64.8%;\"><\/div><a href=\"https:\/\/umcoletivo.pt\/wp-content\/uploads\/2024\/03\/Segundo-Sacrificio-10.jpg\"  class=\"pushed\" data-active=\"1\" data-lbox=\"ilightbox_gallery-194456\" data-external-thumb-image=\"https:\/\/umcoletivo.pt\/wp-content\/uploads\/2024\/03\/Segundo-Sacrificio-10-150x150.jpg\" data-lg-size=\"1024-664\" data-lb-index=\"2\"><div class=\"t-entry-visual-overlay\"><div class=\"t-entry-visual-overlay-in style-dark-bg\" style=\"opacity: 0.5;\"><\/div><\/div><img decoding=\"async\" class=\"wp-image-508\" src=\"https:\/\/umcoletivo.pt\/wp-content\/uploads\/2024\/03\/Segundo-Sacrificio-10.jpg\" width=\"1024\" height=\"664\" alt=\"Segundo Sacrificio\" srcset=\"https:\/\/umcoletivo.pt\/wp-content\/uploads\/2024\/03\/Segundo-Sacrificio-10.jpg 1024w, https:\/\/umcoletivo.pt\/wp-content\/uploads\/2024\/03\/Segundo-Sacrificio-10-300x195.jpg 300w, https:\/\/umcoletivo.pt\/wp-content\/uploads\/2024\/03\/Segundo-Sacrificio-10-768x498.jpg 768w, https:\/\/umcoletivo.pt\/wp-content\/uploads\/2024\/03\/Segundo-Sacrificio-10-350x227.jpg 350w\" sizes=\"(max-width: 1024px) 100vw, 1024px\" \/><\/a><\/div>\n\t\t\t\t\t<\/div>\n\t\t\t\t<\/div><\/div><\/div><div class=\"tmb tmb-iso-w4 tmb-iso-h4 tmb-light tmb-overlay-text-anim tmb-overlay-anim tmb-overlay-middle tmb-overlay-text-left tmb-image-anim tmb-bordered tmb-id-509  tmb-media-first tmb-media-last tmb-content-overlay tmb-no-bg tmb-lightbox\" ><div class=\"t-inside no-anim\" ><div class=\"t-entry-visual\"><div class=\"t-entry-visual-tc\"><div class=\"t-entry-visual-cont\"><div class=\"dummy\" style=\"padding-top: 62.6%;\"><\/div><a href=\"https:\/\/umcoletivo.pt\/wp-content\/uploads\/2024\/03\/Segundo-Sacrificio-11.jpg\"  class=\"pushed\" data-active=\"1\" data-lbox=\"ilightbox_gallery-194456\" data-external-thumb-image=\"https:\/\/umcoletivo.pt\/wp-content\/uploads\/2024\/03\/Segundo-Sacrificio-11-150x150.jpg\" data-lg-size=\"1024-641\" data-lb-index=\"3\"><div class=\"t-entry-visual-overlay\"><div class=\"t-entry-visual-overlay-in style-dark-bg\" style=\"opacity: 0.5;\"><\/div><\/div><img decoding=\"async\" class=\"wp-image-509\" src=\"https:\/\/umcoletivo.pt\/wp-content\/uploads\/2024\/03\/Segundo-Sacrificio-11.jpg\" width=\"1024\" height=\"641\" alt=\"Segundo Sacrificio\" srcset=\"https:\/\/umcoletivo.pt\/wp-content\/uploads\/2024\/03\/Segundo-Sacrificio-11.jpg 1024w, https:\/\/umcoletivo.pt\/wp-content\/uploads\/2024\/03\/Segundo-Sacrificio-11-300x188.jpg 300w, https:\/\/umcoletivo.pt\/wp-content\/uploads\/2024\/03\/Segundo-Sacrificio-11-768x481.jpg 768w, https:\/\/umcoletivo.pt\/wp-content\/uploads\/2024\/03\/Segundo-Sacrificio-11-350x219.jpg 350w\" sizes=\"(max-width: 1024px) 100vw, 1024px\" \/><\/a><\/div>\n\t\t\t\t\t<\/div>\n\t\t\t\t<\/div><\/div><\/div><div class=\"tmb tmb-iso-w4 tmb-iso-h4 tmb-light tmb-overlay-text-anim tmb-overlay-anim tmb-overlay-middle tmb-overlay-text-left tmb-image-anim tmb-bordered tmb-id-510  tmb-media-first tmb-media-last tmb-content-overlay tmb-no-bg tmb-lightbox\" ><div class=\"t-inside no-anim\" ><div class=\"t-entry-visual\"><div class=\"t-entry-visual-tc\"><div class=\"t-entry-visual-cont\"><div class=\"dummy\" style=\"padding-top: 66.7%;\"><\/div><a href=\"https:\/\/umcoletivo.pt\/wp-content\/uploads\/2024\/03\/Segundo-Sacrificio-12.jpg\"  class=\"pushed\" data-active=\"1\" data-lbox=\"ilightbox_gallery-194456\" data-external-thumb-image=\"https:\/\/umcoletivo.pt\/wp-content\/uploads\/2024\/03\/Segundo-Sacrificio-12-150x150.jpg\" data-lg-size=\"1024-683\" data-lb-index=\"4\"><div class=\"t-entry-visual-overlay\"><div class=\"t-entry-visual-overlay-in style-dark-bg\" style=\"opacity: 0.5;\"><\/div><\/div><img decoding=\"async\" class=\"wp-image-510\" src=\"https:\/\/umcoletivo.pt\/wp-content\/uploads\/2024\/03\/Segundo-Sacrificio-12.jpg\" width=\"1024\" height=\"683\" alt=\"Segundo Sacrificio\" srcset=\"https:\/\/umcoletivo.pt\/wp-content\/uploads\/2024\/03\/Segundo-Sacrificio-12.jpg 1024w, https:\/\/umcoletivo.pt\/wp-content\/uploads\/2024\/03\/Segundo-Sacrificio-12-300x200.jpg 300w, https:\/\/umcoletivo.pt\/wp-content\/uploads\/2024\/03\/Segundo-Sacrificio-12-768x512.jpg 768w, https:\/\/umcoletivo.pt\/wp-content\/uploads\/2024\/03\/Segundo-Sacrificio-12-350x233.jpg 350w\" sizes=\"(max-width: 1024px) 100vw, 1024px\" \/><\/a><\/div>\n\t\t\t\t\t<\/div>\n\t\t\t\t<\/div><\/div><\/div><div class=\"tmb tmb-iso-w4 tmb-iso-h4 tmb-light tmb-overlay-text-anim tmb-overlay-anim tmb-overlay-middle tmb-overlay-text-left tmb-image-anim tmb-bordered tmb-id-511  tmb-media-first tmb-media-last tmb-content-overlay tmb-no-bg tmb-lightbox\" ><div class=\"t-inside no-anim\" ><div class=\"t-entry-visual\"><div class=\"t-entry-visual-tc\"><div class=\"t-entry-visual-cont\"><div class=\"dummy\" style=\"padding-top: 66.7%;\"><\/div><a href=\"https:\/\/umcoletivo.pt\/wp-content\/uploads\/2024\/03\/Segundo-Sacrificio-13.jpg\"  class=\"pushed\" data-active=\"1\" data-lbox=\"ilightbox_gallery-194456\" data-external-thumb-image=\"https:\/\/umcoletivo.pt\/wp-content\/uploads\/2024\/03\/Segundo-Sacrificio-13-150x150.jpg\" data-lg-size=\"1024-683\" data-lb-index=\"5\"><div class=\"t-entry-visual-overlay\"><div class=\"t-entry-visual-overlay-in style-dark-bg\" style=\"opacity: 0.5;\"><\/div><\/div><img decoding=\"async\" class=\"wp-image-511\" src=\"https:\/\/umcoletivo.pt\/wp-content\/uploads\/2024\/03\/Segundo-Sacrificio-13.jpg\" width=\"1024\" height=\"683\" alt=\"Segundo Sacrificio\" srcset=\"https:\/\/umcoletivo.pt\/wp-content\/uploads\/2024\/03\/Segundo-Sacrificio-13.jpg 1024w, https:\/\/umcoletivo.pt\/wp-content\/uploads\/2024\/03\/Segundo-Sacrificio-13-300x200.jpg 300w, https:\/\/umcoletivo.pt\/wp-content\/uploads\/2024\/03\/Segundo-Sacrificio-13-768x512.jpg 768w, https:\/\/umcoletivo.pt\/wp-content\/uploads\/2024\/03\/Segundo-Sacrificio-13-350x233.jpg 350w\" sizes=\"(max-width: 1024px) 100vw, 1024px\" \/><\/a><\/div>\n\t\t\t\t\t<\/div>\n\t\t\t\t<\/div><\/div><\/div><div class=\"tmb tmb-iso-w4 tmb-iso-h4 tmb-light tmb-overlay-text-anim tmb-overlay-anim tmb-overlay-middle tmb-overlay-text-left tmb-image-anim tmb-bordered tmb-id-512  tmb-media-first tmb-media-last tmb-content-overlay tmb-no-bg tmb-lightbox\" ><div class=\"t-inside no-anim\" ><div class=\"t-entry-visual\"><div class=\"t-entry-visual-tc\"><div class=\"t-entry-visual-cont\"><div class=\"dummy\" style=\"padding-top: 66.7%;\"><\/div><a href=\"https:\/\/umcoletivo.pt\/wp-content\/uploads\/2024\/03\/Segundo-Sacrificio-14.jpg\"  class=\"pushed\" data-active=\"1\" data-lbox=\"ilightbox_gallery-194456\" data-external-thumb-image=\"https:\/\/umcoletivo.pt\/wp-content\/uploads\/2024\/03\/Segundo-Sacrificio-14-150x150.jpg\" data-lg-size=\"1024-683\" data-lb-index=\"6\"><div class=\"t-entry-visual-overlay\"><div class=\"t-entry-visual-overlay-in style-dark-bg\" style=\"opacity: 0.5;\"><\/div><\/div><img decoding=\"async\" class=\"wp-image-512\" src=\"https:\/\/umcoletivo.pt\/wp-content\/uploads\/2024\/03\/Segundo-Sacrificio-14.jpg\" width=\"1024\" height=\"683\" alt=\"Segundo Sacrificio\" srcset=\"https:\/\/umcoletivo.pt\/wp-content\/uploads\/2024\/03\/Segundo-Sacrificio-14.jpg 1024w, https:\/\/umcoletivo.pt\/wp-content\/uploads\/2024\/03\/Segundo-Sacrificio-14-300x200.jpg 300w, https:\/\/umcoletivo.pt\/wp-content\/uploads\/2024\/03\/Segundo-Sacrificio-14-768x512.jpg 768w, https:\/\/umcoletivo.pt\/wp-content\/uploads\/2024\/03\/Segundo-Sacrificio-14-350x233.jpg 350w\" sizes=\"(max-width: 1024px) 100vw, 1024px\" \/><\/a><\/div>\n\t\t\t\t\t<\/div>\n\t\t\t\t<\/div><\/div><\/div><div class=\"tmb tmb-iso-w4 tmb-iso-h4 tmb-light tmb-overlay-text-anim tmb-overlay-anim tmb-overlay-middle tmb-overlay-text-left tmb-image-anim tmb-bordered tmb-id-513  tmb-media-first tmb-media-last tmb-content-overlay tmb-no-bg tmb-lightbox\" ><div class=\"t-inside no-anim\" ><div class=\"t-entry-visual\"><div class=\"t-entry-visual-tc\"><div class=\"t-entry-visual-cont\"><div class=\"dummy\" style=\"padding-top: 66.7%;\"><\/div><a href=\"https:\/\/umcoletivo.pt\/wp-content\/uploads\/2024\/03\/Segundo-Sacrificio-15.jpg\"  class=\"pushed\" data-active=\"1\" data-lbox=\"ilightbox_gallery-194456\" data-external-thumb-image=\"https:\/\/umcoletivo.pt\/wp-content\/uploads\/2024\/03\/Segundo-Sacrificio-15-150x150.jpg\" data-lg-size=\"1024-683\" data-lb-index=\"7\"><div class=\"t-entry-visual-overlay\"><div class=\"t-entry-visual-overlay-in style-dark-bg\" style=\"opacity: 0.5;\"><\/div><\/div><img decoding=\"async\" class=\"wp-image-513\" src=\"https:\/\/umcoletivo.pt\/wp-content\/uploads\/2024\/03\/Segundo-Sacrificio-15.jpg\" width=\"1024\" height=\"683\" alt=\"Segundo Sacrificio\" srcset=\"https:\/\/umcoletivo.pt\/wp-content\/uploads\/2024\/03\/Segundo-Sacrificio-15.jpg 1024w, https:\/\/umcoletivo.pt\/wp-content\/uploads\/2024\/03\/Segundo-Sacrificio-15-300x200.jpg 300w, https:\/\/umcoletivo.pt\/wp-content\/uploads\/2024\/03\/Segundo-Sacrificio-15-768x512.jpg 768w, https:\/\/umcoletivo.pt\/wp-content\/uploads\/2024\/03\/Segundo-Sacrificio-15-350x233.jpg 350w\" sizes=\"(max-width: 1024px) 100vw, 1024px\" \/><\/a><\/div>\n\t\t\t\t\t<\/div>\n\t\t\t\t<\/div><\/div><\/div><div class=\"tmb tmb-iso-w4 tmb-iso-h4 tmb-light tmb-overlay-text-anim tmb-overlay-anim tmb-overlay-middle tmb-overlay-text-left tmb-image-anim tmb-bordered tmb-id-514  tmb-media-first tmb-media-last tmb-content-overlay tmb-no-bg tmb-lightbox\" ><div class=\"t-inside no-anim\" ><div class=\"t-entry-visual\"><div class=\"t-entry-visual-tc\"><div class=\"t-entry-visual-cont\"><div class=\"dummy\" style=\"padding-top: 62.1%;\"><\/div><a href=\"https:\/\/umcoletivo.pt\/wp-content\/uploads\/2024\/03\/Segundo-Sacrificio-16.jpg\"  class=\"pushed\" data-active=\"1\" data-lbox=\"ilightbox_gallery-194456\" data-external-thumb-image=\"https:\/\/umcoletivo.pt\/wp-content\/uploads\/2024\/03\/Segundo-Sacrificio-16-150x150.jpg\" data-lg-size=\"1024-636\" data-lb-index=\"8\"><div class=\"t-entry-visual-overlay\"><div class=\"t-entry-visual-overlay-in style-dark-bg\" style=\"opacity: 0.5;\"><\/div><\/div><img decoding=\"async\" class=\"wp-image-514\" src=\"https:\/\/umcoletivo.pt\/wp-content\/uploads\/2024\/03\/Segundo-Sacrificio-16.jpg\" width=\"1024\" height=\"636\" alt=\"Segundo Sacrificio\" srcset=\"https:\/\/umcoletivo.pt\/wp-content\/uploads\/2024\/03\/Segundo-Sacrificio-16.jpg 1024w, https:\/\/umcoletivo.pt\/wp-content\/uploads\/2024\/03\/Segundo-Sacrificio-16-300x186.jpg 300w, https:\/\/umcoletivo.pt\/wp-content\/uploads\/2024\/03\/Segundo-Sacrificio-16-768x477.jpg 768w, https:\/\/umcoletivo.pt\/wp-content\/uploads\/2024\/03\/Segundo-Sacrificio-16-350x217.jpg 350w\" sizes=\"(max-width: 1024px) 100vw, 1024px\" \/><\/a><\/div>\n\t\t\t\t\t<\/div>\n\t\t\t\t<\/div><\/div><\/div><div class=\"tmb tmb-iso-w4 tmb-iso-h4 tmb-light tmb-overlay-text-anim tmb-overlay-anim tmb-overlay-middle tmb-overlay-text-left tmb-image-anim tmb-bordered tmb-id-515  tmb-media-first tmb-media-last tmb-content-overlay tmb-no-bg tmb-lightbox\" ><div class=\"t-inside no-anim\" ><div class=\"t-entry-visual\"><div class=\"t-entry-visual-tc\"><div class=\"t-entry-visual-cont\"><div class=\"dummy\" style=\"padding-top: 65.9%;\"><\/div><a href=\"https:\/\/umcoletivo.pt\/wp-content\/uploads\/2024\/03\/Segundo-Sacrificio-17.jpg\"  class=\"pushed\" data-active=\"1\" data-lbox=\"ilightbox_gallery-194456\" data-external-thumb-image=\"https:\/\/umcoletivo.pt\/wp-content\/uploads\/2024\/03\/Segundo-Sacrificio-17-150x150.jpg\" data-lg-size=\"1024-675\" data-lb-index=\"9\"><div class=\"t-entry-visual-overlay\"><div class=\"t-entry-visual-overlay-in style-dark-bg\" style=\"opacity: 0.5;\"><\/div><\/div><img decoding=\"async\" class=\"wp-image-515\" src=\"https:\/\/umcoletivo.pt\/wp-content\/uploads\/2024\/03\/Segundo-Sacrificio-17.jpg\" width=\"1024\" height=\"675\" alt=\"Segundo Sacrificio\" srcset=\"https:\/\/umcoletivo.pt\/wp-content\/uploads\/2024\/03\/Segundo-Sacrificio-17.jpg 1024w, https:\/\/umcoletivo.pt\/wp-content\/uploads\/2024\/03\/Segundo-Sacrificio-17-300x198.jpg 300w, https:\/\/umcoletivo.pt\/wp-content\/uploads\/2024\/03\/Segundo-Sacrificio-17-768x506.jpg 768w, https:\/\/umcoletivo.pt\/wp-content\/uploads\/2024\/03\/Segundo-Sacrificio-17-350x231.jpg 350w\" sizes=\"(max-width: 1024px) 100vw, 1024px\" \/><\/a><\/div>\n\t\t\t\t\t<\/div>\n\t\t\t\t<\/div><\/div><\/div><div class=\"tmb tmb-iso-w4 tmb-iso-h4 tmb-light tmb-overlay-text-anim tmb-overlay-anim tmb-overlay-middle tmb-overlay-text-left tmb-image-anim tmb-bordered tmb-id-516  tmb-media-first tmb-media-last tmb-content-overlay tmb-no-bg tmb-lightbox\" ><div class=\"t-inside no-anim\" ><div class=\"t-entry-visual\"><div class=\"t-entry-visual-tc\"><div class=\"t-entry-visual-cont\"><div class=\"dummy\" style=\"padding-top: 64.5%;\"><\/div><a href=\"https:\/\/umcoletivo.pt\/wp-content\/uploads\/2024\/03\/Segundo-Sacrificio-18.jpg\"  class=\"pushed\" data-active=\"1\" data-lbox=\"ilightbox_gallery-194456\" data-external-thumb-image=\"https:\/\/umcoletivo.pt\/wp-content\/uploads\/2024\/03\/Segundo-Sacrificio-18-150x150.jpg\" data-lg-size=\"1024-660\" data-lb-index=\"10\"><div class=\"t-entry-visual-overlay\"><div class=\"t-entry-visual-overlay-in style-dark-bg\" style=\"opacity: 0.5;\"><\/div><\/div><img decoding=\"async\" class=\"wp-image-516\" src=\"https:\/\/umcoletivo.pt\/wp-content\/uploads\/2024\/03\/Segundo-Sacrificio-18.jpg\" width=\"1024\" height=\"660\" alt=\"Segundo Sacrificio\" srcset=\"https:\/\/umcoletivo.pt\/wp-content\/uploads\/2024\/03\/Segundo-Sacrificio-18.jpg 1024w, https:\/\/umcoletivo.pt\/wp-content\/uploads\/2024\/03\/Segundo-Sacrificio-18-300x193.jpg 300w, https:\/\/umcoletivo.pt\/wp-content\/uploads\/2024\/03\/Segundo-Sacrificio-18-768x495.jpg 768w, https:\/\/umcoletivo.pt\/wp-content\/uploads\/2024\/03\/Segundo-Sacrificio-18-350x226.jpg 350w\" sizes=\"(max-width: 1024px) 100vw, 1024px\" \/><\/a><\/div>\n\t\t\t\t\t<\/div>\n\t\t\t\t<\/div><\/div><\/div><div class=\"tmb tmb-iso-w4 tmb-iso-h4 tmb-light tmb-overlay-text-anim tmb-overlay-anim tmb-overlay-middle tmb-overlay-text-left tmb-image-anim tmb-bordered tmb-id-517  tmb-media-first tmb-media-last tmb-content-overlay tmb-no-bg tmb-lightbox\" ><div class=\"t-inside no-anim\" ><div class=\"t-entry-visual\"><div class=\"t-entry-visual-tc\"><div class=\"t-entry-visual-cont\"><div class=\"dummy\" style=\"padding-top: 78.1%;\"><\/div><a href=\"https:\/\/umcoletivo.pt\/wp-content\/uploads\/2024\/03\/Segundo-Sacrificio-19.jpg\"  class=\"pushed\" data-active=\"1\" data-lbox=\"ilightbox_gallery-194456\" data-external-thumb-image=\"https:\/\/umcoletivo.pt\/wp-content\/uploads\/2024\/03\/Segundo-Sacrificio-19-150x150.jpg\" data-lg-size=\"1024-800\" data-lb-index=\"11\"><div class=\"t-entry-visual-overlay\"><div class=\"t-entry-visual-overlay-in style-dark-bg\" style=\"opacity: 0.5;\"><\/div><\/div><img decoding=\"async\" class=\"wp-image-517\" src=\"https:\/\/umcoletivo.pt\/wp-content\/uploads\/2024\/03\/Segundo-Sacrificio-19.jpg\" width=\"1024\" height=\"800\" alt=\"Segundo Sacrificio\" srcset=\"https:\/\/umcoletivo.pt\/wp-content\/uploads\/2024\/03\/Segundo-Sacrificio-19.jpg 1024w, https:\/\/umcoletivo.pt\/wp-content\/uploads\/2024\/03\/Segundo-Sacrificio-19-300x234.jpg 300w, https:\/\/umcoletivo.pt\/wp-content\/uploads\/2024\/03\/Segundo-Sacrificio-19-768x600.jpg 768w, https:\/\/umcoletivo.pt\/wp-content\/uploads\/2024\/03\/Segundo-Sacrificio-19-350x273.jpg 350w\" sizes=\"(max-width: 1024px) 100vw, 1024px\" \/><\/a><\/div>\n\t\t\t\t\t<\/div>\n\t\t\t\t<\/div><\/div><\/div>\t\t\t<\/div>\n\t\t\t\t\t<\/div>\n\n\t\n\t\n\t\n<\/div>\n\n<\/div><\/div><\/div><\/div><\/div><script id=\"script-row-unique-1\" data-row=\"script-row-unique-1\" type=\"text\/javascript\" class=\"vc_controls\">UNCODE.initRow(document.getElementById(\"row-unique-1\"));<\/script><\/div><\/div><\/div>\n<\/div>","protected":false},"excerpt":{"rendered":"Segundo Sacrificio - Un ejemplo para Jo\u00e3o V\u00e1rioExposici\u00f3n el 25 de febrero de 2021 en el Auditorio Nacional Jorge Barbosa, Praia, [...].","protected":false},"author":1,"featured_media":499,"parent":0,"menu_order":0,"comment_status":"closed","ping_status":"open","template":"","meta":{"footnotes":""},"portfolio_category":[7],"class_list":["post-497","portfolio","type-portfolio","status-publish","has-post-thumbnail","hentry","portfolio_category-criacao-artistica"],"yoast_head":"<!-- This site is optimized with the Yoast SEO plugin v25.6 - https:\/\/yoast.com\/wordpress\/plugins\/seo\/ -->\n<title>Segundo Sacrif\u00edcio - Um Exemplo para Jo\u00e3o V\u00e1rio - Um Coletivo<\/title>\n<meta name=\"robots\" content=\"index, follow, max-snippet:-1, max-image-preview:large, max-video-preview:-1\" \/>\n<link rel=\"canonical\" href=\"https:\/\/umcoletivo.pt\/es\/projeto\/segundo-sacrificio-um-exemplo-para-joao-vario\/\" \/>\n<meta property=\"og:locale\" content=\"es_ES\" \/>\n<meta property=\"og:type\" content=\"article\" \/>\n<meta property=\"og:title\" content=\"Segundo Sacrif\u00edcio - Um Exemplo para Jo\u00e3o V\u00e1rio - Um Coletivo\" \/>\n<meta property=\"og:url\" content=\"https:\/\/umcoletivo.pt\/es\/projeto\/segundo-sacrificio-um-exemplo-para-joao-vario\/\" \/>\n<meta property=\"og:site_name\" content=\"Um Coletivo\" \/>\n<meta property=\"article:publisher\" content=\"https:\/\/www.facebook.com\/umcoletivo\" \/>\n<meta property=\"article:modified_time\" content=\"2024-03-27T16:18:57+00:00\" \/>\n<meta property=\"og:image\" content=\"https:\/\/umcoletivo.pt\/wp-content\/uploads\/2024\/03\/Segundo-Sacrificio-1.jpg\" \/>\n\t<meta property=\"og:image:width\" content=\"1024\" \/>\n\t<meta property=\"og:image:height\" content=\"683\" \/>\n\t<meta property=\"og:image:type\" content=\"image\/jpeg\" \/>\n<meta name=\"twitter:card\" content=\"summary_large_image\" \/>\n<meta name=\"twitter:label1\" content=\"Tiempo de lectura\" \/>\n\t<meta name=\"twitter:data1\" content=\"8 minutos\" \/>\n<script type=\"application\/ld+json\" class=\"yoast-schema-graph\">{\"@context\":\"https:\/\/schema.org\",\"@graph\":[{\"@type\":\"WebPage\",\"@id\":\"https:\/\/umcoletivo.pt\/projeto\/segundo-sacrificio-um-exemplo-para-joao-vario\/\",\"url\":\"https:\/\/umcoletivo.pt\/projeto\/segundo-sacrificio-um-exemplo-para-joao-vario\/\",\"name\":\"Segundo Sacrif\u00edcio - Um Exemplo para Jo\u00e3o V\u00e1rio - Um Coletivo\",\"isPartOf\":{\"@id\":\"https:\/\/umcoletivo.pt\/#website\"},\"primaryImageOfPage\":{\"@id\":\"https:\/\/umcoletivo.pt\/projeto\/segundo-sacrificio-um-exemplo-para-joao-vario\/#primaryimage\"},\"image\":{\"@id\":\"https:\/\/umcoletivo.pt\/projeto\/segundo-sacrificio-um-exemplo-para-joao-vario\/#primaryimage\"},\"thumbnailUrl\":\"https:\/\/umcoletivo.pt\/wp-content\/uploads\/2024\/03\/Segundo-Sacrificio-1.jpg\",\"datePublished\":\"2024-03-10T17:34:18+00:00\",\"dateModified\":\"2024-03-27T16:18:57+00:00\",\"breadcrumb\":{\"@id\":\"https:\/\/umcoletivo.pt\/projeto\/segundo-sacrificio-um-exemplo-para-joao-vario\/#breadcrumb\"},\"inLanguage\":\"es\",\"potentialAction\":[{\"@type\":\"ReadAction\",\"target\":[\"https:\/\/umcoletivo.pt\/projeto\/segundo-sacrificio-um-exemplo-para-joao-vario\/\"]}]},{\"@type\":\"ImageObject\",\"inLanguage\":\"es\",\"@id\":\"https:\/\/umcoletivo.pt\/projeto\/segundo-sacrificio-um-exemplo-para-joao-vario\/#primaryimage\",\"url\":\"https:\/\/umcoletivo.pt\/wp-content\/uploads\/2024\/03\/Segundo-Sacrificio-1.jpg\",\"contentUrl\":\"https:\/\/umcoletivo.pt\/wp-content\/uploads\/2024\/03\/Segundo-Sacrificio-1.jpg\",\"width\":1024,\"height\":683,\"caption\":\"Segundo Sacrificio\"},{\"@type\":\"BreadcrumbList\",\"@id\":\"https:\/\/umcoletivo.pt\/projeto\/segundo-sacrificio-um-exemplo-para-joao-vario\/#breadcrumb\",\"itemListElement\":[{\"@type\":\"ListItem\",\"position\":1,\"name\":\"In\u00edcio\",\"item\":\"https:\/\/umcoletivo.pt\/\"},{\"@type\":\"ListItem\",\"position\":2,\"name\":\"Projeto\",\"item\":\"https:\/\/umcoletivo.pt\/projeto\/\"},{\"@type\":\"ListItem\",\"position\":3,\"name\":\"Segundo Sacrif\u00edcio &#8211; Um Exemplo para Jo\u00e3o V\u00e1rio\"}]},{\"@type\":\"WebSite\",\"@id\":\"https:\/\/umcoletivo.pt\/#website\",\"url\":\"https:\/\/umcoletivo.pt\/\",\"name\":\"Um Coletivo\",\"description\":\"\",\"publisher\":{\"@id\":\"https:\/\/umcoletivo.pt\/#organization\"},\"potentialAction\":[{\"@type\":\"SearchAction\",\"target\":{\"@type\":\"EntryPoint\",\"urlTemplate\":\"https:\/\/umcoletivo.pt\/?s={search_term_string}\"},\"query-input\":{\"@type\":\"PropertyValueSpecification\",\"valueRequired\":true,\"valueName\":\"search_term_string\"}}],\"inLanguage\":\"es\"},{\"@type\":\"Organization\",\"@id\":\"https:\/\/umcoletivo.pt\/#organization\",\"name\":\"Um Coletivo\",\"url\":\"https:\/\/umcoletivo.pt\/\",\"logo\":{\"@type\":\"ImageObject\",\"inLanguage\":\"es\",\"@id\":\"https:\/\/umcoletivo.pt\/#\/schema\/logo\/image\/\",\"url\":\"https:\/\/umcoletivo.pt\/wp-content\/uploads\/2024\/03\/UMCOLETIVO.png\",\"contentUrl\":\"https:\/\/umcoletivo.pt\/wp-content\/uploads\/2024\/03\/UMCOLETIVO.png\",\"width\":1210,\"height\":383,\"caption\":\"Um Coletivo\"},\"image\":{\"@id\":\"https:\/\/umcoletivo.pt\/#\/schema\/logo\/image\/\"},\"sameAs\":[\"https:\/\/www.facebook.com\/umcoletivo\"]}]}<\/script>\n<!-- \/ Yoast SEO plugin. -->","yoast_head_json":{"title":"Segundo Sacrif\u00edcio - Um Exemplo para Jo\u00e3o V\u00e1rio - Um Coletivo","robots":{"index":"index","follow":"follow","max-snippet":"max-snippet:-1","max-image-preview":"max-image-preview:large","max-video-preview":"max-video-preview:-1"},"canonical":"https:\/\/umcoletivo.pt\/es\/projeto\/segundo-sacrificio-um-exemplo-para-joao-vario\/","og_locale":"es_ES","og_type":"article","og_title":"Segundo Sacrif\u00edcio - Um Exemplo para Jo\u00e3o V\u00e1rio - Um Coletivo","og_url":"https:\/\/umcoletivo.pt\/es\/projeto\/segundo-sacrificio-um-exemplo-para-joao-vario\/","og_site_name":"Um Coletivo","article_publisher":"https:\/\/www.facebook.com\/umcoletivo","article_modified_time":"2024-03-27T16:18:57+00:00","og_image":[{"width":1024,"height":683,"url":"https:\/\/umcoletivo.pt\/wp-content\/uploads\/2024\/03\/Segundo-Sacrificio-1.jpg","type":"image\/jpeg"}],"twitter_card":"summary_large_image","twitter_misc":{"Tiempo de lectura":"8 minutos"},"schema":{"@context":"https:\/\/schema.org","@graph":[{"@type":"WebPage","@id":"https:\/\/umcoletivo.pt\/projeto\/segundo-sacrificio-um-exemplo-para-joao-vario\/","url":"https:\/\/umcoletivo.pt\/projeto\/segundo-sacrificio-um-exemplo-para-joao-vario\/","name":"Segundo Sacrif\u00edcio - Um Exemplo para Jo\u00e3o V\u00e1rio - Um Coletivo","isPartOf":{"@id":"https:\/\/umcoletivo.pt\/#website"},"primaryImageOfPage":{"@id":"https:\/\/umcoletivo.pt\/projeto\/segundo-sacrificio-um-exemplo-para-joao-vario\/#primaryimage"},"image":{"@id":"https:\/\/umcoletivo.pt\/projeto\/segundo-sacrificio-um-exemplo-para-joao-vario\/#primaryimage"},"thumbnailUrl":"https:\/\/umcoletivo.pt\/wp-content\/uploads\/2024\/03\/Segundo-Sacrificio-1.jpg","datePublished":"2024-03-10T17:34:18+00:00","dateModified":"2024-03-27T16:18:57+00:00","breadcrumb":{"@id":"https:\/\/umcoletivo.pt\/projeto\/segundo-sacrificio-um-exemplo-para-joao-vario\/#breadcrumb"},"inLanguage":"es","potentialAction":[{"@type":"ReadAction","target":["https:\/\/umcoletivo.pt\/projeto\/segundo-sacrificio-um-exemplo-para-joao-vario\/"]}]},{"@type":"ImageObject","inLanguage":"es","@id":"https:\/\/umcoletivo.pt\/projeto\/segundo-sacrificio-um-exemplo-para-joao-vario\/#primaryimage","url":"https:\/\/umcoletivo.pt\/wp-content\/uploads\/2024\/03\/Segundo-Sacrificio-1.jpg","contentUrl":"https:\/\/umcoletivo.pt\/wp-content\/uploads\/2024\/03\/Segundo-Sacrificio-1.jpg","width":1024,"height":683,"caption":"Segundo Sacrificio"},{"@type":"BreadcrumbList","@id":"https:\/\/umcoletivo.pt\/projeto\/segundo-sacrificio-um-exemplo-para-joao-vario\/#breadcrumb","itemListElement":[{"@type":"ListItem","position":1,"name":"In\u00edcio","item":"https:\/\/umcoletivo.pt\/"},{"@type":"ListItem","position":2,"name":"Projeto","item":"https:\/\/umcoletivo.pt\/projeto\/"},{"@type":"ListItem","position":3,"name":"Segundo Sacrif\u00edcio &#8211; Um Exemplo para Jo\u00e3o V\u00e1rio"}]},{"@type":"WebSite","@id":"https:\/\/umcoletivo.pt\/#website","url":"https:\/\/umcoletivo.pt\/","name":"Un colectivo","description":"","publisher":{"@id":"https:\/\/umcoletivo.pt\/#organization"},"potentialAction":[{"@type":"SearchAction","target":{"@type":"EntryPoint","urlTemplate":"https:\/\/umcoletivo.pt\/?s={search_term_string}"},"query-input":{"@type":"PropertyValueSpecification","valueRequired":true,"valueName":"search_term_string"}}],"inLanguage":"es"},{"@type":"Organization","@id":"https:\/\/umcoletivo.pt\/#organization","name":"Un colectivo","url":"https:\/\/umcoletivo.pt\/","logo":{"@type":"ImageObject","inLanguage":"es","@id":"https:\/\/umcoletivo.pt\/#\/schema\/logo\/image\/","url":"https:\/\/umcoletivo.pt\/wp-content\/uploads\/2024\/03\/UMCOLETIVO.png","contentUrl":"https:\/\/umcoletivo.pt\/wp-content\/uploads\/2024\/03\/UMCOLETIVO.png","width":1210,"height":383,"caption":"Um Coletivo"},"image":{"@id":"https:\/\/umcoletivo.pt\/#\/schema\/logo\/image\/"},"sameAs":["https:\/\/www.facebook.com\/umcoletivo"]}]}},"_links":{"self":[{"href":"https:\/\/umcoletivo.pt\/es\/wp-json\/wp\/v2\/portfolio\/497","targetHints":{"allow":["GET"]}}],"collection":[{"href":"https:\/\/umcoletivo.pt\/es\/wp-json\/wp\/v2\/portfolio"}],"about":[{"href":"https:\/\/umcoletivo.pt\/es\/wp-json\/wp\/v2\/types\/portfolio"}],"author":[{"embeddable":true,"href":"https:\/\/umcoletivo.pt\/es\/wp-json\/wp\/v2\/users\/1"}],"replies":[{"embeddable":true,"href":"https:\/\/umcoletivo.pt\/es\/wp-json\/wp\/v2\/comments?post=497"}],"version-history":[{"count":0,"href":"https:\/\/umcoletivo.pt\/es\/wp-json\/wp\/v2\/portfolio\/497\/revisions"}],"wp:featuredmedia":[{"embeddable":true,"href":"https:\/\/umcoletivo.pt\/es\/wp-json\/wp\/v2\/media\/499"}],"wp:attachment":[{"href":"https:\/\/umcoletivo.pt\/es\/wp-json\/wp\/v2\/media?parent=497"}],"wp:term":[{"taxonomy":"portfolio_category","embeddable":true,"href":"https:\/\/umcoletivo.pt\/es\/wp-json\/wp\/v2\/portfolio_category?post=497"}],"curies":[{"name":"wp","href":"https:\/\/api.w.org\/{rel}","templated":true}]}}