{"id":567,"date":"2024-03-11T12:12:37","date_gmt":"2024-03-11T12:12:37","guid":{"rendered":"https:\/\/umcoletivo.pt\/?post_type=portfolio&#038;p=567"},"modified":"2024-03-27T16:17:46","modified_gmt":"2024-03-27T16:17:46","slug":"a-breve-historia-do-sonho-piu","status":"publish","type":"portfolio","link":"https:\/\/umcoletivo.pt\/es\/projeto\/a-breve-historia-do-sonho-piu\/","title":{"rendered":"Breve historia del sue\u00f1o piu"},"content":{"rendered":"<div class=\"wpb-content-wrapper\"><div data-parent=\"true\" class=\"vc_row style-color-jevc-bg row-container\" id=\"row-unique-0\"><div class=\"row no-top-padding single-bottom-padding no-h-padding limit-width row-parent\" data-height-ratio=\"20\"><div class=\"wpb_row row-inner\"><div class=\"wpb_column pos-top pos-center align_left column_parent col-lg-12 single-internal-gutter\"><div class=\"uncol style-light\"  ><div class=\"uncoltable\"><div class=\"uncell no-block-padding\" ><div class=\"uncont\" ><div class=\"uncode-single-media  text-center\"><div class=\"single-wrapper\" style=\"max-width: 50%;\"><div class=\"tmb tmb-light  tmb-media-first tmb-media-last tmb-content-overlay tmb-no-bg\"><div class=\"t-inside\"><div class=\"t-entry-visual\"><div class=\"t-entry-visual-tc\"><div class=\"uncode-single-media-wrapper\"><img decoding=\"async\" class=\"wp-image-934\" src=\"https:\/\/umcoletivo.pt\/wp-content\/uploads\/2024\/03\/historia-do-sonho-piu.jpg\" width=\"2048\" height=\"1536\" alt=\"A breve hist&oacute;ria do sonho piu (5)\" srcset=\"https:\/\/umcoletivo.pt\/wp-content\/uploads\/2024\/03\/historia-do-sonho-piu.jpg 2048w, https:\/\/umcoletivo.pt\/wp-content\/uploads\/2024\/03\/historia-do-sonho-piu-300x225.jpg 300w, https:\/\/umcoletivo.pt\/wp-content\/uploads\/2024\/03\/historia-do-sonho-piu-1024x768.jpg 1024w, https:\/\/umcoletivo.pt\/wp-content\/uploads\/2024\/03\/historia-do-sonho-piu-768x576.jpg 768w, https:\/\/umcoletivo.pt\/wp-content\/uploads\/2024\/03\/historia-do-sonho-piu-1536x1152.jpg 1536w, https:\/\/umcoletivo.pt\/wp-content\/uploads\/2024\/03\/historia-do-sonho-piu-350x263.jpg 350w\" sizes=\"(max-width: 2048px) 100vw, 2048px\" \/><\/div>\n\t\t\t\t\t<\/div>\n\t\t\t\t<\/div><\/div><\/div><\/div><\/div><\/div><\/div><\/div><\/div><\/div><script id=\"script-row-unique-0\" data-row=\"script-row-unique-0\" type=\"text\/javascript\" class=\"vc_controls\">UNCODE.initRow(document.getElementById(\"row-unique-0\"));<\/script><\/div><\/div><\/div><div data-parent=\"true\" class=\"vc_row row-container\" id=\"row-unique-1\"><div class=\"row limit-width row-parent\"><div class=\"wpb_row row-inner\"><div class=\"wpb_column pos-top pos-center align_left column_parent col-lg-12 single-internal-gutter\"><div class=\"uncol style-light\"  ><div class=\"uncoltable\"><div class=\"uncell no-block-padding\" ><div class=\"uncont\" ><div class=\"vc_row row-internal row-container\"><div class=\"row row-child\"><div class=\"wpb_row row-inner\"><div class=\"wpb_column pos-top pos-center align_left column_child col-lg-7 single-internal-gutter\"><div class=\"uncol style-light\" ><div class=\"uncoltable\"><div class=\"uncell no-block-padding\" ><div class=\"uncont\" ><div class=\"vc_custom_heading_wrap\"><div class=\"heading-text el-text\" ><h1 class=\"h1\" ><span>Breve historia del sue\u00f1o piu<\/span><\/h1><\/div><div class=\"clear\"><\/div><\/div><div class=\"vc_custom_heading_wrap\"><div class=\"heading-text el-text\" ><h2 class=\"h2\" ><span>Sinopsis<\/span><\/h2><hr class=\"separator-break separator-accent\" \/><\/div><div class=\"clear\"><\/div><\/div><div class=\"uncode_text_column justiy-text\" ><p>Dicen que A breve hist\u00f3ria do sonho piu es un libro escrito por la actriz C\u00e1tia Terrinca e ilustrado por Ricardo Guerreiro Campos. Para C\u00e1tia, era una historia susurrada por Jacinto, su primer hijo, cuando por la noche acunaba su mirada para siempre.<br \/>\nA partir del libro partimos para construir atrezzo y contar historias, volando a trav\u00e9s de nuestra imaginaci\u00f3n a otros lugares. Un momento para que los ni\u00f1os compartan en grupo el placer de so\u00f1ar.<\/p>\n<\/div><div class=\"vc_custom_heading_wrap\"><div class=\"heading-text el-text\" ><h2 class=\"h2\" ><span>Ficha t\u00e9cnica<\/span><\/h2><hr class=\"separator-break separator-accent\" \/><\/div><div class=\"clear\"><\/div><\/div><div class=\"uncode_text_column justiy-text\" ><p><strong>Sesi\u00f3n de texto e historia -<\/strong> C\u00e1tia Terrinca<br \/>\n<strong>Ilustraciones -<\/strong> Ricardo Guerreiro Campos<br \/>\n<strong>Talleres de atrezzo -<\/strong> Raquel Pedro<br \/>\n<strong>Acompa\u00f1amiento musical de las sesiones de cuentacuentos -<\/strong> Mariana Correia o Jo\u00e3o Maria Carvalho<\/p>\n<h3>#21 PROYECTO UMCOLETIVO<\/h3>\n<p>\n<\/div><div class=\"vc_custom_heading_wrap\"><div class=\"heading-text el-text\" ><h2 class=\"h2\" ><span>Historia de la presentaci\u00f3n<\/span><\/h2><hr class=\"separator-break separator-accent\" \/><\/div><div class=\"clear\"><\/div><\/div><div class=\"uncode_text_column\" ><p><strong>Estreno<\/strong>Feria del Libro de \u00c9vora - Fundaci\u00f3n Eug\u00e9nio de Almeida - Abril 2022 - Presentaci\u00f3n de libros y taller de ilustraci\u00f3n<br \/>\nEB2,3 de Vila Boim e Terrugem - Elvas, mayo 2022 - Sesi\u00f3n de cuentos<br \/>\nMOTIM - Espect\u00e1culo de teatro infantil en Mindelo, Cabo Verde - Junio 2022 - Presentaci\u00f3n del libro<br \/>\nEscuela Conde Ferreira de Set\u00fabal - Exposici\u00f3n del proyecto Museus de Brincar - Junio 2022 - Presentaci\u00f3n del libro<br \/>\nFesta do Avante, septiembre 2022, \u00c1rea infantil - Taller de atrezzo + Sesi\u00f3n de cuentacuentos<br \/>\nFestival Infantil, Seixal, septiembre 2022 - Taller de atrezzo+ Sesi\u00f3n de cuentacuentos<br \/>\nTerra d'Amor Humor, Quinta das Avel\u00e3s, Portagem, Marv\u00e3o - Octubre 2022 - Taller de papel mach\u00e9 + Sesi\u00f3n de Cuentacuentos<br \/>\nFeria de Navidad de la Parroquia de Alegrete, Portalegre, diciembre 2022 - Taller de atrezzo + Sesi\u00f3n de cuentacuentos<br \/>\nJune on Stage, Portalegre, junio de 2023 - Presentaci\u00f3n del libro en colaboraci\u00f3n con IPP + Sesi\u00f3n de cuentacuentos<br \/>\nCasa de la Cultura de Valencia de Alc\u00e1ntara, Espa\u00f1a, septiembre de 2023<br \/>\nEscuela Monte de Carvalho, Portalegre, diciembre 2023 - Taller de atrezzo + Sesi\u00f3n de cuentacuentos<\/p>\n<\/div><\/div><\/div><\/div><\/div><\/div><div class=\"wpb_column pos-top pos-center align_left column_child col-lg-5 single-internal-gutter\"><div class=\"uncol style-light\" ><div class=\"uncoltable\"><div class=\"uncell no-block-padding\" ><div class=\"uncont\" ><div id=\"gallery-194872\" class=\"un-media-gallery isotope-system isotope-general-light grid-general-light\">\n\t\t\t\t\t\n\t\n\t<div class=\"isotope-wrapper grid-wrapper single-gutter\" >\n\t\t\t\t\t\t\t\t\t<div class=\"isotope-container isotope-layout style-masonry\" data-type=\"masonry\" data-layout=\"masonry\" data-lg=\"1000\" data-md=\"600\" data-sm=\"480\">\n<div class=\"tmb tmb-iso-w4 tmb-iso-h4 tmb-light tmb-overlay-text-anim tmb-overlay-anim tmb-overlay-middle tmb-overlay-text-left tmb-image-anim tmb-bordered tmb-id-569  tmb-media-first tmb-media-last tmb-content-overlay tmb-no-bg tmb-lightbox\" ><div class=\"t-inside no-anim\" ><div class=\"t-entry-visual\"><div class=\"t-entry-visual-tc\"><div class=\"t-entry-visual-cont\"><div class=\"dummy\" style=\"padding-top: 100%;\"><\/div><a href=\"https:\/\/umcoletivo.pt\/wp-content\/uploads\/2024\/03\/A-breve-historia-do-sonho-piu-1.jpg\"  class=\"pushed\" data-active=\"1\" data-lbox=\"ilightbox_gallery-194872\" data-external-thumb-image=\"https:\/\/umcoletivo.pt\/wp-content\/uploads\/2024\/03\/A-breve-historia-do-sonho-piu-1-150x150.jpg\" data-lg-size=\"945-945\" data-lb-index=\"0\"><div class=\"t-entry-visual-overlay\"><div class=\"t-entry-visual-overlay-in style-dark-bg\" style=\"opacity: 0.5;\"><\/div><\/div><img decoding=\"async\" class=\"wp-image-569\" src=\"https:\/\/umcoletivo.pt\/wp-content\/uploads\/2024\/03\/A-breve-historia-do-sonho-piu-1.jpg\" width=\"945\" height=\"945\" alt=\"A breve hist\u00f3ria do sonho piu\" srcset=\"https:\/\/umcoletivo.pt\/wp-content\/uploads\/2024\/03\/A-breve-historia-do-sonho-piu-1.jpg 945w, https:\/\/umcoletivo.pt\/wp-content\/uploads\/2024\/03\/A-breve-historia-do-sonho-piu-1-300x300.jpg 300w, https:\/\/umcoletivo.pt\/wp-content\/uploads\/2024\/03\/A-breve-historia-do-sonho-piu-1-150x150.jpg 150w, https:\/\/umcoletivo.pt\/wp-content\/uploads\/2024\/03\/A-breve-historia-do-sonho-piu-1-768x768.jpg 768w, https:\/\/umcoletivo.pt\/wp-content\/uploads\/2024\/03\/A-breve-historia-do-sonho-piu-1-350x350.jpg 350w, https:\/\/umcoletivo.pt\/wp-content\/uploads\/2024\/03\/A-breve-historia-do-sonho-piu-1-348x348.jpg 348w\" sizes=\"(max-width: 945px) 100vw, 945px\" \/><\/a><\/div>\n\t\t\t\t\t<\/div>\n\t\t\t\t<\/div><\/div><\/div><div class=\"tmb tmb-iso-w4 tmb-iso-h4 tmb-light tmb-overlay-text-anim tmb-overlay-anim tmb-overlay-middle tmb-overlay-text-left tmb-image-anim tmb-bordered tmb-id-570  tmb-media-first tmb-media-last tmb-content-overlay tmb-no-bg tmb-lightbox\" ><div class=\"t-inside no-anim\" ><div class=\"t-entry-visual\"><div class=\"t-entry-visual-tc\"><div class=\"t-entry-visual-cont\"><div class=\"dummy\" style=\"padding-top: 100%;\"><\/div><a href=\"https:\/\/umcoletivo.pt\/wp-content\/uploads\/2024\/03\/A-breve-historia-do-sonho-piu-2.jpg\"  class=\"pushed\" data-active=\"1\" data-lbox=\"ilightbox_gallery-194872\" data-external-thumb-image=\"https:\/\/umcoletivo.pt\/wp-content\/uploads\/2024\/03\/A-breve-historia-do-sonho-piu-2-150x150.jpg\" data-lg-size=\"945-945\" data-lb-index=\"1\"><div class=\"t-entry-visual-overlay\"><div class=\"t-entry-visual-overlay-in style-dark-bg\" style=\"opacity: 0.5;\"><\/div><\/div><img decoding=\"async\" class=\"wp-image-570\" src=\"https:\/\/umcoletivo.pt\/wp-content\/uploads\/2024\/03\/A-breve-historia-do-sonho-piu-2.jpg\" width=\"945\" height=\"945\" alt=\"A breve hist\u00f3ria do sonho piu\" srcset=\"https:\/\/umcoletivo.pt\/wp-content\/uploads\/2024\/03\/A-breve-historia-do-sonho-piu-2.jpg 945w, https:\/\/umcoletivo.pt\/wp-content\/uploads\/2024\/03\/A-breve-historia-do-sonho-piu-2-300x300.jpg 300w, https:\/\/umcoletivo.pt\/wp-content\/uploads\/2024\/03\/A-breve-historia-do-sonho-piu-2-150x150.jpg 150w, https:\/\/umcoletivo.pt\/wp-content\/uploads\/2024\/03\/A-breve-historia-do-sonho-piu-2-768x768.jpg 768w, https:\/\/umcoletivo.pt\/wp-content\/uploads\/2024\/03\/A-breve-historia-do-sonho-piu-2-350x350.jpg 350w, https:\/\/umcoletivo.pt\/wp-content\/uploads\/2024\/03\/A-breve-historia-do-sonho-piu-2-348x348.jpg 348w\" sizes=\"(max-width: 945px) 100vw, 945px\" \/><\/a><\/div>\n\t\t\t\t\t<\/div>\n\t\t\t\t<\/div><\/div><\/div><div class=\"tmb tmb-iso-w4 tmb-iso-h4 tmb-light tmb-overlay-text-anim tmb-overlay-anim tmb-overlay-middle tmb-overlay-text-left tmb-image-anim tmb-bordered tmb-id-571  tmb-media-first tmb-media-last tmb-content-overlay tmb-no-bg tmb-lightbox\" ><div class=\"t-inside no-anim\" ><div class=\"t-entry-visual\"><div class=\"t-entry-visual-tc\"><div class=\"t-entry-visual-cont\"><div class=\"dummy\" style=\"padding-top: 66.7%;\"><\/div><a href=\"https:\/\/umcoletivo.pt\/wp-content\/uploads\/2024\/03\/A-breve-historia-do-sonho-piu-3.jpg\"  class=\"pushed\" data-active=\"1\" data-lbox=\"ilightbox_gallery-194872\" data-external-thumb-image=\"https:\/\/umcoletivo.pt\/wp-content\/uploads\/2024\/03\/A-breve-historia-do-sonho-piu-3-150x150.jpg\" data-lg-size=\"2048-1365\" data-lb-index=\"2\"><div class=\"t-entry-visual-overlay\"><div class=\"t-entry-visual-overlay-in style-dark-bg\" style=\"opacity: 0.5;\"><\/div><\/div><img decoding=\"async\" class=\"wp-image-571\" src=\"https:\/\/umcoletivo.pt\/wp-content\/uploads\/2024\/03\/A-breve-historia-do-sonho-piu-3.jpg\" width=\"2048\" height=\"1365\" alt=\"A breve hist\u00f3ria do sonho piu\" srcset=\"https:\/\/umcoletivo.pt\/wp-content\/uploads\/2024\/03\/A-breve-historia-do-sonho-piu-3.jpg 2048w, https:\/\/umcoletivo.pt\/wp-content\/uploads\/2024\/03\/A-breve-historia-do-sonho-piu-3-300x200.jpg 300w, https:\/\/umcoletivo.pt\/wp-content\/uploads\/2024\/03\/A-breve-historia-do-sonho-piu-3-1024x683.jpg 1024w, https:\/\/umcoletivo.pt\/wp-content\/uploads\/2024\/03\/A-breve-historia-do-sonho-piu-3-768x512.jpg 768w, https:\/\/umcoletivo.pt\/wp-content\/uploads\/2024\/03\/A-breve-historia-do-sonho-piu-3-1536x1024.jpg 1536w, https:\/\/umcoletivo.pt\/wp-content\/uploads\/2024\/03\/A-breve-historia-do-sonho-piu-3-350x233.jpg 350w\" sizes=\"(max-width: 2048px) 100vw, 2048px\" \/><\/a><\/div>\n\t\t\t\t\t<\/div>\n\t\t\t\t<\/div><\/div><\/div><div class=\"tmb tmb-iso-w4 tmb-iso-h4 tmb-light tmb-overlay-text-anim tmb-overlay-anim tmb-overlay-middle tmb-overlay-text-left tmb-image-anim tmb-bordered tmb-id-572  tmb-media-first tmb-media-last tmb-content-overlay tmb-no-bg tmb-lightbox\" ><div class=\"t-inside no-anim\" ><div class=\"t-entry-visual\"><div class=\"t-entry-visual-tc\"><div class=\"t-entry-visual-cont\"><div class=\"dummy\" style=\"padding-top: 66.7%;\"><\/div><a href=\"https:\/\/umcoletivo.pt\/wp-content\/uploads\/2024\/03\/A-breve-historia-do-sonho-piu-4.jpg\"  class=\"pushed\" data-active=\"1\" data-lbox=\"ilightbox_gallery-194872\" data-external-thumb-image=\"https:\/\/umcoletivo.pt\/wp-content\/uploads\/2024\/03\/A-breve-historia-do-sonho-piu-4-150x150.jpg\" data-lg-size=\"2048-1365\" data-lb-index=\"3\"><div class=\"t-entry-visual-overlay\"><div class=\"t-entry-visual-overlay-in style-dark-bg\" style=\"opacity: 0.5;\"><\/div><\/div><img decoding=\"async\" class=\"wp-image-572\" src=\"https:\/\/umcoletivo.pt\/wp-content\/uploads\/2024\/03\/A-breve-historia-do-sonho-piu-4.jpg\" width=\"2048\" height=\"1365\" alt=\"A breve hist\u00f3ria do sonho piu\" srcset=\"https:\/\/umcoletivo.pt\/wp-content\/uploads\/2024\/03\/A-breve-historia-do-sonho-piu-4.jpg 2048w, https:\/\/umcoletivo.pt\/wp-content\/uploads\/2024\/03\/A-breve-historia-do-sonho-piu-4-300x200.jpg 300w, https:\/\/umcoletivo.pt\/wp-content\/uploads\/2024\/03\/A-breve-historia-do-sonho-piu-4-1024x683.jpg 1024w, https:\/\/umcoletivo.pt\/wp-content\/uploads\/2024\/03\/A-breve-historia-do-sonho-piu-4-768x512.jpg 768w, https:\/\/umcoletivo.pt\/wp-content\/uploads\/2024\/03\/A-breve-historia-do-sonho-piu-4-1536x1024.jpg 1536w, https:\/\/umcoletivo.pt\/wp-content\/uploads\/2024\/03\/A-breve-historia-do-sonho-piu-4-350x233.jpg 350w\" sizes=\"(max-width: 2048px) 100vw, 2048px\" \/><\/a><\/div>\n\t\t\t\t\t<\/div>\n\t\t\t\t<\/div><\/div><\/div><div class=\"tmb tmb-iso-w4 tmb-iso-h4 tmb-light tmb-overlay-text-anim tmb-overlay-anim tmb-overlay-middle tmb-overlay-text-left tmb-image-anim tmb-bordered tmb-id-573  tmb-media-first tmb-media-last tmb-content-overlay tmb-no-bg tmb-lightbox\" ><div class=\"t-inside no-anim\" ><div class=\"t-entry-visual\"><div class=\"t-entry-visual-tc\"><div class=\"t-entry-visual-cont\"><div class=\"dummy\" style=\"padding-top: 55.8%;\"><\/div><a href=\"https:\/\/umcoletivo.pt\/wp-content\/uploads\/2024\/03\/A-breve-historia-do-sonho-piu-5.jpg\"  class=\"pushed\" data-active=\"1\" data-lbox=\"ilightbox_gallery-194872\" data-external-thumb-image=\"https:\/\/umcoletivo.pt\/wp-content\/uploads\/2024\/03\/A-breve-historia-do-sonho-piu-5-150x150.jpg\" data-lg-size=\"1000-558\" data-lb-index=\"4\"><div class=\"t-entry-visual-overlay\"><div class=\"t-entry-visual-overlay-in style-dark-bg\" style=\"opacity: 0.5;\"><\/div><\/div><img decoding=\"async\" class=\"wp-image-573\" src=\"https:\/\/umcoletivo.pt\/wp-content\/uploads\/2024\/03\/A-breve-historia-do-sonho-piu-5.jpg\" width=\"1000\" height=\"558\" alt=\"A breve hist\u00f3ria do sonho piu\" srcset=\"https:\/\/umcoletivo.pt\/wp-content\/uploads\/2024\/03\/A-breve-historia-do-sonho-piu-5.jpg 1000w, https:\/\/umcoletivo.pt\/wp-content\/uploads\/2024\/03\/A-breve-historia-do-sonho-piu-5-300x167.jpg 300w, https:\/\/umcoletivo.pt\/wp-content\/uploads\/2024\/03\/A-breve-historia-do-sonho-piu-5-768x429.jpg 768w, https:\/\/umcoletivo.pt\/wp-content\/uploads\/2024\/03\/A-breve-historia-do-sonho-piu-5-350x195.jpg 350w\" sizes=\"(max-width: 1000px) 100vw, 1000px\" \/><\/a><\/div>\n\t\t\t\t\t<\/div>\n\t\t\t\t<\/div><\/div><\/div><div class=\"tmb tmb-iso-w4 tmb-iso-h4 tmb-light tmb-overlay-text-anim tmb-overlay-anim tmb-overlay-middle tmb-overlay-text-left tmb-image-anim tmb-bordered tmb-id-574  tmb-media-first tmb-media-last tmb-content-overlay tmb-no-bg tmb-lightbox\" ><div class=\"t-inside no-anim\" ><div class=\"t-entry-visual\"><div class=\"t-entry-visual-tc\"><div class=\"t-entry-visual-cont\"><div class=\"dummy\" style=\"padding-top: 133.7%;\"><\/div><a href=\"https:\/\/umcoletivo.pt\/wp-content\/uploads\/2024\/03\/A-breve-historia-do-sonho-piu-6.jpg\"  class=\"pushed\" data-active=\"1\" data-lbox=\"ilightbox_gallery-194872\" data-external-thumb-image=\"https:\/\/umcoletivo.pt\/wp-content\/uploads\/2024\/03\/A-breve-historia-do-sonho-piu-6-150x150.jpg\" data-lg-size=\"1436-1920\" data-lb-index=\"5\"><div class=\"t-entry-visual-overlay\"><div class=\"t-entry-visual-overlay-in style-dark-bg\" style=\"opacity: 0.5;\"><\/div><\/div><img decoding=\"async\" class=\"wp-image-574\" src=\"https:\/\/umcoletivo.pt\/wp-content\/uploads\/2024\/03\/A-breve-historia-do-sonho-piu-6.jpg\" width=\"1436\" height=\"1920\" alt=\"A breve hist\u00f3ria do sonho piu\" srcset=\"https:\/\/umcoletivo.pt\/wp-content\/uploads\/2024\/03\/A-breve-historia-do-sonho-piu-6.jpg 1436w, https:\/\/umcoletivo.pt\/wp-content\/uploads\/2024\/03\/A-breve-historia-do-sonho-piu-6-224x300.jpg 224w, https:\/\/umcoletivo.pt\/wp-content\/uploads\/2024\/03\/A-breve-historia-do-sonho-piu-6-766x1024.jpg 766w, https:\/\/umcoletivo.pt\/wp-content\/uploads\/2024\/03\/A-breve-historia-do-sonho-piu-6-768x1027.jpg 768w, https:\/\/umcoletivo.pt\/wp-content\/uploads\/2024\/03\/A-breve-historia-do-sonho-piu-6-1149x1536.jpg 1149w, https:\/\/umcoletivo.pt\/wp-content\/uploads\/2024\/03\/A-breve-historia-do-sonho-piu-6-350x468.jpg 350w\" sizes=\"(max-width: 1436px) 100vw, 1436px\" \/><\/a><\/div>\n\t\t\t\t\t<\/div>\n\t\t\t\t<\/div><\/div><\/div><div class=\"tmb tmb-iso-w4 tmb-iso-h4 tmb-light tmb-overlay-text-anim tmb-overlay-anim tmb-overlay-middle tmb-overlay-text-left tmb-image-anim tmb-bordered tmb-id-575  tmb-media-first tmb-media-last tmb-content-overlay tmb-no-bg tmb-lightbox\" ><div class=\"t-inside no-anim\" ><div class=\"t-entry-visual\"><div class=\"t-entry-visual-tc\"><div class=\"t-entry-visual-cont\"><div class=\"dummy\" style=\"padding-top: 100%;\"><\/div><a href=\"https:\/\/umcoletivo.pt\/wp-content\/uploads\/2024\/03\/A-breve-historia-do-sonho-piu-7.jpg\"  class=\"pushed\" data-active=\"1\" data-lbox=\"ilightbox_gallery-194872\" data-external-thumb-image=\"https:\/\/umcoletivo.pt\/wp-content\/uploads\/2024\/03\/A-breve-historia-do-sonho-piu-7-150x150.jpg\" data-lg-size=\"2048-2048\" data-lb-index=\"6\"><div class=\"t-entry-visual-overlay\"><div class=\"t-entry-visual-overlay-in style-dark-bg\" style=\"opacity: 0.5;\"><\/div><\/div><img decoding=\"async\" class=\"wp-image-575\" src=\"https:\/\/umcoletivo.pt\/wp-content\/uploads\/2024\/03\/A-breve-historia-do-sonho-piu-7.jpg\" width=\"2048\" height=\"2048\" alt=\"A breve hist\u00f3ria do sonho piu\" srcset=\"https:\/\/umcoletivo.pt\/wp-content\/uploads\/2024\/03\/A-breve-historia-do-sonho-piu-7.jpg 2048w, https:\/\/umcoletivo.pt\/wp-content\/uploads\/2024\/03\/A-breve-historia-do-sonho-piu-7-300x300.jpg 300w, https:\/\/umcoletivo.pt\/wp-content\/uploads\/2024\/03\/A-breve-historia-do-sonho-piu-7-1024x1024.jpg 1024w, https:\/\/umcoletivo.pt\/wp-content\/uploads\/2024\/03\/A-breve-historia-do-sonho-piu-7-150x150.jpg 150w, https:\/\/umcoletivo.pt\/wp-content\/uploads\/2024\/03\/A-breve-historia-do-sonho-piu-7-768x768.jpg 768w, https:\/\/umcoletivo.pt\/wp-content\/uploads\/2024\/03\/A-breve-historia-do-sonho-piu-7-1536x1536.jpg 1536w, https:\/\/umcoletivo.pt\/wp-content\/uploads\/2024\/03\/A-breve-historia-do-sonho-piu-7-350x350.jpg 350w, https:\/\/umcoletivo.pt\/wp-content\/uploads\/2024\/03\/A-breve-historia-do-sonho-piu-7-348x348.jpg 348w\" sizes=\"(max-width: 2048px) 100vw, 2048px\" \/><\/a><\/div>\n\t\t\t\t\t<\/div>\n\t\t\t\t<\/div><\/div><\/div><div class=\"tmb tmb-iso-w4 tmb-iso-h4 tmb-light tmb-overlay-text-anim tmb-overlay-anim tmb-overlay-middle tmb-overlay-text-left tmb-image-anim tmb-bordered tmb-id-576  tmb-media-first tmb-media-last tmb-content-overlay tmb-no-bg tmb-lightbox\" ><div class=\"t-inside no-anim\" ><div class=\"t-entry-visual\"><div class=\"t-entry-visual-tc\"><div class=\"t-entry-visual-cont\"><div class=\"dummy\" style=\"padding-top: 75%;\"><\/div><a href=\"https:\/\/umcoletivo.pt\/wp-content\/uploads\/2024\/03\/A-breve-historia-do-sonho-piu-8.jpg\"  class=\"pushed\" data-active=\"1\" data-lbox=\"ilightbox_gallery-194872\" data-external-thumb-image=\"https:\/\/umcoletivo.pt\/wp-content\/uploads\/2024\/03\/A-breve-historia-do-sonho-piu-8-150x150.jpg\" data-lg-size=\"2048-1536\" data-lb-index=\"7\"><div class=\"t-entry-visual-overlay\"><div class=\"t-entry-visual-overlay-in style-dark-bg\" style=\"opacity: 0.5;\"><\/div><\/div><img decoding=\"async\" class=\"wp-image-576\" src=\"https:\/\/umcoletivo.pt\/wp-content\/uploads\/2024\/03\/A-breve-historia-do-sonho-piu-8.jpg\" width=\"2048\" height=\"1536\" alt=\"A breve hist\u00f3ria do sonho piu\" srcset=\"https:\/\/umcoletivo.pt\/wp-content\/uploads\/2024\/03\/A-breve-historia-do-sonho-piu-8.jpg 2048w, https:\/\/umcoletivo.pt\/wp-content\/uploads\/2024\/03\/A-breve-historia-do-sonho-piu-8-300x225.jpg 300w, https:\/\/umcoletivo.pt\/wp-content\/uploads\/2024\/03\/A-breve-historia-do-sonho-piu-8-1024x768.jpg 1024w, https:\/\/umcoletivo.pt\/wp-content\/uploads\/2024\/03\/A-breve-historia-do-sonho-piu-8-768x576.jpg 768w, https:\/\/umcoletivo.pt\/wp-content\/uploads\/2024\/03\/A-breve-historia-do-sonho-piu-8-1536x1152.jpg 1536w, https:\/\/umcoletivo.pt\/wp-content\/uploads\/2024\/03\/A-breve-historia-do-sonho-piu-8-350x263.jpg 350w\" sizes=\"(max-width: 2048px) 100vw, 2048px\" \/><\/a><\/div>\n\t\t\t\t\t<\/div>\n\t\t\t\t<\/div><\/div><\/div><div class=\"tmb tmb-iso-w4 tmb-iso-h4 tmb-light tmb-overlay-text-anim tmb-overlay-anim tmb-overlay-middle tmb-overlay-text-left tmb-image-anim tmb-bordered tmb-id-577  tmb-media-first tmb-media-last tmb-content-overlay tmb-no-bg tmb-lightbox\" ><div class=\"t-inside no-anim\" ><div class=\"t-entry-visual\"><div class=\"t-entry-visual-tc\"><div class=\"t-entry-visual-cont\"><div class=\"dummy\" style=\"padding-top: 75%;\"><\/div><a href=\"https:\/\/umcoletivo.pt\/wp-content\/uploads\/2024\/03\/A-breve-historia-do-sonho-piu-9.jpg\"  class=\"pushed\" data-active=\"1\" data-lbox=\"ilightbox_gallery-194872\" data-external-thumb-image=\"https:\/\/umcoletivo.pt\/wp-content\/uploads\/2024\/03\/A-breve-historia-do-sonho-piu-9-150x150.jpg\" data-lg-size=\"2048-1536\" data-lb-index=\"8\"><div class=\"t-entry-visual-overlay\"><div class=\"t-entry-visual-overlay-in style-dark-bg\" style=\"opacity: 0.5;\"><\/div><\/div><img decoding=\"async\" class=\"wp-image-577\" src=\"https:\/\/umcoletivo.pt\/wp-content\/uploads\/2024\/03\/A-breve-historia-do-sonho-piu-9.jpg\" width=\"2048\" height=\"1536\" alt=\"A breve hist\u00f3ria do sonho piu\" srcset=\"https:\/\/umcoletivo.pt\/wp-content\/uploads\/2024\/03\/A-breve-historia-do-sonho-piu-9.jpg 2048w, https:\/\/umcoletivo.pt\/wp-content\/uploads\/2024\/03\/A-breve-historia-do-sonho-piu-9-300x225.jpg 300w, https:\/\/umcoletivo.pt\/wp-content\/uploads\/2024\/03\/A-breve-historia-do-sonho-piu-9-1024x768.jpg 1024w, https:\/\/umcoletivo.pt\/wp-content\/uploads\/2024\/03\/A-breve-historia-do-sonho-piu-9-768x576.jpg 768w, https:\/\/umcoletivo.pt\/wp-content\/uploads\/2024\/03\/A-breve-historia-do-sonho-piu-9-1536x1152.jpg 1536w, https:\/\/umcoletivo.pt\/wp-content\/uploads\/2024\/03\/A-breve-historia-do-sonho-piu-9-350x263.jpg 350w\" sizes=\"(max-width: 2048px) 100vw, 2048px\" \/><\/a><\/div>\n\t\t\t\t\t<\/div>\n\t\t\t\t<\/div><\/div><\/div>\t\t\t<\/div>\n\t\t\t\t\t<\/div>\n\n\t\n\t\n\t\n<\/div>\n\n<\/div><\/div><\/div><\/div><\/div><\/div><\/div><\/div><div class=\"uncode-single-media  text-left\"><div class=\"single-wrapper\" style=\"max-width: 100%;\"><div class=\"tmb tmb-light  tmb-media-first tmb-media-last tmb-content-overlay tmb-no-bg\"><div class=\"t-inside\"><div class=\"t-entry-visual\"><div class=\"t-entry-visual-tc\"><div class=\"uncode-single-media-wrapper\"><div class=\"h3 youtube-video fluid-object\" style=\"padding-top: 56.31%\"><iframe title=\"H06 La peque\u00f1a historia del sue\u00f1o piu\" width=\"840\" height=\"473\" src=\"https:\/\/www.youtube.com\/embed\/MvKGahx8RXQ?feature=oembed&amp;v=MvKGahx8RXQ\" frameborder=\"0\" allow=\"accelerometer; autoplay; clipboard-write; encrypted-media; gyroscope; picture-in-picture; web-share\" referrerpolicy=\"strict-origin-when-cross-origin\" allowfullscreen><\/iframe><\/div><\/div>\n\t\t\t\t\t<\/div>\n\t\t\t\t<\/div><\/div><\/div><\/div><\/div><\/div><\/div><\/div><\/div><\/div><script id=\"script-row-unique-1\" data-row=\"script-row-unique-1\" type=\"text\/javascript\" class=\"vc_controls\">UNCODE.initRow(document.getElementById(\"row-unique-1\"));<\/script><\/div><\/div><\/div>\n<\/div>","protected":false},"excerpt":{"rendered":"A breve hist\u00f3ria do sonho piuSinopsisSe dice que A breve hist\u00f3ria do sonho piu es un libro escrito por la actriz C\u00e1tia [...]","protected":false},"author":1,"featured_media":934,"parent":0,"menu_order":0,"comment_status":"closed","ping_status":"open","template":"","meta":{"footnotes":""},"portfolio_category":[7],"class_list":["post-567","portfolio","type-portfolio","status-publish","has-post-thumbnail","hentry","portfolio_category-criacao-artistica"],"yoast_head":"<!-- This site is optimized with the Yoast SEO plugin v25.6 - https:\/\/yoast.com\/wordpress\/plugins\/seo\/ -->\n<title>A breve hist\u00f3ria do sonho piu - Um Coletivo<\/title>\n<meta name=\"robots\" content=\"index, follow, max-snippet:-1, max-image-preview:large, max-video-preview:-1\" \/>\n<link rel=\"canonical\" href=\"https:\/\/umcoletivo.pt\/es\/projeto\/a-breve-historia-do-sonho-piu\/\" \/>\n<meta property=\"og:locale\" content=\"es_ES\" \/>\n<meta property=\"og:type\" content=\"article\" \/>\n<meta property=\"og:title\" content=\"A breve hist\u00f3ria do sonho piu - Um Coletivo\" \/>\n<meta property=\"og:url\" content=\"https:\/\/umcoletivo.pt\/es\/projeto\/a-breve-historia-do-sonho-piu\/\" \/>\n<meta property=\"og:site_name\" content=\"Um Coletivo\" \/>\n<meta property=\"article:publisher\" content=\"https:\/\/www.facebook.com\/umcoletivo\" \/>\n<meta property=\"article:modified_time\" content=\"2024-03-27T16:17:46+00:00\" \/>\n<meta property=\"og:image\" content=\"https:\/\/umcoletivo.pt\/wp-content\/uploads\/2024\/03\/historia-do-sonho-piu.jpg\" \/>\n\t<meta property=\"og:image:width\" content=\"2048\" \/>\n\t<meta property=\"og:image:height\" content=\"1536\" \/>\n\t<meta property=\"og:image:type\" content=\"image\/jpeg\" \/>\n<meta name=\"twitter:card\" content=\"summary_large_image\" \/>\n<meta name=\"twitter:label1\" content=\"Tiempo de lectura\" \/>\n\t<meta name=\"twitter:data1\" content=\"3 minutos\" \/>\n<script type=\"application\/ld+json\" class=\"yoast-schema-graph\">{\"@context\":\"https:\/\/schema.org\",\"@graph\":[{\"@type\":\"WebPage\",\"@id\":\"https:\/\/umcoletivo.pt\/projeto\/a-breve-historia-do-sonho-piu\/\",\"url\":\"https:\/\/umcoletivo.pt\/projeto\/a-breve-historia-do-sonho-piu\/\",\"name\":\"A breve hist\u00f3ria do sonho piu - Um Coletivo\",\"isPartOf\":{\"@id\":\"https:\/\/umcoletivo.pt\/#website\"},\"primaryImageOfPage\":{\"@id\":\"https:\/\/umcoletivo.pt\/projeto\/a-breve-historia-do-sonho-piu\/#primaryimage\"},\"image\":{\"@id\":\"https:\/\/umcoletivo.pt\/projeto\/a-breve-historia-do-sonho-piu\/#primaryimage\"},\"thumbnailUrl\":\"https:\/\/umcoletivo.pt\/wp-content\/uploads\/2024\/03\/historia-do-sonho-piu.jpg\",\"datePublished\":\"2024-03-11T12:12:37+00:00\",\"dateModified\":\"2024-03-27T16:17:46+00:00\",\"breadcrumb\":{\"@id\":\"https:\/\/umcoletivo.pt\/projeto\/a-breve-historia-do-sonho-piu\/#breadcrumb\"},\"inLanguage\":\"es\",\"potentialAction\":[{\"@type\":\"ReadAction\",\"target\":[\"https:\/\/umcoletivo.pt\/projeto\/a-breve-historia-do-sonho-piu\/\"]}]},{\"@type\":\"ImageObject\",\"inLanguage\":\"es\",\"@id\":\"https:\/\/umcoletivo.pt\/projeto\/a-breve-historia-do-sonho-piu\/#primaryimage\",\"url\":\"https:\/\/umcoletivo.pt\/wp-content\/uploads\/2024\/03\/historia-do-sonho-piu.jpg\",\"contentUrl\":\"https:\/\/umcoletivo.pt\/wp-content\/uploads\/2024\/03\/historia-do-sonho-piu.jpg\",\"width\":2048,\"height\":1536,\"caption\":\"A breve hist\u00f3ria do sonho piu (5)\"},{\"@type\":\"BreadcrumbList\",\"@id\":\"https:\/\/umcoletivo.pt\/projeto\/a-breve-historia-do-sonho-piu\/#breadcrumb\",\"itemListElement\":[{\"@type\":\"ListItem\",\"position\":1,\"name\":\"In\u00edcio\",\"item\":\"https:\/\/umcoletivo.pt\/\"},{\"@type\":\"ListItem\",\"position\":2,\"name\":\"Projeto\",\"item\":\"https:\/\/umcoletivo.pt\/projeto\/\"},{\"@type\":\"ListItem\",\"position\":3,\"name\":\"A breve hist\u00f3ria do sonho piu\"}]},{\"@type\":\"WebSite\",\"@id\":\"https:\/\/umcoletivo.pt\/#website\",\"url\":\"https:\/\/umcoletivo.pt\/\",\"name\":\"Um Coletivo\",\"description\":\"\",\"publisher\":{\"@id\":\"https:\/\/umcoletivo.pt\/#organization\"},\"potentialAction\":[{\"@type\":\"SearchAction\",\"target\":{\"@type\":\"EntryPoint\",\"urlTemplate\":\"https:\/\/umcoletivo.pt\/?s={search_term_string}\"},\"query-input\":{\"@type\":\"PropertyValueSpecification\",\"valueRequired\":true,\"valueName\":\"search_term_string\"}}],\"inLanguage\":\"es\"},{\"@type\":\"Organization\",\"@id\":\"https:\/\/umcoletivo.pt\/#organization\",\"name\":\"Um Coletivo\",\"url\":\"https:\/\/umcoletivo.pt\/\",\"logo\":{\"@type\":\"ImageObject\",\"inLanguage\":\"es\",\"@id\":\"https:\/\/umcoletivo.pt\/#\/schema\/logo\/image\/\",\"url\":\"https:\/\/umcoletivo.pt\/wp-content\/uploads\/2024\/03\/UMCOLETIVO.png\",\"contentUrl\":\"https:\/\/umcoletivo.pt\/wp-content\/uploads\/2024\/03\/UMCOLETIVO.png\",\"width\":1210,\"height\":383,\"caption\":\"Um Coletivo\"},\"image\":{\"@id\":\"https:\/\/umcoletivo.pt\/#\/schema\/logo\/image\/\"},\"sameAs\":[\"https:\/\/www.facebook.com\/umcoletivo\"]}]}<\/script>\n<!-- \/ Yoast SEO plugin. -->","yoast_head_json":{"title":"A breve hist\u00f3ria do sonho piu - Um Coletivo","robots":{"index":"index","follow":"follow","max-snippet":"max-snippet:-1","max-image-preview":"max-image-preview:large","max-video-preview":"max-video-preview:-1"},"canonical":"https:\/\/umcoletivo.pt\/es\/projeto\/a-breve-historia-do-sonho-piu\/","og_locale":"es_ES","og_type":"article","og_title":"A breve hist\u00f3ria do sonho piu - Um Coletivo","og_url":"https:\/\/umcoletivo.pt\/es\/projeto\/a-breve-historia-do-sonho-piu\/","og_site_name":"Um Coletivo","article_publisher":"https:\/\/www.facebook.com\/umcoletivo","article_modified_time":"2024-03-27T16:17:46+00:00","og_image":[{"width":2048,"height":1536,"url":"https:\/\/umcoletivo.pt\/wp-content\/uploads\/2024\/03\/historia-do-sonho-piu.jpg","type":"image\/jpeg"}],"twitter_card":"summary_large_image","twitter_misc":{"Tiempo de lectura":"3 minutos"},"schema":{"@context":"https:\/\/schema.org","@graph":[{"@type":"WebPage","@id":"https:\/\/umcoletivo.pt\/projeto\/a-breve-historia-do-sonho-piu\/","url":"https:\/\/umcoletivo.pt\/projeto\/a-breve-historia-do-sonho-piu\/","name":"A breve hist\u00f3ria do sonho piu - Um Coletivo","isPartOf":{"@id":"https:\/\/umcoletivo.pt\/#website"},"primaryImageOfPage":{"@id":"https:\/\/umcoletivo.pt\/projeto\/a-breve-historia-do-sonho-piu\/#primaryimage"},"image":{"@id":"https:\/\/umcoletivo.pt\/projeto\/a-breve-historia-do-sonho-piu\/#primaryimage"},"thumbnailUrl":"https:\/\/umcoletivo.pt\/wp-content\/uploads\/2024\/03\/historia-do-sonho-piu.jpg","datePublished":"2024-03-11T12:12:37+00:00","dateModified":"2024-03-27T16:17:46+00:00","breadcrumb":{"@id":"https:\/\/umcoletivo.pt\/projeto\/a-breve-historia-do-sonho-piu\/#breadcrumb"},"inLanguage":"es","potentialAction":[{"@type":"ReadAction","target":["https:\/\/umcoletivo.pt\/projeto\/a-breve-historia-do-sonho-piu\/"]}]},{"@type":"ImageObject","inLanguage":"es","@id":"https:\/\/umcoletivo.pt\/projeto\/a-breve-historia-do-sonho-piu\/#primaryimage","url":"https:\/\/umcoletivo.pt\/wp-content\/uploads\/2024\/03\/historia-do-sonho-piu.jpg","contentUrl":"https:\/\/umcoletivo.pt\/wp-content\/uploads\/2024\/03\/historia-do-sonho-piu.jpg","width":2048,"height":1536,"caption":"A breve hist\u00f3ria do sonho piu (5)"},{"@type":"BreadcrumbList","@id":"https:\/\/umcoletivo.pt\/projeto\/a-breve-historia-do-sonho-piu\/#breadcrumb","itemListElement":[{"@type":"ListItem","position":1,"name":"In\u00edcio","item":"https:\/\/umcoletivo.pt\/"},{"@type":"ListItem","position":2,"name":"Projeto","item":"https:\/\/umcoletivo.pt\/projeto\/"},{"@type":"ListItem","position":3,"name":"A breve hist\u00f3ria do sonho piu"}]},{"@type":"WebSite","@id":"https:\/\/umcoletivo.pt\/#website","url":"https:\/\/umcoletivo.pt\/","name":"Un colectivo","description":"","publisher":{"@id":"https:\/\/umcoletivo.pt\/#organization"},"potentialAction":[{"@type":"SearchAction","target":{"@type":"EntryPoint","urlTemplate":"https:\/\/umcoletivo.pt\/?s={search_term_string}"},"query-input":{"@type":"PropertyValueSpecification","valueRequired":true,"valueName":"search_term_string"}}],"inLanguage":"es"},{"@type":"Organization","@id":"https:\/\/umcoletivo.pt\/#organization","name":"Un colectivo","url":"https:\/\/umcoletivo.pt\/","logo":{"@type":"ImageObject","inLanguage":"es","@id":"https:\/\/umcoletivo.pt\/#\/schema\/logo\/image\/","url":"https:\/\/umcoletivo.pt\/wp-content\/uploads\/2024\/03\/UMCOLETIVO.png","contentUrl":"https:\/\/umcoletivo.pt\/wp-content\/uploads\/2024\/03\/UMCOLETIVO.png","width":1210,"height":383,"caption":"Um Coletivo"},"image":{"@id":"https:\/\/umcoletivo.pt\/#\/schema\/logo\/image\/"},"sameAs":["https:\/\/www.facebook.com\/umcoletivo"]}]}},"_links":{"self":[{"href":"https:\/\/umcoletivo.pt\/es\/wp-json\/wp\/v2\/portfolio\/567","targetHints":{"allow":["GET"]}}],"collection":[{"href":"https:\/\/umcoletivo.pt\/es\/wp-json\/wp\/v2\/portfolio"}],"about":[{"href":"https:\/\/umcoletivo.pt\/es\/wp-json\/wp\/v2\/types\/portfolio"}],"author":[{"embeddable":true,"href":"https:\/\/umcoletivo.pt\/es\/wp-json\/wp\/v2\/users\/1"}],"replies":[{"embeddable":true,"href":"https:\/\/umcoletivo.pt\/es\/wp-json\/wp\/v2\/comments?post=567"}],"version-history":[{"count":0,"href":"https:\/\/umcoletivo.pt\/es\/wp-json\/wp\/v2\/portfolio\/567\/revisions"}],"wp:featuredmedia":[{"embeddable":true,"href":"https:\/\/umcoletivo.pt\/es\/wp-json\/wp\/v2\/media\/934"}],"wp:attachment":[{"href":"https:\/\/umcoletivo.pt\/es\/wp-json\/wp\/v2\/media?parent=567"}],"wp:term":[{"taxonomy":"portfolio_category","embeddable":true,"href":"https:\/\/umcoletivo.pt\/es\/wp-json\/wp\/v2\/portfolio_category?post=567"}],"curies":[{"name":"wp","href":"https:\/\/api.w.org\/{rel}","templated":true}]}}