{"id":765,"date":"2024-03-20T15:49:33","date_gmt":"2024-03-20T15:49:33","guid":{"rendered":"https:\/\/umcoletivo.pt\/?post_type=portfolio&#038;p=765"},"modified":"2024-03-22T17:14:27","modified_gmt":"2024-03-22T17:14:27","slug":"transmissao-2020","status":"publish","type":"portfolio","link":"https:\/\/umcoletivo.pt\/es\/projeto\/transmissao-2020\/","title":{"rendered":"Transmisi\u00f3n 2020"},"content":{"rendered":"<div class=\"wpb-content-wrapper\"><div data-parent=\"true\" class=\"vc_row style-color-jevc-bg row-container\" id=\"row-unique-0\"><div class=\"row no-top-padding single-bottom-padding no-h-padding limit-width row-parent\" data-height-ratio=\"20\"><div class=\"wpb_row row-inner\"><div class=\"wpb_column pos-top pos-center align_left column_parent col-lg-12 single-internal-gutter\"><div class=\"uncol style-light\"  ><div class=\"uncoltable\"><div class=\"uncell no-block-padding\" ><div class=\"uncont\" ><div class=\"uncode-single-media  text-center\"><div class=\"single-wrapper\" style=\"max-width: 50%;\"><div class=\"uncode-single-media-wrapper\"><img decoding=\"async\" class=\"uncode-missing-media\" src=\"https:\/\/via.placeholder.com\/500x500.png?text=media+not+available&amp;w=500&amp;h=500\" \/><\/div><\/div><\/div><\/div><\/div><\/div><\/div><\/div><script id=\"script-row-unique-0\" data-row=\"script-row-unique-0\" type=\"text\/javascript\" class=\"vc_controls\">UNCODE.initRow(document.getElementById(\"row-unique-0\"));<\/script><\/div><\/div><\/div><div data-parent=\"true\" class=\"vc_row row-container\" id=\"row-unique-1\"><div class=\"row limit-width row-parent\"><div class=\"wpb_row row-inner\"><div class=\"wpb_column pos-top pos-center align_left column_parent col-lg-12 single-internal-gutter\"><div class=\"uncol style-light\"  ><div class=\"uncoltable\"><div class=\"uncell no-block-padding\" ><div class=\"uncont\" ><div class=\"vc_row row-internal row-container\"><div class=\"row row-child\"><div class=\"wpb_row row-inner\"><div class=\"wpb_column pos-top pos-center align_left column_child col-lg-7 single-internal-gutter\"><div class=\"uncol style-light\" ><div class=\"uncoltable\"><div class=\"uncell no-block-padding\" ><div class=\"uncont\" ><div class=\"vc_custom_heading_wrap\"><div class=\"heading-text el-text\" ><h1 class=\"h1\" ><span>Transmisi\u00f3n 2020<\/span><\/h1><\/div><div class=\"clear\"><\/div><\/div><div class=\"vc_custom_heading_wrap\"><div class=\"heading-text el-text\" ><h2 class=\"h2\" ><span>Ficha t\u00e9cnica<\/span><\/h2><hr class=\"separator-break separator-accent\" \/><\/div><div class=\"clear\"><\/div><\/div><div class=\"uncode_text_column justiy-text\" ><p><strong>Coproducci\u00f3n<\/strong> - UN COLECTIVO, THE CRAZY CHILDREN y TXON POESIA<br \/>\n<strong>Direcci\u00f3n art\u00edstica<\/strong> - C\u00e1tia Terrinca y Vicente Wallenstein<br \/>\n<strong>Gesti\u00f3n de la producci\u00f3n<\/strong> - T\u00e2nia Bald\u00e9<br \/>\n<strong>Producci\u00f3n<\/strong> - Helena Baronet y Jos\u00e9 Pinto<br \/>\n<strong>Imagen<\/strong> - Jo\u00e3o P. Nunes<br \/>\n<strong>Gesti\u00f3n t\u00e9cnica<\/strong> - Diogo Rodrigues<br \/>\n<strong>M\u00fasica<\/strong> - Diogo Rodrigues, Fern\u00e3o Biu y Jo\u00e3o Sala<\/p>\n<\/div><div class=\"vc_custom_heading_wrap\"><div class=\"heading-text el-text\" ><h3 class=\"h3\" ><span>Asociaciones<\/span><\/h3><hr class=\"separator-break separator-accent\" \/><\/div><div class=\"clear\"><\/div><\/div><div class=\"uncode_text_column\" ><p>Radios nacionales: Antena 2, R\u00e1dio Mi\u00fados, Rdp \u00c1frica<br \/>\nRadio internacional: Radio Morabeza<br \/>\nRadios locales: Mais R\u00e1dio (Set\u00fabal), R\u00e1dio Elvas (Elvas), Antena Livre (Gouveia)<br \/>\n<strong>Otros socios<\/strong>: Gerador, Falas Afrikanas, Livraria Snob, Miratecarts, Teatro do Convento, Arkus, Rugas Teatros<br \/>\n<strong>Agradecimientos:<\/strong> Ana Isabel Sousa, Daniel Gorj\u00e3o, Eduardo Leite, Jo\u00e3o Vinagre, Manuel Lopes, Paulo Figueiredo, Salvador Nery<\/p>\n<\/div><\/div><\/div><\/div><\/div><\/div><div class=\"wpb_column pos-top pos-center align_left column_child col-lg-5 single-internal-gutter\"><div class=\"uncol style-light\" ><div class=\"uncoltable\"><div class=\"uncell no-block-padding\" ><div class=\"uncont\" ><div class=\"vc_custom_heading_wrap\"><div class=\"heading-text el-text\" ><h3 class=\"h3\" ><span>Programa<\/span><\/h3><hr class=\"separator-break separator-accent\" \/><\/div><div class=\"clear\"><\/div><\/div><div class=\"uncode_text_column\" ><p><strong>20 de abril<\/strong><br \/>\nDonde vive Blimundo (ciclo \"POP\" para ni\u00f1os)<br \/>\nCassilda y el reino de los sue\u00f1os (ciclo de teatro imaginario)<br \/>\nPoema de amor (Ciclo Cartas de amor)<\/p>\n<p><strong>21 de abril<\/strong><br \/>\nEl Se\u00f1or de la Danza (POP)<br \/>\nMiau Miau B\u00e9u B\u00e9u Pum Pum (Teatro imaginario)<br \/>\nR\u00e9quiem (Cartas de amor)<\/p>\n<p><strong>22 de abril<\/strong><br \/>\nUP.SMARA (POP)<br \/>\nEl barco de los locos (Teatro Imaginario)<br \/>\nLucha de amor (Cartas de amor)<\/p>\n<p><strong>23 de abril<\/strong><br \/>\nSof\u00eda (POP)<br \/>\nUn metro (Teatro imaginario)<br \/>\nActo del cuerpo (Cartas de amor)<\/p>\n<p><strong>24 de abril<\/strong><br \/>\nEl perro en busca de la luz (POP)<br \/>\nArresto domiciliario (Teatro imaginario)<br \/>\nCartas (Cartas de amor)<\/p>\n<\/div><\/div><\/div><\/div><\/div><\/div><\/div><\/div><\/div><div class=\"vc_row row-internal row-container\"><div class=\"row row-child\"><div class=\"wpb_row row-inner\"><div class=\"wpb_column pos-top pos-center align_left column_child col-lg-12 single-internal-gutter\"><div class=\"uncol style-light\" ><div class=\"uncoltable\"><div class=\"uncell no-block-padding\" ><div class=\"uncont\" ><div class=\"uncode_text_column\" ><p>Para m\u00e1s informaci\u00f3n, consulte el cuadro de programas que figura a continuaci\u00f3n:<\/p>\n<p>&nbsp;<\/p>\n<table>\n<tbody>\n<tr>\n<td width=\"189\"><strong>Radio<\/strong><\/td>\n<td width=\"189\"><strong>D\u00edas<\/strong><\/td>\n<td width=\"189\"><strong>Horario<\/strong><\/td>\n<\/tr>\n<tr>\n<td width=\"189\"><a href=\"http:\/\/www.rtp.pt\/antena2\/\">Antena 2<\/a><\/td>\n<td width=\"189\">Del 20 al 23 de abril<\/td>\n<td width=\"189\">8 h y 19 h<\/td>\n<\/tr>\n<tr>\n<td width=\"189\"><a href=\"https:\/\/radioelvas.com\/\">Radio Elvas<\/a><\/td>\n<td width=\"189\">Del 20 al 24 de abril<\/td>\n<td width=\"189\">9h30<\/td>\n<\/tr>\n<tr>\n<td width=\"189\"><a href=\"https:\/\/896fm.pt\/\">Antena libre<\/a><\/td>\n<td width=\"189\">Del 20 al 25 de abril<\/td>\n<td width=\"189\">8.45 h | 15.00 h | 21.30 h<\/td>\n<\/tr>\n<tr>\n<td width=\"189\"><a href=\"http:\/\/radiomorabeza.cv\/\">Radio Morabeza (CV)<\/a><\/td>\n<td width=\"189\">Del 20 al 24 de abril<\/td>\n<td width=\"189\">10h | 16h | 22h<\/td>\n<\/tr>\n<tr>\n<td width=\"189\"><a href=\"https:\/\/www.radiomiudos.pt\/\">Radio Kids<\/a><\/td>\n<td width=\"189\">Del 20 al 24 de abril<\/td>\n<td width=\"189\">10h<\/td>\n<\/tr>\n<tr>\n<td width=\"189\"><a href=\"http:\/\/www.maisradio.com\/\">M\u00e1s radio<\/a><\/td>\n<td width=\"189\">Del 20 al 24 de abril<\/td>\n<td width=\"189\">10.30 h | 19 h | 22 h<\/td>\n<\/tr>\n<tr>\n<td width=\"189\"><a href=\"http:\/\/www.radioplanicie.com\/\">Radio Plan\u00edcie<\/a><\/td>\n<td width=\"189\">Del 20 al 24 de abril<\/td>\n<td width=\"189\">14.00 h | 19.00 h | 21.00 h<\/td>\n<\/tr>\n<tr>\n<td width=\"189\"><a href=\"https:\/\/www.radiopico.com\/\">Radio Pico<\/a><\/td>\n<td width=\"189\">Del 20 al 24 de abril<\/td>\n<td width=\"189\">10.30 h | 17.30 h | 22.00 h<\/td>\n<\/tr>\n<tr>\n<td width=\"189\"><a href=\"https:\/\/www.rtp.pt\/play\/direto\/antena1acores\">RDP A\u00e7ores<\/a><\/td>\n<td width=\"189\">Del 20 al 24 de abril<\/td>\n<td width=\"189\">11.15 h. | 14.30 h. | 22.30 h.<\/td>\n<\/tr>\n<\/tbody>\n<\/table>\n<p>\n<\/div><\/div><\/div><\/div><\/div><\/div><\/div><\/div><\/div><\/div><\/div><\/div><\/div><\/div><script id=\"script-row-unique-1\" data-row=\"script-row-unique-1\" type=\"text\/javascript\" class=\"vc_controls\">UNCODE.initRow(document.getElementById(\"row-unique-1\"));<\/script><\/div><\/div><\/div>\n<\/div>","protected":false},"excerpt":{"rendered":"Emisi\u00f3n 2020Informaci\u00f3n t\u00e9cnicaProducci\u00f3n - UM COLETIVO, AS CRIAN\u00c7AS LOUCAS y TXON POESIA Direcci\u00f3n art\u00edstica - C\u00e1tia Terrinca y Vicente Wallenstein [...]","protected":false},"author":1,"featured_media":0,"parent":0,"menu_order":0,"comment_status":"closed","ping_status":"open","template":"","meta":{"footnotes":""},"portfolio_category":[5],"class_list":["post-765","portfolio","type-portfolio","status-publish","hentry","portfolio_category-programacao"],"yoast_head":"<!-- This site is optimized with the Yoast SEO plugin v25.6 - https:\/\/yoast.com\/wordpress\/plugins\/seo\/ -->\n<title>Transmiss\u00e3o 2020 - Um Coletivo<\/title>\n<meta name=\"robots\" content=\"index, follow, max-snippet:-1, max-image-preview:large, max-video-preview:-1\" \/>\n<link rel=\"canonical\" href=\"https:\/\/umcoletivo.pt\/es\/projeto\/transmissao-2020\/\" \/>\n<meta property=\"og:locale\" content=\"es_ES\" \/>\n<meta property=\"og:type\" content=\"article\" \/>\n<meta property=\"og:title\" content=\"Transmiss\u00e3o 2020 - Um Coletivo\" \/>\n<meta property=\"og:url\" content=\"https:\/\/umcoletivo.pt\/es\/projeto\/transmissao-2020\/\" \/>\n<meta property=\"og:site_name\" content=\"Um Coletivo\" \/>\n<meta property=\"article:publisher\" content=\"https:\/\/www.facebook.com\/umcoletivo\" \/>\n<meta property=\"article:modified_time\" content=\"2024-03-22T17:14:27+00:00\" \/>\n<meta name=\"twitter:card\" content=\"summary_large_image\" \/>\n<meta name=\"twitter:label1\" content=\"Tiempo de lectura\" \/>\n\t<meta name=\"twitter:data1\" content=\"3 minutos\" \/>\n<script type=\"application\/ld+json\" class=\"yoast-schema-graph\">{\"@context\":\"https:\/\/schema.org\",\"@graph\":[{\"@type\":\"WebPage\",\"@id\":\"https:\/\/umcoletivo.pt\/projeto\/transmissao-2020\/\",\"url\":\"https:\/\/umcoletivo.pt\/projeto\/transmissao-2020\/\",\"name\":\"Transmiss\u00e3o 2020 - Um Coletivo\",\"isPartOf\":{\"@id\":\"https:\/\/umcoletivo.pt\/#website\"},\"datePublished\":\"2024-03-20T15:49:33+00:00\",\"dateModified\":\"2024-03-22T17:14:27+00:00\",\"breadcrumb\":{\"@id\":\"https:\/\/umcoletivo.pt\/projeto\/transmissao-2020\/#breadcrumb\"},\"inLanguage\":\"es\",\"potentialAction\":[{\"@type\":\"ReadAction\",\"target\":[\"https:\/\/umcoletivo.pt\/projeto\/transmissao-2020\/\"]}]},{\"@type\":\"BreadcrumbList\",\"@id\":\"https:\/\/umcoletivo.pt\/projeto\/transmissao-2020\/#breadcrumb\",\"itemListElement\":[{\"@type\":\"ListItem\",\"position\":1,\"name\":\"In\u00edcio\",\"item\":\"https:\/\/umcoletivo.pt\/\"},{\"@type\":\"ListItem\",\"position\":2,\"name\":\"Projeto\",\"item\":\"https:\/\/umcoletivo.pt\/projeto\/\"},{\"@type\":\"ListItem\",\"position\":3,\"name\":\"Transmiss\u00e3o 2020\"}]},{\"@type\":\"WebSite\",\"@id\":\"https:\/\/umcoletivo.pt\/#website\",\"url\":\"https:\/\/umcoletivo.pt\/\",\"name\":\"Um Coletivo\",\"description\":\"\",\"publisher\":{\"@id\":\"https:\/\/umcoletivo.pt\/#organization\"},\"potentialAction\":[{\"@type\":\"SearchAction\",\"target\":{\"@type\":\"EntryPoint\",\"urlTemplate\":\"https:\/\/umcoletivo.pt\/?s={search_term_string}\"},\"query-input\":{\"@type\":\"PropertyValueSpecification\",\"valueRequired\":true,\"valueName\":\"search_term_string\"}}],\"inLanguage\":\"es\"},{\"@type\":\"Organization\",\"@id\":\"https:\/\/umcoletivo.pt\/#organization\",\"name\":\"Um Coletivo\",\"url\":\"https:\/\/umcoletivo.pt\/\",\"logo\":{\"@type\":\"ImageObject\",\"inLanguage\":\"es\",\"@id\":\"https:\/\/umcoletivo.pt\/#\/schema\/logo\/image\/\",\"url\":\"https:\/\/umcoletivo.pt\/wp-content\/uploads\/2024\/03\/UMCOLETIVO.png\",\"contentUrl\":\"https:\/\/umcoletivo.pt\/wp-content\/uploads\/2024\/03\/UMCOLETIVO.png\",\"width\":1210,\"height\":383,\"caption\":\"Um Coletivo\"},\"image\":{\"@id\":\"https:\/\/umcoletivo.pt\/#\/schema\/logo\/image\/\"},\"sameAs\":[\"https:\/\/www.facebook.com\/umcoletivo\"]}]}<\/script>\n<!-- \/ Yoast SEO plugin. -->","yoast_head_json":{"title":"Transmiss\u00e3o 2020 - Um Coletivo","robots":{"index":"index","follow":"follow","max-snippet":"max-snippet:-1","max-image-preview":"max-image-preview:large","max-video-preview":"max-video-preview:-1"},"canonical":"https:\/\/umcoletivo.pt\/es\/projeto\/transmissao-2020\/","og_locale":"es_ES","og_type":"article","og_title":"Transmiss\u00e3o 2020 - Um Coletivo","og_url":"https:\/\/umcoletivo.pt\/es\/projeto\/transmissao-2020\/","og_site_name":"Um Coletivo","article_publisher":"https:\/\/www.facebook.com\/umcoletivo","article_modified_time":"2024-03-22T17:14:27+00:00","twitter_card":"summary_large_image","twitter_misc":{"Tiempo de lectura":"3 minutos"},"schema":{"@context":"https:\/\/schema.org","@graph":[{"@type":"WebPage","@id":"https:\/\/umcoletivo.pt\/projeto\/transmissao-2020\/","url":"https:\/\/umcoletivo.pt\/projeto\/transmissao-2020\/","name":"Transmiss\u00e3o 2020 - Um Coletivo","isPartOf":{"@id":"https:\/\/umcoletivo.pt\/#website"},"datePublished":"2024-03-20T15:49:33+00:00","dateModified":"2024-03-22T17:14:27+00:00","breadcrumb":{"@id":"https:\/\/umcoletivo.pt\/projeto\/transmissao-2020\/#breadcrumb"},"inLanguage":"es","potentialAction":[{"@type":"ReadAction","target":["https:\/\/umcoletivo.pt\/projeto\/transmissao-2020\/"]}]},{"@type":"BreadcrumbList","@id":"https:\/\/umcoletivo.pt\/projeto\/transmissao-2020\/#breadcrumb","itemListElement":[{"@type":"ListItem","position":1,"name":"In\u00edcio","item":"https:\/\/umcoletivo.pt\/"},{"@type":"ListItem","position":2,"name":"Projeto","item":"https:\/\/umcoletivo.pt\/projeto\/"},{"@type":"ListItem","position":3,"name":"Transmiss\u00e3o 2020"}]},{"@type":"WebSite","@id":"https:\/\/umcoletivo.pt\/#website","url":"https:\/\/umcoletivo.pt\/","name":"Un colectivo","description":"","publisher":{"@id":"https:\/\/umcoletivo.pt\/#organization"},"potentialAction":[{"@type":"SearchAction","target":{"@type":"EntryPoint","urlTemplate":"https:\/\/umcoletivo.pt\/?s={search_term_string}"},"query-input":{"@type":"PropertyValueSpecification","valueRequired":true,"valueName":"search_term_string"}}],"inLanguage":"es"},{"@type":"Organization","@id":"https:\/\/umcoletivo.pt\/#organization","name":"Un colectivo","url":"https:\/\/umcoletivo.pt\/","logo":{"@type":"ImageObject","inLanguage":"es","@id":"https:\/\/umcoletivo.pt\/#\/schema\/logo\/image\/","url":"https:\/\/umcoletivo.pt\/wp-content\/uploads\/2024\/03\/UMCOLETIVO.png","contentUrl":"https:\/\/umcoletivo.pt\/wp-content\/uploads\/2024\/03\/UMCOLETIVO.png","width":1210,"height":383,"caption":"Um Coletivo"},"image":{"@id":"https:\/\/umcoletivo.pt\/#\/schema\/logo\/image\/"},"sameAs":["https:\/\/www.facebook.com\/umcoletivo"]}]}},"_links":{"self":[{"href":"https:\/\/umcoletivo.pt\/es\/wp-json\/wp\/v2\/portfolio\/765","targetHints":{"allow":["GET"]}}],"collection":[{"href":"https:\/\/umcoletivo.pt\/es\/wp-json\/wp\/v2\/portfolio"}],"about":[{"href":"https:\/\/umcoletivo.pt\/es\/wp-json\/wp\/v2\/types\/portfolio"}],"author":[{"embeddable":true,"href":"https:\/\/umcoletivo.pt\/es\/wp-json\/wp\/v2\/users\/1"}],"replies":[{"embeddable":true,"href":"https:\/\/umcoletivo.pt\/es\/wp-json\/wp\/v2\/comments?post=765"}],"version-history":[{"count":0,"href":"https:\/\/umcoletivo.pt\/es\/wp-json\/wp\/v2\/portfolio\/765\/revisions"}],"wp:attachment":[{"href":"https:\/\/umcoletivo.pt\/es\/wp-json\/wp\/v2\/media?parent=765"}],"wp:term":[{"taxonomy":"portfolio_category","embeddable":true,"href":"https:\/\/umcoletivo.pt\/es\/wp-json\/wp\/v2\/portfolio_category?post=765"}],"curies":[{"name":"wp","href":"https:\/\/api.w.org\/{rel}","templated":true}]}}