{"id":768,"date":"2024-03-20T16:01:55","date_gmt":"2024-03-20T16:01:55","guid":{"rendered":"https:\/\/umcoletivo.pt\/?post_type=portfolio&#038;p=768"},"modified":"2024-03-22T17:14:03","modified_gmt":"2024-03-22T17:14:03","slug":"sobressalto-22","status":"publish","type":"portfolio","link":"https:\/\/umcoletivo.pt\/es\/projeto\/sobressalto-22\/","title":{"rendered":"SOBRESSALTO 22"},"content":{"rendered":"<div class=\"wpb-content-wrapper\"><div data-parent=\"true\" class=\"vc_row style-color-jevc-bg row-container\" id=\"row-unique-0\"><div class=\"row no-top-padding single-bottom-padding no-h-padding limit-width row-parent\" data-height-ratio=\"20\"><div class=\"wpb_row row-inner\"><div class=\"wpb_column pos-top pos-center align_left column_parent col-lg-12 single-internal-gutter\"><div class=\"uncol style-light\"  ><div class=\"uncoltable\"><div class=\"uncell no-block-padding\" ><div class=\"uncont\" ><div class=\"uncode-single-media  text-center\"><div class=\"single-wrapper\" style=\"max-width: 50%;\"><div class=\"tmb tmb-light  tmb-media-first tmb-media-last tmb-content-overlay tmb-no-bg\"><div class=\"t-inside\"><div class=\"t-entry-visual\"><div class=\"t-entry-visual-tc\"><div class=\"uncode-single-media-wrapper\"><img decoding=\"async\" class=\"wp-image-769\" src=\"https:\/\/umcoletivo.pt\/wp-content\/uploads\/2024\/03\/sobressalto.png\" width=\"954\" height=\"422\" alt=\"sobressalto\" srcset=\"https:\/\/umcoletivo.pt\/wp-content\/uploads\/2024\/03\/sobressalto.png 954w, https:\/\/umcoletivo.pt\/wp-content\/uploads\/2024\/03\/sobressalto-300x133.png 300w, https:\/\/umcoletivo.pt\/wp-content\/uploads\/2024\/03\/sobressalto-768x340.png 768w, https:\/\/umcoletivo.pt\/wp-content\/uploads\/2024\/03\/sobressalto-350x155.png 350w\" sizes=\"(max-width: 954px) 100vw, 954px\" \/><\/div>\n\t\t\t\t\t<\/div>\n\t\t\t\t<\/div><\/div><\/div><\/div><\/div><\/div><\/div><\/div><\/div><\/div><script id=\"script-row-unique-0\" data-row=\"script-row-unique-0\" type=\"text\/javascript\" class=\"vc_controls\">UNCODE.initRow(document.getElementById(\"row-unique-0\"));<\/script><\/div><\/div><\/div><div data-parent=\"true\" class=\"vc_row row-container\" id=\"row-unique-1\"><div class=\"row limit-width row-parent\"><div class=\"wpb_row row-inner\"><div class=\"wpb_column pos-top pos-center align_left column_parent col-lg-12 single-internal-gutter\"><div class=\"uncol style-light\"  ><div class=\"uncoltable\"><div class=\"uncell no-block-padding\" ><div class=\"uncont\" ><div class=\"vc_row row-internal row-container\"><div class=\"row row-child\"><div class=\"wpb_row row-inner\"><div class=\"wpb_column pos-top pos-center align_left column_child col-lg-7 single-internal-gutter\"><div class=\"uncol style-light\" ><div class=\"uncoltable\"><div class=\"uncell no-block-padding\" ><div class=\"uncont\" ><div class=\"vc_custom_heading_wrap\"><div class=\"heading-text el-text\" ><h1 class=\"h1\" ><span>SOBRESSALTO 22<\/span><\/h1><\/div><div class=\"clear\"><\/div><\/div><div class=\"vc_custom_heading_wrap\"><div class=\"heading-text el-text\" ><h4 class=\"h4\" ><span>20 de agosto de 2022<\/span><\/h4><\/div><div class=\"clear\"><\/div><\/div><div class=\"vc_custom_heading_wrap\"><div class=\"heading-text el-text\" ><h2 class=\"h2\" ><span>Sinopsis<\/span><\/h2><hr class=\"separator-break separator-accent\" \/><\/div><div class=\"clear\"><\/div><\/div><div class=\"uncode_text_column justiy-text\" ><p>El festival A SALTO - TOMADA ART\u00cdSTICA DA CIDADE DE ELVAS llega a su fin este a\u00f1o. Por eso queremos invitarle a sentir con nosotros esta repentina RENDICI\u00d3N, en un recorrido po\u00e9tico y emocional por el territorio que ha sido nuestro a lo largo de los a\u00f1os. El recorrido (16h30-23h) ser\u00e1 continuo e incluir\u00e1 momentos de avituallamiento. Alternativamente, se podr\u00e1 disfrutar de los distintos puntos de la ruta por libre, siguiendo la ubicaci\u00f3n y horarios indicados en el programa.<\/p>\n<\/div><div class=\"vc_custom_heading_wrap\"><div class=\"heading-text el-text\" ><h2 class=\"h2\" ><span>Ficha t\u00e9cnica<\/span><\/h2><hr class=\"separator-break separator-accent\" \/><\/div><div class=\"clear\"><\/div><\/div><div class=\"uncode_text_column justiy-text\" ><p><strong>Comisario y director de producci\u00f3n<\/strong> - C\u00e1tia Terrinca y Jo\u00e3o P. Nunes<br \/>\n<strong>Producci\u00f3n ejecutiva<\/strong> - C\u00e1tia Terrinca<br \/>\n<strong>Apoyo a la producci\u00f3n<\/strong> - Cutte, Herlandson Duarte y Rui Salabarda<br \/>\n<strong>Comunicaci\u00f3n<\/strong> - M\u00e1rcia Concei\u00e7\u00e3o<br \/>\n<strong>Coordinaci\u00f3n t\u00e9cnica<\/strong> - Jo\u00e3o P. Nunes<br \/>\n<strong>Asistencia t\u00e9cnica<\/strong> - Sandro Caracol, Jos\u00e9 Rego y Herlandson Duarte<br \/>\n<strong>Recepci\u00f3n<\/strong> - Tiago Candeias<br \/>\n<strong>Dise\u00f1o<\/strong> - Jennifer Monteiro y \u00c7a C'Jenn<br \/>\n<strong>Cocinero<\/strong> - Vitorica Mendes<br \/>\n<strong>Registro fotogr\u00e1fico<\/strong> - Susana Chic\u00f3<br \/>\n<strong>Grabaci\u00f3n de v\u00eddeo<\/strong> - Jo\u00e3o Filipe<\/p>\n<\/div><div class=\"vc_custom_heading_wrap\"><div class=\"heading-text el-text\" ><h2 class=\"h2\" ><span>Socios<\/span><\/h2><hr class=\"separator-break separator-accent\" \/><\/div><div class=\"clear\"><\/div><\/div><div class=\"uncode_text_column\" ><p>Dire\u00e7\u00e3o Geral das Artes, Dire\u00e7\u00e3o Regional de Cultura do Alentejo, Munic\u00edpio de Elvas, Junta de Freguesia de Assun\u00e7\u00e3o, Ajuda, Salvador e Salto Ildefonso, Junta de Freguesia de S\u00e3o Br\u00e1s e S\u00e3o Louren\u00e7o, Junta de Freguesia de Terrugem e Vila Boim, O Espa\u00e7o do Tempo, Colec\u00e7\u00e3o B, Luzeiro, SIR - Sociedade de Instru\u00e7\u00e3o e Recreio, Banda 14 de Janeiro, Arkus - Associa\u00e7\u00e3o Juvenil, R\u00e1dio Elvas, Cool Guest House Hostel, Elvas The Queen y Nascimento &amp; Filhos.<\/p>\n<\/div><div class=\"vc_custom_heading_wrap\"><div class=\"heading-text el-text\" ><h2 class=\"h2\" ><span>Gracias<\/span><\/h2><hr class=\"separator-break separator-accent\" \/><\/div><div class=\"clear\"><\/div><\/div><div class=\"uncode_text_column\" ><p>C\u00edntia Romba, Laura Painho, F\u00e1tima Painho, Ant\u00f3nio Lebre, Paula Lebre, Toni Vidigal, Domingos Borba<\/p>\n<\/div><\/div><\/div><\/div><\/div><\/div><div class=\"wpb_column pos-top pos-center align_left column_child col-lg-5 single-internal-gutter\"><div class=\"uncol style-light\" ><div class=\"uncoltable\"><div class=\"uncell no-block-padding\" ><div class=\"uncont\" ><\/div><\/div><\/div><\/div><\/div><\/div><\/div><\/div><div class=\"vc_custom_heading_wrap\"><div class=\"heading-text el-text\" ><h2 class=\"h2\" ><span>O LO QUE QUEDA DE UN FESTIVAL<\/span><\/h2><hr class=\"separator-break separator-accent\" \/><\/div><div class=\"clear\"><\/div><\/div><div class=\"uncode_text_column justiy-text\" ><p>Aunque queramos celebrarlo, tenemos que hacerlo con la honestidad de quien cuenta una historia sesgada. A Salto ha muerto, \u00a1viva A Salto! Pasamos media docena de a\u00f1os impulsados por la utop\u00eda de un mundo mejor, a trav\u00e9s y con las artes contempor\u00e1neas: celebrando la diversidad y la fragilidad del amor. Embellec\u00edamos el interior, ofreciendo nuestros corazones: era la \u00fanica forma de no estar solos. Durante estos seis a\u00f1os, hemos acogido a m\u00e1s de 300 artistas, con los que nos hemos sentado a la misma mesa, bajo la batuta de Vitorica. Hemos recorrido la ciudad y, como si cada proyecto fuera un \u00e1rbol, no nos hemos cansado de plantar. Hemos plantado \u00e1rboles por toda la ciudad y en el coraz\u00f3n de los salvadore\u00f1os. Desde Cabo Verde, Estados Unidos, Israel, M\u00e9xico, Polonia, Jap\u00f3n, Espa\u00f1a, Francia, Brasil y Portugal. Plantamos tantos \u00e1rboles, porque los \u00e1rboles dan sombra, porque dan comida, porque dan le\u00f1a. Poco importa si somos nosotros quienes recogemos los frutos o admiramos las flores. La vida siempre nos sobrevive. La conmoci\u00f3n de ver interrumpida una vida que cre\u00edamos joven: quer\u00edamos cuidarte m\u00e1s, oh Elvas, oh Elvas. Pero s\u00f3lo sabemos trabajar en equipo, en un equipo ampliado que abraza la diversidad de los dem\u00e1s para encontrar un ritmo com\u00fan. Ahora estamos en la encrucijada de la ciudad: \"\u00bfQu\u00e9 hacer ante el desorden universal?\" (nos preguntamos, escuchando el verso de Vera Duarte). Sin atrevernos a responder, bailamos. Quiz\u00e1s este programa de un d\u00eda, m\u00e1s peque\u00f1o que A Salto pero igual de fuerte, tambi\u00e9n anclado en el amor y en un profundo deseo de desarrollar proyectos que contrarresten la gentrificaci\u00f3n cultural y resignifiquen realmente el territorio y a los artistas, sea otra forma de plantear la pregunta. Empecemos por ah\u00ed: dibujemos un c\u00edrculo perfecto y observemos, como quien habla con la boca abierta, buscando la raz\u00f3n en medio de la duda: \u00bfqu\u00e9 puede hacer un Festival? S\u00f3lo despu\u00e9s de la purga podemos enfrentarnos a los proyectos que contin\u00faan con nosotros y que acompa\u00f1amos a lo largo de las residencias, todos ellos lidiando con intimidades expuestas que nos arrancan una agridulce tristeza. Por encima de todo, agradecemos a Batata, Rita y Rosy su valent\u00eda al unirse a nosotros para honrar el final de A Salto. La ciudad de Elvas habr\u00e1 sido finalmente tomada.<\/p>\n<\/div><div class=\"vc_custom_heading_wrap\"><div class=\"heading-text el-text\" ><h2 class=\"h2\" ><span>Programa<\/span><\/h2><hr class=\"separator-break separator-accent\" \/><\/div><div class=\"clear\"><\/div><\/div><div class=\"uncode_text_column justiy-text\" ><p><strong>M A T I N A\u00a0<\/strong><strong>\u00a0<\/strong><\/p>\n<p>10.30 h - MAEE (Museo de Arqueolog\u00eda)<br \/>\ny Etnograf\u00eda de Elvas)<br \/>\nLargo da Sra. da Oliveira 17<br \/>\nDE ABUELITA A MODERNA<br \/>\nJorge Moita<\/p>\n<p>&nbsp;<\/p>\n<p><strong>P E R C U R S O<\/strong><\/p>\n<p>16.30 - Parque de Piedade<br \/>\nCarretera Av. da Piedade 17<br \/>\nLO QUE PUEDE HACER UN FESTIVAL:<br \/>\nASALTOS, SALTOS, SACUDIDAS<br \/>\nY LOS MORTALES ENCARCELADOS<br \/>\n19h00 - Plaza del Santuario<br \/>\ndel Se\u00f1or Jes\u00fas de la Misericordia<br \/>\nCarretera Av. da Piedade 17<br \/>\nINICIO<br \/>\nRita Carvalho (Beca A\/B)<br \/>\n21h30 - MACE (Museo de Arte Contempor\u00e1neo de Elvas) - terraza<br \/>\nRua da Cadeia<br \/>\nCASI MAR<br \/>\nRosy Timas \/ Raiz di Polon<br \/>\n23.30 - CASA TANGENTE<br \/>\nRua de Martim Mendes 19<br \/>\nMIS ENTRA\u00d1AS EST\u00c1N EXPUESTAS, Y,<br \/>\nPARA QUE EMPIECEN A CRECER<br \/>\nPELOS EN EL CORAZ\u00d3N; PORQUE<br \/>\nPROTEGER DEL SOL<br \/>\nEduardo Batata y Pedro Costa<br \/>\n(Beca A\/B)<\/p>\n<\/div><\/div><\/div><\/div><\/div><\/div><script id=\"script-row-unique-1\" data-row=\"script-row-unique-1\" type=\"text\/javascript\" class=\"vc_controls\">UNCODE.initRow(document.getElementById(\"row-unique-1\"));<\/script><\/div><\/div><\/div>\n<\/div>","protected":false},"excerpt":{"rendered":"SOBRESSALTO 2220 Agosto 2022SinopsisEste a\u00f1o el festival A SALTO - TOMADA ART\u00cdSTICA DA CIDADE DE ELVAS se re\u00fane [...]","protected":false},"author":1,"featured_media":769,"parent":0,"menu_order":0,"comment_status":"closed","ping_status":"open","template":"","meta":{"footnotes":""},"portfolio_category":[5],"class_list":["post-768","portfolio","type-portfolio","status-publish","has-post-thumbnail","hentry","portfolio_category-programacao"],"yoast_head":"<!-- This site is optimized with the Yoast SEO plugin v25.6 - https:\/\/yoast.com\/wordpress\/plugins\/seo\/ -->\n<title>SOBRESSALTO 22 - Um Coletivo<\/title>\n<meta name=\"robots\" content=\"index, follow, max-snippet:-1, max-image-preview:large, max-video-preview:-1\" \/>\n<link rel=\"canonical\" href=\"https:\/\/umcoletivo.pt\/es\/projeto\/sobressalto-22\/\" \/>\n<meta property=\"og:locale\" content=\"es_ES\" \/>\n<meta property=\"og:type\" content=\"article\" \/>\n<meta property=\"og:title\" content=\"SOBRESSALTO 22 - Um Coletivo\" \/>\n<meta property=\"og:url\" content=\"https:\/\/umcoletivo.pt\/es\/projeto\/sobressalto-22\/\" \/>\n<meta property=\"og:site_name\" content=\"Um Coletivo\" \/>\n<meta property=\"article:publisher\" content=\"https:\/\/www.facebook.com\/umcoletivo\" \/>\n<meta property=\"article:modified_time\" content=\"2024-03-22T17:14:03+00:00\" \/>\n<meta property=\"og:image\" content=\"https:\/\/umcoletivo.pt\/wp-content\/uploads\/2024\/03\/sobressalto.png\" \/>\n\t<meta property=\"og:image:width\" content=\"954\" \/>\n\t<meta property=\"og:image:height\" content=\"422\" \/>\n\t<meta property=\"og:image:type\" content=\"image\/png\" \/>\n<meta name=\"twitter:card\" content=\"summary_large_image\" \/>\n<meta name=\"twitter:label1\" content=\"Tiempo de lectura\" \/>\n\t<meta name=\"twitter:data1\" content=\"6 minutos\" \/>\n<script type=\"application\/ld+json\" class=\"yoast-schema-graph\">{\"@context\":\"https:\/\/schema.org\",\"@graph\":[{\"@type\":\"WebPage\",\"@id\":\"https:\/\/umcoletivo.pt\/projeto\/sobressalto-22\/\",\"url\":\"https:\/\/umcoletivo.pt\/projeto\/sobressalto-22\/\",\"name\":\"SOBRESSALTO 22 - Um Coletivo\",\"isPartOf\":{\"@id\":\"https:\/\/umcoletivo.pt\/#website\"},\"primaryImageOfPage\":{\"@id\":\"https:\/\/umcoletivo.pt\/projeto\/sobressalto-22\/#primaryimage\"},\"image\":{\"@id\":\"https:\/\/umcoletivo.pt\/projeto\/sobressalto-22\/#primaryimage\"},\"thumbnailUrl\":\"https:\/\/umcoletivo.pt\/wp-content\/uploads\/2024\/03\/sobressalto.png\",\"datePublished\":\"2024-03-20T16:01:55+00:00\",\"dateModified\":\"2024-03-22T17:14:03+00:00\",\"breadcrumb\":{\"@id\":\"https:\/\/umcoletivo.pt\/projeto\/sobressalto-22\/#breadcrumb\"},\"inLanguage\":\"es\",\"potentialAction\":[{\"@type\":\"ReadAction\",\"target\":[\"https:\/\/umcoletivo.pt\/projeto\/sobressalto-22\/\"]}]},{\"@type\":\"ImageObject\",\"inLanguage\":\"es\",\"@id\":\"https:\/\/umcoletivo.pt\/projeto\/sobressalto-22\/#primaryimage\",\"url\":\"https:\/\/umcoletivo.pt\/wp-content\/uploads\/2024\/03\/sobressalto.png\",\"contentUrl\":\"https:\/\/umcoletivo.pt\/wp-content\/uploads\/2024\/03\/sobressalto.png\",\"width\":954,\"height\":422,\"caption\":\"sobressalto\"},{\"@type\":\"BreadcrumbList\",\"@id\":\"https:\/\/umcoletivo.pt\/projeto\/sobressalto-22\/#breadcrumb\",\"itemListElement\":[{\"@type\":\"ListItem\",\"position\":1,\"name\":\"In\u00edcio\",\"item\":\"https:\/\/umcoletivo.pt\/\"},{\"@type\":\"ListItem\",\"position\":2,\"name\":\"Projeto\",\"item\":\"https:\/\/umcoletivo.pt\/projeto\/\"},{\"@type\":\"ListItem\",\"position\":3,\"name\":\"SOBRESSALTO 22\"}]},{\"@type\":\"WebSite\",\"@id\":\"https:\/\/umcoletivo.pt\/#website\",\"url\":\"https:\/\/umcoletivo.pt\/\",\"name\":\"Um Coletivo\",\"description\":\"\",\"publisher\":{\"@id\":\"https:\/\/umcoletivo.pt\/#organization\"},\"potentialAction\":[{\"@type\":\"SearchAction\",\"target\":{\"@type\":\"EntryPoint\",\"urlTemplate\":\"https:\/\/umcoletivo.pt\/?s={search_term_string}\"},\"query-input\":{\"@type\":\"PropertyValueSpecification\",\"valueRequired\":true,\"valueName\":\"search_term_string\"}}],\"inLanguage\":\"es\"},{\"@type\":\"Organization\",\"@id\":\"https:\/\/umcoletivo.pt\/#organization\",\"name\":\"Um Coletivo\",\"url\":\"https:\/\/umcoletivo.pt\/\",\"logo\":{\"@type\":\"ImageObject\",\"inLanguage\":\"es\",\"@id\":\"https:\/\/umcoletivo.pt\/#\/schema\/logo\/image\/\",\"url\":\"https:\/\/umcoletivo.pt\/wp-content\/uploads\/2024\/03\/UMCOLETIVO.png\",\"contentUrl\":\"https:\/\/umcoletivo.pt\/wp-content\/uploads\/2024\/03\/UMCOLETIVO.png\",\"width\":1210,\"height\":383,\"caption\":\"Um Coletivo\"},\"image\":{\"@id\":\"https:\/\/umcoletivo.pt\/#\/schema\/logo\/image\/\"},\"sameAs\":[\"https:\/\/www.facebook.com\/umcoletivo\"]}]}<\/script>\n<!-- \/ Yoast SEO plugin. -->","yoast_head_json":{"title":"SOBRESSALTO 22 - Um Coletivo","robots":{"index":"index","follow":"follow","max-snippet":"max-snippet:-1","max-image-preview":"max-image-preview:large","max-video-preview":"max-video-preview:-1"},"canonical":"https:\/\/umcoletivo.pt\/es\/projeto\/sobressalto-22\/","og_locale":"es_ES","og_type":"article","og_title":"SOBRESSALTO 22 - Um Coletivo","og_url":"https:\/\/umcoletivo.pt\/es\/projeto\/sobressalto-22\/","og_site_name":"Um Coletivo","article_publisher":"https:\/\/www.facebook.com\/umcoletivo","article_modified_time":"2024-03-22T17:14:03+00:00","og_image":[{"width":954,"height":422,"url":"https:\/\/umcoletivo.pt\/wp-content\/uploads\/2024\/03\/sobressalto.png","type":"image\/png"}],"twitter_card":"summary_large_image","twitter_misc":{"Tiempo de lectura":"6 minutos"},"schema":{"@context":"https:\/\/schema.org","@graph":[{"@type":"WebPage","@id":"https:\/\/umcoletivo.pt\/projeto\/sobressalto-22\/","url":"https:\/\/umcoletivo.pt\/projeto\/sobressalto-22\/","name":"SOBRESSALTO 22 - Um Coletivo","isPartOf":{"@id":"https:\/\/umcoletivo.pt\/#website"},"primaryImageOfPage":{"@id":"https:\/\/umcoletivo.pt\/projeto\/sobressalto-22\/#primaryimage"},"image":{"@id":"https:\/\/umcoletivo.pt\/projeto\/sobressalto-22\/#primaryimage"},"thumbnailUrl":"https:\/\/umcoletivo.pt\/wp-content\/uploads\/2024\/03\/sobressalto.png","datePublished":"2024-03-20T16:01:55+00:00","dateModified":"2024-03-22T17:14:03+00:00","breadcrumb":{"@id":"https:\/\/umcoletivo.pt\/projeto\/sobressalto-22\/#breadcrumb"},"inLanguage":"es","potentialAction":[{"@type":"ReadAction","target":["https:\/\/umcoletivo.pt\/projeto\/sobressalto-22\/"]}]},{"@type":"ImageObject","inLanguage":"es","@id":"https:\/\/umcoletivo.pt\/projeto\/sobressalto-22\/#primaryimage","url":"https:\/\/umcoletivo.pt\/wp-content\/uploads\/2024\/03\/sobressalto.png","contentUrl":"https:\/\/umcoletivo.pt\/wp-content\/uploads\/2024\/03\/sobressalto.png","width":954,"height":422,"caption":"sobressalto"},{"@type":"BreadcrumbList","@id":"https:\/\/umcoletivo.pt\/projeto\/sobressalto-22\/#breadcrumb","itemListElement":[{"@type":"ListItem","position":1,"name":"In\u00edcio","item":"https:\/\/umcoletivo.pt\/"},{"@type":"ListItem","position":2,"name":"Projeto","item":"https:\/\/umcoletivo.pt\/projeto\/"},{"@type":"ListItem","position":3,"name":"SOBRESSALTO 22"}]},{"@type":"WebSite","@id":"https:\/\/umcoletivo.pt\/#website","url":"https:\/\/umcoletivo.pt\/","name":"Un colectivo","description":"","publisher":{"@id":"https:\/\/umcoletivo.pt\/#organization"},"potentialAction":[{"@type":"SearchAction","target":{"@type":"EntryPoint","urlTemplate":"https:\/\/umcoletivo.pt\/?s={search_term_string}"},"query-input":{"@type":"PropertyValueSpecification","valueRequired":true,"valueName":"search_term_string"}}],"inLanguage":"es"},{"@type":"Organization","@id":"https:\/\/umcoletivo.pt\/#organization","name":"Un colectivo","url":"https:\/\/umcoletivo.pt\/","logo":{"@type":"ImageObject","inLanguage":"es","@id":"https:\/\/umcoletivo.pt\/#\/schema\/logo\/image\/","url":"https:\/\/umcoletivo.pt\/wp-content\/uploads\/2024\/03\/UMCOLETIVO.png","contentUrl":"https:\/\/umcoletivo.pt\/wp-content\/uploads\/2024\/03\/UMCOLETIVO.png","width":1210,"height":383,"caption":"Um Coletivo"},"image":{"@id":"https:\/\/umcoletivo.pt\/#\/schema\/logo\/image\/"},"sameAs":["https:\/\/www.facebook.com\/umcoletivo"]}]}},"_links":{"self":[{"href":"https:\/\/umcoletivo.pt\/es\/wp-json\/wp\/v2\/portfolio\/768","targetHints":{"allow":["GET"]}}],"collection":[{"href":"https:\/\/umcoletivo.pt\/es\/wp-json\/wp\/v2\/portfolio"}],"about":[{"href":"https:\/\/umcoletivo.pt\/es\/wp-json\/wp\/v2\/types\/portfolio"}],"author":[{"embeddable":true,"href":"https:\/\/umcoletivo.pt\/es\/wp-json\/wp\/v2\/users\/1"}],"replies":[{"embeddable":true,"href":"https:\/\/umcoletivo.pt\/es\/wp-json\/wp\/v2\/comments?post=768"}],"version-history":[{"count":0,"href":"https:\/\/umcoletivo.pt\/es\/wp-json\/wp\/v2\/portfolio\/768\/revisions"}],"wp:featuredmedia":[{"embeddable":true,"href":"https:\/\/umcoletivo.pt\/es\/wp-json\/wp\/v2\/media\/769"}],"wp:attachment":[{"href":"https:\/\/umcoletivo.pt\/es\/wp-json\/wp\/v2\/media?parent=768"}],"wp:term":[{"taxonomy":"portfolio_category","embeddable":true,"href":"https:\/\/umcoletivo.pt\/es\/wp-json\/wp\/v2\/portfolio_category?post=768"}],"curies":[{"name":"wp","href":"https:\/\/api.w.org\/{rel}","templated":true}]}}