{"id":773,"date":"2024-03-20T16:28:43","date_gmt":"2024-03-20T16:28:43","guid":{"rendered":"https:\/\/umcoletivo.pt\/?post_type=portfolio&#038;p=773"},"modified":"2024-03-22T17:13:58","modified_gmt":"2024-03-22T17:13:58","slug":"festival-a-salto-2021","status":"publish","type":"portfolio","link":"https:\/\/umcoletivo.pt\/es\/projeto\/festival-a-salto-2021\/","title":{"rendered":"Festival A Salto 2021"},"content":{"rendered":"<div class=\"wpb-content-wrapper\"><div data-parent=\"true\" class=\"vc_row style-color-jevc-bg row-container\" id=\"row-unique-0\"><div class=\"row no-top-padding single-bottom-padding no-h-padding limit-width row-parent\" data-height-ratio=\"20\"><div class=\"wpb_row row-inner\"><div class=\"wpb_column pos-top pos-center align_left column_parent col-lg-12 single-internal-gutter\"><div class=\"uncol style-light\"  ><div class=\"uncoltable\"><div class=\"uncell no-block-padding\" ><div class=\"uncont\" ><div class=\"uncode-single-media  text-center\"><div class=\"single-wrapper\" style=\"max-width: 50%;\"><div class=\"tmb tmb-light  tmb-media-first tmb-media-last tmb-content-overlay tmb-no-bg\"><div class=\"t-inside\"><div class=\"t-entry-visual\"><div class=\"t-entry-visual-tc\"><div class=\"uncode-single-media-wrapper\"><img decoding=\"async\" class=\"wp-image-783\" src=\"https:\/\/umcoletivo.pt\/wp-content\/uploads\/2024\/03\/a-salto.png\" width=\"2308\" height=\"786\" alt=\"a salto\" srcset=\"https:\/\/umcoletivo.pt\/wp-content\/uploads\/2024\/03\/a-salto.png 2308w, https:\/\/umcoletivo.pt\/wp-content\/uploads\/2024\/03\/a-salto-300x102.png 300w, https:\/\/umcoletivo.pt\/wp-content\/uploads\/2024\/03\/a-salto-1024x349.png 1024w, https:\/\/umcoletivo.pt\/wp-content\/uploads\/2024\/03\/a-salto-768x262.png 768w, https:\/\/umcoletivo.pt\/wp-content\/uploads\/2024\/03\/a-salto-1536x523.png 1536w, https:\/\/umcoletivo.pt\/wp-content\/uploads\/2024\/03\/a-salto-2048x697.png 2048w, https:\/\/umcoletivo.pt\/wp-content\/uploads\/2024\/03\/a-salto-350x119.png 350w\" sizes=\"(max-width: 2308px) 100vw, 2308px\" \/><\/div>\n\t\t\t\t\t<\/div>\n\t\t\t\t<\/div><\/div><\/div><\/div><\/div><\/div><\/div><\/div><\/div><\/div><script id=\"script-row-unique-0\" data-row=\"script-row-unique-0\" type=\"text\/javascript\" class=\"vc_controls\">UNCODE.initRow(document.getElementById(\"row-unique-0\"));<\/script><\/div><\/div><\/div><div data-parent=\"true\" class=\"vc_row row-container\" id=\"row-unique-1\"><div class=\"row limit-width row-parent\"><div class=\"wpb_row row-inner\"><div class=\"wpb_column pos-top pos-center align_left column_parent col-lg-12 single-internal-gutter\"><div class=\"uncol style-light\"  ><div class=\"uncoltable\"><div class=\"uncell no-block-padding\" ><div class=\"uncont\" ><div class=\"vc_row row-internal row-container\"><div class=\"row row-child\"><div class=\"wpb_row row-inner\"><div class=\"wpb_column pos-top pos-center align_left column_child col-lg-7 single-internal-gutter\"><div class=\"uncol style-light\" ><div class=\"uncoltable\"><div class=\"uncell no-block-padding\" ><div class=\"uncont\" ><div class=\"vc_custom_heading_wrap\"><div class=\"heading-text el-text\" ><h1 class=\"h1\" ><span>Festival A Salto 2021<\/span><\/h1><\/div><div class=\"clear\"><\/div><\/div><div class=\"vc_custom_heading_wrap\"><div class=\"heading-text el-text\" ><h4 class=\"h4\" ><span>Toma art\u00edstica de la ciudad de Elvas (27, 28 y 29 de agosto de 2021)<\/span><\/h4><\/div><div class=\"clear\"><\/div><\/div><div class=\"vc_custom_heading_wrap\"><div class=\"heading-text el-text\" ><h2 class=\"h2\" ><span>Sinopsis<\/span><\/h2><hr class=\"separator-break separator-accent\" \/><\/div><div class=\"clear\"><\/div><\/div><div class=\"uncode_text_column justiy-text\" ><p><strong>A Salto - Toma art\u00edstica de la ciudad de Elvas<\/strong> es un festival en el que celebramos el arte contempor\u00e1neo, la diversidad cultural y el patrimonio de la ciudad de Elvas. Es un lugar de sue\u00f1os, amor, crecimiento, encuentro y riesgo. En un mundo dividido, fracturado, en el que nos venden soledad, en el que todav\u00eda miramos a los dem\u00e1s con la sospecha de quien ignora la igualdad, ser A Salto es zambullirse y cruzar esas fronteras, a trav\u00e9s de un conjunto de trece proyectos art\u00edsticos que nos proponen estar juntos. Los d\u00edas 27, 28 y 29 de agosto, Elvas es el escenario de una revoluci\u00f3n art\u00edstica: lenguas, manos, movimientos de danza de Argentina, \u00c9vora, Cabo Verde, personas, gestos, sabores que nos hablan de Israel, Viseu, Francia, deseos, causas, convicciones que nos mueven de Vila Boim a Lisboa, pasando por Oporto y escuchando el mundo en las estrellas de la noche. Si A Salto pudiera ser una historia, este a\u00f1o empezar\u00eda as\u00ed: eran casi treinta artistas siempre trabajando. En su cansancio, viajaron al interior, al pa\u00eds de las nanas. Cuando duermes, alg\u00fan objeto habita en tu memoria. Tal vez un acuario. Tal vez un gallo que representa lo invisible. Mao-Mao, se llama. Y hay un Roncador, que somos todos, creciendo a fuego lento mientras compramos con avidez. Este tipo tiene cuatro esferas. \u00bfVamos a disfrutarlo hasta que el mundo sea una c\u00e1psula del tiempo?<\/p>\n<\/div><div class=\"vc_custom_heading_wrap\"><div class=\"heading-text el-text\" ><h2 class=\"h2\" ><span>Ficha t\u00e9cnica<\/span><\/h2><hr class=\"separator-break separator-accent\" \/><\/div><div class=\"clear\"><\/div><\/div><div class=\"uncode_text_column justiy-text\" ><p><strong>Comisario y director de producci\u00f3n<\/strong> - C\u00e1tia Terrinca y Jo\u00e3o P. Nunes<br \/>\n<strong>Producci\u00f3n ejecutiva<\/strong> - C\u00e1tia Terrinca<br \/>\n<strong>Apoyo a la producci\u00f3n<\/strong> - Cutte, Herlandson Duarte y Rui Salabarda<br \/>\n<strong>Comunicaci\u00f3n<\/strong> - M\u00e1rcia Concei\u00e7\u00e3o<br \/>\n<strong>Coordinaci\u00f3n t\u00e9cnica<\/strong> - Jo\u00e3o P. Nunes<br \/>\n<strong>Asistencia t\u00e9cnica<\/strong> - Sandro Caracol, Jos\u00e9 Rego, Herlandson Duarte<br \/>\n<strong>Recepci\u00f3n<\/strong> - Tiago Candeias<br \/>\n<strong>Dise\u00f1o<\/strong> - Jennifer Monteiro y \u00c7a C'Jenn<br \/>\n<strong>Cocinero<\/strong> - Vitorica Mendes<br \/>\n<strong>Registro fotogr\u00e1fico<\/strong> - Susana Chic\u00f3<br \/>\n<strong>Grabaci\u00f3n de v\u00eddeo<\/strong> - Jo\u00e3o Filipe<\/p>\n<\/div><div class=\"vc_custom_heading_wrap\"><div class=\"heading-text el-text\" ><h2 class=\"h2\" ><span>Socios<\/span><\/h2><hr class=\"separator-break separator-accent\" \/><\/div><div class=\"clear\"><\/div><\/div><div class=\"uncode_text_column justiy-text\" ><p>Dire\u00e7\u00e3o Geral das Artes, Dire\u00e7\u00e3o Regional de Cultura do Alentejo, Munic\u00edpio de Elvas, Junta de Freguesia de Assun\u00e7\u00e3o, Ajuda, Salvador e Salto Ildefonso | Junta de Freguesia de S\u00e3o Br\u00e1s e S\u00e3o Louren\u00e7o, Junta de Freguesia de Terrugem e Vila Boim, O Espa\u00e7o do Tempo, Colec\u00e7\u00e3o B, Luzeiro, SIR - Sociedade de Instru\u00e7\u00e3o e Recreio, Banda 14 de Janeiro, Arkus - Associa\u00e7\u00e3o Juvenil, R\u00e1dio Elvas, Cool Guest House Hostel, Elvas The Queen, Nascimento &amp; Filhos<\/p>\n<\/div><div class=\"vc_custom_heading_wrap\"><div class=\"heading-text el-text\" ><h2 class=\"h2\" ><span>Gracias<\/span><\/h2><hr class=\"separator-break separator-accent\" \/><\/div><div class=\"clear\"><\/div><\/div><div class=\"uncode_text_column justiy-text\" ><p>C\u00edntia Romba, Laura Painho, F\u00e1tima Painho, Ant\u00f3nio Lebre, Paula Lebre, Toni Vidigal, Domingos Borba<\/p>\n<\/div><\/div><\/div><\/div><\/div><\/div><div class=\"wpb_column pos-top pos-center align_left column_child col-lg-5 single-internal-gutter\"><div class=\"uncol style-light\" ><div class=\"uncoltable\"><div class=\"uncell no-block-padding\" ><div class=\"uncont\" ><\/div><\/div><\/div><\/div><\/div><\/div><\/div><\/div><\/div><\/div><\/div><\/div><\/div><script id=\"script-row-unique-1\" data-row=\"script-row-unique-1\" type=\"text\/javascript\" class=\"vc_controls\">UNCODE.initRow(document.getElementById(\"row-unique-1\"));<\/script><\/div><\/div><\/div><div data-parent=\"true\" class=\"vc_row row-container\" id=\"row-unique-2\"><div class=\"row limit-width row-parent\"><div class=\"wpb_row row-inner\"><div class=\"wpb_column pos-top pos-center align_left column_parent col-lg-6 single-internal-gutter\"><div class=\"uncol style-light\"  ><div class=\"uncoltable\"><div class=\"uncell no-block-padding\" ><div class=\"uncont\" ><div class=\"vc_custom_heading_wrap\"><div class=\"heading-text el-text\" ><h2 class=\"h2\" ><span>MAPA DE OCUPACI\u00d3N DE LA CIUDAD<\/span><\/h2><hr class=\"separator-break separator-accent\" \/><\/div><div class=\"clear\"><\/div><\/div><div class=\"uncode_text_column\" ><p><strong>1<\/strong> - Museo de Arqueolog\u00eda y Etnograf\u00eda de Elvas<br \/>\n<strong>2<\/strong> - Castillo<br \/>\n<strong>3 <\/strong>- Carpinter\u00eda - KIDDS_CELL<br \/>\n<strong>4<\/strong> - Mercado Casa das Barcas<br \/>\n<strong>5<\/strong> - Nuestra Se\u00f1ora de la Concepci\u00f3n<br \/>\n<strong>6<\/strong> - Patio de la Iglesia de la Tercera Orden<br \/>\n<strong>7<\/strong> - Claustro de la Iglesia de San Domingos (entrada por el Museo Militar de Elvas)<br \/>\n<strong>8<\/strong> - Casa Tangente<br \/>\n<strong>9<\/strong> - F\u00e1brica del Museo de la Ciruela de Elvas<br \/>\n<strong>10<\/strong> - Torre del homenaje<br \/>\n<strong>11<\/strong> - Paseo del Castillo<\/p>\n<\/div><\/div><\/div><\/div><\/div><\/div><div class=\"wpb_column pos-top pos-center align_left column_parent col-lg-6 single-internal-gutter\"><div class=\"uncol style-light\"  ><div class=\"uncoltable\"><div class=\"uncell no-block-padding\" ><div class=\"uncont\" ><div class=\"uncode-single-media  text-left\"><div class=\"single-wrapper\" style=\"max-width: 100%;\"><div class=\"tmb tmb-light  tmb-media-first tmb-media-last tmb-content-overlay tmb-no-bg\"><div class=\"t-inside\"><div class=\"t-entry-visual\"><div class=\"t-entry-visual-tc\"><div class=\"uncode-single-media-wrapper\"><img decoding=\"async\" class=\"wp-image-774\" src=\"https:\/\/umcoletivo.pt\/wp-content\/uploads\/2024\/03\/Imagem3.png\" width=\"733\" height=\"569\" alt=\"\" srcset=\"https:\/\/umcoletivo.pt\/wp-content\/uploads\/2024\/03\/Imagem3.png 733w, https:\/\/umcoletivo.pt\/wp-content\/uploads\/2024\/03\/Imagem3-300x233.png 300w, https:\/\/umcoletivo.pt\/wp-content\/uploads\/2024\/03\/Imagem3-350x272.png 350w\" sizes=\"(max-width: 733px) 100vw, 733px\" \/><\/div>\n\t\t\t\t\t<\/div>\n\t\t\t\t<\/div><\/div><\/div><\/div><\/div><\/div><\/div><\/div><\/div><\/div><script id=\"script-row-unique-2\" data-row=\"script-row-unique-2\" type=\"text\/javascript\" class=\"vc_controls\">UNCODE.initRow(document.getElementById(\"row-unique-2\"));<\/script><\/div><\/div><\/div><div data-parent=\"true\" class=\"vc_row row-container\" id=\"row-unique-3\"><div class=\"row limit-width row-parent\"><div class=\"wpb_row row-inner\"><div class=\"wpb_column pos-top pos-center align_left column_parent col-lg-12 single-internal-gutter\"><div class=\"uncol style-light\"  ><div class=\"uncoltable\"><div class=\"uncell no-block-padding\" ><div class=\"uncont\" ><div class=\"vc_row row-internal row-container\"><div class=\"row row-child\"><div class=\"wpb_row row-inner\"><div class=\"wpb_column pos-top pos-center align_left column_child col-lg-12 single-internal-gutter\"><div class=\"uncol style-light\" ><div class=\"uncoltable\"><div class=\"uncell no-block-padding\" ><div class=\"uncont\" ><div class=\"vc_custom_heading_wrap\"><div class=\"heading-text el-text\" ><h2 class=\"h2\" ><span>Programa<\/span><\/h2><hr class=\"separator-break separator-accent\" \/><\/div><div class=\"clear\"><\/div><\/div><\/div><\/div><\/div><\/div><\/div><\/div><\/div><\/div><div class=\"vc_row row-internal row-container\"><div class=\"row row-child\"><div class=\"wpb_row row-inner\"><div class=\"wpb_column pos-top pos-center align_left column_child col-lg-4 single-internal-gutter\"><div class=\"uncol style-light\" ><div class=\"uncoltable\"><div class=\"uncell no-block-padding\" ><div class=\"uncont\" ><div class=\"uncode_text_column\" ><p><strong>Viernes 27 de agosto<\/strong><\/p>\n<p>18.00 h (inauguraci\u00f3n)<br \/>\n<strong>Representar lo invisible<\/strong><br \/>\nFotograf\u00eda + Paisajismo<br \/>\nUMCOLETIVO &amp; Escuela Primaria Vila Boim 1,2,3 (Elvas, Portugal)<br \/>\nMuseo de Arqueolog\u00eda y Etnograf\u00eda de Elvas<\/p>\n<p>19h30<br \/>\n<strong>RETIRADO<\/strong><br \/>\nDanza + Interpretaci\u00f3n<br \/>\nDarya Efrat (Israel)<br \/>\nActuaci\u00f3n espont\u00e1nea en un lugar sorpresa del centro hist\u00f3rico<\/p>\n<p>22h<br \/>\n<strong>Ronquidos<\/strong><br \/>\nDanza<br \/>\nRaiz di Polon (Praia, Cabo Verde)<br \/>\ncon la participaci\u00f3n especial de Daniela Bairua<br \/>\nCastillo<\/p>\n<p>23h30<br \/>\n<strong>C\u00e1psula del tiempo<\/strong><br \/>\nLiteratura + Teatro<br \/>\nColecci\u00f3n B (\u00c9vora, Portugal)<br \/>\nKIDDS_CELL Carpinter\u00eda<\/p>\n<\/div><\/div><\/div><\/div><\/div><\/div><div class=\"wpb_column pos-top pos-center align_left column_child col-lg-4 single-internal-gutter\"><div class=\"uncol style-light\" ><div class=\"uncoltable\"><div class=\"uncell no-block-padding\" ><div class=\"uncont\" ><div class=\"uncode_text_column\" ><p><strong>S\u00e1bado 28 de agosto<\/strong><\/p>\n<p>11h30<br \/>\n<strong>Mao-Mao<\/strong><br \/>\nPalabra hablada + M\u00fasica<br \/>\nVal\u00e9rio Rom\u00e3o y Jos\u00e9 Anjos (Lisboa, Portugal)<br \/>\nMercado Casa das Barcas<\/p>\n<p>18h<br \/>\n<strong>Esfera 4<\/strong><br \/>\nInstalaci\u00f3n<br \/>\nBruno Caracol, Marie Fages y Pavel Tavares<br \/>\ncon la participaci\u00f3n especial de Arkus<br \/>\n(Portugal, Francia y Brasil)<br \/>\nNuestra Se\u00f1ora de la Concepci\u00f3n<br \/>\n(proyecto visitable durante todo el festival<br \/>\nde 11.00 a 13.00 horas y de 16.00 a 19.30 horas)<\/p>\n<p>19h30<br \/>\n<strong>Mar c\u00e1lido<\/strong><br \/>\nFormas animadas + M\u00fasica<br \/>\nDanilo Galv\u00e3o (Brasil)<br \/>\ncon la participaci\u00f3n especial de Jo\u00e3o Carvalho<br \/>\nPatio de la Iglesia de la Tercera Orden<\/p>\n<p>22h<br \/>\n<strong>El pa\u00eds de las nanas<\/strong><br \/>\nTeatro + M\u00fasica<br \/>\nAriadna (Viana do Castelo, Portugal)<br \/>\nClaustro de la iglesia de Santo Domingo<br \/>\n(entrada por el Museo Militar)<\/p>\n<p>23h30<br \/>\n<strong>Un artista siempre est\u00e1 trabajando<\/strong><br \/>\nRendimiento<br \/>\nPedro Barreiro (Santar\u00e9m, Portugal)<br \/>\nCasa Tangente<\/p>\n<\/div><\/div><\/div><\/div><\/div><\/div><div class=\"wpb_column pos-top pos-center align_left column_child col-lg-4 single-internal-gutter\"><div class=\"uncol style-light\" ><div class=\"uncoltable\"><div class=\"uncell no-block-padding\" ><div class=\"uncont\" ><div class=\"uncode_text_column\" ><p><strong>Domingo 29 de agosto<\/strong><\/p>\n<p>10.30 h I 16.30 h I 18.00 h<br \/>\nEn Lume Brando*<br \/>\nTeatro + Gastronom\u00eda<br \/>\nJoana Martins (Viseu, Portugal)<br \/>\nMuseo de la F\u00e1brica de Ciruelas de Elvas<br \/>\n*Proyecto ganador de la Beca de Creaci\u00f3n A\/B, en colaboraci\u00f3n con Colec\u00e7\u00e3o B<\/p>\n<p>16h30<br \/>\n<strong>Acuario<\/strong><br \/>\nInstalaci\u00f3n + Electr\u00f3nica<br \/>\nDiogo Ribeiro (Elvas, Portugal)<br \/>\nTorre del homenaje del castillo de Elvas<br \/>\n(proyecto visitable a partir del 27 de agosto en el horario habitual del castillo)<\/p>\n<p>19h30<br \/>\n<strong>Fondo<\/strong><br \/>\nDanza<br \/>\nJanice Landritsky (Argentina)<br \/>\nMirador del castillo<br \/>\n*Proyecto ganador de la Beca de Creaci\u00f3n A\/B, en colaboraci\u00f3n con Colec\u00e7\u00e3o B<\/p>\n<p>22h<br \/>\n<strong>O<\/strong> <strong>Pollo<\/strong><br \/>\nArte urbano y c\u00f3mic<br \/>\nAmargooo (Oporto, Portugal)<br \/>\nPunto de encuentro en la Casa Tangente<\/p>\n<\/div><\/div><\/div><\/div><\/div><\/div><\/div><\/div><\/div><\/div><\/div><\/div><\/div><\/div><script id=\"script-row-unique-3\" data-row=\"script-row-unique-3\" type=\"text\/javascript\" class=\"vc_controls\">UNCODE.initRow(document.getElementById(\"row-unique-3\"));<\/script><\/div><\/div><\/div>\n<\/div>","protected":false},"excerpt":{"rendered":"Festival A Salto 2021Tomada Art\u00edstica da Cidade de Elvas (27, 28 y 29 de agosto de 2021)SinopsisA Salto - Tomada [...]","protected":false},"author":1,"featured_media":783,"parent":0,"menu_order":0,"comment_status":"closed","ping_status":"open","template":"","meta":{"footnotes":""},"portfolio_category":[5],"class_list":["post-773","portfolio","type-portfolio","status-publish","has-post-thumbnail","hentry","portfolio_category-programacao"],"yoast_head":"<!-- This site is optimized with the Yoast SEO plugin v25.6 - https:\/\/yoast.com\/wordpress\/plugins\/seo\/ -->\n<title>Festival A Salto 2021 - Um Coletivo<\/title>\n<meta name=\"robots\" content=\"index, follow, max-snippet:-1, max-image-preview:large, max-video-preview:-1\" \/>\n<link rel=\"canonical\" href=\"https:\/\/umcoletivo.pt\/es\/projeto\/festival-a-salto-2021\/\" \/>\n<meta property=\"og:locale\" content=\"es_ES\" \/>\n<meta property=\"og:type\" content=\"article\" \/>\n<meta property=\"og:title\" content=\"Festival A Salto 2021 - Um Coletivo\" \/>\n<meta property=\"og:url\" content=\"https:\/\/umcoletivo.pt\/es\/projeto\/festival-a-salto-2021\/\" \/>\n<meta property=\"og:site_name\" content=\"Um Coletivo\" \/>\n<meta property=\"article:publisher\" content=\"https:\/\/www.facebook.com\/umcoletivo\" \/>\n<meta property=\"article:modified_time\" content=\"2024-03-22T17:13:58+00:00\" \/>\n<meta property=\"og:image\" content=\"https:\/\/umcoletivo.pt\/wp-content\/uploads\/2024\/03\/a-salto.png\" \/>\n\t<meta property=\"og:image:width\" content=\"2308\" \/>\n\t<meta property=\"og:image:height\" content=\"786\" \/>\n\t<meta property=\"og:image:type\" content=\"image\/png\" \/>\n<meta name=\"twitter:card\" content=\"summary_large_image\" \/>\n<meta name=\"twitter:label1\" content=\"Tiempo de lectura\" \/>\n\t<meta name=\"twitter:data1\" content=\"6 minutos\" \/>\n<script type=\"application\/ld+json\" class=\"yoast-schema-graph\">{\"@context\":\"https:\/\/schema.org\",\"@graph\":[{\"@type\":\"WebPage\",\"@id\":\"https:\/\/umcoletivo.pt\/projeto\/festival-a-salto-2021\/\",\"url\":\"https:\/\/umcoletivo.pt\/projeto\/festival-a-salto-2021\/\",\"name\":\"Festival A Salto 2021 - Um Coletivo\",\"isPartOf\":{\"@id\":\"https:\/\/umcoletivo.pt\/#website\"},\"primaryImageOfPage\":{\"@id\":\"https:\/\/umcoletivo.pt\/projeto\/festival-a-salto-2021\/#primaryimage\"},\"image\":{\"@id\":\"https:\/\/umcoletivo.pt\/projeto\/festival-a-salto-2021\/#primaryimage\"},\"thumbnailUrl\":\"https:\/\/umcoletivo.pt\/wp-content\/uploads\/2024\/03\/a-salto.png\",\"datePublished\":\"2024-03-20T16:28:43+00:00\",\"dateModified\":\"2024-03-22T17:13:58+00:00\",\"breadcrumb\":{\"@id\":\"https:\/\/umcoletivo.pt\/projeto\/festival-a-salto-2021\/#breadcrumb\"},\"inLanguage\":\"es\",\"potentialAction\":[{\"@type\":\"ReadAction\",\"target\":[\"https:\/\/umcoletivo.pt\/projeto\/festival-a-salto-2021\/\"]}]},{\"@type\":\"ImageObject\",\"inLanguage\":\"es\",\"@id\":\"https:\/\/umcoletivo.pt\/projeto\/festival-a-salto-2021\/#primaryimage\",\"url\":\"https:\/\/umcoletivo.pt\/wp-content\/uploads\/2024\/03\/a-salto.png\",\"contentUrl\":\"https:\/\/umcoletivo.pt\/wp-content\/uploads\/2024\/03\/a-salto.png\",\"width\":2308,\"height\":786,\"caption\":\"a salto\"},{\"@type\":\"BreadcrumbList\",\"@id\":\"https:\/\/umcoletivo.pt\/projeto\/festival-a-salto-2021\/#breadcrumb\",\"itemListElement\":[{\"@type\":\"ListItem\",\"position\":1,\"name\":\"In\u00edcio\",\"item\":\"https:\/\/umcoletivo.pt\/\"},{\"@type\":\"ListItem\",\"position\":2,\"name\":\"Projeto\",\"item\":\"https:\/\/umcoletivo.pt\/projeto\/\"},{\"@type\":\"ListItem\",\"position\":3,\"name\":\"Festival A Salto 2021\"}]},{\"@type\":\"WebSite\",\"@id\":\"https:\/\/umcoletivo.pt\/#website\",\"url\":\"https:\/\/umcoletivo.pt\/\",\"name\":\"Um Coletivo\",\"description\":\"\",\"publisher\":{\"@id\":\"https:\/\/umcoletivo.pt\/#organization\"},\"potentialAction\":[{\"@type\":\"SearchAction\",\"target\":{\"@type\":\"EntryPoint\",\"urlTemplate\":\"https:\/\/umcoletivo.pt\/?s={search_term_string}\"},\"query-input\":{\"@type\":\"PropertyValueSpecification\",\"valueRequired\":true,\"valueName\":\"search_term_string\"}}],\"inLanguage\":\"es\"},{\"@type\":\"Organization\",\"@id\":\"https:\/\/umcoletivo.pt\/#organization\",\"name\":\"Um Coletivo\",\"url\":\"https:\/\/umcoletivo.pt\/\",\"logo\":{\"@type\":\"ImageObject\",\"inLanguage\":\"es\",\"@id\":\"https:\/\/umcoletivo.pt\/#\/schema\/logo\/image\/\",\"url\":\"https:\/\/umcoletivo.pt\/wp-content\/uploads\/2024\/03\/UMCOLETIVO.png\",\"contentUrl\":\"https:\/\/umcoletivo.pt\/wp-content\/uploads\/2024\/03\/UMCOLETIVO.png\",\"width\":1210,\"height\":383,\"caption\":\"Um Coletivo\"},\"image\":{\"@id\":\"https:\/\/umcoletivo.pt\/#\/schema\/logo\/image\/\"},\"sameAs\":[\"https:\/\/www.facebook.com\/umcoletivo\"]}]}<\/script>\n<!-- \/ Yoast SEO plugin. -->","yoast_head_json":{"title":"Festival A Salto 2021 - Um Coletivo","robots":{"index":"index","follow":"follow","max-snippet":"max-snippet:-1","max-image-preview":"max-image-preview:large","max-video-preview":"max-video-preview:-1"},"canonical":"https:\/\/umcoletivo.pt\/es\/projeto\/festival-a-salto-2021\/","og_locale":"es_ES","og_type":"article","og_title":"Festival A Salto 2021 - Um Coletivo","og_url":"https:\/\/umcoletivo.pt\/es\/projeto\/festival-a-salto-2021\/","og_site_name":"Um Coletivo","article_publisher":"https:\/\/www.facebook.com\/umcoletivo","article_modified_time":"2024-03-22T17:13:58+00:00","og_image":[{"width":2308,"height":786,"url":"https:\/\/umcoletivo.pt\/wp-content\/uploads\/2024\/03\/a-salto.png","type":"image\/png"}],"twitter_card":"summary_large_image","twitter_misc":{"Tiempo de lectura":"6 minutos"},"schema":{"@context":"https:\/\/schema.org","@graph":[{"@type":"WebPage","@id":"https:\/\/umcoletivo.pt\/projeto\/festival-a-salto-2021\/","url":"https:\/\/umcoletivo.pt\/projeto\/festival-a-salto-2021\/","name":"Festival A Salto 2021 - Um Coletivo","isPartOf":{"@id":"https:\/\/umcoletivo.pt\/#website"},"primaryImageOfPage":{"@id":"https:\/\/umcoletivo.pt\/projeto\/festival-a-salto-2021\/#primaryimage"},"image":{"@id":"https:\/\/umcoletivo.pt\/projeto\/festival-a-salto-2021\/#primaryimage"},"thumbnailUrl":"https:\/\/umcoletivo.pt\/wp-content\/uploads\/2024\/03\/a-salto.png","datePublished":"2024-03-20T16:28:43+00:00","dateModified":"2024-03-22T17:13:58+00:00","breadcrumb":{"@id":"https:\/\/umcoletivo.pt\/projeto\/festival-a-salto-2021\/#breadcrumb"},"inLanguage":"es","potentialAction":[{"@type":"ReadAction","target":["https:\/\/umcoletivo.pt\/projeto\/festival-a-salto-2021\/"]}]},{"@type":"ImageObject","inLanguage":"es","@id":"https:\/\/umcoletivo.pt\/projeto\/festival-a-salto-2021\/#primaryimage","url":"https:\/\/umcoletivo.pt\/wp-content\/uploads\/2024\/03\/a-salto.png","contentUrl":"https:\/\/umcoletivo.pt\/wp-content\/uploads\/2024\/03\/a-salto.png","width":2308,"height":786,"caption":"a salto"},{"@type":"BreadcrumbList","@id":"https:\/\/umcoletivo.pt\/projeto\/festival-a-salto-2021\/#breadcrumb","itemListElement":[{"@type":"ListItem","position":1,"name":"In\u00edcio","item":"https:\/\/umcoletivo.pt\/"},{"@type":"ListItem","position":2,"name":"Projeto","item":"https:\/\/umcoletivo.pt\/projeto\/"},{"@type":"ListItem","position":3,"name":"Festival A Salto 2021"}]},{"@type":"WebSite","@id":"https:\/\/umcoletivo.pt\/#website","url":"https:\/\/umcoletivo.pt\/","name":"Un colectivo","description":"","publisher":{"@id":"https:\/\/umcoletivo.pt\/#organization"},"potentialAction":[{"@type":"SearchAction","target":{"@type":"EntryPoint","urlTemplate":"https:\/\/umcoletivo.pt\/?s={search_term_string}"},"query-input":{"@type":"PropertyValueSpecification","valueRequired":true,"valueName":"search_term_string"}}],"inLanguage":"es"},{"@type":"Organization","@id":"https:\/\/umcoletivo.pt\/#organization","name":"Un colectivo","url":"https:\/\/umcoletivo.pt\/","logo":{"@type":"ImageObject","inLanguage":"es","@id":"https:\/\/umcoletivo.pt\/#\/schema\/logo\/image\/","url":"https:\/\/umcoletivo.pt\/wp-content\/uploads\/2024\/03\/UMCOLETIVO.png","contentUrl":"https:\/\/umcoletivo.pt\/wp-content\/uploads\/2024\/03\/UMCOLETIVO.png","width":1210,"height":383,"caption":"Um Coletivo"},"image":{"@id":"https:\/\/umcoletivo.pt\/#\/schema\/logo\/image\/"},"sameAs":["https:\/\/www.facebook.com\/umcoletivo"]}]}},"_links":{"self":[{"href":"https:\/\/umcoletivo.pt\/es\/wp-json\/wp\/v2\/portfolio\/773","targetHints":{"allow":["GET"]}}],"collection":[{"href":"https:\/\/umcoletivo.pt\/es\/wp-json\/wp\/v2\/portfolio"}],"about":[{"href":"https:\/\/umcoletivo.pt\/es\/wp-json\/wp\/v2\/types\/portfolio"}],"author":[{"embeddable":true,"href":"https:\/\/umcoletivo.pt\/es\/wp-json\/wp\/v2\/users\/1"}],"replies":[{"embeddable":true,"href":"https:\/\/umcoletivo.pt\/es\/wp-json\/wp\/v2\/comments?post=773"}],"version-history":[{"count":0,"href":"https:\/\/umcoletivo.pt\/es\/wp-json\/wp\/v2\/portfolio\/773\/revisions"}],"wp:featuredmedia":[{"embeddable":true,"href":"https:\/\/umcoletivo.pt\/es\/wp-json\/wp\/v2\/media\/783"}],"wp:attachment":[{"href":"https:\/\/umcoletivo.pt\/es\/wp-json\/wp\/v2\/media?parent=773"}],"wp:term":[{"taxonomy":"portfolio_category","embeddable":true,"href":"https:\/\/umcoletivo.pt\/es\/wp-json\/wp\/v2\/portfolio_category?post=773"}],"curies":[{"name":"wp","href":"https:\/\/api.w.org\/{rel}","templated":true}]}}