{"id":970,"date":"2024-06-26T14:22:58","date_gmt":"2024-06-26T14:22:58","guid":{"rendered":"https:\/\/umcoletivo.pt\/?post_type=portfolio&#038;p=970"},"modified":"2024-09-12T17:25:04","modified_gmt":"2024-09-12T17:25:04","slug":"memoria-da-materia","status":"publish","type":"portfolio","link":"https:\/\/umcoletivo.pt\/es\/projeto\/memoria-da-materia\/","title":{"rendered":"Memoria de la materia"},"content":{"rendered":"<div class=\"wpb-content-wrapper\"><div data-parent=\"true\" class=\"vc_row style-color-jevc-bg row-container\" id=\"row-unique-0\"><div class=\"row no-top-padding single-bottom-padding no-h-padding limit-width row-parent\" data-height-ratio=\"20\"><div class=\"wpb_row row-inner\"><div class=\"wpb_column pos-top pos-center align_left column_parent col-lg-12 single-internal-gutter\"><div class=\"uncol style-light\"  ><div class=\"uncoltable\"><div class=\"uncell no-block-padding\" ><div class=\"uncont\" ><div class=\"uncode-single-media  text-center\"><div class=\"single-wrapper\" style=\"max-width: 50%;\"><div class=\"tmb tmb-light  tmb-media-first tmb-media-last tmb-content-overlay tmb-no-bg\"><div class=\"t-inside\"><div class=\"t-entry-visual\"><div class=\"t-entry-visual-tc\"><div class=\"uncode-single-media-wrapper\"><img decoding=\"async\" class=\"wp-image-983\" src=\"https:\/\/umcoletivo.pt\/wp-content\/uploads\/2024\/06\/IMG_0547-scaled.jpg\" width=\"2560\" height=\"1706\" alt=\"\" srcset=\"https:\/\/umcoletivo.pt\/wp-content\/uploads\/2024\/06\/IMG_0547-scaled.jpg 2560w, https:\/\/umcoletivo.pt\/wp-content\/uploads\/2024\/06\/IMG_0547-300x200.jpg 300w, https:\/\/umcoletivo.pt\/wp-content\/uploads\/2024\/06\/IMG_0547-1024x683.jpg 1024w, https:\/\/umcoletivo.pt\/wp-content\/uploads\/2024\/06\/IMG_0547-768x512.jpg 768w, https:\/\/umcoletivo.pt\/wp-content\/uploads\/2024\/06\/IMG_0547-1536x1024.jpg 1536w, https:\/\/umcoletivo.pt\/wp-content\/uploads\/2024\/06\/IMG_0547-2048x1365.jpg 2048w, https:\/\/umcoletivo.pt\/wp-content\/uploads\/2024\/06\/IMG_0547-350x233.jpg 350w\" sizes=\"(max-width: 2560px) 100vw, 2560px\" \/><\/div>\n\t\t\t\t\t<\/div>\n\t\t\t\t<\/div><\/div><\/div><\/div><\/div><\/div><\/div><\/div><\/div><\/div><script id=\"script-row-unique-0\" data-row=\"script-row-unique-0\" type=\"text\/javascript\" class=\"vc_controls\">UNCODE.initRow(document.getElementById(\"row-unique-0\"));<\/script><\/div><\/div><\/div><div data-parent=\"true\" class=\"vc_row row-container\" id=\"row-unique-1\"><div class=\"row limit-width row-parent\"><div class=\"wpb_row row-inner\"><div class=\"wpb_column pos-top pos-center align_left column_parent col-lg-12 single-internal-gutter\"><div class=\"uncol style-light\"  ><div class=\"uncoltable\"><div class=\"uncell no-block-padding\" ><div class=\"uncont\" ><div class=\"vc_row row-internal row-container\"><div class=\"row row-child\"><div class=\"wpb_row row-inner\"><div class=\"wpb_column pos-top pos-center align_left column_child col-lg-7 single-internal-gutter\"><div class=\"uncol style-light\" ><div class=\"uncoltable\"><div class=\"uncell no-block-padding\" ><div class=\"uncont\" ><div class=\"vc_custom_heading_wrap\"><div class=\"heading-text el-text\" ><h1 class=\"h1\" ><span>Memoria de la materia<\/span><\/h1><\/div><div class=\"clear\"><\/div><\/div><div class=\"vc_custom_heading_wrap\"><div class=\"heading-text el-text\" ><h2 class=\"h2\" ><span>Sinopsis<\/span><\/h2><hr class=\"separator-break separator-accent\" \/><\/div><div class=\"clear\"><\/div><\/div><div class=\"uncode_text_column justiy-text\" ><p>\u00bfEs un mundo o un \u00fatero?<br \/>\nDesde donde miramos la vida, no estamos seguros de lo grande o importante que es.<br \/>\nMaria Mello Giraldes escribi\u00f3 con la misma inspiraci\u00f3n con que brillan las estrellas. Nos emociona porque anuncia lo desconocido, otros seres y otros s\u00edmbolos, \"espejos de piedra\" (como dice Isabel de S\u00e1). El espect\u00e1culo se\u00f1ala pasado y futuro en la misma direcci\u00f3n. La memoria de la materia es tambi\u00e9n la materia de la que est\u00e1 hecha la memoria.<br \/>\nAs\u00ed que tal vez el Marinero Loco y la Mujer Sola en escena sean el mismo ser. Varados en un tiempo que, al fin y al cabo, no existe. Y en un barco que, al fin y al cabo, s\u00ed existe.<\/p>\n<\/div><div class=\"vc_custom_heading_wrap\"><div class=\"heading-text el-text\" ><h2 class=\"h2\" ><span>Ficha t\u00e9cnica y art\u00edstica<\/span><\/h2><hr class=\"separator-break separator-accent\" \/><\/div><div class=\"clear\"><\/div><\/div><div class=\"uncode_text_column justiy-text\" ><p><strong>Dramaturgia<\/strong> - Ricardo Bol\u00e9o<br \/>\n<strong>Interpretaci\u00f3n<\/strong> - C\u00e1tia Terrinca y Carlos Mil-Homens<br \/>\n<strong>Escenograf\u00eda<\/strong> - Bruno Caracol<br \/>\n<strong>Disfraces<\/strong> - Raquel Pedro<br \/>\n<strong>Dise\u00f1o ligero<\/strong> - Jo\u00e3o P. Nunes<br \/>\n<strong>M\u00fasica y composici\u00f3n sonora<\/strong> - Carlos Mil-Homens<br \/>\n<strong>Mediaci\u00f3n<\/strong> - Rui Salabarda Garrido<br \/>\n<strong>Producci\u00f3n<\/strong> - UN COLECTIVO<\/p>\n<\/div><div class=\"vc_custom_heading_wrap\"><div class=\"heading-text el-text\" ><h2 class=\"h3\" ><span>Coproducci\u00f3n<\/span><\/h2><hr class=\"separator-break separator-accent\" \/><\/div><div class=\"clear\"><\/div><\/div><div class=\"uncode_text_column justiy-text\" ><p>Centro de Artes y Espect\u00e1culos de Portalegre<br \/>\nApoyo: Cultura - Direcci\u00f3n General de las Artes<\/p>\n<\/div><div class=\"vc_custom_heading_wrap\"><div class=\"heading-text el-text\" ><h2 class=\"h3\" ><span>Asociaci\u00f3n<\/span><\/h2><hr class=\"separator-break separator-accent\" \/><\/div><div class=\"clear\"><\/div><\/div><div class=\"uncode_text_column justiy-text\" ><p>Fontenova Studio Theatre y Silly Season Collective<\/p>\n<p>UMCOLETIVO es una organizaci\u00f3n art\u00edstica financiada por la Rep\u00fablica Portuguesa - Cultura \/ DGArtes.<\/p>\n<\/div><\/div><\/div><\/div><\/div><\/div><div class=\"wpb_column pos-top pos-center align_left column_child col-lg-5 single-internal-gutter\"><div class=\"uncol style-light\" ><div class=\"uncoltable\"><div class=\"uncell no-block-padding\" ><div class=\"uncont\" ><div id=\"gallery-194872\" class=\"un-media-gallery isotope-system isotope-general-light grid-general-light\">\n\t\t\t\t\t\n\t\n\t<div class=\"isotope-wrapper grid-wrapper single-gutter\" >\n\t\t\t\t\t\t\t\t\t<div class=\"isotope-container isotope-layout style-masonry\" data-type=\"masonry\" data-layout=\"masonry\" data-lg=\"1000\" data-md=\"600\" data-sm=\"480\">\n<div class=\"tmb tmb-iso-w4 tmb-iso-h4 tmb-light tmb-overlay-text-anim tmb-overlay-anim tmb-overlay-middle tmb-overlay-text-left tmb-image-anim tmb-bordered tmb-id-990  tmb-media-first tmb-media-last tmb-content-overlay tmb-no-bg tmb-lightbox\" ><div class=\"t-inside no-anim\" ><div class=\"t-entry-visual\"><div class=\"t-entry-visual-tc\"><div class=\"t-entry-visual-cont\"><div class=\"dummy\" style=\"padding-top: 75.1%;\"><\/div><a href=\"https:\/\/umcoletivo.pt\/wp-content\/uploads\/2024\/06\/IMG_0634-scaled.jpg\"  class=\"pushed\" data-active=\"1\" data-lbox=\"ilightbox_gallery-194872\" data-external-thumb-image=\"https:\/\/umcoletivo.pt\/wp-content\/uploads\/2024\/06\/IMG_0634-150x150.jpg\" data-lg-size=\"2560-1922\" data-lb-index=\"0\"><div class=\"t-entry-visual-overlay\"><div class=\"t-entry-visual-overlay-in style-dark-bg\" style=\"opacity: 0.5;\"><\/div><\/div><img decoding=\"async\" class=\"wp-image-990\" src=\"https:\/\/umcoletivo.pt\/wp-content\/uploads\/2024\/06\/IMG_0634-scaled.jpg\" width=\"2560\" height=\"1922\" alt=\"\" srcset=\"https:\/\/umcoletivo.pt\/wp-content\/uploads\/2024\/06\/IMG_0634-scaled.jpg 2560w, https:\/\/umcoletivo.pt\/wp-content\/uploads\/2024\/06\/IMG_0634-300x225.jpg 300w, https:\/\/umcoletivo.pt\/wp-content\/uploads\/2024\/06\/IMG_0634-1024x769.jpg 1024w, https:\/\/umcoletivo.pt\/wp-content\/uploads\/2024\/06\/IMG_0634-768x577.jpg 768w, https:\/\/umcoletivo.pt\/wp-content\/uploads\/2024\/06\/IMG_0634-1536x1153.jpg 1536w, https:\/\/umcoletivo.pt\/wp-content\/uploads\/2024\/06\/IMG_0634-2048x1538.jpg 2048w, https:\/\/umcoletivo.pt\/wp-content\/uploads\/2024\/06\/IMG_0634-350x263.jpg 350w\" sizes=\"(max-width: 2560px) 100vw, 2560px\" \/><\/a><\/div>\n\t\t\t\t\t<\/div>\n\t\t\t\t<\/div><\/div><\/div><div class=\"tmb tmb-iso-w4 tmb-iso-h4 tmb-light tmb-overlay-text-anim tmb-overlay-anim tmb-overlay-middle tmb-overlay-text-left tmb-image-anim tmb-bordered tmb-id-989  tmb-media-first tmb-media-last tmb-content-overlay tmb-no-bg tmb-lightbox\" ><div class=\"t-inside no-anim\" ><div class=\"t-entry-visual\"><div class=\"t-entry-visual-tc\"><div class=\"t-entry-visual-cont\"><div class=\"dummy\" style=\"padding-top: 75.1%;\"><\/div><a href=\"https:\/\/umcoletivo.pt\/wp-content\/uploads\/2024\/06\/IMG_0625-scaled.jpg\"  class=\"pushed\" data-active=\"1\" data-lbox=\"ilightbox_gallery-194872\" data-external-thumb-image=\"https:\/\/umcoletivo.pt\/wp-content\/uploads\/2024\/06\/IMG_0625-150x150.jpg\" data-lg-size=\"2560-1922\" data-lb-index=\"1\"><div class=\"t-entry-visual-overlay\"><div class=\"t-entry-visual-overlay-in style-dark-bg\" style=\"opacity: 0.5;\"><\/div><\/div><img decoding=\"async\" class=\"wp-image-989\" src=\"https:\/\/umcoletivo.pt\/wp-content\/uploads\/2024\/06\/IMG_0625-scaled.jpg\" width=\"2560\" height=\"1922\" alt=\"\" srcset=\"https:\/\/umcoletivo.pt\/wp-content\/uploads\/2024\/06\/IMG_0625-scaled.jpg 2560w, https:\/\/umcoletivo.pt\/wp-content\/uploads\/2024\/06\/IMG_0625-300x225.jpg 300w, https:\/\/umcoletivo.pt\/wp-content\/uploads\/2024\/06\/IMG_0625-1024x769.jpg 1024w, https:\/\/umcoletivo.pt\/wp-content\/uploads\/2024\/06\/IMG_0625-768x577.jpg 768w, https:\/\/umcoletivo.pt\/wp-content\/uploads\/2024\/06\/IMG_0625-1536x1153.jpg 1536w, https:\/\/umcoletivo.pt\/wp-content\/uploads\/2024\/06\/IMG_0625-2048x1538.jpg 2048w, https:\/\/umcoletivo.pt\/wp-content\/uploads\/2024\/06\/IMG_0625-350x263.jpg 350w\" sizes=\"(max-width: 2560px) 100vw, 2560px\" \/><\/a><\/div>\n\t\t\t\t\t<\/div>\n\t\t\t\t<\/div><\/div><\/div><div class=\"tmb tmb-iso-w4 tmb-iso-h4 tmb-light tmb-overlay-text-anim tmb-overlay-anim tmb-overlay-middle tmb-overlay-text-left tmb-image-anim tmb-bordered tmb-id-988  tmb-media-first tmb-media-last tmb-content-overlay tmb-no-bg tmb-lightbox\" ><div class=\"t-inside no-anim\" ><div class=\"t-entry-visual\"><div class=\"t-entry-visual-tc\"><div class=\"t-entry-visual-cont\"><div class=\"dummy\" style=\"padding-top: 75.1%;\"><\/div><a href=\"https:\/\/umcoletivo.pt\/wp-content\/uploads\/2024\/06\/IMG_0619-scaled.jpg\"  class=\"pushed\" data-active=\"1\" data-lbox=\"ilightbox_gallery-194872\" data-external-thumb-image=\"https:\/\/umcoletivo.pt\/wp-content\/uploads\/2024\/06\/IMG_0619-150x150.jpg\" data-lg-size=\"2560-1922\" data-lb-index=\"2\"><div class=\"t-entry-visual-overlay\"><div class=\"t-entry-visual-overlay-in style-dark-bg\" style=\"opacity: 0.5;\"><\/div><\/div><img decoding=\"async\" class=\"wp-image-988\" src=\"https:\/\/umcoletivo.pt\/wp-content\/uploads\/2024\/06\/IMG_0619-scaled.jpg\" width=\"2560\" height=\"1922\" alt=\"\" srcset=\"https:\/\/umcoletivo.pt\/wp-content\/uploads\/2024\/06\/IMG_0619-scaled.jpg 2560w, https:\/\/umcoletivo.pt\/wp-content\/uploads\/2024\/06\/IMG_0619-300x225.jpg 300w, https:\/\/umcoletivo.pt\/wp-content\/uploads\/2024\/06\/IMG_0619-1024x769.jpg 1024w, https:\/\/umcoletivo.pt\/wp-content\/uploads\/2024\/06\/IMG_0619-768x577.jpg 768w, https:\/\/umcoletivo.pt\/wp-content\/uploads\/2024\/06\/IMG_0619-1536x1153.jpg 1536w, https:\/\/umcoletivo.pt\/wp-content\/uploads\/2024\/06\/IMG_0619-2048x1538.jpg 2048w, https:\/\/umcoletivo.pt\/wp-content\/uploads\/2024\/06\/IMG_0619-350x263.jpg 350w\" sizes=\"(max-width: 2560px) 100vw, 2560px\" \/><\/a><\/div>\n\t\t\t\t\t<\/div>\n\t\t\t\t<\/div><\/div><\/div><div class=\"tmb tmb-iso-w4 tmb-iso-h4 tmb-light tmb-overlay-text-anim tmb-overlay-anim tmb-overlay-middle tmb-overlay-text-left tmb-image-anim tmb-bordered tmb-id-987  tmb-media-first tmb-media-last tmb-content-overlay tmb-no-bg tmb-lightbox\" ><div class=\"t-inside no-anim\" ><div class=\"t-entry-visual\"><div class=\"t-entry-visual-tc\"><div class=\"t-entry-visual-cont\"><div class=\"dummy\" style=\"padding-top: 75.1%;\"><\/div><a href=\"https:\/\/umcoletivo.pt\/wp-content\/uploads\/2024\/06\/IMG_0599-scaled.jpg\"  class=\"pushed\" data-active=\"1\" data-lbox=\"ilightbox_gallery-194872\" data-external-thumb-image=\"https:\/\/umcoletivo.pt\/wp-content\/uploads\/2024\/06\/IMG_0599-150x150.jpg\" data-lg-size=\"2560-1922\" data-lb-index=\"3\"><div class=\"t-entry-visual-overlay\"><div class=\"t-entry-visual-overlay-in style-dark-bg\" style=\"opacity: 0.5;\"><\/div><\/div><img decoding=\"async\" class=\"wp-image-987\" src=\"https:\/\/umcoletivo.pt\/wp-content\/uploads\/2024\/06\/IMG_0599-scaled.jpg\" width=\"2560\" height=\"1922\" alt=\"\" srcset=\"https:\/\/umcoletivo.pt\/wp-content\/uploads\/2024\/06\/IMG_0599-scaled.jpg 2560w, https:\/\/umcoletivo.pt\/wp-content\/uploads\/2024\/06\/IMG_0599-300x225.jpg 300w, https:\/\/umcoletivo.pt\/wp-content\/uploads\/2024\/06\/IMG_0599-1024x769.jpg 1024w, https:\/\/umcoletivo.pt\/wp-content\/uploads\/2024\/06\/IMG_0599-768x577.jpg 768w, https:\/\/umcoletivo.pt\/wp-content\/uploads\/2024\/06\/IMG_0599-1536x1153.jpg 1536w, https:\/\/umcoletivo.pt\/wp-content\/uploads\/2024\/06\/IMG_0599-2048x1537.jpg 2048w, https:\/\/umcoletivo.pt\/wp-content\/uploads\/2024\/06\/IMG_0599-350x263.jpg 350w\" sizes=\"(max-width: 2560px) 100vw, 2560px\" \/><\/a><\/div>\n\t\t\t\t\t<\/div>\n\t\t\t\t<\/div><\/div><\/div><div class=\"tmb tmb-iso-w4 tmb-iso-h4 tmb-light tmb-overlay-text-anim tmb-overlay-anim tmb-overlay-middle tmb-overlay-text-left tmb-image-anim tmb-bordered tmb-id-986  tmb-media-first tmb-media-last tmb-content-overlay tmb-no-bg tmb-lightbox\" ><div class=\"t-inside no-anim\" ><div class=\"t-entry-visual\"><div class=\"t-entry-visual-tc\"><div class=\"t-entry-visual-cont\"><div class=\"dummy\" style=\"padding-top: 75%;\"><\/div><a href=\"https:\/\/umcoletivo.pt\/wp-content\/uploads\/2024\/06\/IMG_0572-scaled.jpg\"  class=\"pushed\" data-active=\"1\" data-lbox=\"ilightbox_gallery-194872\" data-external-thumb-image=\"https:\/\/umcoletivo.pt\/wp-content\/uploads\/2024\/06\/IMG_0572-150x150.jpg\" data-lg-size=\"2560-1920\" data-lb-index=\"4\"><div class=\"t-entry-visual-overlay\"><div class=\"t-entry-visual-overlay-in style-dark-bg\" style=\"opacity: 0.5;\"><\/div><\/div><img decoding=\"async\" class=\"wp-image-986\" src=\"https:\/\/umcoletivo.pt\/wp-content\/uploads\/2024\/06\/IMG_0572-scaled.jpg\" width=\"2560\" height=\"1920\" alt=\"\" srcset=\"https:\/\/umcoletivo.pt\/wp-content\/uploads\/2024\/06\/IMG_0572-scaled.jpg 2560w, https:\/\/umcoletivo.pt\/wp-content\/uploads\/2024\/06\/IMG_0572-300x225.jpg 300w, https:\/\/umcoletivo.pt\/wp-content\/uploads\/2024\/06\/IMG_0572-1024x768.jpg 1024w, https:\/\/umcoletivo.pt\/wp-content\/uploads\/2024\/06\/IMG_0572-768x576.jpg 768w, https:\/\/umcoletivo.pt\/wp-content\/uploads\/2024\/06\/IMG_0572-1536x1152.jpg 1536w, https:\/\/umcoletivo.pt\/wp-content\/uploads\/2024\/06\/IMG_0572-2048x1536.jpg 2048w, https:\/\/umcoletivo.pt\/wp-content\/uploads\/2024\/06\/IMG_0572-350x263.jpg 350w\" sizes=\"(max-width: 2560px) 100vw, 2560px\" \/><\/a><\/div>\n\t\t\t\t\t<\/div>\n\t\t\t\t<\/div><\/div><\/div><div class=\"tmb tmb-iso-w4 tmb-iso-h4 tmb-light tmb-overlay-text-anim tmb-overlay-anim tmb-overlay-middle tmb-overlay-text-left tmb-image-anim tmb-bordered tmb-id-985  tmb-media-first tmb-media-last tmb-content-overlay tmb-no-bg tmb-lightbox\" ><div class=\"t-inside no-anim\" ><div class=\"t-entry-visual\"><div class=\"t-entry-visual-tc\"><div class=\"t-entry-visual-cont\"><div class=\"dummy\" style=\"padding-top: 75%;\"><\/div><a href=\"https:\/\/umcoletivo.pt\/wp-content\/uploads\/2024\/06\/IMG_0566-scaled.jpg\"  class=\"pushed\" data-active=\"1\" data-lbox=\"ilightbox_gallery-194872\" data-external-thumb-image=\"https:\/\/umcoletivo.pt\/wp-content\/uploads\/2024\/06\/IMG_0566-150x150.jpg\" data-lg-size=\"2560-1920\" data-lb-index=\"5\"><div class=\"t-entry-visual-overlay\"><div class=\"t-entry-visual-overlay-in style-dark-bg\" style=\"opacity: 0.5;\"><\/div><\/div><img decoding=\"async\" class=\"wp-image-985\" src=\"https:\/\/umcoletivo.pt\/wp-content\/uploads\/2024\/06\/IMG_0566-scaled.jpg\" width=\"2560\" height=\"1920\" alt=\"\" srcset=\"https:\/\/umcoletivo.pt\/wp-content\/uploads\/2024\/06\/IMG_0566-scaled.jpg 2560w, https:\/\/umcoletivo.pt\/wp-content\/uploads\/2024\/06\/IMG_0566-300x225.jpg 300w, https:\/\/umcoletivo.pt\/wp-content\/uploads\/2024\/06\/IMG_0566-1024x768.jpg 1024w, https:\/\/umcoletivo.pt\/wp-content\/uploads\/2024\/06\/IMG_0566-768x576.jpg 768w, https:\/\/umcoletivo.pt\/wp-content\/uploads\/2024\/06\/IMG_0566-1536x1152.jpg 1536w, https:\/\/umcoletivo.pt\/wp-content\/uploads\/2024\/06\/IMG_0566-2048x1536.jpg 2048w, https:\/\/umcoletivo.pt\/wp-content\/uploads\/2024\/06\/IMG_0566-350x263.jpg 350w\" sizes=\"(max-width: 2560px) 100vw, 2560px\" \/><\/a><\/div>\n\t\t\t\t\t<\/div>\n\t\t\t\t<\/div><\/div><\/div><div class=\"tmb tmb-iso-w4 tmb-iso-h4 tmb-light tmb-overlay-text-anim tmb-overlay-anim tmb-overlay-middle tmb-overlay-text-left tmb-image-anim tmb-bordered tmb-id-984  tmb-media-first tmb-media-last tmb-content-overlay tmb-no-bg tmb-lightbox\" ><div class=\"t-inside no-anim\" ><div class=\"t-entry-visual\"><div class=\"t-entry-visual-tc\"><div class=\"t-entry-visual-cont\"><div class=\"dummy\" style=\"padding-top: 75.1%;\"><\/div><a href=\"https:\/\/umcoletivo.pt\/wp-content\/uploads\/2024\/06\/IMG_0548-scaled.jpg\"  class=\"pushed\" data-active=\"1\" data-lbox=\"ilightbox_gallery-194872\" data-external-thumb-image=\"https:\/\/umcoletivo.pt\/wp-content\/uploads\/2024\/06\/IMG_0548-150x150.jpg\" data-lg-size=\"2560-1922\" data-lb-index=\"6\"><div class=\"t-entry-visual-overlay\"><div class=\"t-entry-visual-overlay-in style-dark-bg\" style=\"opacity: 0.5;\"><\/div><\/div><img decoding=\"async\" class=\"wp-image-984\" src=\"https:\/\/umcoletivo.pt\/wp-content\/uploads\/2024\/06\/IMG_0548-scaled.jpg\" width=\"2560\" height=\"1922\" alt=\"\" srcset=\"https:\/\/umcoletivo.pt\/wp-content\/uploads\/2024\/06\/IMG_0548-scaled.jpg 2560w, https:\/\/umcoletivo.pt\/wp-content\/uploads\/2024\/06\/IMG_0548-300x225.jpg 300w, https:\/\/umcoletivo.pt\/wp-content\/uploads\/2024\/06\/IMG_0548-1024x769.jpg 1024w, https:\/\/umcoletivo.pt\/wp-content\/uploads\/2024\/06\/IMG_0548-768x576.jpg 768w, https:\/\/umcoletivo.pt\/wp-content\/uploads\/2024\/06\/IMG_0548-1536x1153.jpg 1536w, https:\/\/umcoletivo.pt\/wp-content\/uploads\/2024\/06\/IMG_0548-2048x1537.jpg 2048w, https:\/\/umcoletivo.pt\/wp-content\/uploads\/2024\/06\/IMG_0548-350x263.jpg 350w\" sizes=\"(max-width: 2560px) 100vw, 2560px\" \/><\/a><\/div>\n\t\t\t\t\t<\/div>\n\t\t\t\t<\/div><\/div><\/div><div class=\"tmb tmb-iso-w4 tmb-iso-h4 tmb-light tmb-overlay-text-anim tmb-overlay-anim tmb-overlay-middle tmb-overlay-text-left tmb-image-anim tmb-bordered tmb-id-983  tmb-media-first tmb-media-last tmb-content-overlay tmb-no-bg tmb-lightbox\" ><div class=\"t-inside no-anim\" ><div class=\"t-entry-visual\"><div class=\"t-entry-visual-tc\"><div class=\"t-entry-visual-cont\"><div class=\"dummy\" style=\"padding-top: 66.6%;\"><\/div><a href=\"https:\/\/umcoletivo.pt\/wp-content\/uploads\/2024\/06\/IMG_0547-scaled.jpg\"  class=\"pushed\" data-active=\"1\" data-lbox=\"ilightbox_gallery-194872\" data-external-thumb-image=\"https:\/\/umcoletivo.pt\/wp-content\/uploads\/2024\/06\/IMG_0547-150x150.jpg\" data-lg-size=\"2560-1706\" data-lb-index=\"7\"><div class=\"t-entry-visual-overlay\"><div class=\"t-entry-visual-overlay-in style-dark-bg\" style=\"opacity: 0.5;\"><\/div><\/div><img decoding=\"async\" class=\"wp-image-983\" src=\"https:\/\/umcoletivo.pt\/wp-content\/uploads\/2024\/06\/IMG_0547-scaled.jpg\" width=\"2560\" height=\"1706\" alt=\"\" srcset=\"https:\/\/umcoletivo.pt\/wp-content\/uploads\/2024\/06\/IMG_0547-scaled.jpg 2560w, https:\/\/umcoletivo.pt\/wp-content\/uploads\/2024\/06\/IMG_0547-300x200.jpg 300w, https:\/\/umcoletivo.pt\/wp-content\/uploads\/2024\/06\/IMG_0547-1024x683.jpg 1024w, https:\/\/umcoletivo.pt\/wp-content\/uploads\/2024\/06\/IMG_0547-768x512.jpg 768w, https:\/\/umcoletivo.pt\/wp-content\/uploads\/2024\/06\/IMG_0547-1536x1024.jpg 1536w, https:\/\/umcoletivo.pt\/wp-content\/uploads\/2024\/06\/IMG_0547-2048x1365.jpg 2048w, https:\/\/umcoletivo.pt\/wp-content\/uploads\/2024\/06\/IMG_0547-350x233.jpg 350w\" sizes=\"(max-width: 2560px) 100vw, 2560px\" \/><\/a><\/div>\n\t\t\t\t\t<\/div>\n\t\t\t\t<\/div><\/div><\/div><div class=\"tmb tmb-iso-w4 tmb-iso-h4 tmb-light tmb-overlay-text-anim tmb-overlay-anim tmb-overlay-middle tmb-overlay-text-left tmb-image-anim tmb-bordered tmb-id-982  tmb-media-first tmb-media-last tmb-content-overlay tmb-no-bg tmb-lightbox\" ><div class=\"t-inside no-anim\" ><div class=\"t-entry-visual\"><div class=\"t-entry-visual-tc\"><div class=\"t-entry-visual-cont\"><div class=\"dummy\" style=\"padding-top: 75.1%;\"><\/div><a href=\"https:\/\/umcoletivo.pt\/wp-content\/uploads\/2024\/06\/IMG_0545-scaled.jpg\"  class=\"pushed\" data-active=\"1\" data-lbox=\"ilightbox_gallery-194872\" data-external-thumb-image=\"https:\/\/umcoletivo.pt\/wp-content\/uploads\/2024\/06\/IMG_0545-150x150.jpg\" data-lg-size=\"2560-1922\" data-lb-index=\"8\"><div class=\"t-entry-visual-overlay\"><div class=\"t-entry-visual-overlay-in style-dark-bg\" style=\"opacity: 0.5;\"><\/div><\/div><img decoding=\"async\" class=\"wp-image-982\" src=\"https:\/\/umcoletivo.pt\/wp-content\/uploads\/2024\/06\/IMG_0545-scaled.jpg\" width=\"2560\" height=\"1922\" alt=\"\" srcset=\"https:\/\/umcoletivo.pt\/wp-content\/uploads\/2024\/06\/IMG_0545-scaled.jpg 2560w, https:\/\/umcoletivo.pt\/wp-content\/uploads\/2024\/06\/IMG_0545-300x225.jpg 300w, https:\/\/umcoletivo.pt\/wp-content\/uploads\/2024\/06\/IMG_0545-1024x769.jpg 1024w, https:\/\/umcoletivo.pt\/wp-content\/uploads\/2024\/06\/IMG_0545-768x577.jpg 768w, https:\/\/umcoletivo.pt\/wp-content\/uploads\/2024\/06\/IMG_0545-1536x1153.jpg 1536w, https:\/\/umcoletivo.pt\/wp-content\/uploads\/2024\/06\/IMG_0545-2048x1538.jpg 2048w, https:\/\/umcoletivo.pt\/wp-content\/uploads\/2024\/06\/IMG_0545-350x263.jpg 350w\" sizes=\"(max-width: 2560px) 100vw, 2560px\" \/><\/a><\/div>\n\t\t\t\t\t<\/div>\n\t\t\t\t<\/div><\/div><\/div><div class=\"tmb tmb-iso-w4 tmb-iso-h4 tmb-light tmb-overlay-text-anim tmb-overlay-anim tmb-overlay-middle tmb-overlay-text-left tmb-image-anim tmb-bordered tmb-id-981  tmb-media-first tmb-media-last tmb-content-overlay tmb-no-bg tmb-lightbox\" ><div class=\"t-inside no-anim\" ><div class=\"t-entry-visual\"><div class=\"t-entry-visual-tc\"><div class=\"t-entry-visual-cont\"><div class=\"dummy\" style=\"padding-top: 75.1%;\"><\/div><a href=\"https:\/\/umcoletivo.pt\/wp-content\/uploads\/2024\/06\/IMG_0533-scaled.jpg\"  class=\"pushed\" data-active=\"1\" data-lbox=\"ilightbox_gallery-194872\" data-external-thumb-image=\"https:\/\/umcoletivo.pt\/wp-content\/uploads\/2024\/06\/IMG_0533-150x150.jpg\" data-lg-size=\"2560-1922\" data-lb-index=\"9\"><div class=\"t-entry-visual-overlay\"><div class=\"t-entry-visual-overlay-in style-dark-bg\" style=\"opacity: 0.5;\"><\/div><\/div><img decoding=\"async\" class=\"wp-image-981\" src=\"https:\/\/umcoletivo.pt\/wp-content\/uploads\/2024\/06\/IMG_0533-scaled.jpg\" width=\"2560\" height=\"1922\" alt=\"\" srcset=\"https:\/\/umcoletivo.pt\/wp-content\/uploads\/2024\/06\/IMG_0533-scaled.jpg 2560w, https:\/\/umcoletivo.pt\/wp-content\/uploads\/2024\/06\/IMG_0533-300x225.jpg 300w, https:\/\/umcoletivo.pt\/wp-content\/uploads\/2024\/06\/IMG_0533-1024x769.jpg 1024w, https:\/\/umcoletivo.pt\/wp-content\/uploads\/2024\/06\/IMG_0533-768x576.jpg 768w, https:\/\/umcoletivo.pt\/wp-content\/uploads\/2024\/06\/IMG_0533-1536x1153.jpg 1536w, https:\/\/umcoletivo.pt\/wp-content\/uploads\/2024\/06\/IMG_0533-2048x1537.jpg 2048w, https:\/\/umcoletivo.pt\/wp-content\/uploads\/2024\/06\/IMG_0533-350x263.jpg 350w\" sizes=\"(max-width: 2560px) 100vw, 2560px\" \/><\/a><\/div>\n\t\t\t\t\t<\/div>\n\t\t\t\t<\/div><\/div><\/div>\t\t\t<\/div>\n\t\t\t\t\t<\/div>\n\n\t\n\t\n\t\n<\/div>\n\n<\/div><\/div><\/div><\/div><\/div><\/div><\/div><\/div><\/div><\/div><\/div><\/div><\/div><script id=\"script-row-unique-1\" data-row=\"script-row-unique-1\" type=\"text\/javascript\" class=\"vc_controls\">UNCODE.initRow(document.getElementById(\"row-unique-1\"));<\/script><\/div><\/div><\/div>\n<\/div>","protected":false},"excerpt":{"rendered":"Memoria de la MateriaSinopsis\u00bfEs un mundo o un vientre? Desde donde miramos la vida, no sabemos su tama\u00f1o ni [...]","protected":false},"author":2,"featured_media":983,"parent":0,"menu_order":0,"comment_status":"closed","ping_status":"open","template":"","meta":{"footnotes":""},"portfolio_category":[8],"class_list":["post-970","portfolio","type-portfolio","status-publish","has-post-thumbnail","hentry","portfolio_category-proximos"],"yoast_head":"<!-- This site is optimized with the Yoast SEO plugin v25.6 - https:\/\/yoast.com\/wordpress\/plugins\/seo\/ -->\n<title>Mem\u00f3ria da Mat\u00e9ria - Um Coletivo<\/title>\n<meta name=\"robots\" content=\"index, follow, max-snippet:-1, max-image-preview:large, max-video-preview:-1\" \/>\n<link rel=\"canonical\" href=\"https:\/\/umcoletivo.pt\/es\/projeto\/memoria-da-materia\/\" \/>\n<meta property=\"og:locale\" content=\"es_ES\" \/>\n<meta property=\"og:type\" content=\"article\" \/>\n<meta property=\"og:title\" content=\"Mem\u00f3ria da Mat\u00e9ria - Um Coletivo\" \/>\n<meta property=\"og:url\" content=\"https:\/\/umcoletivo.pt\/es\/projeto\/memoria-da-materia\/\" \/>\n<meta property=\"og:site_name\" content=\"Um Coletivo\" \/>\n<meta property=\"article:publisher\" content=\"https:\/\/www.facebook.com\/umcoletivo\" \/>\n<meta property=\"article:modified_time\" content=\"2024-09-12T17:25:04+00:00\" \/>\n<meta property=\"og:image\" content=\"https:\/\/umcoletivo.pt\/wp-content\/uploads\/2024\/06\/IMG_0547-scaled.jpg\" \/>\n\t<meta property=\"og:image:width\" content=\"2560\" \/>\n\t<meta property=\"og:image:height\" content=\"1706\" \/>\n\t<meta property=\"og:image:type\" content=\"image\/jpeg\" \/>\n<meta name=\"twitter:card\" content=\"summary_large_image\" \/>\n<meta name=\"twitter:label1\" content=\"Tiempo de lectura\" \/>\n\t<meta name=\"twitter:data1\" content=\"2 minutos\" \/>\n<script type=\"application\/ld+json\" class=\"yoast-schema-graph\">{\"@context\":\"https:\/\/schema.org\",\"@graph\":[{\"@type\":\"WebPage\",\"@id\":\"https:\/\/umcoletivo.pt\/projeto\/memoria-da-materia\/\",\"url\":\"https:\/\/umcoletivo.pt\/projeto\/memoria-da-materia\/\",\"name\":\"Mem\u00f3ria da Mat\u00e9ria - Um Coletivo\",\"isPartOf\":{\"@id\":\"https:\/\/umcoletivo.pt\/#website\"},\"primaryImageOfPage\":{\"@id\":\"https:\/\/umcoletivo.pt\/projeto\/memoria-da-materia\/#primaryimage\"},\"image\":{\"@id\":\"https:\/\/umcoletivo.pt\/projeto\/memoria-da-materia\/#primaryimage\"},\"thumbnailUrl\":\"https:\/\/umcoletivo.pt\/wp-content\/uploads\/2024\/06\/IMG_0547-scaled.jpg\",\"datePublished\":\"2024-06-26T14:22:58+00:00\",\"dateModified\":\"2024-09-12T17:25:04+00:00\",\"breadcrumb\":{\"@id\":\"https:\/\/umcoletivo.pt\/projeto\/memoria-da-materia\/#breadcrumb\"},\"inLanguage\":\"es\",\"potentialAction\":[{\"@type\":\"ReadAction\",\"target\":[\"https:\/\/umcoletivo.pt\/projeto\/memoria-da-materia\/\"]}]},{\"@type\":\"ImageObject\",\"inLanguage\":\"es\",\"@id\":\"https:\/\/umcoletivo.pt\/projeto\/memoria-da-materia\/#primaryimage\",\"url\":\"https:\/\/umcoletivo.pt\/wp-content\/uploads\/2024\/06\/IMG_0547-scaled.jpg\",\"contentUrl\":\"https:\/\/umcoletivo.pt\/wp-content\/uploads\/2024\/06\/IMG_0547-scaled.jpg\",\"width\":2560,\"height\":1706},{\"@type\":\"BreadcrumbList\",\"@id\":\"https:\/\/umcoletivo.pt\/projeto\/memoria-da-materia\/#breadcrumb\",\"itemListElement\":[{\"@type\":\"ListItem\",\"position\":1,\"name\":\"In\u00edcio\",\"item\":\"https:\/\/umcoletivo.pt\/\"},{\"@type\":\"ListItem\",\"position\":2,\"name\":\"Projeto\",\"item\":\"https:\/\/umcoletivo.pt\/projeto\/\"},{\"@type\":\"ListItem\",\"position\":3,\"name\":\"Mem\u00f3ria da Mat\u00e9ria\"}]},{\"@type\":\"WebSite\",\"@id\":\"https:\/\/umcoletivo.pt\/#website\",\"url\":\"https:\/\/umcoletivo.pt\/\",\"name\":\"Um Coletivo\",\"description\":\"\",\"publisher\":{\"@id\":\"https:\/\/umcoletivo.pt\/#organization\"},\"potentialAction\":[{\"@type\":\"SearchAction\",\"target\":{\"@type\":\"EntryPoint\",\"urlTemplate\":\"https:\/\/umcoletivo.pt\/?s={search_term_string}\"},\"query-input\":{\"@type\":\"PropertyValueSpecification\",\"valueRequired\":true,\"valueName\":\"search_term_string\"}}],\"inLanguage\":\"es\"},{\"@type\":\"Organization\",\"@id\":\"https:\/\/umcoletivo.pt\/#organization\",\"name\":\"Um Coletivo\",\"url\":\"https:\/\/umcoletivo.pt\/\",\"logo\":{\"@type\":\"ImageObject\",\"inLanguage\":\"es\",\"@id\":\"https:\/\/umcoletivo.pt\/#\/schema\/logo\/image\/\",\"url\":\"https:\/\/umcoletivo.pt\/wp-content\/uploads\/2024\/03\/UMCOLETIVO.png\",\"contentUrl\":\"https:\/\/umcoletivo.pt\/wp-content\/uploads\/2024\/03\/UMCOLETIVO.png\",\"width\":1210,\"height\":383,\"caption\":\"Um Coletivo\"},\"image\":{\"@id\":\"https:\/\/umcoletivo.pt\/#\/schema\/logo\/image\/\"},\"sameAs\":[\"https:\/\/www.facebook.com\/umcoletivo\"]}]}<\/script>\n<!-- \/ Yoast SEO plugin. -->","yoast_head_json":{"title":"Memoria de la Materia - Una Colectiva","robots":{"index":"index","follow":"follow","max-snippet":"max-snippet:-1","max-image-preview":"max-image-preview:large","max-video-preview":"max-video-preview:-1"},"canonical":"https:\/\/umcoletivo.pt\/es\/projeto\/memoria-da-materia\/","og_locale":"es_ES","og_type":"article","og_title":"Mem\u00f3ria da Mat\u00e9ria - Um Coletivo","og_url":"https:\/\/umcoletivo.pt\/es\/projeto\/memoria-da-materia\/","og_site_name":"Um Coletivo","article_publisher":"https:\/\/www.facebook.com\/umcoletivo","article_modified_time":"2024-09-12T17:25:04+00:00","og_image":[{"width":2560,"height":1706,"url":"https:\/\/umcoletivo.pt\/wp-content\/uploads\/2024\/06\/IMG_0547-scaled.jpg","type":"image\/jpeg"}],"twitter_card":"summary_large_image","twitter_misc":{"Tiempo de lectura":"2 minutos"},"schema":{"@context":"https:\/\/schema.org","@graph":[{"@type":"WebPage","@id":"https:\/\/umcoletivo.pt\/projeto\/memoria-da-materia\/","url":"https:\/\/umcoletivo.pt\/projeto\/memoria-da-materia\/","name":"Memoria de la Materia - Una Colectiva","isPartOf":{"@id":"https:\/\/umcoletivo.pt\/#website"},"primaryImageOfPage":{"@id":"https:\/\/umcoletivo.pt\/projeto\/memoria-da-materia\/#primaryimage"},"image":{"@id":"https:\/\/umcoletivo.pt\/projeto\/memoria-da-materia\/#primaryimage"},"thumbnailUrl":"https:\/\/umcoletivo.pt\/wp-content\/uploads\/2024\/06\/IMG_0547-scaled.jpg","datePublished":"2024-06-26T14:22:58+00:00","dateModified":"2024-09-12T17:25:04+00:00","breadcrumb":{"@id":"https:\/\/umcoletivo.pt\/projeto\/memoria-da-materia\/#breadcrumb"},"inLanguage":"es","potentialAction":[{"@type":"ReadAction","target":["https:\/\/umcoletivo.pt\/projeto\/memoria-da-materia\/"]}]},{"@type":"ImageObject","inLanguage":"es","@id":"https:\/\/umcoletivo.pt\/projeto\/memoria-da-materia\/#primaryimage","url":"https:\/\/umcoletivo.pt\/wp-content\/uploads\/2024\/06\/IMG_0547-scaled.jpg","contentUrl":"https:\/\/umcoletivo.pt\/wp-content\/uploads\/2024\/06\/IMG_0547-scaled.jpg","width":2560,"height":1706},{"@type":"BreadcrumbList","@id":"https:\/\/umcoletivo.pt\/projeto\/memoria-da-materia\/#breadcrumb","itemListElement":[{"@type":"ListItem","position":1,"name":"In\u00edcio","item":"https:\/\/umcoletivo.pt\/"},{"@type":"ListItem","position":2,"name":"Projeto","item":"https:\/\/umcoletivo.pt\/projeto\/"},{"@type":"ListItem","position":3,"name":"Mem\u00f3ria da Mat\u00e9ria"}]},{"@type":"WebSite","@id":"https:\/\/umcoletivo.pt\/#website","url":"https:\/\/umcoletivo.pt\/","name":"Un colectivo","description":"","publisher":{"@id":"https:\/\/umcoletivo.pt\/#organization"},"potentialAction":[{"@type":"SearchAction","target":{"@type":"EntryPoint","urlTemplate":"https:\/\/umcoletivo.pt\/?s={search_term_string}"},"query-input":{"@type":"PropertyValueSpecification","valueRequired":true,"valueName":"search_term_string"}}],"inLanguage":"es"},{"@type":"Organization","@id":"https:\/\/umcoletivo.pt\/#organization","name":"Un colectivo","url":"https:\/\/umcoletivo.pt\/","logo":{"@type":"ImageObject","inLanguage":"es","@id":"https:\/\/umcoletivo.pt\/#\/schema\/logo\/image\/","url":"https:\/\/umcoletivo.pt\/wp-content\/uploads\/2024\/03\/UMCOLETIVO.png","contentUrl":"https:\/\/umcoletivo.pt\/wp-content\/uploads\/2024\/03\/UMCOLETIVO.png","width":1210,"height":383,"caption":"Um Coletivo"},"image":{"@id":"https:\/\/umcoletivo.pt\/#\/schema\/logo\/image\/"},"sameAs":["https:\/\/www.facebook.com\/umcoletivo"]}]}},"_links":{"self":[{"href":"https:\/\/umcoletivo.pt\/es\/wp-json\/wp\/v2\/portfolio\/970","targetHints":{"allow":["GET"]}}],"collection":[{"href":"https:\/\/umcoletivo.pt\/es\/wp-json\/wp\/v2\/portfolio"}],"about":[{"href":"https:\/\/umcoletivo.pt\/es\/wp-json\/wp\/v2\/types\/portfolio"}],"author":[{"embeddable":true,"href":"https:\/\/umcoletivo.pt\/es\/wp-json\/wp\/v2\/users\/2"}],"replies":[{"embeddable":true,"href":"https:\/\/umcoletivo.pt\/es\/wp-json\/wp\/v2\/comments?post=970"}],"version-history":[{"count":0,"href":"https:\/\/umcoletivo.pt\/es\/wp-json\/wp\/v2\/portfolio\/970\/revisions"}],"wp:featuredmedia":[{"embeddable":true,"href":"https:\/\/umcoletivo.pt\/es\/wp-json\/wp\/v2\/media\/983"}],"wp:attachment":[{"href":"https:\/\/umcoletivo.pt\/es\/wp-json\/wp\/v2\/media?parent=970"}],"wp:term":[{"taxonomy":"portfolio_category","embeddable":true,"href":"https:\/\/umcoletivo.pt\/es\/wp-json\/wp\/v2\/portfolio_category?post=970"}],"curies":[{"name":"wp","href":"https:\/\/api.w.org\/{rel}","templated":true}]}}